{"id":568,"date":"2018-04-07T03:15:50","date_gmt":"2018-04-07T01:15:50","guid":{"rendered":"http:\/\/eldigitaldeasturias.com\/radio\/?page_id=568"},"modified":"2026-03-21T03:32:06","modified_gmt":"2026-03-21T02:32:06","slug":"portada","status":"publish","type":"page","link":"https:\/\/eldigitaldeasturias.com\/radio\/","title":{"rendered":"Radio Online"},"content":{"rendered":"\t\t<div data-elementor-type=\"wp-page\" data-elementor-id=\"568\" class=\"elementor elementor-568\">\n\t\t\t\t\t\t<section class=\"has-el-gap el-gap-default elementor-section elementor-top-section elementor-element elementor-element-b96de1b elementor-section-boxed elementor-section-height-default elementor-section-height-default\" data-id=\"b96de1b\" data-element_type=\"section\" data-e-type=\"section\">\n\t\t\t\t\t\t<div class=\"elementor-container elementor-column-gap-no\">\n\t\t\t\t\t<div class=\"elementor-column elementor-col-66 elementor-top-column elementor-element elementor-element-6713c3e7 main-content\" data-id=\"6713c3e7\" data-element_type=\"column\" data-e-type=\"column\">\n\t\t\t<div class=\"elementor-widget-wrap elementor-element-populated\">\n\t\t\t\t\t\t<div class=\"elementor-element elementor-element-bd529a3 elementor-widget elementor-widget-smartmag-grid\" data-id=\"bd529a3\" data-element_type=\"widget\" data-e-type=\"widget\" data-widget_type=\"smartmag-grid.default\">\n\t\t\t\t<div class=\"elementor-widget-container\">\n\t\t\t\t\t\t\t<section class=\"block-wrap block-grid block-sc mb-none\" data-id=\"1\">\n\n\t\t\t\t\n\t\t\t<div class=\"block-content\">\n\t\t\t\t\t\n\t<div class=\"loop loop-grid loop-grid-base grid grid-1 md:grid-1 xs:grid-1\">\n\n\t\t\t\t\t\n<article class=\"l-post grid-post grid-base-post l-post-center\">\n\n\t\n\t\t\t<div class=\"media\">\n\n\t\t\n\t\t\t<a href=\"https:\/\/eldigitaldeasturias.com\/radio\/asturias-recibe-131-825-e-para-memoria-democratica\/\" class=\"image-link media-ratio ratio-16-9\" title=\"Asturias recibe 131.825 \u20ac para memoria democr\u00e1tica\"><img fetchpriority=\"high\" decoding=\"async\" width=\"803\" height=\"451\" src=\"https:\/\/eldigitaldeasturias.com\/radio\/wp-content\/uploads\/2026\/04\/Asturias-recibe-131825-E-para-memoria-democratica-650x480.jpg\" class=\"attachment-large size-large wp-post-image\" alt=\"Asturias recibe 131.825 \u20ac para memoria democr\u00e1tica\" sizes=\"(max-width: 803px) 100vw, 803px\" title=\"Asturias recibe 131.825 \u20ac para memoria democr\u00e1tica\" srcset=\"https:\/\/eldigitaldeasturias.com\/radio\/wp-content\/uploads\/2026\/04\/Asturias-recibe-131825-E-para-memoria-democratica-650x480.jpg 650w, https:\/\/eldigitaldeasturias.com\/radio\/wp-content\/uploads\/2026\/04\/Asturias-recibe-131825-E-para-memoria-democratica-768x568.jpg 768w, https:\/\/eldigitaldeasturias.com\/radio\/wp-content\/uploads\/2026\/04\/Asturias-recibe-131825-E-para-memoria-democratica.jpg 1129w\" \/><\/a>\t\t\t\n\t\t\t\n\t\t\t\n\t\t\t\n\t\t\n\t\t<\/div>\n\t\n\n\t\n\t\t<div class=\"content\">\n\n\t\t\t<div class=\"post-meta post-meta-a\"><h2 class=\"is-title post-title\"><a href=\"https:\/\/eldigitaldeasturias.com\/radio\/asturias-recibe-131-825-e-para-memoria-democratica\/\">Asturias recibe 131.825 \u20ac para memoria democr\u00e1tica<\/a><\/h2><\/div>\t\t\t\n\t\t\t\t\t\t\n\t\t\t\t<div class=\"excerpt\">\n\t\t\t\t\t<p>Asturias recibir\u00e1 131.825 euros de fondos estatales para reforzar las exhumaciones e identificaci\u00f3n de v\u00edctimas del franquismo, en el marco del plan cuatrienal hasta 2029 presentado en el Consejo Territorial. Fondos estatales y planificaci\u00f3n de exhumaciones&hellip;<\/p>\n\t\t\t\t<\/div>\n\t\t\t\n\t\t\t\n\t\t\t\n\t\t<\/div>\n\n\t\n<\/article>\t\t\n\t<\/div>\n\n\t\t\n\t\t\t<\/div>\n\n\t\t<\/section>\n\t\t\t\t\t\t<\/div>\n\t\t\t\t<\/div>\n\t\t\t\t<div class=\"elementor-element elementor-element-2cf25840 elementor-widget-divider--view-line elementor-widget elementor-widget-divider\" data-id=\"2cf25840\" data-element_type=\"widget\" data-e-type=\"widget\" data-widget_type=\"divider.default\">\n\t\t\t\t<div class=\"elementor-widget-container\">\n\t\t\t\t\t\t\t<div class=\"elementor-divider\">\n\t\t\t<span class=\"elementor-divider-separator\">\n\t\t\t\t\t\t<\/span>\n\t\t<\/div>\n\t\t\t\t\t\t<\/div>\n\t\t\t\t<\/div>\n\t\t\t\t\t<\/div>\n\t\t<\/div>\n\t\t\t\t<div class=\"elementor-column elementor-col-33 elementor-top-column elementor-element elementor-element-7f6b1b12 main-sidebar\" data-id=\"7f6b1b12\" data-element_type=\"column\" data-e-type=\"column\">\n\t\t\t<div class=\"elementor-widget-wrap elementor-element-populated\">\n\t\t\t\t\t\t<div class=\"elementor-element elementor-element-62f1daec elementor-widget elementor-widget-smartmag-grid\" data-id=\"62f1daec\" data-element_type=\"widget\" data-e-type=\"widget\" data-widget_type=\"smartmag-grid.default\">\n\t\t\t\t<div class=\"elementor-widget-container\">\n\t\t\t\t\t\t\t<section class=\"block-wrap block-grid block-sc mb-none\" data-id=\"2\">\n\n\t\t\t\t\t\t\t\t\n\t\t\t\t\t\t\t\n\t\t\t\t<div class=\"block-head block-head-ac block-head-a block-head-a1 is-left\">\n\n\t\t\t\t\t<h4 class=\"heading\">ES NOTICIA<\/h4>\t\t\t\t\t\n\t\t\t\t\t\t\t\t\t<\/div>\n\t\t\t\t\n\t\t\t\n\t\t\t\n\t\t\t<div class=\"block-content\">\n\t\t\t\t\t\n\t<div class=\"loop loop-grid loop-grid-base grid grid-1 md:grid-1 xs:grid-1\">\n\n\t\t\t\t\t\n<article class=\"l-post grid-post grid-base-post\">\n\n\t\n\t\t\t<div class=\"media\">\n\n\t\t\n\t\t\t<a href=\"https:\/\/eldigitaldeasturias.com\/radio\/oviedo-lidera-la-inversion-educativa-en-asturias\/\" class=\"image-link media-ratio ratio-16-9\" title=\"Oviedo lidera la inversi\u00f3n educativa en Asturias\"><img decoding=\"async\" width=\"377\" height=\"212\" src=\"https:\/\/eldigitaldeasturias.com\/radio\/wp-content\/uploads\/2026\/04\/Oviedo-lidera-la-inversion-educativa-en-Asturias-450x304.jpg\" class=\"attachment-bunyad-medium size-bunyad-medium wp-post-image\" alt=\"Oviedo lidera la inversi\u00f3n educativa en Asturias\" sizes=\"(max-width: 377px) 100vw, 377px\" title=\"Oviedo lidera la inversi\u00f3n educativa en Asturias\" srcset=\"https:\/\/eldigitaldeasturias.com\/radio\/wp-content\/uploads\/2026\/04\/Oviedo-lidera-la-inversion-educativa-en-Asturias-450x304.jpg 450w, https:\/\/eldigitaldeasturias.com\/radio\/wp-content\/uploads\/2026\/04\/Oviedo-lidera-la-inversion-educativa-en-Asturias-360x243.jpg 360w, https:\/\/eldigitaldeasturias.com\/radio\/wp-content\/uploads\/2026\/04\/Oviedo-lidera-la-inversion-educativa-en-Asturias-650x438.jpg 650w, https:\/\/eldigitaldeasturias.com\/radio\/wp-content\/uploads\/2026\/04\/Oviedo-lidera-la-inversion-educativa-en-Asturias-768x518.jpg 768w, https:\/\/eldigitaldeasturias.com\/radio\/wp-content\/uploads\/2026\/04\/Oviedo-lidera-la-inversion-educativa-en-Asturias.jpg 1180w\" \/><\/a>\t\t\t\n\t\t\t\n\t\t\t\n\t\t\t\n\t\t\n\t\t<\/div>\n\t\n\n\t\n\t\t<div class=\"content\">\n\n\t\t\t<div class=\"post-meta post-meta-a\"><h2 class=\"is-title post-title\"><a href=\"https:\/\/eldigitaldeasturias.com\/radio\/oviedo-lidera-la-inversion-educativa-en-asturias\/\">Oviedo lidera la inversi\u00f3n educativa en Asturias<\/a><\/h2><\/div>\t\t\t\n\t\t\t\n\t\t\t\n\t\t<\/div>\n\n\t\n<\/article>\t\t\t\t\t\n<article class=\"l-post grid-post grid-base-post\">\n\n\t\n\t\t\t<div class=\"media\">\n\n\t\t\n\t\t\t<a href=\"https:\/\/eldigitaldeasturias.com\/radio\/barbon-busca-alianzas-industriales-con-mexico\/\" class=\"image-link media-ratio ratio-16-9\" title=\"Barb\u00f3n busca alianzas industriales con M\u00e9xico\"><img decoding=\"async\" width=\"377\" height=\"212\" src=\"https:\/\/eldigitaldeasturias.com\/radio\/wp-content\/uploads\/2026\/04\/Barbon-busca-alianzas-industriales-con-Mexico-450x302.jpg\" class=\"attachment-bunyad-medium size-bunyad-medium wp-post-image\" alt=\"Barb\u00f3n busca alianzas industriales con M\u00e9xico\" sizes=\"(max-width: 377px) 100vw, 377px\" title=\"Barb\u00f3n busca alianzas industriales con M\u00e9xico\" srcset=\"https:\/\/eldigitaldeasturias.com\/radio\/wp-content\/uploads\/2026\/04\/Barbon-busca-alianzas-industriales-con-Mexico-450x302.jpg 450w, https:\/\/eldigitaldeasturias.com\/radio\/wp-content\/uploads\/2026\/04\/Barbon-busca-alianzas-industriales-con-Mexico-360x241.jpg 360w, https:\/\/eldigitaldeasturias.com\/radio\/wp-content\/uploads\/2026\/04\/Barbon-busca-alianzas-industriales-con-Mexico-650x436.jpg 650w, https:\/\/eldigitaldeasturias.com\/radio\/wp-content\/uploads\/2026\/04\/Barbon-busca-alianzas-industriales-con-Mexico-768x515.jpg 768w, https:\/\/eldigitaldeasturias.com\/radio\/wp-content\/uploads\/2026\/04\/Barbon-busca-alianzas-industriales-con-Mexico-1200x804.jpg 1200w, https:\/\/eldigitaldeasturias.com\/radio\/wp-content\/uploads\/2026\/04\/Barbon-busca-alianzas-industriales-con-Mexico.jpg 1231w\" \/><\/a>\t\t\t\n\t\t\t\n\t\t\t\n\t\t\t\n\t\t\n\t\t<\/div>\n\t\n\n\t\n\t\t<div class=\"content\">\n\n\t\t\t<div class=\"post-meta post-meta-a\"><h2 class=\"is-title post-title\"><a href=\"https:\/\/eldigitaldeasturias.com\/radio\/barbon-busca-alianzas-industriales-con-mexico\/\">Barb\u00f3n busca alianzas industriales con M\u00e9xico<\/a><\/h2><\/div>\t\t\t\n\t\t\t\n\t\t\t\n\t\t<\/div>\n\n\t\n<\/article>\t\t\n\t<\/div>\n\n\t\t\n\t\t\t<\/div>\n\n\t\t<\/section>\n\t\t\t\t\t\t<\/div>\n\t\t\t\t<\/div>\n\t\t\t\t\t<\/div>\n\t\t<\/div>\n\t\t\t\t\t<\/div>\n\t\t<\/section>\n\t\t\t\t<section class=\"has-el-gap el-gap-default elementor-section elementor-top-section elementor-element elementor-element-60de8353 elementor-section-boxed elementor-section-height-default elementor-section-height-default\" data-id=\"60de8353\" data-element_type=\"section\" data-e-type=\"section\" data-settings=\"{&quot;background_background&quot;:&quot;classic&quot;,&quot;background_sd_background&quot;:&quot;classic&quot;}\">\n\t\t\t\t\t\t<div class=\"elementor-container elementor-column-gap-no\">\n\t\t\t\t\t<div class=\"elementor-column elementor-col-50 elementor-top-column elementor-element elementor-element-4b3a472f\" data-id=\"4b3a472f\" data-element_type=\"column\" data-e-type=\"column\">\n\t\t\t<div class=\"elementor-widget-wrap elementor-element-populated\">\n\t\t\t\t\t\t<div class=\"elementor-element elementor-element-1513bc4f elementor-widget elementor-widget-smartmag-overlay\" data-id=\"1513bc4f\" data-element_type=\"widget\" data-e-type=\"widget\" data-widget_type=\"smartmag-overlay.default\">\n\t\t\t\t<div class=\"elementor-widget-container\">\n\t\t\t\t\t\t\t<section class=\"block-wrap block-overlay block-sc cols-gap-sm mb-none\" data-id=\"3\">\n\n\t\t\t\t\n\t\t\t<div class=\"block-content\">\n\t\t\t\t\t\n\t<div class=\"loop loop-overlay grid grid-1 md:grid-1 xs:grid-1\">\n\n\t\t\t\n\t\t\t\n<article class=\"l-post grid-overlay overlay-post grid-overlay-a overlay-base-post\">\n\n\t\n\t\t\t<div class=\"media\">\n\n\t\t\n\t\t\t<a href=\"https:\/\/eldigitaldeasturias.com\/radio\/asturias-recibe-131-825-e-para-memoria-democratica\/\" class=\"image-link media-ratio ratio-is-custom\" title=\"Asturias recibe 131.825 \u20ac para memoria democr\u00e1tica\"><img loading=\"lazy\" decoding=\"async\" width=\"608\" height=\"676\" src=\"https:\/\/eldigitaldeasturias.com\/radio\/wp-content\/uploads\/2026\/04\/Asturias-recibe-131825-E-para-memoria-democratica-768x568.jpg\" class=\"attachment-bunyad-768 size-bunyad-768 wp-post-image\" alt=\"Asturias recibe 131.825 \u20ac para memoria democr\u00e1tica\" sizes=\"(max-width: 608px) 100vw, 608px\" title=\"Asturias recibe 131.825 \u20ac para memoria democr\u00e1tica\" srcset=\"https:\/\/eldigitaldeasturias.com\/radio\/wp-content\/uploads\/2026\/04\/Asturias-recibe-131825-E-para-memoria-democratica-768x568.jpg 768w, https:\/\/eldigitaldeasturias.com\/radio\/wp-content\/uploads\/2026\/04\/Asturias-recibe-131825-E-para-memoria-democratica.jpg 1129w\" \/><\/a>\t\t\t\n\t\t\t\n\t\t\t\n\t\t\t\n\t\t\n\t\t<\/div>\n\t\n\n\t\t\t<div class=\"content-wrap\">\n\t\n\t\t<div class=\"content\">\n\n\t\t\t<div class=\"post-meta post-meta-a meta-contrast has-below\"><h2 class=\"is-title post-title\"><a href=\"https:\/\/eldigitaldeasturias.com\/radio\/asturias-recibe-131-825-e-para-memoria-democratica\/\">Asturias recibe 131.825 \u20ac para memoria democr\u00e1tica<\/a><\/h2><div class=\"post-meta-items meta-below\"><span class=\"meta-item post-author\"><span class=\"by\">By<\/span> <a href=\"https:\/\/eldigitaldeasturias.com\/radio\/author\/nbasturias\/\" title=\"Entradas de NBAsturias\" rel=\"author\">NBAsturias<\/a><\/span><\/div><\/div>\t\t\t\n\t\t\t\n\t\t\t\n\t\t<\/div>\n\n\t\t\t<\/div>\n\t\n<\/article>\n\t\t\n\t<\/div>\n\n\t\t\n\t\t\t<\/div>\n\n\t\t<\/section>\n\t\t\t\t\t\t<\/div>\n\t\t\t\t<\/div>\n\t\t\t\t\t<\/div>\n\t\t<\/div>\n\t\t\t\t<div class=\"elementor-column elementor-col-50 elementor-top-column elementor-element elementor-element-262174e6\" data-id=\"262174e6\" data-element_type=\"column\" data-e-type=\"column\" data-settings=\"{&quot;background_background&quot;:&quot;classic&quot;}\">\n\t\t\t<div class=\"elementor-widget-wrap elementor-element-populated\">\n\t\t\t\t\t\t<div class=\"elementor-element elementor-element-64757b23 elementor-widget elementor-widget-smartmag-grid\" data-id=\"64757b23\" data-element_type=\"widget\" data-e-type=\"widget\" data-widget_type=\"smartmag-grid.default\">\n\t\t\t\t<div class=\"elementor-widget-container\">\n\t\t\t\t\t\t\t<section class=\"block-wrap block-grid block-sc cols-gap-sm mb-none\" data-id=\"4\">\n\n\t\t\t\t\n\t\t\t<div class=\"block-content\">\n\t\t\t\t\t\n\t<div class=\"loop loop-grid loop-grid-sm grid grid-3 md:grid-2 xs:grid-1\">\n\n\t\t\t\t\t\n<article class=\"l-post grid-post grid-sm-post l-post-center\">\n\n\t\n\t\t\t<div class=\"media\">\n\n\t\t\n\t\t\t<a href=\"https:\/\/eldigitaldeasturias.com\/radio\/asturias-impulsa-la-eficiencia-energetica-con-52-millones\/\" class=\"image-link media-ratio ratio-3-2\" title=\"Asturias impulsa la eficiencia energ\u00e9tica con 5,2 millones\"><img loading=\"lazy\" decoding=\"async\" width=\"377\" height=\"251\" src=\"https:\/\/eldigitaldeasturias.com\/radio\/wp-content\/uploads\/2026\/04\/Asturias-impulsa-la-eficiencia-energetica-con-52-millones-450x251.jpg\" class=\"attachment-bunyad-medium size-bunyad-medium wp-post-image\" alt=\"Asturias impulsa la eficiencia energ\u00e9tica con 5,2 millones\" sizes=\"(max-width: 377px) 100vw, 377px\" title=\"Asturias impulsa la eficiencia energ\u00e9tica con 5,2 millones\" srcset=\"https:\/\/eldigitaldeasturias.com\/radio\/wp-content\/uploads\/2026\/04\/Asturias-impulsa-la-eficiencia-energetica-con-52-millones-450x251.jpg 450w, https:\/\/eldigitaldeasturias.com\/radio\/wp-content\/uploads\/2026\/04\/Asturias-impulsa-la-eficiencia-energetica-con-52-millones-650x362.jpg 650w, https:\/\/eldigitaldeasturias.com\/radio\/wp-content\/uploads\/2026\/04\/Asturias-impulsa-la-eficiencia-energetica-con-52-millones-768x428.jpg 768w, https:\/\/eldigitaldeasturias.com\/radio\/wp-content\/uploads\/2026\/04\/Asturias-impulsa-la-eficiencia-energetica-con-52-millones.jpg 974w\" \/><\/a>\t\t\t\n\t\t\t\n\t\t\t\n\t\t\t\n\t\t\n\t\t<\/div>\n\t\n\n\t\n\t\t<div class=\"content\">\n\n\t\t\t<div class=\"post-meta post-meta-a\"><h2 class=\"is-title post-title limit-lines l-lines-3\"><a href=\"https:\/\/eldigitaldeasturias.com\/radio\/asturias-impulsa-la-eficiencia-energetica-con-52-millones\/\">Asturias impulsa la eficiencia energ\u00e9tica con 5,2 millones<\/a><\/h2><\/div>\t\t\t\n\t\t\t\n\t\t\t\n\t\t<\/div>\n\n\t\n<\/article>\t\t\t\t\t\n<article class=\"l-post grid-post grid-sm-post l-post-center\">\n\n\t\n\t\t\t<div class=\"media\">\n\n\t\t\n\t\t\t<a href=\"https:\/\/eldigitaldeasturias.com\/radio\/donan-al-muja-miles-de-fosiles-del-jurasico-asturiano\/\" class=\"image-link media-ratio ratio-3-2\" title=\"Donan al MUJA miles de f\u00f3siles del Jur\u00e1sico asturiano\"><img loading=\"lazy\" decoding=\"async\" width=\"377\" height=\"251\" src=\"https:\/\/eldigitaldeasturias.com\/radio\/wp-content\/uploads\/2026\/04\/El-MUJA-recibe-miles-de-fosiles-donados-por-la-UCM-450x338.jpg\" class=\"attachment-bunyad-medium size-bunyad-medium wp-post-image\" alt=\"El MUJA recibe miles de f\u00f3siles donados por la UCM\" sizes=\"(max-width: 377px) 100vw, 377px\" title=\"Donan al MUJA miles de f\u00f3siles del Jur\u00e1sico asturiano\" srcset=\"https:\/\/eldigitaldeasturias.com\/radio\/wp-content\/uploads\/2026\/04\/El-MUJA-recibe-miles-de-fosiles-donados-por-la-UCM-450x338.jpg 450w, https:\/\/eldigitaldeasturias.com\/radio\/wp-content\/uploads\/2026\/04\/El-MUJA-recibe-miles-de-fosiles-donados-por-la-UCM-360x270.jpg 360w, https:\/\/eldigitaldeasturias.com\/radio\/wp-content\/uploads\/2026\/04\/El-MUJA-recibe-miles-de-fosiles-donados-por-la-UCM-640x480.jpg 640w, https:\/\/eldigitaldeasturias.com\/radio\/wp-content\/uploads\/2026\/04\/El-MUJA-recibe-miles-de-fosiles-donados-por-la-UCM-768x576.jpg 768w, https:\/\/eldigitaldeasturias.com\/radio\/wp-content\/uploads\/2026\/04\/El-MUJA-recibe-miles-de-fosiles-donados-por-la-UCM.jpg 1134w\" \/><\/a>\t\t\t\n\t\t\t\n\t\t\t\n\t\t\t\n\t\t\n\t\t<\/div>\n\t\n\n\t\n\t\t<div class=\"content\">\n\n\t\t\t<div class=\"post-meta post-meta-a\"><h2 class=\"is-title post-title limit-lines l-lines-3\"><a href=\"https:\/\/eldigitaldeasturias.com\/radio\/donan-al-muja-miles-de-fosiles-del-jurasico-asturiano\/\">Donan al MUJA miles de f\u00f3siles del Jur\u00e1sico asturiano<\/a><\/h2><\/div>\t\t\t\n\t\t\t\n\t\t\t\n\t\t<\/div>\n\n\t\n<\/article>\t\t\t\t\t\n<article class=\"l-post grid-post grid-sm-post l-post-center\">\n\n\t\n\t\t\t<div class=\"media\">\n\n\t\t\n\t\t\t<a href=\"https:\/\/eldigitaldeasturias.com\/radio\/barbon-busca-alianzas-industriales-con-mexico\/\" class=\"image-link media-ratio ratio-3-2\" title=\"Barb\u00f3n busca alianzas industriales con M\u00e9xico\"><img loading=\"lazy\" decoding=\"async\" width=\"377\" height=\"251\" src=\"https:\/\/eldigitaldeasturias.com\/radio\/wp-content\/uploads\/2026\/04\/Barbon-busca-alianzas-industriales-con-Mexico-450x302.jpg\" class=\"attachment-bunyad-medium size-bunyad-medium wp-post-image\" alt=\"Barb\u00f3n busca alianzas industriales con M\u00e9xico\" sizes=\"(max-width: 377px) 100vw, 377px\" title=\"Barb\u00f3n busca alianzas industriales con M\u00e9xico\" srcset=\"https:\/\/eldigitaldeasturias.com\/radio\/wp-content\/uploads\/2026\/04\/Barbon-busca-alianzas-industriales-con-Mexico-450x302.jpg 450w, https:\/\/eldigitaldeasturias.com\/radio\/wp-content\/uploads\/2026\/04\/Barbon-busca-alianzas-industriales-con-Mexico-360x241.jpg 360w, https:\/\/eldigitaldeasturias.com\/radio\/wp-content\/uploads\/2026\/04\/Barbon-busca-alianzas-industriales-con-Mexico-650x436.jpg 650w, https:\/\/eldigitaldeasturias.com\/radio\/wp-content\/uploads\/2026\/04\/Barbon-busca-alianzas-industriales-con-Mexico-768x515.jpg 768w, https:\/\/eldigitaldeasturias.com\/radio\/wp-content\/uploads\/2026\/04\/Barbon-busca-alianzas-industriales-con-Mexico-150x101.jpg 150w, https:\/\/eldigitaldeasturias.com\/radio\/wp-content\/uploads\/2026\/04\/Barbon-busca-alianzas-industriales-con-Mexico-1200x804.jpg 1200w, https:\/\/eldigitaldeasturias.com\/radio\/wp-content\/uploads\/2026\/04\/Barbon-busca-alianzas-industriales-con-Mexico.jpg 1231w\" \/><\/a>\t\t\t\n\t\t\t\n\t\t\t\n\t\t\t\n\t\t\n\t\t<\/div>\n\t\n\n\t\n\t\t<div class=\"content\">\n\n\t\t\t<div class=\"post-meta post-meta-a\"><h2 class=\"is-title post-title limit-lines l-lines-3\"><a href=\"https:\/\/eldigitaldeasturias.com\/radio\/barbon-busca-alianzas-industriales-con-mexico\/\">Barb\u00f3n busca alianzas industriales con M\u00e9xico<\/a><\/h2><\/div>\t\t\t\n\t\t\t\n\t\t\t\n\t\t<\/div>\n\n\t\n<\/article>\t\t\t\t\t\n<article class=\"l-post grid-post grid-sm-post l-post-center\">\n\n\t\n\t\t\t<div class=\"media\">\n\n\t\t\n\t\t\t<a href=\"https:\/\/eldigitaldeasturias.com\/radio\/comienza-en-asturias-la-temporada-de-pesca-del-salmon\/\" class=\"image-link media-ratio ratio-3-2\" title=\"Comienza en Asturias la temporada de pesca del salm\u00f3n\"><img loading=\"lazy\" decoding=\"async\" width=\"377\" height=\"251\" src=\"https:\/\/eldigitaldeasturias.com\/radio\/wp-content\/uploads\/2026\/04\/Comienza-en-Asturias-la-temporada-de-pesca-del-salmon-450x330.jpg\" class=\"attachment-bunyad-medium size-bunyad-medium wp-post-image\" alt=\"Comienza en Asturias la temporada de pesca del salm\u00f3n\" sizes=\"(max-width: 377px) 100vw, 377px\" title=\"Comienza en Asturias la temporada de pesca del salm\u00f3n\" srcset=\"https:\/\/eldigitaldeasturias.com\/radio\/wp-content\/uploads\/2026\/04\/Comienza-en-Asturias-la-temporada-de-pesca-del-salmon-450x330.jpg 450w, https:\/\/eldigitaldeasturias.com\/radio\/wp-content\/uploads\/2026\/04\/Comienza-en-Asturias-la-temporada-de-pesca-del-salmon-360x264.jpg 360w, https:\/\/eldigitaldeasturias.com\/radio\/wp-content\/uploads\/2026\/04\/Comienza-en-Asturias-la-temporada-de-pesca-del-salmon-650x477.jpg 650w, https:\/\/eldigitaldeasturias.com\/radio\/wp-content\/uploads\/2026\/04\/Comienza-en-Asturias-la-temporada-de-pesca-del-salmon-768x564.jpg 768w, https:\/\/eldigitaldeasturias.com\/radio\/wp-content\/uploads\/2026\/04\/Comienza-en-Asturias-la-temporada-de-pesca-del-salmon-150x110.jpg 150w, https:\/\/eldigitaldeasturias.com\/radio\/wp-content\/uploads\/2026\/04\/Comienza-en-Asturias-la-temporada-de-pesca-del-salmon.jpg 1137w\" \/><\/a>\t\t\t\n\t\t\t\n\t\t\t\n\t\t\t\n\t\t\n\t\t<\/div>\n\t\n\n\t\n\t\t<div class=\"content\">\n\n\t\t\t<div class=\"post-meta post-meta-a\"><h2 class=\"is-title post-title limit-lines l-lines-3\"><a href=\"https:\/\/eldigitaldeasturias.com\/radio\/comienza-en-asturias-la-temporada-de-pesca-del-salmon\/\">Comienza en Asturias la temporada de pesca del salm\u00f3n<\/a><\/h2><\/div>\t\t\t\n\t\t\t\n\t\t\t\n\t\t<\/div>\n\n\t\n<\/article>\t\t\t\t\t\n<article class=\"l-post grid-post grid-sm-post l-post-center\">\n\n\t\n\t\t\t<div class=\"media\">\n\n\t\t\n\t\t\t<a href=\"https:\/\/eldigitaldeasturias.com\/radio\/fin-de-las-restricciones-a-la-cria-de-aves-en-asturias\/\" class=\"image-link media-ratio ratio-3-2\" title=\"Fin de las restricciones a la cr\u00eda de aves en Asturias\"><img loading=\"lazy\" decoding=\"async\" width=\"377\" height=\"251\" src=\"https:\/\/eldigitaldeasturias.com\/radio\/wp-content\/uploads\/2026\/04\/Fin-de-las-restricciones-a-la-cria-de-aves-en-Asturias-450x298.jpg\" class=\"attachment-bunyad-medium size-bunyad-medium wp-post-image\" alt=\"Fin de las restricciones a la cr\u00eda de aves en Asturias\" sizes=\"(max-width: 377px) 100vw, 377px\" title=\"Fin de las restricciones a la cr\u00eda de aves en Asturias\" srcset=\"https:\/\/eldigitaldeasturias.com\/radio\/wp-content\/uploads\/2026\/04\/Fin-de-las-restricciones-a-la-cria-de-aves-en-Asturias-450x298.jpg 450w, https:\/\/eldigitaldeasturias.com\/radio\/wp-content\/uploads\/2026\/04\/Fin-de-las-restricciones-a-la-cria-de-aves-en-Asturias-360x238.jpg 360w, https:\/\/eldigitaldeasturias.com\/radio\/wp-content\/uploads\/2026\/04\/Fin-de-las-restricciones-a-la-cria-de-aves-en-Asturias-650x430.jpg 650w, https:\/\/eldigitaldeasturias.com\/radio\/wp-content\/uploads\/2026\/04\/Fin-de-las-restricciones-a-la-cria-de-aves-en-Asturias-768x508.jpg 768w, https:\/\/eldigitaldeasturias.com\/radio\/wp-content\/uploads\/2026\/04\/Fin-de-las-restricciones-a-la-cria-de-aves-en-Asturias-150x99.jpg 150w, https:\/\/eldigitaldeasturias.com\/radio\/wp-content\/uploads\/2026\/04\/Fin-de-las-restricciones-a-la-cria-de-aves-en-Asturias.jpg 1141w\" \/><\/a>\t\t\t\n\t\t\t\n\t\t\t\n\t\t\t\n\t\t\n\t\t<\/div>\n\t\n\n\t\n\t\t<div class=\"content\">\n\n\t\t\t<div class=\"post-meta post-meta-a\"><h2 class=\"is-title post-title limit-lines l-lines-3\"><a href=\"https:\/\/eldigitaldeasturias.com\/radio\/fin-de-las-restricciones-a-la-cria-de-aves-en-asturias\/\">Fin de las restricciones a la cr\u00eda de aves en Asturias<\/a><\/h2><\/div>\t\t\t\n\t\t\t\n\t\t\t\n\t\t<\/div>\n\n\t\n<\/article>\t\t\t\t\t\n<article class=\"l-post grid-post grid-sm-post l-post-center\">\n\n\t\n\t\t\t<div class=\"media\">\n\n\t\t\n\t\t\t<a href=\"https:\/\/eldigitaldeasturias.com\/radio\/barbon-acceder-a-medicamentos-define-una-sociedad-moderna\/\" class=\"image-link media-ratio ratio-3-2\" title=\"Barb\u00f3n: acceder a medicamentos define una sociedad moderna\"><img loading=\"lazy\" decoding=\"async\" width=\"377\" height=\"251\" src=\"https:\/\/eldigitaldeasturias.com\/radio\/wp-content\/uploads\/2026\/04\/Barbon-acceder-a-medicamentos-define-una-sociedad-moderna-450x298.jpg\" class=\"attachment-bunyad-medium size-bunyad-medium wp-post-image\" alt=\"Barb\u00f3n acceder a medicamentos define una sociedad moderna\" sizes=\"(max-width: 377px) 100vw, 377px\" title=\"Barb\u00f3n: acceder a medicamentos define una sociedad moderna\" srcset=\"https:\/\/eldigitaldeasturias.com\/radio\/wp-content\/uploads\/2026\/04\/Barbon-acceder-a-medicamentos-define-una-sociedad-moderna-450x298.jpg 450w, https:\/\/eldigitaldeasturias.com\/radio\/wp-content\/uploads\/2026\/04\/Barbon-acceder-a-medicamentos-define-una-sociedad-moderna-360x238.jpg 360w, https:\/\/eldigitaldeasturias.com\/radio\/wp-content\/uploads\/2026\/04\/Barbon-acceder-a-medicamentos-define-una-sociedad-moderna-650x430.jpg 650w, https:\/\/eldigitaldeasturias.com\/radio\/wp-content\/uploads\/2026\/04\/Barbon-acceder-a-medicamentos-define-una-sociedad-moderna-768x508.jpg 768w, https:\/\/eldigitaldeasturias.com\/radio\/wp-content\/uploads\/2026\/04\/Barbon-acceder-a-medicamentos-define-una-sociedad-moderna-150x99.jpg 150w, https:\/\/eldigitaldeasturias.com\/radio\/wp-content\/uploads\/2026\/04\/Barbon-acceder-a-medicamentos-define-una-sociedad-moderna-1200x794.jpg 1200w, https:\/\/eldigitaldeasturias.com\/radio\/wp-content\/uploads\/2026\/04\/Barbon-acceder-a-medicamentos-define-una-sociedad-moderna.jpg 1258w\" \/><\/a>\t\t\t\n\t\t\t\n\t\t\t\n\t\t\t\n\t\t\n\t\t<\/div>\n\t\n\n\t\n\t\t<div class=\"content\">\n\n\t\t\t<div class=\"post-meta post-meta-a\"><h2 class=\"is-title post-title limit-lines l-lines-3\"><a href=\"https:\/\/eldigitaldeasturias.com\/radio\/barbon-acceder-a-medicamentos-define-una-sociedad-moderna\/\">Barb\u00f3n: acceder a medicamentos define una sociedad moderna<\/a><\/h2><\/div>\t\t\t\n\t\t\t\n\t\t\t\n\t\t<\/div>\n\n\t\n<\/article>\t\t\n\t<\/div>\n\n\t\t\n\t\t\t<\/div>\n\n\t\t<\/section>\n\t\t\t\t\t\t<\/div>\n\t\t\t\t<\/div>\n\t\t\t\t\t<\/div>\n\t\t<\/div>\n\t\t\t\t\t<\/div>\n\t\t<\/section>\n\t\t\t\t<section class=\"has-el-gap el-gap-default elementor-section elementor-top-section elementor-element elementor-element-3cd2c9cb elementor-section-boxed elementor-section-height-default elementor-section-height-default\" data-id=\"3cd2c9cb\" data-element_type=\"section\" data-e-type=\"section\">\n\t\t\t\t\t\t<div class=\"elementor-container elementor-column-gap-no\">\n\t\t\t\t\t<div class=\"elementor-column elementor-col-66 elementor-top-column elementor-element elementor-element-7ed54a22 main-content\" data-id=\"7ed54a22\" data-element_type=\"column\" data-e-type=\"column\">\n\t\t\t<div class=\"elementor-widget-wrap elementor-element-populated\">\n\t\t\t\t\t\t<section class=\"has-el-gap el-gap-sm elementor-section elementor-inner-section elementor-element elementor-element-3c68a0ae elementor-section-boxed elementor-section-height-default elementor-section-height-default\" data-id=\"3c68a0ae\" data-element_type=\"section\" data-e-type=\"section\">\n\t\t\t\t\t\t<div class=\"elementor-container elementor-column-gap-no\">\n\t\t\t\t\t<div class=\"elementor-column elementor-col-50 elementor-inner-column elementor-element elementor-element-3fe41a1d\" data-id=\"3fe41a1d\" data-element_type=\"column\" data-e-type=\"column\">\n\t\t\t<div class=\"elementor-widget-wrap elementor-element-populated\">\n\t\t\t\t\t\t<div class=\"elementor-element elementor-element-5a7cfc41 elementor-widget elementor-widget-smartmag-heading\" data-id=\"5a7cfc41\" data-element_type=\"widget\" data-e-type=\"widget\" data-widget_type=\"smartmag-heading.default\">\n\t\t\t\t<div class=\"elementor-widget-container\">\n\t\t\t\t\t\t\t\t\t\t\n\t\t\t\t\t\t\t\n\t\t\t\t<div class=\"block-head block-head-ac block-head-a block-head-a1 is-left\">\n\n\t\t\t\t\t<h4 class=\"heading\">TURISMO<\/h4>\t\t\t\t\t\n\t\t\t\t\t\t\t\t\t<\/div>\n\t\t\t\t\n\t\t\t\n\t\t\t\t\t\t<\/div>\n\t\t\t\t<\/div>\n\t\t\t\t<div class=\"elementor-element elementor-element-65b184d8 elementor-widget elementor-widget-smartmag-grid\" data-id=\"65b184d8\" data-element_type=\"widget\" data-e-type=\"widget\" data-widget_type=\"smartmag-grid.default\">\n\t\t\t\t<div class=\"elementor-widget-container\">\n\t\t\t\t\t\t\t<section class=\"block-wrap block-grid block-sc mb-none\" data-id=\"5\">\n\n\t\t\t\t\n\t\t\t<div class=\"block-content\">\n\t\t\t\t\t\n\t<div class=\"loop loop-grid loop-grid-base grid grid-1 md:grid-1 xs:grid-1\">\n\n\t\t\t\t\t\n<article class=\"l-post grid-post grid-base-post\">\n\n\t\n\t\t\t<div class=\"media\">\n\n\t\t\n\t\t\t<a href=\"https:\/\/eldigitaldeasturias.com\/radio\/sella-descensos-y-ocio-activo-en-asturias\/\" class=\"image-link media-ratio ratio-16-9\" title=\"Sella, descensos y ocio activo en Asturias\"><img loading=\"lazy\" decoding=\"async\" width=\"377\" height=\"212\" src=\"https:\/\/eldigitaldeasturias.com\/radio\/wp-content\/uploads\/2026\/03\/Sella-descensos-y-ocio-activo-en-Asturias-450x236.jpg\" class=\"attachment-bunyad-medium size-bunyad-medium wp-post-image\" alt=\"Sella, descensos y ocio activo en Asturias\" sizes=\"(max-width: 377px) 100vw, 377px\" title=\"Sella, descensos y ocio activo en Asturias\" srcset=\"https:\/\/eldigitaldeasturias.com\/radio\/wp-content\/uploads\/2026\/03\/Sella-descensos-y-ocio-activo-en-Asturias-450x236.jpg 450w, https:\/\/eldigitaldeasturias.com\/radio\/wp-content\/uploads\/2026\/03\/Sella-descensos-y-ocio-activo-en-Asturias-360x189.jpg 360w, https:\/\/eldigitaldeasturias.com\/radio\/wp-content\/uploads\/2026\/03\/Sella-descensos-y-ocio-activo-en-Asturias-650x341.jpg 650w, https:\/\/eldigitaldeasturias.com\/radio\/wp-content\/uploads\/2026\/03\/Sella-descensos-y-ocio-activo-en-Asturias-768x403.jpg 768w, https:\/\/eldigitaldeasturias.com\/radio\/wp-content\/uploads\/2026\/03\/Sella-descensos-y-ocio-activo-en-Asturias-150x79.jpg 150w, https:\/\/eldigitaldeasturias.com\/radio\/wp-content\/uploads\/2026\/03\/Sella-descensos-y-ocio-activo-en-Asturias-1200x630.jpg 1200w, https:\/\/eldigitaldeasturias.com\/radio\/wp-content\/uploads\/2026\/03\/Sella-descensos-y-ocio-activo-en-Asturias.jpg 1264w\" \/><\/a>\t\t\t\n\t\t\t\n\t\t\t\n\t\t\t\n\t\t\n\t\t<\/div>\n\t\n\n\t\n\t\t<div class=\"content\">\n\n\t\t\t<div class=\"post-meta post-meta-a has-below\"><h2 class=\"is-title post-title\"><a href=\"https:\/\/eldigitaldeasturias.com\/radio\/sella-descensos-y-ocio-activo-en-asturias\/\">Sella, descensos y ocio activo en Asturias<\/a><\/h2><div class=\"post-meta-items meta-below\"><span class=\"meta-item post-cat\">\n\t\t\t\t\t\t\n\t\t\t\t\t\t<a href=\"https:\/\/eldigitaldeasturias.com\/radio\/category\/turismo\/\" class=\"category term-color-34\" rel=\"category\">Turismo<\/a>\n\t\t\t\t\t<\/span>\n\t\t\t\t\t<span class=\"meta-item post-author\"><span class=\"by\">By<\/span> <a href=\"https:\/\/eldigitaldeasturias.com\/radio\/author\/nbasturias\/\" title=\"Entradas de NBAsturias\" rel=\"author\">NBAsturias<\/a><\/span><\/div><\/div>\t\t\t\n\t\t\t\t\t\t\n\t\t\t\t<div class=\"excerpt\">\n\t\t\t\t\t<p>Hay planes en Asturias que se proponen un martes por la noche y se recuerdan durante a\u00f1os. Bajar el Sella en canoa es uno de ellos. Da igual si la idea surge en un grupo de amigos, en una reuni\u00f3n&hellip;<\/p>\n\t\t\t\t<\/div>\n\t\t\t\n\t\t\t\n\t\t\t\n\t\t<\/div>\n\n\t\n<\/article>\t\t\n\t<\/div>\n\n\t\t\n\t\t\t<\/div>\n\n\t\t<\/section>\n\t\t\t\t\t\t<\/div>\n\t\t\t\t<\/div>\n\t\t\t\t<div class=\"elementor-element elementor-element-4b4d1eea elementor-widget elementor-widget-smartmag-grid\" data-id=\"4b4d1eea\" data-element_type=\"widget\" data-e-type=\"widget\" data-widget_type=\"smartmag-grid.default\">\n\t\t\t\t<div class=\"elementor-widget-container\">\n\t\t\t\t\t\t\t<section class=\"block-wrap block-grid block-sc cols-gap-sm mb-none\" data-id=\"6\">\n\n\t\t\t\t\n\t\t\t<div class=\"block-content\">\n\t\t\t\t\t\n\t<div class=\"loop loop-grid loop-grid-sm grid grid-3 md:grid-2 xs:grid-1\">\n\n\t\t\t\t\t\n<article class=\"l-post grid-post grid-sm-post\">\n\n\t\n\t\t\t<div class=\"media\">\n\n\t\t\n\t\t\t<a href=\"https:\/\/eldigitaldeasturias.com\/radio\/un-fin-de-semana-tranquilo-en-almunecar\/\" class=\"image-link media-ratio ratio-16-9\" title=\"Un fin de semana tranquilo en Almu\u00f1\u00e9car\"><img loading=\"lazy\" decoding=\"async\" width=\"377\" height=\"212\" src=\"https:\/\/eldigitaldeasturias.com\/radio\/wp-content\/uploads\/2026\/03\/Un-fin-de-semana-tranquilo-en-Almunecar-450x300.jpg\" class=\"attachment-bunyad-medium size-bunyad-medium wp-post-image\" alt=\"Un fin de semana tranquilo en Almu\u00f1\u00e9car\" sizes=\"(max-width: 377px) 100vw, 377px\" title=\"Un fin de semana tranquilo en Almu\u00f1\u00e9car\" srcset=\"https:\/\/eldigitaldeasturias.com\/radio\/wp-content\/uploads\/2026\/03\/Un-fin-de-semana-tranquilo-en-Almunecar-450x300.jpg 450w, https:\/\/eldigitaldeasturias.com\/radio\/wp-content\/uploads\/2026\/03\/Un-fin-de-semana-tranquilo-en-Almunecar-360x240.jpg 360w, https:\/\/eldigitaldeasturias.com\/radio\/wp-content\/uploads\/2026\/03\/Un-fin-de-semana-tranquilo-en-Almunecar-650x433.jpg 650w, https:\/\/eldigitaldeasturias.com\/radio\/wp-content\/uploads\/2026\/03\/Un-fin-de-semana-tranquilo-en-Almunecar-768x511.jpg 768w, https:\/\/eldigitaldeasturias.com\/radio\/wp-content\/uploads\/2026\/03\/Un-fin-de-semana-tranquilo-en-Almunecar-1200x799.jpg 1200w, https:\/\/eldigitaldeasturias.com\/radio\/wp-content\/uploads\/2026\/03\/Un-fin-de-semana-tranquilo-en-Almunecar.jpg 1245w\" \/><\/a>\t\t\t\n\t\t\t\n\t\t\t\n\t\t\t\n\t\t\n\t\t<\/div>\n\t\n\n\t\n\t\t<div class=\"content\">\n\n\t\t\t<div class=\"post-meta post-meta-a\"><div class=\"post-meta-items meta-above\"><span class=\"meta-item post-cat\">\n\t\t\t\t\t\t\n\t\t\t\t\t\t<a href=\"https:\/\/eldigitaldeasturias.com\/radio\/category\/turismo\/\" class=\"category term-color-34\" rel=\"category\">Turismo<\/a>\n\t\t\t\t\t<\/span>\n\t\t\t\t\t<\/div><h2 class=\"is-title post-title\"><a href=\"https:\/\/eldigitaldeasturias.com\/radio\/un-fin-de-semana-tranquilo-en-almunecar\/\">Un fin de semana tranquilo en Almu\u00f1\u00e9car<\/a><\/h2><\/div>\t\t\t\n\t\t\t\n\t\t\t\n\t\t<\/div>\n\n\t\n<\/article>\t\t\t\t\t\n<article class=\"l-post grid-post grid-sm-post\">\n\n\t\n\t\t\t<div class=\"media\">\n\n\t\t\n\t\t\t<a href=\"https:\/\/eldigitaldeasturias.com\/radio\/asturias-refuerza-su-promocion-turistica-en-alemania\/\" class=\"image-link media-ratio ratio-16-9\" title=\"Asturias refuerza su promoci\u00f3n tur\u00edstica en Alemania\"><img loading=\"lazy\" decoding=\"async\" width=\"377\" height=\"212\" src=\"https:\/\/eldigitaldeasturias.com\/radio\/wp-content\/uploads\/2026\/03\/Asturias-refuerza-su-promocion-turistica-en-Alemania-450x251.jpg\" class=\"attachment-bunyad-medium size-bunyad-medium wp-post-image\" alt=\"Asturias refuerza su promoci\u00f3n tur\u00edstica en Alemania\" sizes=\"(max-width: 377px) 100vw, 377px\" title=\"Asturias refuerza su promoci\u00f3n tur\u00edstica en Alemania\" srcset=\"https:\/\/eldigitaldeasturias.com\/radio\/wp-content\/uploads\/2026\/03\/Asturias-refuerza-su-promocion-turistica-en-Alemania-450x251.jpg 450w, https:\/\/eldigitaldeasturias.com\/radio\/wp-content\/uploads\/2026\/03\/Asturias-refuerza-su-promocion-turistica-en-Alemania-360x201.jpg 360w, https:\/\/eldigitaldeasturias.com\/radio\/wp-content\/uploads\/2026\/03\/Asturias-refuerza-su-promocion-turistica-en-Alemania-650x363.jpg 650w, https:\/\/eldigitaldeasturias.com\/radio\/wp-content\/uploads\/2026\/03\/Asturias-refuerza-su-promocion-turistica-en-Alemania-768x429.jpg 768w, https:\/\/eldigitaldeasturias.com\/radio\/wp-content\/uploads\/2026\/03\/Asturias-refuerza-su-promocion-turistica-en-Alemania-150x84.jpg 150w, https:\/\/eldigitaldeasturias.com\/radio\/wp-content\/uploads\/2026\/03\/Asturias-refuerza-su-promocion-turistica-en-Alemania-1200x670.jpg 1200w, https:\/\/eldigitaldeasturias.com\/radio\/wp-content\/uploads\/2026\/03\/Asturias-refuerza-su-promocion-turistica-en-Alemania.jpg 1242w\" \/><\/a>\t\t\t\n\t\t\t\n\t\t\t\n\t\t\t\n\t\t\n\t\t<\/div>\n\t\n\n\t\n\t\t<div class=\"content\">\n\n\t\t\t<div class=\"post-meta post-meta-a\"><div class=\"post-meta-items meta-above\"><span class=\"meta-item post-cat\">\n\t\t\t\t\t\t\n\t\t\t\t\t\t<a href=\"https:\/\/eldigitaldeasturias.com\/radio\/category\/turismo\/\" class=\"category term-color-34\" rel=\"category\">Turismo<\/a>\n\t\t\t\t\t<\/span>\n\t\t\t\t\t<\/div><h2 class=\"is-title post-title\"><a href=\"https:\/\/eldigitaldeasturias.com\/radio\/asturias-refuerza-su-promocion-turistica-en-alemania\/\">Asturias refuerza su promoci\u00f3n tur\u00edstica en Alemania<\/a><\/h2><\/div>\t\t\t\n\t\t\t\n\t\t\t\n\t\t<\/div>\n\n\t\n<\/article>\t\t\t\t\t\n<article class=\"l-post grid-post grid-sm-post\">\n\n\t\n\t\t\t<div class=\"media\">\n\n\t\t\n\t\t\t<a href=\"https:\/\/eldigitaldeasturias.com\/radio\/el-turismo-rural-sigue-creciendo-en-asturias\/\" class=\"image-link media-ratio ratio-16-9\" title=\"El turismo rural sigue creciendo en Asturias\"><img loading=\"lazy\" decoding=\"async\" width=\"377\" height=\"212\" src=\"https:\/\/eldigitaldeasturias.com\/radio\/wp-content\/uploads\/2026\/03\/El-turismo-rural-sigue-creciendo-en-Asturias-450x296.jpg\" class=\"attachment-bunyad-medium size-bunyad-medium wp-post-image\" alt=\"El turismo rural sigue creciendo en Asturias\" sizes=\"(max-width: 377px) 100vw, 377px\" title=\"El turismo rural sigue creciendo en Asturias\" srcset=\"https:\/\/eldigitaldeasturias.com\/radio\/wp-content\/uploads\/2026\/03\/El-turismo-rural-sigue-creciendo-en-Asturias-450x296.jpg 450w, https:\/\/eldigitaldeasturias.com\/radio\/wp-content\/uploads\/2026\/03\/El-turismo-rural-sigue-creciendo-en-Asturias-360x237.jpg 360w, https:\/\/eldigitaldeasturias.com\/radio\/wp-content\/uploads\/2026\/03\/El-turismo-rural-sigue-creciendo-en-Asturias-650x428.jpg 650w, https:\/\/eldigitaldeasturias.com\/radio\/wp-content\/uploads\/2026\/03\/El-turismo-rural-sigue-creciendo-en-Asturias-768x506.jpg 768w, https:\/\/eldigitaldeasturias.com\/radio\/wp-content\/uploads\/2026\/03\/El-turismo-rural-sigue-creciendo-en-Asturias.jpg 1175w\" \/><\/a>\t\t\t\n\t\t\t\n\t\t\t\n\t\t\t\n\t\t\n\t\t<\/div>\n\t\n\n\t\n\t\t<div class=\"content\">\n\n\t\t\t<div class=\"post-meta post-meta-a\"><div class=\"post-meta-items meta-above\"><span class=\"meta-item post-cat\">\n\t\t\t\t\t\t\n\t\t\t\t\t\t<a href=\"https:\/\/eldigitaldeasturias.com\/radio\/category\/turismo\/\" class=\"category term-color-34\" rel=\"category\">Turismo<\/a>\n\t\t\t\t\t<\/span>\n\t\t\t\t\t<\/div><h2 class=\"is-title post-title\"><a href=\"https:\/\/eldigitaldeasturias.com\/radio\/el-turismo-rural-sigue-creciendo-en-asturias\/\">El turismo rural sigue creciendo en Asturias<\/a><\/h2><\/div>\t\t\t\n\t\t\t\n\t\t\t\n\t\t<\/div>\n\n\t\n<\/article>\t\t\n\t<\/div>\n\n\t\t\n\t\t\t<\/div>\n\n\t\t<\/section>\n\t\t\t\t\t\t<\/div>\n\t\t\t\t<\/div>\n\t\t\t\t\t<\/div>\n\t\t<\/div>\n\t\t\t\t<div class=\"elementor-column elementor-col-50 elementor-inner-column elementor-element elementor-element-257220df ts-sticky-native\" data-id=\"257220df\" data-element_type=\"column\" data-e-type=\"column\">\n\t\t\t<div class=\"elementor-widget-wrap elementor-element-populated\">\n\t\t\t\t\t\t<div class=\"elementor-element elementor-element-1cde0216 elementor-widget elementor-widget-smartmag-heading\" data-id=\"1cde0216\" data-element_type=\"widget\" data-e-type=\"widget\" data-widget_type=\"smartmag-heading.default\">\n\t\t\t\t<div class=\"elementor-widget-container\">\n\t\t\t\t\t\t\t\t\t\t\n\t\t\t\t\t\t\t\n\t\t\t\t<div class=\"block-head block-head-ac block-head-a block-head-a1 is-left\">\n\n\t\t\t\t\t<h4 class=\"heading\">AGENDA<\/h4>\t\t\t\t\t\n\t\t\t\t\t\t\t\t\t<\/div>\n\t\t\t\t\n\t\t\t\n\t\t\t\t\t\t<\/div>\n\t\t\t\t<\/div>\n\t\t\t\t<div class=\"elementor-element elementor-element-4a86e55e elementor-widget elementor-widget-smartmag-grid\" data-id=\"4a86e55e\" data-element_type=\"widget\" data-e-type=\"widget\" data-widget_type=\"smartmag-grid.default\">\n\t\t\t\t<div class=\"elementor-widget-container\">\n\t\t\t\t\t\t\t<section class=\"block-wrap block-grid block-sc mb-none\" data-id=\"7\">\n\n\t\t\t\t\n\t\t\t<div class=\"block-content\">\n\t\t\t\t\t\n\t<div class=\"loop loop-grid loop-grid-sm grid grid-1 md:grid-1 xs:grid-1\">\n\n\t\t\t\t\t\n<article class=\"l-post grid-post grid-sm-post l-post-center\">\n\n\t\n\t\t\t<div class=\"media\">\n\n\t\t\n\t\t\t<a href=\"https:\/\/eldigitaldeasturias.com\/radio\/asturias-celebra-san-xurde-con-mas-de-100-actividades\/\" class=\"image-link media-ratio ratio-16-9\" title=\"Asturias celebra San Xurde con m\u00e1s de 100 actividades\"><img loading=\"lazy\" decoding=\"async\" width=\"377\" height=\"212\" src=\"https:\/\/eldigitaldeasturias.com\/radio\/wp-content\/uploads\/2026\/04\/Asturias-celebra-San-Xurde-con-mas-de-100-actividades-450x332.jpg\" class=\"attachment-bunyad-medium size-bunyad-medium wp-post-image\" alt=\"Red roses resting atop a stack of old hardcover books, with small red heart shapes scattered on a wooden table.\" sizes=\"(max-width: 377px) 100vw, 377px\" title=\"Asturias celebra San Xurde con m\u00e1s de 100 actividades\" srcset=\"https:\/\/eldigitaldeasturias.com\/radio\/wp-content\/uploads\/2026\/04\/Asturias-celebra-San-Xurde-con-mas-de-100-actividades-450x332.jpg 450w, https:\/\/eldigitaldeasturias.com\/radio\/wp-content\/uploads\/2026\/04\/Asturias-celebra-San-Xurde-con-mas-de-100-actividades-360x265.jpg 360w, https:\/\/eldigitaldeasturias.com\/radio\/wp-content\/uploads\/2026\/04\/Asturias-celebra-San-Xurde-con-mas-de-100-actividades-650x480.jpg 650w, https:\/\/eldigitaldeasturias.com\/radio\/wp-content\/uploads\/2026\/04\/Asturias-celebra-San-Xurde-con-mas-de-100-actividades-768x566.jpg 768w, https:\/\/eldigitaldeasturias.com\/radio\/wp-content\/uploads\/2026\/04\/Asturias-celebra-San-Xurde-con-mas-de-100-actividades.jpg 1141w\" \/><\/a>\t\t\t\n\t\t\t\n\t\t\t\n\t\t\t\n\t\t\n\t\t<\/div>\n\t\n\n\t\n\t\t<div class=\"content\">\n\n\t\t\t<div class=\"post-meta post-meta-a\"><div class=\"post-meta-items meta-above\"><span class=\"meta-item post-author\"><span class=\"by\">By<\/span> <a href=\"https:\/\/eldigitaldeasturias.com\/radio\/author\/nbasturias\/\" title=\"Entradas de NBAsturias\" rel=\"author\">NBAsturias<\/a><\/span><\/div><h2 class=\"is-title post-title\"><a href=\"https:\/\/eldigitaldeasturias.com\/radio\/asturias-celebra-san-xurde-con-mas-de-100-actividades\/\">Asturias celebra San Xurde con m\u00e1s de 100 actividades<\/a><\/h2><\/div>\t\t\t\n\t\t\t\n\t\t\t\n\t\t<\/div>\n\n\t\n<\/article>\t\t\t\t\t\n<article class=\"l-post grid-post grid-sm-post l-post-center\">\n\n\t\n\t\t\t<div class=\"media\">\n\n\t\t\n\t\t\t<a href=\"https:\/\/eldigitaldeasturias.com\/radio\/oviedo-acoge-la-vi-carrera-ruta-por-la-seguridad\/\" class=\"image-link media-ratio ratio-16-9\" title=\"Oviedo acoge la VI Carrera Ruta por la Seguridad\"><img loading=\"lazy\" decoding=\"async\" width=\"377\" height=\"212\" src=\"https:\/\/eldigitaldeasturias.com\/radio\/wp-content\/uploads\/2026\/04\/Oviedo-acoge-la-VI-Carrera-Ruta-por-la-Seguridad-450x282.jpg\" class=\"attachment-bunyad-medium size-bunyad-medium wp-post-image\" alt=\"Oviedo acoge la VI Carrera Ruta por la Seguridad\" sizes=\"(max-width: 377px) 100vw, 377px\" title=\"Oviedo acoge la VI Carrera Ruta por la Seguridad\" srcset=\"https:\/\/eldigitaldeasturias.com\/radio\/wp-content\/uploads\/2026\/04\/Oviedo-acoge-la-VI-Carrera-Ruta-por-la-Seguridad-450x282.jpg 450w, https:\/\/eldigitaldeasturias.com\/radio\/wp-content\/uploads\/2026\/04\/Oviedo-acoge-la-VI-Carrera-Ruta-por-la-Seguridad-360x226.jpg 360w, https:\/\/eldigitaldeasturias.com\/radio\/wp-content\/uploads\/2026\/04\/Oviedo-acoge-la-VI-Carrera-Ruta-por-la-Seguridad-650x408.jpg 650w, https:\/\/eldigitaldeasturias.com\/radio\/wp-content\/uploads\/2026\/04\/Oviedo-acoge-la-VI-Carrera-Ruta-por-la-Seguridad-768x482.jpg 768w, https:\/\/eldigitaldeasturias.com\/radio\/wp-content\/uploads\/2026\/04\/Oviedo-acoge-la-VI-Carrera-Ruta-por-la-Seguridad-1200x752.jpg 1200w, https:\/\/eldigitaldeasturias.com\/radio\/wp-content\/uploads\/2026\/04\/Oviedo-acoge-la-VI-Carrera-Ruta-por-la-Seguridad.jpg 1244w\" \/><\/a>\t\t\t\n\t\t\t\n\t\t\t\n\t\t\t\n\t\t\n\t\t<\/div>\n\t\n\n\t\n\t\t<div class=\"content\">\n\n\t\t\t<div class=\"post-meta post-meta-a\"><div class=\"post-meta-items meta-above\"><span class=\"meta-item post-author\"><span class=\"by\">By<\/span> <a href=\"https:\/\/eldigitaldeasturias.com\/radio\/author\/nbasturias\/\" title=\"Entradas de NBAsturias\" rel=\"author\">NBAsturias<\/a><\/span><\/div><h2 class=\"is-title post-title\"><a href=\"https:\/\/eldigitaldeasturias.com\/radio\/oviedo-acoge-la-vi-carrera-ruta-por-la-seguridad\/\">Oviedo acoge la VI Carrera Ruta por la Seguridad<\/a><\/h2><\/div>\t\t\t\n\t\t\t\n\t\t\t\n\t\t<\/div>\n\n\t\n<\/article>\t\t\t\t\t\n<article class=\"l-post grid-post grid-sm-post l-post-center\">\n\n\t\n\t\t\t<div class=\"media\">\n\n\t\t\n\t\t\t<a href=\"https:\/\/eldigitaldeasturias.com\/radio\/asturias-acoge-el-congreso-ovni-2026-en-oviedo\/\" class=\"image-link media-ratio ratio-16-9\" title=\"Asturias acoge el Congreso OVNI 2026 en Oviedo\"><img loading=\"lazy\" decoding=\"async\" width=\"377\" height=\"212\" src=\"https:\/\/eldigitaldeasturias.com\/radio\/wp-content\/uploads\/2026\/03\/Asturias-acoge-el-Congreso-OVNI-2026-en-Oviedo-450x303.jpg\" class=\"attachment-bunyad-medium size-bunyad-medium wp-post-image\" alt=\"Asturias acoge el Congreso OVNI 2026 en Oviedo\" sizes=\"(max-width: 377px) 100vw, 377px\" title=\"Asturias acoge el Congreso OVNI 2026 en Oviedo\" srcset=\"https:\/\/eldigitaldeasturias.com\/radio\/wp-content\/uploads\/2026\/03\/Asturias-acoge-el-Congreso-OVNI-2026-en-Oviedo-450x303.jpg 450w, https:\/\/eldigitaldeasturias.com\/radio\/wp-content\/uploads\/2026\/03\/Asturias-acoge-el-Congreso-OVNI-2026-en-Oviedo-360x242.jpg 360w, https:\/\/eldigitaldeasturias.com\/radio\/wp-content\/uploads\/2026\/03\/Asturias-acoge-el-Congreso-OVNI-2026-en-Oviedo-650x438.jpg 650w, https:\/\/eldigitaldeasturias.com\/radio\/wp-content\/uploads\/2026\/03\/Asturias-acoge-el-Congreso-OVNI-2026-en-Oviedo-768x517.jpg 768w, https:\/\/eldigitaldeasturias.com\/radio\/wp-content\/uploads\/2026\/03\/Asturias-acoge-el-Congreso-OVNI-2026-en-Oviedo-1200x808.jpg 1200w, https:\/\/eldigitaldeasturias.com\/radio\/wp-content\/uploads\/2026\/03\/Asturias-acoge-el-Congreso-OVNI-2026-en-Oviedo.jpg 1233w\" \/><\/a>\t\t\t\n\t\t\t\n\t\t\t\n\t\t\t\n\t\t\n\t\t<\/div>\n\t\n\n\t\n\t\t<div class=\"content\">\n\n\t\t\t<div class=\"post-meta post-meta-a\"><div class=\"post-meta-items meta-above\"><span class=\"meta-item post-author\"><span class=\"by\">By<\/span> <a href=\"https:\/\/eldigitaldeasturias.com\/radio\/author\/nbasturias\/\" title=\"Entradas de NBAsturias\" rel=\"author\">NBAsturias<\/a><\/span><\/div><h2 class=\"is-title post-title\"><a href=\"https:\/\/eldigitaldeasturias.com\/radio\/asturias-acoge-el-congreso-ovni-2026-en-oviedo\/\">Asturias acoge el Congreso OVNI 2026 en Oviedo<\/a><\/h2><\/div>\t\t\t\n\t\t\t\n\t\t\t\n\t\t<\/div>\n\n\t\n<\/article>\t\t\n\t<\/div>\n\n\t\t\n\t\t\t<\/div>\n\n\t\t<\/section>\n\t\t\t\t\t\t<\/div>\n\t\t\t\t<\/div>\n\t\t\t\t\t<\/div>\n\t\t<\/div>\n\t\t\t\t\t<\/div>\n\t\t<\/section>\n\t\t\t\t<div class=\"elementor-element elementor-element-94556fa elementor-widget elementor-widget-smartmag-heading\" data-id=\"94556fa\" data-element_type=\"widget\" data-e-type=\"widget\" data-widget_type=\"smartmag-heading.default\">\n\t\t\t\t<div class=\"elementor-widget-container\">\n\t\t\t\t\t\t\t\t\t\t\n\t\t\t\t\t\t\t\n\t\t\t\t<div class=\"block-head block-head-ac block-head-a block-head-a1 is-left\">\n\n\t\t\t\t\t<h4 class=\"heading\">DEPORTE<\/h4>\t\t\t\t\t\n\t\t\t\t\t\t\t\t\t<\/div>\n\t\t\t\t\n\t\t\t\n\t\t\t\t\t\t<\/div>\n\t\t\t\t<\/div>\n\t\t\t\t<section class=\"has-el-gap el-gap-default elementor-section elementor-inner-section elementor-element elementor-element-2e7e6d1f elementor-section-boxed elementor-section-height-default elementor-section-height-default\" data-id=\"2e7e6d1f\" data-element_type=\"section\" data-e-type=\"section\" data-settings=\"{&quot;background_background&quot;:&quot;gradient&quot;}\">\n\t\t\t\t\t\t<div class=\"elementor-container elementor-column-gap-no\">\n\t\t\t\t\t<div class=\"elementor-column elementor-col-100 elementor-inner-column elementor-element elementor-element-28257ef2\" data-id=\"28257ef2\" data-element_type=\"column\" data-e-type=\"column\">\n\t\t\t<div class=\"elementor-widget-wrap elementor-element-populated\">\n\t\t\t\t\t\t<div class=\"elementor-element elementor-element-7d3c7a20 elementor-widget elementor-widget-smartmag-postslist\" data-id=\"7d3c7a20\" data-element_type=\"widget\" data-e-type=\"widget\" data-widget_type=\"smartmag-postslist.default\">\n\t\t\t\t<div class=\"elementor-widget-container\">\n\t\t\t\t\t\t\t<section class=\"block-wrap block-posts-list block-sc s-dark mb-none\" data-id=\"8\">\n\n\t\t\t\t\n\t\t\t<div class=\"block-content\">\n\t\t\t\t\t\n\t<div class=\"loop loop-list loop-sep loop-list-sep loop-sep-col grid grid-1 md:grid-1 sm:grid-1\">\n\n\t\t\t\t\n\t\t\t\n<article class=\"l-post list-post list-post-v-center grid-on-sm m-pos-right\">\n\n\t\n\t\t\t<div class=\"media\">\n\n\t\t\n\t\t\t<a href=\"https:\/\/eldigitaldeasturias.com\/radio\/crece-el-rechazo-a-las-sedes-del-mundial-2026-en-eeuu\/\" class=\"image-link media-ratio ratio-3-2\" title=\"Crece el rechazo a las sedes del Mundial 2026 en EEUU\"><img loading=\"lazy\" decoding=\"async\" width=\"529\" height=\"353\" src=\"https:\/\/eldigitaldeasturias.com\/radio\/wp-content\/uploads\/2026\/04\/Crece-el-rechazo-a-las-sedes-del-Mundial-2026-en-EEUU-768x438.jpg\" class=\"attachment-bunyad-768 size-bunyad-768 wp-post-image\" alt=\"Crece el rechazo a las sedes del Mundial 2026 en EEUU\" sizes=\"(max-width: 529px) 100vw, 529px\" title=\"Crece el rechazo a las sedes del Mundial 2026 en EEUU\" srcset=\"https:\/\/eldigitaldeasturias.com\/radio\/wp-content\/uploads\/2026\/04\/Crece-el-rechazo-a-las-sedes-del-Mundial-2026-en-EEUU-768x438.jpg 768w, https:\/\/eldigitaldeasturias.com\/radio\/wp-content\/uploads\/2026\/04\/Crece-el-rechazo-a-las-sedes-del-Mundial-2026-en-EEUU-650x371.jpg 650w, https:\/\/eldigitaldeasturias.com\/radio\/wp-content\/uploads\/2026\/04\/Crece-el-rechazo-a-las-sedes-del-Mundial-2026-en-EEUU-1200x684.jpg 1200w, https:\/\/eldigitaldeasturias.com\/radio\/wp-content\/uploads\/2026\/04\/Crece-el-rechazo-a-las-sedes-del-Mundial-2026-en-EEUU.jpg 1259w\" \/><\/a>\t\t\t\n\t\t\t\n\t\t\t\n\t\t\t\n\t\t\n\t\t<\/div>\n\t\n\n\t\n\t\t<div class=\"content\">\n\n\t\t\t<div class=\"post-meta post-meta-a has-below\"><h2 class=\"is-title post-title limit-lines l-lines-4\"><a href=\"https:\/\/eldigitaldeasturias.com\/radio\/crece-el-rechazo-a-las-sedes-del-mundial-2026-en-eeuu\/\">Crece el rechazo a las sedes del Mundial 2026 en EEUU<\/a><\/h2><div class=\"post-meta-items meta-below\"><span class=\"meta-item post-author\"><span class=\"by\">By<\/span> <a href=\"https:\/\/eldigitaldeasturias.com\/radio\/author\/nbasturias\/\" title=\"Entradas de NBAsturias\" rel=\"author\">NBAsturias<\/a><\/span><\/div><\/div>\t\t\t\n\t\t\t\t\t\t\n\t\t\t\t<div class=\"excerpt\">\n\t\t\t\t\t<p>Aficionados y figuras p\u00fablicas consideran no viajar a Estados Unidos para el Mundial 2026 por&hellip;<\/p>\n\t\t\t\t<\/div>\n\t\t\t\n\t\t\t\n\t\t\t\n\t\t<\/div>\n\n\t\n<\/article>\n\t\t\n\t<\/div>\n\n\t\t\t\t\t<\/div>\n\n\t\t<\/section>\n\t\t\t\t\t\t<\/div>\n\t\t\t\t<\/div>\n\t\t\t\t<div class=\"elementor-element elementor-element-7224126a elementor-widget-divider--view-line elementor-widget elementor-widget-divider\" data-id=\"7224126a\" data-element_type=\"widget\" data-e-type=\"widget\" data-widget_type=\"divider.default\">\n\t\t\t\t<div class=\"elementor-widget-container\">\n\t\t\t\t\t\t\t<div class=\"elementor-divider\">\n\t\t\t<span class=\"elementor-divider-separator\">\n\t\t\t\t\t\t<\/span>\n\t\t<\/div>\n\t\t\t\t\t\t<\/div>\n\t\t\t\t<\/div>\n\t\t\t\t<div class=\"elementor-element elementor-element-31d06e24 elementor-widget elementor-widget-smartmag-postslist\" data-id=\"31d06e24\" data-element_type=\"widget\" data-e-type=\"widget\" data-widget_type=\"smartmag-postslist.default\">\n\t\t\t\t<div class=\"elementor-widget-container\">\n\t\t\t\t\t\t\t<section class=\"block-wrap block-posts-list block-sc s-dark mb-none\" data-id=\"9\">\n\n\t\t\t\t\n\t\t\t<div class=\"block-content\">\n\t\t\t\t\t\n\t<div class=\"loop loop-list loop-sep loop-list-sep loop-sep-col grid grid-2 md:grid-2 sm:grid-1\">\n\n\t\t\t\t\n\t\t\t\n<article class=\"l-post list-post list-post-v-center list-post-on-sm m-pos-right\">\n\n\t\n\t\t\t<div class=\"media\">\n\n\t\t\n\t\t\t<a href=\"https:\/\/eldigitaldeasturias.com\/radio\/oviedo-acoge-la-vi-carrera-ruta-por-la-seguridad\/\" class=\"image-link media-ratio ratio-4-3\" title=\"Oviedo acoge la VI Carrera Ruta por la Seguridad\"><img loading=\"lazy\" decoding=\"async\" width=\"276\" height=\"207\" src=\"https:\/\/eldigitaldeasturias.com\/radio\/wp-content\/uploads\/2026\/04\/Oviedo-acoge-la-VI-Carrera-Ruta-por-la-Seguridad-360x226.jpg\" class=\"attachment-medium size-medium wp-post-image\" alt=\"Oviedo acoge la VI Carrera Ruta por la Seguridad\" sizes=\"(max-width: 276px) 100vw, 276px\" title=\"Oviedo acoge la VI Carrera Ruta por la Seguridad\" srcset=\"https:\/\/eldigitaldeasturias.com\/radio\/wp-content\/uploads\/2026\/04\/Oviedo-acoge-la-VI-Carrera-Ruta-por-la-Seguridad-360x226.jpg 360w, https:\/\/eldigitaldeasturias.com\/radio\/wp-content\/uploads\/2026\/04\/Oviedo-acoge-la-VI-Carrera-Ruta-por-la-Seguridad-650x408.jpg 650w, https:\/\/eldigitaldeasturias.com\/radio\/wp-content\/uploads\/2026\/04\/Oviedo-acoge-la-VI-Carrera-Ruta-por-la-Seguridad-768x482.jpg 768w, https:\/\/eldigitaldeasturias.com\/radio\/wp-content\/uploads\/2026\/04\/Oviedo-acoge-la-VI-Carrera-Ruta-por-la-Seguridad-450x282.jpg 450w, https:\/\/eldigitaldeasturias.com\/radio\/wp-content\/uploads\/2026\/04\/Oviedo-acoge-la-VI-Carrera-Ruta-por-la-Seguridad-1200x752.jpg 1200w, https:\/\/eldigitaldeasturias.com\/radio\/wp-content\/uploads\/2026\/04\/Oviedo-acoge-la-VI-Carrera-Ruta-por-la-Seguridad.jpg 1244w\" \/><\/a>\t\t\t\n\t\t\t\n\t\t\t\n\t\t\t\n\t\t\n\t\t<\/div>\n\t\n\n\t\n\t\t<div class=\"content\">\n\n\t\t\t<div class=\"post-meta post-meta-a\"><h2 class=\"is-title post-title limit-lines l-lines-4\"><a href=\"https:\/\/eldigitaldeasturias.com\/radio\/oviedo-acoge-la-vi-carrera-ruta-por-la-seguridad\/\">Oviedo acoge la VI Carrera Ruta por la Seguridad<\/a><\/h2><\/div>\t\t\t\n\t\t\t\n\t\t\t\n\t\t<\/div>\n\n\t\n<\/article>\n\t\t\t\t\n\t\t\t\n<article class=\"l-post list-post list-post-v-center list-post-on-sm m-pos-right\">\n\n\t\n\t\t\t<div class=\"media\">\n\n\t\t\n\t\t\t<a href=\"https:\/\/eldigitaldeasturias.com\/radio\/helio-del-busto-real-oviedo-y-la-salvacion\/\" class=\"image-link media-ratio ratio-4-3\" title=\"Helio del Busto: Real Oviedo y la salvaci\u00f3n\"><img loading=\"lazy\" decoding=\"async\" width=\"276\" height=\"207\" src=\"https:\/\/eldigitaldeasturias.com\/radio\/wp-content\/uploads\/2026\/03\/Helio-del-Busto-Real-Oviedo-y-la-salvacionl-360x209.jpg\" class=\"attachment-medium size-medium wp-post-image\" alt=\"Helio del Busto Real Oviedo y la salvaci\u00f3n\" sizes=\"(max-width: 276px) 100vw, 276px\" title=\"Helio del Busto: Real Oviedo y la salvaci\u00f3n\" srcset=\"https:\/\/eldigitaldeasturias.com\/radio\/wp-content\/uploads\/2026\/03\/Helio-del-Busto-Real-Oviedo-y-la-salvacionl-360x209.jpg 360w, https:\/\/eldigitaldeasturias.com\/radio\/wp-content\/uploads\/2026\/03\/Helio-del-Busto-Real-Oviedo-y-la-salvacionl-650x377.jpg 650w, https:\/\/eldigitaldeasturias.com\/radio\/wp-content\/uploads\/2026\/03\/Helio-del-Busto-Real-Oviedo-y-la-salvacionl-450x261.jpg 450w, https:\/\/eldigitaldeasturias.com\/radio\/wp-content\/uploads\/2026\/03\/Helio-del-Busto-Real-Oviedo-y-la-salvacionl.jpg 768w\" \/><\/a>\t\t\t\n\t\t\t\n\t\t\t\n\t\t\t\n\t\t\n\t\t<\/div>\n\t\n\n\t\n\t\t<div class=\"content\">\n\n\t\t\t<div class=\"post-meta post-meta-a\"><h2 class=\"is-title post-title limit-lines l-lines-4\"><a href=\"https:\/\/eldigitaldeasturias.com\/radio\/helio-del-busto-real-oviedo-y-la-salvacion\/\">Helio del Busto: Real Oviedo y la salvaci\u00f3n<\/a><\/h2><\/div>\t\t\t\n\t\t\t\n\t\t\t\n\t\t<\/div>\n\n\t\n<\/article>\n\t\t\n\t<\/div>\n\n\t\t\t\t\t<\/div>\n\n\t\t<\/section>\n\t\t\t\t\t\t<\/div>\n\t\t\t\t<\/div>\n\t\t\t\t\t<\/div>\n\t\t<\/div>\n\t\t\t\t\t<\/div>\n\t\t<\/section>\n\t\t\t\t<section class=\"has-el-gap el-gap-sm elementor-section elementor-inner-section elementor-element elementor-element-a21ed89 elementor-section-boxed elementor-section-height-default elementor-section-height-default\" data-id=\"a21ed89\" data-element_type=\"section\" data-e-type=\"section\">\n\t\t\t\t\t\t<div class=\"elementor-container elementor-column-gap-no\">\n\t\t\t\t\t<div class=\"elementor-column elementor-col-50 elementor-inner-column elementor-element elementor-element-27720ba7\" data-id=\"27720ba7\" data-element_type=\"column\" data-e-type=\"column\">\n\t\t\t<div class=\"elementor-widget-wrap elementor-element-populated\">\n\t\t\t\t\t\t<div class=\"elementor-element elementor-element-786b8f06 elementor-widget elementor-widget-smartmag-grid\" data-id=\"786b8f06\" data-element_type=\"widget\" data-e-type=\"widget\" data-widget_type=\"smartmag-grid.default\">\n\t\t\t\t<div class=\"elementor-widget-container\">\n\t\t\t\t\t\t\t<section class=\"block-wrap block-grid block-sc mb-none\" data-id=\"10\">\n\n\t\t\t\t\t\t\t\t\n\t\t\t\t\t\t\t\n\t\t\t\t<div class=\"block-head block-head-ac block-head-a block-head-a1 is-left\">\n\n\t\t\t\t\t<h4 class=\"heading\">ACTUALIDAD ESPA\u00d1A Y <span class=\"color\">MUNDO<\/span><\/h4>\t\t\t\t\t\n\t\t\t\t\t\t\t\t\t<\/div>\n\t\t\t\t\n\t\t\t\n\t\t\t\n\t\t\t<div class=\"block-content\">\n\t\t\t\t\t\n\t<div class=\"loop loop-grid loop-grid-base grid grid-1 md:grid-1 xs:grid-1\">\n\n\t\t\t\t\t\n<article class=\"l-post grid-post grid-base-post\">\n\n\t\n\t\t\t<div class=\"media\">\n\n\t\t\n\t\t\t<a href=\"https:\/\/eldigitaldeasturias.com\/radio\/israel-dice-estar-cerca-de-controlar-el-espacio-aereo-irani\/\" class=\"image-link media-ratio ratio-16-9\" title=\"Israel dice estar cerca de controlar el espacio a\u00e9reo iran\u00ed\"><img loading=\"lazy\" decoding=\"async\" width=\"377\" height=\"212\" src=\"https:\/\/eldigitaldeasturias.com\/radio\/wp-content\/uploads\/2026\/03\/Israel-dice-estar-cerca-de-controlar-el-espacio-aereo-irani-450x288.jpg\" class=\"attachment-bunyad-medium size-bunyad-medium wp-post-image\" alt=\"Israel dice estar cerca de controlar el espacio a\u00e9reo iran\u00ed\" sizes=\"(max-width: 377px) 100vw, 377px\" title=\"Israel dice estar cerca de controlar el espacio a\u00e9reo iran\u00ed\" srcset=\"https:\/\/eldigitaldeasturias.com\/radio\/wp-content\/uploads\/2026\/03\/Israel-dice-estar-cerca-de-controlar-el-espacio-aereo-irani-450x288.jpg 450w, https:\/\/eldigitaldeasturias.com\/radio\/wp-content\/uploads\/2026\/03\/Israel-dice-estar-cerca-de-controlar-el-espacio-aereo-irani-360x230.jpg 360w, https:\/\/eldigitaldeasturias.com\/radio\/wp-content\/uploads\/2026\/03\/Israel-dice-estar-cerca-de-controlar-el-espacio-aereo-irani-650x415.jpg 650w, https:\/\/eldigitaldeasturias.com\/radio\/wp-content\/uploads\/2026\/03\/Israel-dice-estar-cerca-de-controlar-el-espacio-aereo-irani-768x491.jpg 768w, https:\/\/eldigitaldeasturias.com\/radio\/wp-content\/uploads\/2026\/03\/Israel-dice-estar-cerca-de-controlar-el-espacio-aereo-irani-1200x767.jpg 1200w, https:\/\/eldigitaldeasturias.com\/radio\/wp-content\/uploads\/2026\/03\/Israel-dice-estar-cerca-de-controlar-el-espacio-aereo-irani.jpg 1252w\" \/><\/a>\t\t\t\n\t\t\t\n\t\t\t\n\t\t\t\n\t\t\n\t\t<\/div>\n\t\n\n\t\n\t\t<div class=\"content\">\n\n\t\t\t<div class=\"post-meta post-meta-a has-below\"><h2 class=\"is-title post-title\"><a href=\"https:\/\/eldigitaldeasturias.com\/radio\/israel-dice-estar-cerca-de-controlar-el-espacio-aereo-irani\/\">Israel dice estar cerca de controlar el espacio a\u00e9reo iran\u00ed<\/a><\/h2><div class=\"post-meta-items meta-below\"><span class=\"meta-item post-cat\">\n\t\t\t\t\t\t\n\t\t\t\t\t\t<a href=\"https:\/\/eldigitaldeasturias.com\/radio\/category\/noticias\/\" class=\"category term-color-1\" rel=\"category\">Noticias<\/a>\n\t\t\t\t\t<\/span>\n\t\t\t\t\t<span class=\"meta-item post-author\"><span class=\"by\">By<\/span> <a href=\"https:\/\/eldigitaldeasturias.com\/radio\/author\/nbasturias\/\" title=\"Entradas de NBAsturias\" rel=\"author\">NBAsturias<\/a><\/span><\/div><\/div>\t\t\t\n\t\t\t\t\t\t\n\t\t\t\t<div class=\"excerpt\">\n\t\t\t\t\t<p>El primer ministro Benjamin Netanyahu afirm\u00f3 que Israel, con apoyo de Estados Unidos, logr\u00f3 un control casi total del espacio a\u00e9reo de Teher\u00e1n. En un discurso televisado dirigido a la naci\u00f3n, el primer ministro de Israel, Benjamin Netanyahu, afirm\u00f3 que&hellip;<\/p>\n\t\t\t\t<\/div>\n\t\t\t\n\t\t\t\n\t\t\t\n\t\t<\/div>\n\n\t\n<\/article>\t\t\n\t<\/div>\n\n\t\t\n\t\t\t<\/div>\n\n\t\t<\/section>\n\t\t\t\t\t\t<\/div>\n\t\t\t\t<\/div>\n\t\t\t\t<div class=\"elementor-element elementor-element-1358dba elementor-widget elementor-widget-smartmag-grid\" data-id=\"1358dba\" data-element_type=\"widget\" data-e-type=\"widget\" data-widget_type=\"smartmag-grid.default\">\n\t\t\t\t<div class=\"elementor-widget-container\">\n\t\t\t\t\t\t\t<section class=\"block-wrap block-grid block-sc cols-gap-sm mb-none\" data-id=\"11\">\n\n\t\t\t\t\n\t\t\t<div class=\"block-content\">\n\t\t\t\t\t\n\t<div class=\"loop loop-grid loop-grid-sm grid grid-3 md:grid-2 xs:grid-1\">\n\n\t\t\t\t\t\n<article class=\"l-post grid-post grid-sm-post\">\n\n\t\n\t\t\t<div class=\"media\">\n\n\t\t\n\t\t\t<a href=\"https:\/\/eldigitaldeasturias.com\/radio\/temperatura-del-mar-sube-a-225-c-en-mar-del-plata\/\" class=\"image-link media-ratio ratio-16-9\" title=\"Temperatura del mar sube a 22,5 \u00b0C en Mar del Plata\"><img loading=\"lazy\" decoding=\"async\" width=\"377\" height=\"212\" src=\"https:\/\/eldigitaldeasturias.com\/radio\/wp-content\/uploads\/2026\/03\/Temperatura-del-mar-sube-a-225-\u00b0C-en-Mar-del-Plata-450x247.jpg\" class=\"attachment-bunyad-medium size-bunyad-medium wp-post-image\" alt=\"Temperatura del mar sube a 22,5 \u00b0C en Mar del Plata\" sizes=\"(max-width: 377px) 100vw, 377px\" title=\"Temperatura del mar sube a 22,5 \u00b0C en Mar del Plata\" srcset=\"https:\/\/eldigitaldeasturias.com\/radio\/wp-content\/uploads\/2026\/03\/Temperatura-del-mar-sube-a-225-\u00b0C-en-Mar-del-Plata-450x247.jpg 450w, https:\/\/eldigitaldeasturias.com\/radio\/wp-content\/uploads\/2026\/03\/Temperatura-del-mar-sube-a-225-\u00b0C-en-Mar-del-Plata-360x198.jpg 360w, https:\/\/eldigitaldeasturias.com\/radio\/wp-content\/uploads\/2026\/03\/Temperatura-del-mar-sube-a-225-\u00b0C-en-Mar-del-Plata-650x357.jpg 650w, https:\/\/eldigitaldeasturias.com\/radio\/wp-content\/uploads\/2026\/03\/Temperatura-del-mar-sube-a-225-\u00b0C-en-Mar-del-Plata-768x422.jpg 768w, https:\/\/eldigitaldeasturias.com\/radio\/wp-content\/uploads\/2026\/03\/Temperatura-del-mar-sube-a-225-\u00b0C-en-Mar-del-Plata-150x82.jpg 150w, https:\/\/eldigitaldeasturias.com\/radio\/wp-content\/uploads\/2026\/03\/Temperatura-del-mar-sube-a-225-\u00b0C-en-Mar-del-Plata-1200x659.jpg 1200w, https:\/\/eldigitaldeasturias.com\/radio\/wp-content\/uploads\/2026\/03\/Temperatura-del-mar-sube-a-225-\u00b0C-en-Mar-del-Plata.jpg 1260w\" \/><\/a>\t\t\t\n\t\t\t\n\t\t\t\n\t\t\t\n\t\t\n\t\t<\/div>\n\t\n\n\t\n\t\t<div class=\"content\">\n\n\t\t\t<div class=\"post-meta post-meta-a has-below\"><h2 class=\"is-title post-title\"><a href=\"https:\/\/eldigitaldeasturias.com\/radio\/temperatura-del-mar-sube-a-225-c-en-mar-del-plata\/\">Temperatura del mar sube a 22,5 \u00b0C en Mar del Plata<\/a><\/h2><div class=\"post-meta-items meta-below\"><span class=\"meta-item post-author\"><span class=\"by\">By<\/span> <a href=\"https:\/\/eldigitaldeasturias.com\/radio\/author\/nbasturias\/\" title=\"Entradas de NBAsturias\" rel=\"author\">NBAsturias<\/a><\/span><\/div><\/div>\t\t\t\n\t\t\t\t\t\t\n\t\t\t\t<div class=\"excerpt\">\n\t\t\t\t\t<p>La temperatura superficial del mar en Mar del Plata promedi\u00f3 22,5 \u00b0C en febrero&hellip;<\/p>\n\t\t\t\t<\/div>\n\t\t\t\n\t\t\t\n\t\t\t\n\t\t<\/div>\n\n\t\n<\/article>\t\t\t\t\t\n<article class=\"l-post grid-post grid-sm-post\">\n\n\t\n\t\t\t<div class=\"media\">\n\n\t\t\n\t\t\t<a href=\"https:\/\/eldigitaldeasturias.com\/radio\/placido-domingo-recibe-el-premio-zeffirelli-tras-culminar-con-exito-su-gira-de-febrero\/\" class=\"image-link media-ratio ratio-16-9\" title=\"Pl\u00e1cido Domingo recibe el Premio Zeffirelli tras culminar con \u00e9xito su gira de febrero\"><img loading=\"lazy\" decoding=\"async\" width=\"377\" height=\"212\" src=\"https:\/\/eldigitaldeasturias.com\/radio\/wp-content\/uploads\/2026\/03\/Placido-Domingo-450x298.jpg\" class=\"attachment-bunyad-medium size-bunyad-medium wp-post-image\" alt=\"Pl\u00e1cido Domingo\" sizes=\"(max-width: 377px) 100vw, 377px\" title=\"Pl\u00e1cido Domingo recibe el Premio Zeffirelli tras culminar con \u00e9xito su gira de febrero\" srcset=\"https:\/\/eldigitaldeasturias.com\/radio\/wp-content\/uploads\/2026\/03\/Placido-Domingo-450x298.jpg 450w, https:\/\/eldigitaldeasturias.com\/radio\/wp-content\/uploads\/2026\/03\/Placido-Domingo-360x238.jpg 360w, https:\/\/eldigitaldeasturias.com\/radio\/wp-content\/uploads\/2026\/03\/Placido-Domingo-650x430.jpg 650w, https:\/\/eldigitaldeasturias.com\/radio\/wp-content\/uploads\/2026\/03\/Placido-Domingo-768x508.jpg 768w, https:\/\/eldigitaldeasturias.com\/radio\/wp-content\/uploads\/2026\/03\/Placido-Domingo-1200x794.jpg 1200w, https:\/\/eldigitaldeasturias.com\/radio\/wp-content\/uploads\/2026\/03\/Placido-Domingo.jpg 1246w\" \/><\/a>\t\t\t\n\t\t\t\n\t\t\t\n\t\t\t\n\t\t\n\t\t<\/div>\n\t\n\n\t\n\t\t<div class=\"content\">\n\n\t\t\t<div class=\"post-meta post-meta-a has-below\"><h2 class=\"is-title post-title\"><a href=\"https:\/\/eldigitaldeasturias.com\/radio\/placido-domingo-recibe-el-premio-zeffirelli-tras-culminar-con-exito-su-gira-de-febrero\/\">Pl\u00e1cido Domingo recibe el Premio Zeffirelli tras culminar con \u00e9xito su gira de febrero<\/a><\/h2><div class=\"post-meta-items meta-below\"><span class=\"meta-item post-author\"><span class=\"by\">By<\/span> <a href=\"https:\/\/eldigitaldeasturias.com\/radio\/author\/nbasturias\/\" title=\"Entradas de NBAsturias\" rel=\"author\">NBAsturias<\/a><\/span><\/div><\/div>\t\t\t\n\t\t\t\t\t\t\n\t\t\t\t<div class=\"excerpt\">\n\t\t\t\t\t<p>La agenda internacional de Pl\u00e1cido Domingo centr\u00f3 la atenci\u00f3n en febrero de 2026, impulsada&hellip;<\/p>\n\t\t\t\t<\/div>\n\t\t\t\n\t\t\t\n\t\t\t\n\t\t<\/div>\n\n\t\n<\/article>\t\t\t\t\t\n<article class=\"l-post grid-post grid-sm-post\">\n\n\t\n\t\t\t<div class=\"media\">\n\n\t\t\n\t\t\t<a href=\"https:\/\/eldigitaldeasturias.com\/radio\/la-burbuja-economica-de-diciembre\/\" class=\"image-link media-ratio ratio-16-9\" title=\"La burbuja econ\u00f3mica de diciembre\"><img loading=\"lazy\" decoding=\"async\" width=\"377\" height=\"212\" src=\"https:\/\/eldigitaldeasturias.com\/radio\/wp-content\/uploads\/2025\/11\/La-burbuja-economica-de-diciembre-450x255.jpg\" class=\"attachment-bunyad-medium size-bunyad-medium wp-post-image\" alt=\"La burbuja econ\u00f3mica de diciembre\" sizes=\"(max-width: 377px) 100vw, 377px\" title=\"La burbuja econ\u00f3mica de diciembre\" srcset=\"https:\/\/eldigitaldeasturias.com\/radio\/wp-content\/uploads\/2025\/11\/La-burbuja-economica-de-diciembre-450x255.jpg 450w, https:\/\/eldigitaldeasturias.com\/radio\/wp-content\/uploads\/2025\/11\/La-burbuja-economica-de-diciembre-360x204.jpg 360w, https:\/\/eldigitaldeasturias.com\/radio\/wp-content\/uploads\/2025\/11\/La-burbuja-economica-de-diciembre-650x368.jpg 650w, https:\/\/eldigitaldeasturias.com\/radio\/wp-content\/uploads\/2025\/11\/La-burbuja-economica-de-diciembre-768x435.jpg 768w, https:\/\/eldigitaldeasturias.com\/radio\/wp-content\/uploads\/2025\/11\/La-burbuja-economica-de-diciembre-150x85.jpg 150w, https:\/\/eldigitaldeasturias.com\/radio\/wp-content\/uploads\/2025\/11\/La-burbuja-economica-de-diciembre.jpg 1107w\" \/><\/a>\t\t\t\n\t\t\t\n\t\t\t\n\t\t\t\n\t\t\n\t\t<\/div>\n\t\n\n\t\n\t\t<div class=\"content\">\n\n\t\t\t<div class=\"post-meta post-meta-a has-below\"><h2 class=\"is-title post-title\"><a href=\"https:\/\/eldigitaldeasturias.com\/radio\/la-burbuja-economica-de-diciembre\/\">La burbuja econ\u00f3mica de diciembre<\/a><\/h2><div class=\"post-meta-items meta-below\"><span class=\"meta-item post-author\"><span class=\"by\">By<\/span> <a href=\"https:\/\/eldigitaldeasturias.com\/radio\/author\/nbasturias\/\" title=\"Entradas de NBAsturias\" rel=\"author\">NBAsturias<\/a><\/span><\/div><\/div>\t\t\t\n\t\t\t\t\t\t\n\t\t\t\t<div class=\"excerpt\">\n\t\t\t\t\t<p>Diciembre llega cada a\u00f1o con una sensaci\u00f3n enga\u00f1osa. Muchas personas cobran la paga extra&hellip;<\/p>\n\t\t\t\t<\/div>\n\t\t\t\n\t\t\t\n\t\t\t\n\t\t<\/div>\n\n\t\n<\/article>\t\t\n\t<\/div>\n\n\t\t\n\t\t\t<\/div>\n\n\t\t<\/section>\n\t\t\t\t\t\t<\/div>\n\t\t\t\t<\/div>\n\t\t\t\t\t<\/div>\n\t\t<\/div>\n\t\t\t\t<div class=\"elementor-column elementor-col-50 elementor-inner-column elementor-element elementor-element-1e9748ba\" data-id=\"1e9748ba\" data-element_type=\"column\" data-e-type=\"column\">\n\t\t\t<div class=\"elementor-widget-wrap elementor-element-populated\">\n\t\t\t\t\t\t<div class=\"elementor-element elementor-element-1f3ef189 elementor-widget elementor-widget-smartmag-heading\" data-id=\"1f3ef189\" data-element_type=\"widget\" data-e-type=\"widget\" data-widget_type=\"smartmag-heading.default\">\n\t\t\t\t<div class=\"elementor-widget-container\">\n\t\t\t\t\t\t\t\t\t\t\n\t\t\t\t\t\t\t\n\t\t\t\t<div class=\"block-head block-head-ac block-head-a block-head-a1 is-left\">\n\n\t\t\t\t\t<h4 class=\"heading\">REPORTAJES<\/h4>\t\t\t\t\t\n\t\t\t\t\t\t\t\t\t<\/div>\n\t\t\t\t\n\t\t\t\n\t\t\t\t\t\t<\/div>\n\t\t\t\t<\/div>\n\t\t\t\t<div class=\"elementor-element elementor-element-4eaf1878 elementor-widget elementor-widget-smartmag-grid\" data-id=\"4eaf1878\" data-element_type=\"widget\" data-e-type=\"widget\" data-widget_type=\"smartmag-grid.default\">\n\t\t\t\t<div class=\"elementor-widget-container\">\n\t\t\t\t\t\t\t<section class=\"block-wrap block-grid block-sc mb-none\" data-id=\"12\">\n\n\t\t\t\t\n\t\t\t<div class=\"block-content\">\n\t\t\t\t\t\n\t<div class=\"loop loop-grid loop-grid-sm grid grid-1 md:grid-1 xs:grid-1\">\n\n\t\t\t\t\t\n<article class=\"l-post grid-post grid-sm-post l-post-center\">\n\n\t\n\t\t\t<div class=\"media\">\n\n\t\t\n\t\t\t<a href=\"https:\/\/eldigitaldeasturias.com\/radio\/la-cultura-del-silencio-digital-en-el-siglo-xxi\/\" class=\"image-link media-ratio ratio-1-1\" title=\"La cultura del silencio digital en el siglo XXI\"><img loading=\"lazy\" decoding=\"async\" width=\"377\" height=\"377\" src=\"https:\/\/eldigitaldeasturias.com\/radio\/wp-content\/uploads\/2026\/03\/La-cultura-del-silencio-digital-en-el-siglo-XXI-450x300.jpg\" class=\"attachment-bunyad-medium size-bunyad-medium wp-post-image\" alt=\"La cultura del silencio digital en el siglo XXI\" sizes=\"(max-width: 377px) 100vw, 377px\" title=\"La cultura del silencio digital en el siglo XXI\" srcset=\"https:\/\/eldigitaldeasturias.com\/radio\/wp-content\/uploads\/2026\/03\/La-cultura-del-silencio-digital-en-el-siglo-XXI-650x434.jpg 650w, https:\/\/eldigitaldeasturias.com\/radio\/wp-content\/uploads\/2026\/03\/La-cultura-del-silencio-digital-en-el-siglo-XXI-768x512.jpg 768w, https:\/\/eldigitaldeasturias.com\/radio\/wp-content\/uploads\/2026\/03\/La-cultura-del-silencio-digital-en-el-siglo-XXI-1200x801.jpg 1200w, https:\/\/eldigitaldeasturias.com\/radio\/wp-content\/uploads\/2026\/03\/La-cultura-del-silencio-digital-en-el-siglo-XXI.jpg 1247w\" \/><\/a>\t\t\t\n\t\t\t\n\t\t\t\n\t\t\t\n\t\t\n\t\t<\/div>\n\t\n\n\t\n\t\t<div class=\"content\">\n\n\t\t\t<div class=\"post-meta post-meta-a\"><div class=\"post-meta-items meta-above\"><span class=\"meta-item post-author\"><span class=\"by\">By<\/span> <a href=\"https:\/\/eldigitaldeasturias.com\/radio\/author\/nbasturias\/\" title=\"Entradas de NBAsturias\" rel=\"author\">NBAsturias<\/a><\/span><\/div><h2 class=\"is-title post-title\"><a href=\"https:\/\/eldigitaldeasturias.com\/radio\/la-cultura-del-silencio-digital-en-el-siglo-xxi\/\">La cultura del silencio digital en el siglo XXI<\/a><\/h2><\/div>\t\t\t\n\t\t\t\n\t\t\t\n\t\t<\/div>\n\n\t\n<\/article>\t\t\t\t\t\n<article class=\"l-post grid-post grid-sm-post l-post-center\">\n\n\t\n\t\t\t<div class=\"media\">\n\n\t\t\n\t\t\t<a href=\"https:\/\/eldigitaldeasturias.com\/radio\/el-comercio-local-frente-al-cambio-urbano\/\" class=\"image-link media-ratio ratio-1-1\" title=\"El comercio local frente al cambio urbano\"><img loading=\"lazy\" decoding=\"async\" width=\"377\" height=\"377\" src=\"https:\/\/eldigitaldeasturias.com\/radio\/wp-content\/uploads\/2026\/03\/El-comercio-local-frente-al-cambio-urbano-450x297.jpg\" class=\"attachment-bunyad-medium size-bunyad-medium wp-post-image\" alt=\"El comercio local frente al cambio urbano\" sizes=\"(max-width: 377px) 100vw, 377px\" title=\"El comercio local frente al cambio urbano\" srcset=\"https:\/\/eldigitaldeasturias.com\/radio\/wp-content\/uploads\/2026\/03\/El-comercio-local-frente-al-cambio-urbano-650x428.jpg 650w, https:\/\/eldigitaldeasturias.com\/radio\/wp-content\/uploads\/2026\/03\/El-comercio-local-frente-al-cambio-urbano-768x506.jpg 768w, https:\/\/eldigitaldeasturias.com\/radio\/wp-content\/uploads\/2026\/03\/El-comercio-local-frente-al-cambio-urbano-1200x791.jpg 1200w, https:\/\/eldigitaldeasturias.com\/radio\/wp-content\/uploads\/2026\/03\/El-comercio-local-frente-al-cambio-urbano.jpg 1246w\" \/><\/a>\t\t\t\n\t\t\t\n\t\t\t\n\t\t\t\n\t\t\n\t\t<\/div>\n\t\n\n\t\n\t\t<div class=\"content\">\n\n\t\t\t<div class=\"post-meta post-meta-a\"><div class=\"post-meta-items meta-above\"><span class=\"meta-item post-author\"><span class=\"by\">By<\/span> <a href=\"https:\/\/eldigitaldeasturias.com\/radio\/author\/nbasturias\/\" title=\"Entradas de NBAsturias\" rel=\"author\">NBAsturias<\/a><\/span><\/div><h2 class=\"is-title post-title\"><a href=\"https:\/\/eldigitaldeasturias.com\/radio\/el-comercio-local-frente-al-cambio-urbano\/\">El comercio local frente al cambio urbano<\/a><\/h2><\/div>\t\t\t\n\t\t\t\n\t\t\t\n\t\t<\/div>\n\n\t\n<\/article>\t\t\t\t\t\n<article class=\"l-post grid-post grid-sm-post l-post-center\">\n\n\t\n\t\t\t<div class=\"media\">\n\n\t\t\n\t\t\t<a href=\"https:\/\/eldigitaldeasturias.com\/radio\/de-imperios-a-bloques-la-reinvencion-de-europa\/\" class=\"image-link media-ratio ratio-1-1\" title=\"De imperios a bloques: la reinvenci\u00f3n de Europa\"><img loading=\"lazy\" decoding=\"async\" width=\"377\" height=\"377\" src=\"https:\/\/eldigitaldeasturias.com\/radio\/wp-content\/uploads\/2026\/02\/la-reinvencion-de-Europa-450x249.jpg\" class=\"attachment-bunyad-medium size-bunyad-medium wp-post-image\" alt=\"la reinvenci\u00f3n de Europa\" sizes=\"(max-width: 377px) 100vw, 377px\" title=\"De imperios a bloques: la reinvenci\u00f3n de Europa\" srcset=\"https:\/\/eldigitaldeasturias.com\/radio\/wp-content\/uploads\/2026\/02\/la-reinvencion-de-Europa-650x359.jpg 650w, https:\/\/eldigitaldeasturias.com\/radio\/wp-content\/uploads\/2026\/02\/la-reinvencion-de-Europa-768x424.jpg 768w, https:\/\/eldigitaldeasturias.com\/radio\/wp-content\/uploads\/2026\/02\/la-reinvencion-de-Europa-1200x663.jpg 1200w, https:\/\/eldigitaldeasturias.com\/radio\/wp-content\/uploads\/2026\/02\/la-reinvencion-de-Europa.jpg 1256w\" \/><\/a>\t\t\t\n\t\t\t\n\t\t\t\n\t\t\t\n\t\t\n\t\t<\/div>\n\t\n\n\t\n\t\t<div class=\"content\">\n\n\t\t\t<div class=\"post-meta post-meta-a\"><div class=\"post-meta-items meta-above\"><span class=\"meta-item post-author\"><span class=\"by\">By<\/span> <a href=\"https:\/\/eldigitaldeasturias.com\/radio\/author\/nbasturias\/\" title=\"Entradas de NBAsturias\" rel=\"author\">NBAsturias<\/a><\/span><\/div><h2 class=\"is-title post-title\"><a href=\"https:\/\/eldigitaldeasturias.com\/radio\/de-imperios-a-bloques-la-reinvencion-de-europa\/\">De imperios a bloques: la reinvenci\u00f3n de Europa<\/a><\/h2><\/div>\t\t\t\n\t\t\t\n\t\t\t\n\t\t<\/div>\n\n\t\n<\/article>\t\t\t\t\t\n<article class=\"l-post grid-post grid-sm-post l-post-center\">\n\n\t\n\t\t\t<div class=\"media\">\n\n\t\t\n\t\t\t<a href=\"https:\/\/eldigitaldeasturias.com\/radio\/cuando-el-petroleo-cambio-el-mapa-del-siglo-xx\/\" class=\"image-link media-ratio ratio-1-1\" title=\"Cuando el petr\u00f3leo cambi\u00f3 el mapa del siglo XX\"><img loading=\"lazy\" decoding=\"async\" width=\"377\" height=\"377\" src=\"https:\/\/eldigitaldeasturias.com\/radio\/wp-content\/uploads\/2026\/02\/Cuando-el-petroleo-cambio-el-mapa-del-siglo-XX-450x301.jpg\" class=\"attachment-bunyad-medium size-bunyad-medium wp-post-image\" alt=\"Cuando el petr\u00f3leo cambi\u00f3 el mapa del siglo XX\" sizes=\"(max-width: 377px) 100vw, 377px\" title=\"Cuando el petr\u00f3leo cambi\u00f3 el mapa del siglo XX\" srcset=\"https:\/\/eldigitaldeasturias.com\/radio\/wp-content\/uploads\/2026\/02\/Cuando-el-petroleo-cambio-el-mapa-del-siglo-XX-650x435.jpg 650w, https:\/\/eldigitaldeasturias.com\/radio\/wp-content\/uploads\/2026\/02\/Cuando-el-petroleo-cambio-el-mapa-del-siglo-XX-768x514.jpg 768w, https:\/\/eldigitaldeasturias.com\/radio\/wp-content\/uploads\/2026\/02\/Cuando-el-petroleo-cambio-el-mapa-del-siglo-XX-1200x804.jpg 1200w, https:\/\/eldigitaldeasturias.com\/radio\/wp-content\/uploads\/2026\/02\/Cuando-el-petroleo-cambio-el-mapa-del-siglo-XX.jpg 1235w\" \/><\/a>\t\t\t\n\t\t\t\n\t\t\t\n\t\t\t\n\t\t\n\t\t<\/div>\n\t\n\n\t\n\t\t<div class=\"content\">\n\n\t\t\t<div class=\"post-meta post-meta-a\"><div class=\"post-meta-items meta-above\"><span class=\"meta-item post-author\"><span class=\"by\">By<\/span> <a href=\"https:\/\/eldigitaldeasturias.com\/radio\/author\/nbasturias\/\" title=\"Entradas de NBAsturias\" rel=\"author\">NBAsturias<\/a><\/span><\/div><h2 class=\"is-title post-title\"><a href=\"https:\/\/eldigitaldeasturias.com\/radio\/cuando-el-petroleo-cambio-el-mapa-del-siglo-xx\/\">Cuando el petr\u00f3leo cambi\u00f3 el mapa del siglo XX<\/a><\/h2><\/div>\t\t\t\n\t\t\t\n\t\t\t\n\t\t<\/div>\n\n\t\n<\/article>\t\t\n\t<\/div>\n\n\t\t\n\t\t\t<\/div>\n\n\t\t<\/section>\n\t\t\t\t\t\t<\/div>\n\t\t\t\t<\/div>\n\t\t\t\t\t<\/div>\n\t\t<\/div>\n\t\t\t\t\t<\/div>\n\t\t<\/section>\n\t\t\t\t\t<\/div>\n\t\t<\/div>\n\t\t\t\t<div class=\"elementor-column elementor-col-33 elementor-top-column elementor-element elementor-element-3f7874a9 main-sidebar el-col-sep ts-sticky-native\" data-id=\"3f7874a9\" data-element_type=\"column\" data-e-type=\"column\">\n\t\t\t<div class=\"elementor-widget-wrap elementor-element-populated\">\n\t\t\t\t\t\t<div class=\"elementor-element elementor-element-91e137d elementor-widget elementor-widget-html\" data-id=\"91e137d\" data-element_type=\"widget\" data-e-type=\"widget\" data-widget_type=\"html.default\">\n\t\t\t\t<div class=\"elementor-widget-container\">\n\t\t\t\t\t<a href=\"https:\/\/eldigitaldeasturias.com\/magazine365\/\" target=\"_blank\" rel=\"noopener\"><img loading=\"lazy\" decoding=\"async\" class=\"aligncenter wp-image-16332\" src=\"https:\/\/naberco.es\/wp-content\/uploads\/2026\/03\/MAGAZINE-365-DIGITAL-DE-ASTURIAS-433x650.jpg\" alt=\"MAGAZINE 365 DIGITAL DE ASTURIAS\" width=\"300\" height=\"450\" \/><\/a>\t\t\t\t<\/div>\n\t\t\t\t<\/div>\n\t\t\t\t<div class=\"elementor-element elementor-element-c1fd0c1 elementor-widget elementor-widget-smartmag-large\" data-id=\"c1fd0c1\" data-element_type=\"widget\" data-e-type=\"widget\" data-widget_type=\"smartmag-large.default\">\n\t\t\t\t<div class=\"elementor-widget-container\">\n\t\t\t\t\t\t\t<section class=\"block-wrap block-large block-sc\" data-id=\"13\">\n\n\t\t\t\t\n\t\t\t<div class=\"block-content\">\n\t\t\t\t\t\n\t<div class=\"loop loop-grid loop-grid-lg grid grid-1 md:grid-1 xs:grid-1\">\n\n\t\t\t\t\t\n<article class=\"l-post grid-post grid-lg-post\">\n\n\t\n\t\t\t<div class=\"media\">\n\n\t\t\n\t\t\t<a href=\"https:\/\/eldigitaldeasturias.com\/radio\/el-programa-dica-llega-a-todas-las-comarcas-de-asturias\/\" class=\"image-link media-ratio ar-bunyad-main\" title=\"El programa DICA llega a todas las comarcas de Asturias\"><img loading=\"lazy\" decoding=\"async\" width=\"788\" height=\"515\" src=\"https:\/\/eldigitaldeasturias.com\/radio\/wp-content\/uploads\/2026\/04\/El-programa-DICA-llega-a-todas-las-comarcas-de-Asturias-642x480.jpg\" class=\"attachment-large size-large wp-post-image\" alt=\"Seven people stand side by side in a wood-paneled room with banners reading &#039;dica&#039; and &#039;Mieres&#039; behind them, posing for a group photo.\" sizes=\"(max-width: 788px) 100vw, 788px\" title=\"El programa DICA llega a todas las comarcas de Asturias\" srcset=\"https:\/\/eldigitaldeasturias.com\/radio\/wp-content\/uploads\/2026\/04\/El-programa-DICA-llega-a-todas-las-comarcas-de-Asturias-768x575.jpg 768w, https:\/\/eldigitaldeasturias.com\/radio\/wp-content\/uploads\/2026\/04\/El-programa-DICA-llega-a-todas-las-comarcas-de-Asturias.jpg 1124w\" \/><\/a>\t\t\t\n\t\t\t\n\t\t\t\n\t\t\t\n\t\t\n\t\t<\/div>\n\t\n\n\t\n\t\t<div class=\"content\">\n\n\t\t\t<div class=\"post-meta post-meta-a\"><h2 class=\"is-title post-title\"><a href=\"https:\/\/eldigitaldeasturias.com\/radio\/el-programa-dica-llega-a-todas-las-comarcas-de-asturias\/\">El programa DICA llega a todas las comarcas de Asturias<\/a><\/h2><\/div>\t\t\t\n\t\t\t\t\t\t\n\t\t\t\t<div class=\"excerpt\">\n\t\t\t\t\t<p>Asturias ha extendido el programa de Digitalizaci\u00f3n del Comercio Asturiano a todas las comarcas tras&hellip;<\/p>\n\t\t\t\t<\/div>\n\t\t\t\n\t\t\t\n\t\t\t\n\t\t<\/div>\n\n\t\n<\/article>\t\t\t\t\t\n<article class=\"l-post grid-post grid-lg-post\">\n\n\t\n\t\t\t<div class=\"media\">\n\n\t\t\n\t\t\t<a href=\"https:\/\/eldigitaldeasturias.com\/radio\/rianu-tendra-un-nuevo-intercambiador-de-transporte-publico\/\" class=\"image-link media-ratio ar-bunyad-main\" title=\"Ria\u00f1u tendr\u00e1 un nuevo intercambiador de transporte p\u00fablico\"><img loading=\"lazy\" decoding=\"async\" width=\"788\" height=\"515\" src=\"https:\/\/eldigitaldeasturias.com\/radio\/wp-content\/uploads\/2026\/04\/Rianu-tendra-un-nuevo-intercambiador-de-transporte-publico-650x442.jpg\" class=\"attachment-large size-large wp-post-image\" alt=\"Ria\u00f1u tendr\u00e1 un nuevo intercambiador de transporte p\u00fablico\" sizes=\"(max-width: 788px) 100vw, 788px\" title=\"Ria\u00f1u tendr\u00e1 un nuevo intercambiador de transporte p\u00fablico\" srcset=\"https:\/\/eldigitaldeasturias.com\/radio\/wp-content\/uploads\/2026\/04\/Rianu-tendra-un-nuevo-intercambiador-de-transporte-publico-650x442.jpg 650w, https:\/\/eldigitaldeasturias.com\/radio\/wp-content\/uploads\/2026\/04\/Rianu-tendra-un-nuevo-intercambiador-de-transporte-publico-360x245.jpg 360w, https:\/\/eldigitaldeasturias.com\/radio\/wp-content\/uploads\/2026\/04\/Rianu-tendra-un-nuevo-intercambiador-de-transporte-publico-768x523.jpg 768w, https:\/\/eldigitaldeasturias.com\/radio\/wp-content\/uploads\/2026\/04\/Rianu-tendra-un-nuevo-intercambiador-de-transporte-publico-150x102.jpg 150w, https:\/\/eldigitaldeasturias.com\/radio\/wp-content\/uploads\/2026\/04\/Rianu-tendra-un-nuevo-intercambiador-de-transporte-publico-450x306.jpg 450w, https:\/\/eldigitaldeasturias.com\/radio\/wp-content\/uploads\/2026\/04\/Rianu-tendra-un-nuevo-intercambiador-de-transporte-publico-1200x816.jpg 1200w, https:\/\/eldigitaldeasturias.com\/radio\/wp-content\/uploads\/2026\/04\/Rianu-tendra-un-nuevo-intercambiador-de-transporte-publico.jpg 1242w\" \/><\/a>\t\t\t\n\t\t\t\n\t\t\t\n\t\t\t\n\t\t\n\t\t<\/div>\n\t\n\n\t\n\t\t<div class=\"content\">\n\n\t\t\t<div class=\"post-meta post-meta-a\"><h2 class=\"is-title post-title\"><a href=\"https:\/\/eldigitaldeasturias.com\/radio\/rianu-tendra-un-nuevo-intercambiador-de-transporte-publico\/\">Ria\u00f1u tendr\u00e1 un nuevo intercambiador de transporte p\u00fablico<\/a><\/h2><\/div>\t\t\t\n\t\t\t\t\t\t\n\t\t\t\t<div class=\"excerpt\">\n\t\t\t\t\t<p>Ya han comenzado en Langreo los trabajos para la construcci\u00f3n del intercambiador de transporte p\u00fablico&hellip;<\/p>\n\t\t\t\t<\/div>\n\t\t\t\n\t\t\t\n\t\t\t\n\t\t<\/div>\n\n\t\n<\/article>\t\t\t\t\t\n<article class=\"l-post grid-post grid-lg-post\">\n\n\t\n\t\t\t<div class=\"media\">\n\n\t\t\n\t\t\t<a href=\"https:\/\/eldigitaldeasturias.com\/radio\/oviedo-lidera-la-inversion-educativa-en-asturias\/\" class=\"image-link media-ratio ar-bunyad-main\" title=\"Oviedo lidera la inversi\u00f3n educativa en Asturias\"><img loading=\"lazy\" decoding=\"async\" width=\"788\" height=\"515\" src=\"https:\/\/eldigitaldeasturias.com\/radio\/wp-content\/uploads\/2026\/04\/Oviedo-lidera-la-inversion-educativa-en-Asturias-650x438.jpg\" class=\"attachment-large size-large wp-post-image\" alt=\"Oviedo lidera la inversi\u00f3n educativa en Asturias\" sizes=\"(max-width: 788px) 100vw, 788px\" title=\"Oviedo lidera la inversi\u00f3n educativa en Asturias\" srcset=\"https:\/\/eldigitaldeasturias.com\/radio\/wp-content\/uploads\/2026\/04\/Oviedo-lidera-la-inversion-educativa-en-Asturias-650x438.jpg 650w, https:\/\/eldigitaldeasturias.com\/radio\/wp-content\/uploads\/2026\/04\/Oviedo-lidera-la-inversion-educativa-en-Asturias-360x243.jpg 360w, https:\/\/eldigitaldeasturias.com\/radio\/wp-content\/uploads\/2026\/04\/Oviedo-lidera-la-inversion-educativa-en-Asturias-768x518.jpg 768w, https:\/\/eldigitaldeasturias.com\/radio\/wp-content\/uploads\/2026\/04\/Oviedo-lidera-la-inversion-educativa-en-Asturias-150x101.jpg 150w, https:\/\/eldigitaldeasturias.com\/radio\/wp-content\/uploads\/2026\/04\/Oviedo-lidera-la-inversion-educativa-en-Asturias-450x304.jpg 450w, https:\/\/eldigitaldeasturias.com\/radio\/wp-content\/uploads\/2026\/04\/Oviedo-lidera-la-inversion-educativa-en-Asturias.jpg 1180w\" \/><\/a>\t\t\t\n\t\t\t\n\t\t\t\n\t\t\t\n\t\t\n\t\t<\/div>\n\t\n\n\t\n\t\t<div class=\"content\">\n\n\t\t\t<div class=\"post-meta post-meta-a\"><h2 class=\"is-title post-title\"><a href=\"https:\/\/eldigitaldeasturias.com\/radio\/oviedo-lidera-la-inversion-educativa-en-asturias\/\">Oviedo lidera la inversi\u00f3n educativa en Asturias<\/a><\/h2><\/div>\t\t\t\n\t\t\t\t\t\t\n\t\t\t\t<div class=\"excerpt\">\n\t\t\t\t\t<p>El Gobierno del Principado de Asturias ha informado de que alcanzar\u00e1 los 57,7 millones de&hellip;<\/p>\n\t\t\t\t<\/div>\n\t\t\t\n\t\t\t\n\t\t\t\n\t\t<\/div>\n\n\t\n<\/article>\t\t\t\t\t\n<article class=\"l-post grid-post grid-lg-post\">\n\n\t\n\t\t\t<div class=\"media\">\n\n\t\t\n\t\t\t<a href=\"https:\/\/eldigitaldeasturias.com\/radio\/mejoras-en-la-recogida-de-residuos-en-ponga-y-somiedo\/\" class=\"image-link media-ratio ar-bunyad-main\" title=\"Mejoras en la recogida de residuos en Ponga y Somiedo\"><img loading=\"lazy\" decoding=\"async\" width=\"788\" height=\"515\" src=\"https:\/\/eldigitaldeasturias.com\/radio\/wp-content\/uploads\/2026\/04\/Mejoras-en-la-recogida-de-residuos-en-Ponga-y-Somiedo-650x427.jpg\" class=\"attachment-large size-large wp-post-image\" alt=\"Mejoras en la recogida de residuos en Ponga y Somiedo\" sizes=\"(max-width: 788px) 100vw, 788px\" title=\"Mejoras en la recogida de residuos en Ponga y Somiedo\" srcset=\"https:\/\/eldigitaldeasturias.com\/radio\/wp-content\/uploads\/2026\/04\/Mejoras-en-la-recogida-de-residuos-en-Ponga-y-Somiedo-650x427.jpg 650w, https:\/\/eldigitaldeasturias.com\/radio\/wp-content\/uploads\/2026\/04\/Mejoras-en-la-recogida-de-residuos-en-Ponga-y-Somiedo-360x237.jpg 360w, https:\/\/eldigitaldeasturias.com\/radio\/wp-content\/uploads\/2026\/04\/Mejoras-en-la-recogida-de-residuos-en-Ponga-y-Somiedo-768x505.jpg 768w, https:\/\/eldigitaldeasturias.com\/radio\/wp-content\/uploads\/2026\/04\/Mejoras-en-la-recogida-de-residuos-en-Ponga-y-Somiedo-150x99.jpg 150w, https:\/\/eldigitaldeasturias.com\/radio\/wp-content\/uploads\/2026\/04\/Mejoras-en-la-recogida-de-residuos-en-Ponga-y-Somiedo-450x296.jpg 450w, https:\/\/eldigitaldeasturias.com\/radio\/wp-content\/uploads\/2026\/04\/Mejoras-en-la-recogida-de-residuos-en-Ponga-y-Somiedo-1200x788.jpg 1200w, https:\/\/eldigitaldeasturias.com\/radio\/wp-content\/uploads\/2026\/04\/Mejoras-en-la-recogida-de-residuos-en-Ponga-y-Somiedo.jpg 1245w\" \/><\/a>\t\t\t\n\t\t\t\n\t\t\t\n\t\t\t\n\t\t\n\t\t<\/div>\n\t\n\n\t\n\t\t<div class=\"content\">\n\n\t\t\t<div class=\"post-meta post-meta-a\"><h2 class=\"is-title post-title\"><a href=\"https:\/\/eldigitaldeasturias.com\/radio\/mejoras-en-la-recogida-de-residuos-en-ponga-y-somiedo\/\">Mejoras en la recogida de residuos en Ponga y Somiedo<\/a><\/h2><\/div>\t\t\t\n\t\t\t\t\t\t\n\t\t\t\t<div class=\"excerpt\">\n\t\t\t\t\t<p>El Gobierno de Asturias ha informado de que iniciar\u00e1 en los pr\u00f3ximos d\u00edas las obras&hellip;<\/p>\n\t\t\t\t<\/div>\n\t\t\t\n\t\t\t\n\t\t\t\n\t\t<\/div>\n\n\t\n<\/article>\t\t\n\t<\/div>\n\n\t\t\n\t\t\t<\/div>\n\n\t\t<\/section>\n\t\t\t\t\t\t<\/div>\n\t\t\t\t<\/div>\n\t\t\t\t\t<\/div>\n\t\t<\/div>\n\t\t\t\t\t<\/div>\n\t\t<\/section>\n\t\t\t\t<section class=\"has-el-gap el-gap-default elementor-section elementor-top-section elementor-element elementor-element-1b21fe15 elementor-section-boxed elementor-section-height-default elementor-section-height-default\" data-id=\"1b21fe15\" data-element_type=\"section\" data-e-type=\"section\" data-settings=\"{&quot;background_background&quot;:&quot;classic&quot;}\">\n\t\t\t\t\t\t<div class=\"elementor-container elementor-column-gap-no\">\n\t\t\t\t\t<div class=\"elementor-column elementor-col-100 elementor-top-column elementor-element elementor-element-74d6b45a\" data-id=\"74d6b45a\" data-element_type=\"column\" data-e-type=\"column\">\n\t\t\t<div class=\"elementor-widget-wrap elementor-element-populated\">\n\t\t\t\t\t\t<div class=\"elementor-element elementor-element-622c044b elementor-widget elementor-widget-smartmag-heading\" data-id=\"622c044b\" data-element_type=\"widget\" data-e-type=\"widget\" data-widget_type=\"smartmag-heading.default\">\n\t\t\t\t<div class=\"elementor-widget-container\">\n\t\t\t\t\t\t\t\t\t\t\n\t\t\t\t\t\t\t\n\t\t\t\t<div class=\"block-head block-head-ac block-head-e block-head-e2 is-left\">\n\n\t\t\t\t\t<h4 class=\"heading\">MULTIMEDIA<\/h4>\t\t\t\t\t\n\t\t\t\t\t\t\t\t\t<\/div>\n\t\t\t\t\n\t\t\t\n\t\t\t\t\t\t<\/div>\n\t\t\t\t<\/div>\n\t\t\t\t<div class=\"elementor-element elementor-element-c51be52 elementor-widget elementor-widget-smartmag-postslist\" data-id=\"c51be52\" data-element_type=\"widget\" data-e-type=\"widget\" data-widget_type=\"smartmag-postslist.default\">\n\t\t\t\t<div class=\"elementor-widget-container\">\n\t\t\t\t\t\t\t<section class=\"block-wrap block-posts-list block-sc s-dark mb-none\" data-id=\"14\">\n\n\t\t\t\t\n\t\t\t<div class=\"block-content\">\n\t\t\t\t\t\n\t<div class=\"loop loop-list loop-sep loop-list-sep grid grid-1 md:grid-1 sm:grid-1\">\n\n\t\t\t\t\n\t\t\t\n<article class=\"l-post list-post list-post-v-center grid-on-sm m-pos-right\">\n\n\t\n\t\t\t<div class=\"media\">\n\n\t\t\n\t\t\t<a href=\"https:\/\/eldigitaldeasturias.com\/radio\/marta-del-arco-participa-en-dos-eventos-en-gijon\/\" class=\"image-link media-ratio ratio-16-9\" title=\"Marta del Arco participa en dos eventos en Gij\u00f3n\"><img loading=\"lazy\" decoding=\"async\" width=\"742\" height=\"417\" src=\"https:\/\/eldigitaldeasturias.com\/radio\/wp-content\/uploads\/2025\/12\/Marta-del-Arco-participa-en-dos-eventos-en-Gijon-768x497.jpg\" class=\"attachment-bunyad-768 size-bunyad-768 wp-post-image\" alt=\"Marta del Arco participa en dos eventos en Gij\u00f3n\" sizes=\"(max-width: 742px) 100vw, 742px\" title=\"Marta del Arco participa en dos eventos en Gij\u00f3n\" srcset=\"https:\/\/eldigitaldeasturias.com\/radio\/wp-content\/uploads\/2025\/12\/Marta-del-Arco-participa-en-dos-eventos-en-Gijon-768x497.jpg 768w, https:\/\/eldigitaldeasturias.com\/radio\/wp-content\/uploads\/2025\/12\/Marta-del-Arco-participa-en-dos-eventos-en-Gijon-650x420.jpg 650w, https:\/\/eldigitaldeasturias.com\/radio\/wp-content\/uploads\/2025\/12\/Marta-del-Arco-participa-en-dos-eventos-en-Gijon-1200x776.jpg 1200w, https:\/\/eldigitaldeasturias.com\/radio\/wp-content\/uploads\/2025\/12\/Marta-del-Arco-participa-en-dos-eventos-en-Gijon.jpg 1225w\" \/><\/a>\t\t\t\n\t\t\t<span class=\"format-overlay c-overlay format-image p-center\"><i class=\"tsi tsi-picture-o\"><\/i><\/span>\n\t\t\t\n\t\t\t\n\t\t\n\t\t<\/div>\n\t\n\n\t\n\t\t<div class=\"content\">\n\n\t\t\t<div class=\"post-meta post-meta-a\"><h2 class=\"is-title post-title\"><a href=\"https:\/\/eldigitaldeasturias.com\/radio\/marta-del-arco-participa-en-dos-eventos-en-gijon\/\">Marta del Arco participa en dos eventos en Gij\u00f3n<\/a><\/h2><\/div>\t\t\t\n\t\t\t\n\t\t\t\n\t\t<\/div>\n\n\t\n<\/article>\n\t\t\n\t<\/div>\n\n\t\t\t\t\t<\/div>\n\n\t\t<\/section>\n\t\t\t\t\t\t<\/div>\n\t\t\t\t<\/div>\n\t\t\t\t<div class=\"elementor-element elementor-element-675601ae elementor-widget elementor-widget-smartmag-grid\" data-id=\"675601ae\" data-element_type=\"widget\" data-e-type=\"widget\" data-widget_type=\"smartmag-grid.default\">\n\t\t\t\t<div class=\"elementor-widget-container\">\n\t\t\t\t\t\t\t<section class=\"block-wrap block-grid block-sc s-dark mb-none\" data-id=\"15\">\n\n\t\t\t\t\n\t\t\t<div class=\"block-content\">\n\t\t\t\t\t\n\t<div class=\"loop loop-grid loop-grid-stylish grid grid-3 md:grid-2 xs:grid-1\">\n\n\t\t\t\t\t\n<article class=\"l-post grid-post grid-stylish-post\">\n\n\t\n\t\t\t<div class=\"media\">\n\n\t\t\n\t\t\t<a href=\"https:\/\/eldigitaldeasturias.com\/radio\/inaugurada-la-nueva-sede-del-principado-de-asturias-en-madrid\/\" class=\"image-link media-ratio ratio-3-2\" title=\"Inaugurada la nueva sede del Principado de Asturias en Madrid\"><img loading=\"lazy\" decoding=\"async\" width=\"377\" height=\"251\" src=\"https:\/\/eldigitaldeasturias.com\/radio\/wp-content\/uploads\/2025\/10\/nueva-sede-del-Principado-de-Asturias-en-Madrid-450x317.jpg\" class=\"attachment-bunyad-medium size-bunyad-medium wp-post-image\" alt=\"nueva sede del Principado de Asturias en Madrid\" sizes=\"(max-width: 377px) 100vw, 377px\" title=\"Inaugurada la nueva sede del Principado de Asturias en Madrid\" srcset=\"https:\/\/eldigitaldeasturias.com\/radio\/wp-content\/uploads\/2025\/10\/nueva-sede-del-Principado-de-Asturias-en-Madrid-450x317.jpg 450w, https:\/\/eldigitaldeasturias.com\/radio\/wp-content\/uploads\/2025\/10\/nueva-sede-del-Principado-de-Asturias-en-Madrid-360x254.jpg 360w, https:\/\/eldigitaldeasturias.com\/radio\/wp-content\/uploads\/2025\/10\/nueva-sede-del-Principado-de-Asturias-en-Madrid-650x458.jpg 650w, https:\/\/eldigitaldeasturias.com\/radio\/wp-content\/uploads\/2025\/10\/nueva-sede-del-Principado-de-Asturias-en-Madrid-768x541.jpg 768w, https:\/\/eldigitaldeasturias.com\/radio\/wp-content\/uploads\/2025\/10\/nueva-sede-del-Principado-de-Asturias-en-Madrid-150x106.jpg 150w, https:\/\/eldigitaldeasturias.com\/radio\/wp-content\/uploads\/2025\/10\/nueva-sede-del-Principado-de-Asturias-en-Madrid.jpg 937w\" \/><\/a>\t\t\t\n\t\t\t<span class=\"format-overlay c-overlay format-image p-center\"><i class=\"tsi tsi-picture-o\"><\/i><\/span>\n\t\t\t\n\t\t\t\n\t\t\n\t\t<\/div>\n\t\n\n\t\n\t\t<div class=\"content\">\n\n\t\t\t<div class=\"post-meta post-meta-a\"><h2 class=\"is-title post-title limit-lines l-lines-2\"><a href=\"https:\/\/eldigitaldeasturias.com\/radio\/inaugurada-la-nueva-sede-del-principado-de-asturias-en-madrid\/\">Inaugurada la nueva sede del Principado de Asturias en Madrid<\/a><\/h2><\/div>\t\t\t\n\t\t\t\n\t\t\t\n\t\t<\/div>\n\n\t\n<\/article>\t\t\t\t\t\n<article class=\"l-post grid-post grid-stylish-post\">\n\n\t\n\t\t\t<div class=\"media\">\n\n\t\t\n\t\t\t<a href=\"https:\/\/eldigitaldeasturias.com\/radio\/valdesoto-recibe-el-premio-al-pueblo-ejemplar\/\" class=\"image-link media-ratio ratio-3-2\" title=\"Valdesoto recibe el Premio al Pueblo Ejemplar\"><img loading=\"lazy\" decoding=\"async\" width=\"377\" height=\"251\" src=\"https:\/\/eldigitaldeasturias.com\/radio\/wp-content\/uploads\/2025\/10\/Valdesoto-recibe-el-Premio-al-Pueblo-Ejemplar-450x306.jpg\" class=\"attachment-bunyad-medium size-bunyad-medium wp-post-image\" alt=\"Valdesoto recibe el Premio al Pueblo Ejemplar\" sizes=\"(max-width: 377px) 100vw, 377px\" title=\"Valdesoto recibe el Premio al Pueblo Ejemplar\" srcset=\"https:\/\/eldigitaldeasturias.com\/radio\/wp-content\/uploads\/2025\/10\/Valdesoto-recibe-el-Premio-al-Pueblo-Ejemplar-450x306.jpg 450w, https:\/\/eldigitaldeasturias.com\/radio\/wp-content\/uploads\/2025\/10\/Valdesoto-recibe-el-Premio-al-Pueblo-Ejemplar-360x245.jpg 360w, https:\/\/eldigitaldeasturias.com\/radio\/wp-content\/uploads\/2025\/10\/Valdesoto-recibe-el-Premio-al-Pueblo-Ejemplar-650x442.jpg 650w, https:\/\/eldigitaldeasturias.com\/radio\/wp-content\/uploads\/2025\/10\/Valdesoto-recibe-el-Premio-al-Pueblo-Ejemplar-768x522.jpg 768w, https:\/\/eldigitaldeasturias.com\/radio\/wp-content\/uploads\/2025\/10\/Valdesoto-recibe-el-Premio-al-Pueblo-Ejemplar-150x102.jpg 150w, https:\/\/eldigitaldeasturias.com\/radio\/wp-content\/uploads\/2025\/10\/Valdesoto-recibe-el-Premio-al-Pueblo-Ejemplar.jpg 976w\" \/><\/a>\t\t\t\n\t\t\t<span class=\"format-overlay c-overlay format-image p-center\"><i class=\"tsi tsi-picture-o\"><\/i><\/span>\n\t\t\t\n\t\t\t\n\t\t\n\t\t<\/div>\n\t\n\n\t\n\t\t<div class=\"content\">\n\n\t\t\t<div class=\"post-meta post-meta-a\"><h2 class=\"is-title post-title limit-lines l-lines-2\"><a href=\"https:\/\/eldigitaldeasturias.com\/radio\/valdesoto-recibe-el-premio-al-pueblo-ejemplar\/\">Valdesoto recibe el Premio al Pueblo Ejemplar<\/a><\/h2><\/div>\t\t\t\n\t\t\t\n\t\t\t\n\t\t<\/div>\n\n\t\n<\/article>\t\t\t\t\t\n<article class=\"l-post grid-post grid-stylish-post\">\n\n\t\n\t\t\t<div class=\"media\">\n\n\t\t\n\t\t\t<a href=\"https:\/\/eldigitaldeasturias.com\/radio\/clausura-de-la-quinta-jornada-laboralista-de-asturias\/\" class=\"image-link media-ratio ratio-3-2\" title=\"Clausura de la quinta Jornada Laboralista de Asturias\"><img loading=\"lazy\" decoding=\"async\" width=\"377\" height=\"251\" src=\"https:\/\/eldigitaldeasturias.com\/radio\/wp-content\/uploads\/2025\/09\/Jornada-Laboralista-de-Asturias-450x270.jpg\" class=\"attachment-bunyad-medium size-bunyad-medium wp-post-image\" alt=\"Jornada Laboralista de Asturias\" sizes=\"(max-width: 377px) 100vw, 377px\" title=\"Clausura de la quinta Jornada Laboralista de Asturias\" srcset=\"https:\/\/eldigitaldeasturias.com\/radio\/wp-content\/uploads\/2025\/09\/Jornada-Laboralista-de-Asturias-450x270.jpg 450w, https:\/\/eldigitaldeasturias.com\/radio\/wp-content\/uploads\/2025\/09\/Jornada-Laboralista-de-Asturias-360x216.jpg 360w, https:\/\/eldigitaldeasturias.com\/radio\/wp-content\/uploads\/2025\/09\/Jornada-Laboralista-de-Asturias-650x389.jpg 650w, https:\/\/eldigitaldeasturias.com\/radio\/wp-content\/uploads\/2025\/09\/Jornada-Laboralista-de-Asturias-768x460.jpg 768w, https:\/\/eldigitaldeasturias.com\/radio\/wp-content\/uploads\/2025\/09\/Jornada-Laboralista-de-Asturias-150x90.jpg 150w, https:\/\/eldigitaldeasturias.com\/radio\/wp-content\/uploads\/2025\/09\/Jornada-Laboralista-de-Asturias.jpg 1092w\" \/><\/a>\t\t\t\n\t\t\t<span class=\"format-overlay c-overlay format-image p-center\"><i class=\"tsi tsi-picture-o\"><\/i><\/span>\n\t\t\t\n\t\t\t\n\t\t\n\t\t<\/div>\n\t\n\n\t\n\t\t<div class=\"content\">\n\n\t\t\t<div class=\"post-meta post-meta-a\"><h2 class=\"is-title post-title limit-lines l-lines-2\"><a href=\"https:\/\/eldigitaldeasturias.com\/radio\/clausura-de-la-quinta-jornada-laboralista-de-asturias\/\">Clausura de la quinta Jornada Laboralista de Asturias<\/a><\/h2><\/div>\t\t\t\n\t\t\t\n\t\t\t\n\t\t<\/div>\n\n\t\n<\/article>\t\t\n\t<\/div>\n\n\t\t\n\t\t\t<\/div>\n\n\t\t<\/section>\n\t\t\t\t\t\t<\/div>\n\t\t\t\t<\/div>\n\t\t\t\t\t<\/div>\n\t\t<\/div>\n\t\t\t\t\t<\/div>\n\t\t<\/section>\n\t\t\t\t<section class=\"has-el-gap el-gap-default elementor-section elementor-top-section elementor-element elementor-element-5a2d9294 elementor-section-boxed elementor-section-height-default elementor-section-height-default\" data-id=\"5a2d9294\" data-element_type=\"section\" data-e-type=\"section\">\n\t\t\t\t\t\t<div class=\"elementor-container elementor-column-gap-no\">\n\t\t\t\t\t<div class=\"elementor-column elementor-col-33 elementor-top-column elementor-element elementor-element-3467dcad\" data-id=\"3467dcad\" data-element_type=\"column\" data-e-type=\"column\">\n\t\t\t<div class=\"elementor-widget-wrap elementor-element-populated\">\n\t\t\t\t\t\t<div class=\"elementor-element elementor-element-5f905dea elementor-widget elementor-widget-smartmag-highlights\" data-id=\"5f905dea\" data-element_type=\"widget\" data-e-type=\"widget\" data-widget_type=\"smartmag-highlights.default\">\n\t\t\t\t<div class=\"elementor-widget-container\">\n\t\t\t\t\t\t\t<section class=\"block-wrap block-highlights block-sc mb-none\" data-id=\"16\" data-is-mixed=\"1\">\n\n\t\t\t\t\t\t\t\t\n\t\t\t\t\t\t\t\n\t\t\t\t<div class=\"block-head block-head-ac block-head-e block-head-e2 is-left\">\n\n\t\t\t\t\t<h4 class=\"heading\">LIVE<\/h4>\t\t\t\t\t\n\t\t\t\t\t\t\t\t\t<\/div>\n\t\t\t\t\n\t\t\t\n\t\t\t\n\t\t\t<div class=\"block-content\">\n\t\t\t\t\t\n\t<div class=\"loops-mixed\">\n\t\t\t\n\t<div class=\"loop loop-grid loop-grid-base grid grid-1 md:grid-1 xs:grid-1\">\n\n\t\t\t\t\t\n<article class=\"l-post grid-post grid-base-post\">\n\n\t\n\t\t\t<div class=\"media\">\n\n\t\t\n\t\t\t<a href=\"https:\/\/eldigitaldeasturias.com\/radio\/zumo-de-naranja-100-valor-nutricional-sostenibilidad-y-contexto-actual\/\" class=\"image-link media-ratio ratio-16-9\" title=\"Zumo de naranja 100%: valor nutricional, sostenibilidad y contexto actual\"><img loading=\"lazy\" decoding=\"async\" width=\"377\" height=\"212\" src=\"https:\/\/eldigitaldeasturias.com\/radio\/wp-content\/uploads\/2026\/04\/Zumo-de-naranja-450x295.jpg\" class=\"attachment-bunyad-medium size-bunyad-medium wp-post-image\" alt=\"Zumo de naranja 100%: valor nutricional, sostenibilidad y contexto actual\" sizes=\"(max-width: 377px) 100vw, 377px\" title=\"Zumo de naranja 100%: valor nutricional, sostenibilidad y contexto actual\" srcset=\"https:\/\/eldigitaldeasturias.com\/radio\/wp-content\/uploads\/2026\/04\/Zumo-de-naranja-450x295.jpg 450w, https:\/\/eldigitaldeasturias.com\/radio\/wp-content\/uploads\/2026\/04\/Zumo-de-naranja-360x236.jpg 360w, https:\/\/eldigitaldeasturias.com\/radio\/wp-content\/uploads\/2026\/04\/Zumo-de-naranja-650x426.jpg 650w, https:\/\/eldigitaldeasturias.com\/radio\/wp-content\/uploads\/2026\/04\/Zumo-de-naranja-768x503.jpg 768w, https:\/\/eldigitaldeasturias.com\/radio\/wp-content\/uploads\/2026\/04\/Zumo-de-naranja.jpg 902w\" \/><\/a>\t\t\t\n\t\t\t\n\t\t\t\n\t\t\t\n\t\t\n\t\t<\/div>\n\t\n\n\t\n\t\t<div class=\"content\">\n\n\t\t\t<div class=\"post-meta post-meta-a\"><h2 class=\"is-title post-title\"><a href=\"https:\/\/eldigitaldeasturias.com\/radio\/zumo-de-naranja-100-valor-nutricional-sostenibilidad-y-contexto-actual\/\">Zumo de naranja 100%: valor nutricional, sostenibilidad y contexto actual<\/a><\/h2><\/div>\t\t\t\n\t\t\t\t\t\t\n\t\t\t\t<div class=\"excerpt\">\n\t\t\t\t\t<p>El zumo de naranja forma parte del consumo habitual en&hellip;<\/p>\n\t\t\t\t<\/div>\n\t\t\t\n\t\t\t\n\t\t\t\n\t\t<\/div>\n\n\t\n<\/article>\t\t\n\t<\/div>\n\n\t\t\n\n\t<div class=\"loop loop-small loop-small-a loop-sep loop-small-sep grid grid-1 md:grid-1 sm:grid-1 xs:grid-1\">\n\n\t\t\t\t\t\n<article class=\"l-post small-post small-a-post m-pos-left\">\n\n\t\n\t\t\t<div class=\"media\">\n\n\t\t\n\t\t\t<a href=\"https:\/\/eldigitaldeasturias.com\/radio\/merenderos-2026-comer-bien-fuera-sin-romper-el-bolsillo\/\" class=\"image-link media-ratio ar-bunyad-thumb\" title=\"Merenderos 2026: comer bien fuera sin romper el bolsillo\"><img loading=\"lazy\" decoding=\"async\" width=\"110\" height=\"76\" src=\"https:\/\/eldigitaldeasturias.com\/radio\/wp-content\/uploads\/2026\/04\/Merenderos-2026-comer-bien-fuera-sin-romper-el-bolsillo-360x241.jpg\" class=\"attachment-medium size-medium wp-post-image\" alt=\"Merenderos 2026 comer bien fuera sin romper el bolsillo\" sizes=\"(max-width: 110px) 100vw, 110px\" title=\"Merenderos 2026: comer bien fuera sin romper el bolsillo\" srcset=\"https:\/\/eldigitaldeasturias.com\/radio\/wp-content\/uploads\/2026\/04\/Merenderos-2026-comer-bien-fuera-sin-romper-el-bolsillo-360x241.jpg 360w, https:\/\/eldigitaldeasturias.com\/radio\/wp-content\/uploads\/2026\/04\/Merenderos-2026-comer-bien-fuera-sin-romper-el-bolsillo-650x435.jpg 650w, https:\/\/eldigitaldeasturias.com\/radio\/wp-content\/uploads\/2026\/04\/Merenderos-2026-comer-bien-fuera-sin-romper-el-bolsillo-768x514.jpg 768w, https:\/\/eldigitaldeasturias.com\/radio\/wp-content\/uploads\/2026\/04\/Merenderos-2026-comer-bien-fuera-sin-romper-el-bolsillo-150x100.jpg 150w, https:\/\/eldigitaldeasturias.com\/radio\/wp-content\/uploads\/2026\/04\/Merenderos-2026-comer-bien-fuera-sin-romper-el-bolsillo-450x301.jpg 450w, https:\/\/eldigitaldeasturias.com\/radio\/wp-content\/uploads\/2026\/04\/Merenderos-2026-comer-bien-fuera-sin-romper-el-bolsillo-1200x803.jpg 1200w, https:\/\/eldigitaldeasturias.com\/radio\/wp-content\/uploads\/2026\/04\/Merenderos-2026-comer-bien-fuera-sin-romper-el-bolsillo.jpg 1228w\" \/><\/a>\t\t\t\n\t\t\t\n\t\t\t\n\t\t\t\n\t\t\n\t\t<\/div>\n\t\n\n\t\n\t\t<div class=\"content\">\n\n\t\t\t<div class=\"post-meta post-meta-a post-meta-left\"><h4 class=\"is-title post-title\"><a href=\"https:\/\/eldigitaldeasturias.com\/radio\/merenderos-2026-comer-bien-fuera-sin-romper-el-bolsillo\/\">Merenderos 2026: comer bien fuera sin romper el bolsillo<\/a><\/h4><\/div>\t\t\t\n\t\t\t\n\t\t\t\n\t\t<\/div>\n\n\t\n<\/article>\t\n\t\t\t\t\t\n<article class=\"l-post small-post small-a-post m-pos-left\">\n\n\t\n\t\t\t<div class=\"media\">\n\n\t\t\n\t\t\t<a href=\"https:\/\/eldigitaldeasturias.com\/radio\/alquiler-de-coche-libertad-sin-ataduras-en-2026\/\" class=\"image-link media-ratio ar-bunyad-thumb\" title=\"Alquiler de coche: libertad sin ataduras en 2026\"><img loading=\"lazy\" decoding=\"async\" width=\"110\" height=\"76\" src=\"https:\/\/eldigitaldeasturias.com\/radio\/wp-content\/uploads\/2026\/03\/Alquiler-de-coche-libertad-sin-ataduras-en-2026-360x235.jpg\" class=\"attachment-medium size-medium wp-post-image\" alt=\"Alquiler de coche: libertad sin ataduras en 2026\" sizes=\"(max-width: 110px) 100vw, 110px\" title=\"Alquiler de coche: libertad sin ataduras en 2026\" srcset=\"https:\/\/eldigitaldeasturias.com\/radio\/wp-content\/uploads\/2026\/03\/Alquiler-de-coche-libertad-sin-ataduras-en-2026-360x235.jpg 360w, https:\/\/eldigitaldeasturias.com\/radio\/wp-content\/uploads\/2026\/03\/Alquiler-de-coche-libertad-sin-ataduras-en-2026-650x424.jpg 650w, https:\/\/eldigitaldeasturias.com\/radio\/wp-content\/uploads\/2026\/03\/Alquiler-de-coche-libertad-sin-ataduras-en-2026-768x501.jpg 768w, https:\/\/eldigitaldeasturias.com\/radio\/wp-content\/uploads\/2026\/03\/Alquiler-de-coche-libertad-sin-ataduras-en-2026-150x98.jpg 150w, https:\/\/eldigitaldeasturias.com\/radio\/wp-content\/uploads\/2026\/03\/Alquiler-de-coche-libertad-sin-ataduras-en-2026-450x294.jpg 450w, https:\/\/eldigitaldeasturias.com\/radio\/wp-content\/uploads\/2026\/03\/Alquiler-de-coche-libertad-sin-ataduras-en-2026-1200x783.jpg 1200w, https:\/\/eldigitaldeasturias.com\/radio\/wp-content\/uploads\/2026\/03\/Alquiler-de-coche-libertad-sin-ataduras-en-2026.jpg 1250w\" \/><\/a>\t\t\t\n\t\t\t\n\t\t\t\n\t\t\t\n\t\t\n\t\t<\/div>\n\t\n\n\t\n\t\t<div class=\"content\">\n\n\t\t\t<div class=\"post-meta post-meta-a post-meta-left\"><h4 class=\"is-title post-title\"><a href=\"https:\/\/eldigitaldeasturias.com\/radio\/alquiler-de-coche-libertad-sin-ataduras-en-2026\/\">Alquiler de coche: libertad sin ataduras en 2026<\/a><\/h4><\/div>\t\t\t\n\t\t\t\n\t\t\t\n\t\t<\/div>\n\n\t\n<\/article>\t\n\t\t\t\t\t\n<article class=\"l-post small-post small-a-post m-pos-left\">\n\n\t\n\t\t\t<div class=\"media\">\n\n\t\t\n\t\t\t<a href=\"https:\/\/eldigitaldeasturias.com\/radio\/el-huerto-que-siempre-quisiste-tener-en-asturias\/\" class=\"image-link media-ratio ar-bunyad-thumb\" title=\"El huerto que siempre quisiste tener en Asturias\"><img loading=\"lazy\" decoding=\"async\" width=\"110\" height=\"76\" src=\"https:\/\/eldigitaldeasturias.com\/radio\/wp-content\/uploads\/2026\/03\/El-huerto-que-siempre-quisiste-tener-en-Asturias-360x198.jpg\" class=\"attachment-medium size-medium wp-post-image\" alt=\"El huerto que siempre quisiste tener en Asturias\" sizes=\"(max-width: 110px) 100vw, 110px\" title=\"El huerto que siempre quisiste tener en Asturias\" srcset=\"https:\/\/eldigitaldeasturias.com\/radio\/wp-content\/uploads\/2026\/03\/El-huerto-que-siempre-quisiste-tener-en-Asturias-360x198.jpg 360w, https:\/\/eldigitaldeasturias.com\/radio\/wp-content\/uploads\/2026\/03\/El-huerto-que-siempre-quisiste-tener-en-Asturias-650x358.jpg 650w, https:\/\/eldigitaldeasturias.com\/radio\/wp-content\/uploads\/2026\/03\/El-huerto-que-siempre-quisiste-tener-en-Asturias-768x422.jpg 768w, https:\/\/eldigitaldeasturias.com\/radio\/wp-content\/uploads\/2026\/03\/El-huerto-que-siempre-quisiste-tener-en-Asturias-150x83.jpg 150w, https:\/\/eldigitaldeasturias.com\/radio\/wp-content\/uploads\/2026\/03\/El-huerto-que-siempre-quisiste-tener-en-Asturias-450x248.jpg 450w, https:\/\/eldigitaldeasturias.com\/radio\/wp-content\/uploads\/2026\/03\/El-huerto-que-siempre-quisiste-tener-en-Asturias-1200x660.jpg 1200w, https:\/\/eldigitaldeasturias.com\/radio\/wp-content\/uploads\/2026\/03\/El-huerto-que-siempre-quisiste-tener-en-Asturias.jpg 1260w\" \/><\/a>\t\t\t\n\t\t\t\n\t\t\t\n\t\t\t\n\t\t\n\t\t<\/div>\n\t\n\n\t\n\t\t<div class=\"content\">\n\n\t\t\t<div class=\"post-meta post-meta-a post-meta-left\"><h4 class=\"is-title post-title\"><a href=\"https:\/\/eldigitaldeasturias.com\/radio\/el-huerto-que-siempre-quisiste-tener-en-asturias\/\">El huerto que siempre quisiste tener en Asturias<\/a><\/h4><\/div>\t\t\t\n\t\t\t\n\t\t\t\n\t\t<\/div>\n\n\t\n<\/article>\t\n\t\t\n\t<\/div>\n\n\t\t\t<\/div>\n\n\n\t\t\t\t<\/div>\n\n\t\t<\/section>\n\t\t\t\t\t\t<\/div>\n\t\t\t\t<\/div>\n\t\t\t\t\t<\/div>\n\t\t<\/div>\n\t\t\t\t<div class=\"elementor-column elementor-col-33 elementor-top-column elementor-element elementor-element-7af88029\" data-id=\"7af88029\" data-element_type=\"column\" data-e-type=\"column\">\n\t\t\t<div class=\"elementor-widget-wrap elementor-element-populated\">\n\t\t\t\t\t\t<div class=\"elementor-element elementor-element-644a776a elementor-widget elementor-widget-smartmag-highlights\" data-id=\"644a776a\" data-element_type=\"widget\" data-e-type=\"widget\" data-widget_type=\"smartmag-highlights.default\">\n\t\t\t\t<div class=\"elementor-widget-container\">\n\t\t\t\t\t\t\t<section class=\"block-wrap block-highlights block-sc mb-none\" data-id=\"19\" data-is-mixed=\"1\">\n\n\t\t\t\t\t\t\t\t\n\t\t\t\t\t\t\t\n\t\t\t\t<div class=\"block-head block-head-ac block-head-e block-head-e2 is-left\">\n\n\t\t\t\t\t<h4 class=\"heading\">SALUD<\/h4>\t\t\t\t\t\n\t\t\t\t\t\t\t\t\t<\/div>\n\t\t\t\t\n\t\t\t\n\t\t\t\n\t\t\t<div class=\"block-content\">\n\t\t\t\t\t\n\t<div class=\"loops-mixed\">\n\t\t\t\n\t<div class=\"loop loop-grid loop-grid-base grid grid-1 md:grid-1 xs:grid-1\">\n\n\t\t\t\t\t\n<article class=\"l-post grid-post grid-base-post\">\n\n\t\n\t\t\t<div class=\"media\">\n\n\t\t\n\t\t\t<a href=\"https:\/\/eldigitaldeasturias.com\/radio\/asturias-amplia-la-atencion-bucodental-gratuita\/\" class=\"image-link media-ratio ratio-16-9\" title=\"Asturias ampl\u00eda la atenci\u00f3n bucodental gratuita\"><img loading=\"lazy\" decoding=\"async\" width=\"377\" height=\"212\" src=\"https:\/\/eldigitaldeasturias.com\/radio\/wp-content\/uploads\/2026\/03\/Asturias-amplia-la-atencion-bucodental-gratuita-450x336.jpg\" class=\"attachment-bunyad-medium size-bunyad-medium wp-post-image\" alt=\"Asturias ampl\u00eda la atenci\u00f3n bucodental gratuita\" sizes=\"(max-width: 377px) 100vw, 377px\" title=\"Asturias ampl\u00eda la atenci\u00f3n bucodental gratuita\" srcset=\"https:\/\/eldigitaldeasturias.com\/radio\/wp-content\/uploads\/2026\/03\/Asturias-amplia-la-atencion-bucodental-gratuita-450x336.jpg 450w, https:\/\/eldigitaldeasturias.com\/radio\/wp-content\/uploads\/2026\/03\/Asturias-amplia-la-atencion-bucodental-gratuita-360x268.jpg 360w, https:\/\/eldigitaldeasturias.com\/radio\/wp-content\/uploads\/2026\/03\/Asturias-amplia-la-atencion-bucodental-gratuita-644x480.jpg 644w, https:\/\/eldigitaldeasturias.com\/radio\/wp-content\/uploads\/2026\/03\/Asturias-amplia-la-atencion-bucodental-gratuita-768x573.jpg 768w, https:\/\/eldigitaldeasturias.com\/radio\/wp-content\/uploads\/2026\/03\/Asturias-amplia-la-atencion-bucodental-gratuita.jpg 1144w\" \/><\/a>\t\t\t\n\t\t\t\n\t\t\t\n\t\t\t\n\t\t\n\t\t<\/div>\n\t\n\n\t\n\t\t<div class=\"content\">\n\n\t\t\t<div class=\"post-meta post-meta-a\"><h2 class=\"is-title post-title\"><a href=\"https:\/\/eldigitaldeasturias.com\/radio\/asturias-amplia-la-atencion-bucodental-gratuita\/\">Asturias ampl\u00eda la atenci\u00f3n bucodental gratuita<\/a><\/h2><\/div>\t\t\t\n\t\t\t\t\t\t\n\t\t\t\t<div class=\"excerpt\">\n\t\t\t\t\t<p>Asturias ampl\u00eda la atenci\u00f3n bucodental gratuita a menores de 18&hellip;<\/p>\n\t\t\t\t<\/div>\n\t\t\t\n\t\t\t\n\t\t\t\n\t\t<\/div>\n\n\t\n<\/article>\t\t\n\t<\/div>\n\n\t\t\n\n\t<div class=\"loop loop-small loop-small-a loop-sep loop-small-sep grid grid-1 md:grid-1 sm:grid-1 xs:grid-1\">\n\n\t\t\t\t\t\n<article class=\"l-post small-post small-a-post m-pos-left\">\n\n\t\n\t\t\t<div class=\"media\">\n\n\t\t\n\t\t\t<a href=\"https:\/\/eldigitaldeasturias.com\/radio\/el-sespa-pone-en-servicio-tres-ambulancias-adaptadas\/\" class=\"image-link media-ratio ar-bunyad-thumb\" title=\"El Sespa pone en servicio tres ambulancias adaptadas\"><img loading=\"lazy\" decoding=\"async\" width=\"110\" height=\"76\" src=\"https:\/\/eldigitaldeasturias.com\/radio\/wp-content\/uploads\/2026\/03\/El-Sespa-pone-en-servicio-tres-ambulancias-adaptadas-360x268.jpg\" class=\"attachment-medium size-medium wp-post-image\" alt=\"El Sespa pone en servicio tres ambulancias adaptadas\" sizes=\"(max-width: 110px) 100vw, 110px\" title=\"El Sespa pone en servicio tres ambulancias adaptadas\" srcset=\"https:\/\/eldigitaldeasturias.com\/radio\/wp-content\/uploads\/2026\/03\/El-Sespa-pone-en-servicio-tres-ambulancias-adaptadas-360x268.jpg 360w, https:\/\/eldigitaldeasturias.com\/radio\/wp-content\/uploads\/2026\/03\/El-Sespa-pone-en-servicio-tres-ambulancias-adaptadas-644x480.jpg 644w, https:\/\/eldigitaldeasturias.com\/radio\/wp-content\/uploads\/2026\/03\/El-Sespa-pone-en-servicio-tres-ambulancias-adaptadas-768x573.jpg 768w, https:\/\/eldigitaldeasturias.com\/radio\/wp-content\/uploads\/2026\/03\/El-Sespa-pone-en-servicio-tres-ambulancias-adaptadas-150x112.jpg 150w, https:\/\/eldigitaldeasturias.com\/radio\/wp-content\/uploads\/2026\/03\/El-Sespa-pone-en-servicio-tres-ambulancias-adaptadas-450x336.jpg 450w, https:\/\/eldigitaldeasturias.com\/radio\/wp-content\/uploads\/2026\/03\/El-Sespa-pone-en-servicio-tres-ambulancias-adaptadas.jpg 1137w\" \/><\/a>\t\t\t\n\t\t\t\n\t\t\t\n\t\t\t\n\t\t\n\t\t<\/div>\n\t\n\n\t\n\t\t<div class=\"content\">\n\n\t\t\t<div class=\"post-meta post-meta-a post-meta-left\"><h4 class=\"is-title post-title\"><a href=\"https:\/\/eldigitaldeasturias.com\/radio\/el-sespa-pone-en-servicio-tres-ambulancias-adaptadas\/\">El Sespa pone en servicio tres ambulancias adaptadas<\/a><\/h4><\/div>\t\t\t\n\t\t\t\n\t\t\t\n\t\t<\/div>\n\n\t\n<\/article>\t\n\t\t\t\t\t\n<article class=\"l-post small-post small-a-post m-pos-left\">\n\n\t\n\t\t\t<div class=\"media\">\n\n\t\t\n\t\t\t<a href=\"https:\/\/eldigitaldeasturias.com\/radio\/la-seguridad-social-endurece-el-acceso-a-la-incapacidad-permanente-en-2026-los-errores-que-mas-denegaciones-provocan\/\" class=\"image-link media-ratio ar-bunyad-thumb\" title=\"La Seguridad Social endurece el acceso a la incapacidad permanente en 2026: los errores que m\u00e1s denegaciones provocan\"><img loading=\"lazy\" decoding=\"async\" width=\"110\" height=\"76\" src=\"https:\/\/eldigitaldeasturias.com\/radio\/wp-content\/uploads\/2026\/03\/La-Seguridad-Social-endurece-el-acceso-a-la-incapacidad-permanente-en-2026-360x240.jpg\" class=\"attachment-medium size-medium wp-post-image\" alt=\"La Seguridad Social endurece el acceso a la incapacidad permanente en 2026\" sizes=\"(max-width: 110px) 100vw, 110px\" title=\"La Seguridad Social endurece el acceso a la incapacidad permanente en 2026: los errores que m\u00e1s denegaciones provocan\" srcset=\"https:\/\/eldigitaldeasturias.com\/radio\/wp-content\/uploads\/2026\/03\/La-Seguridad-Social-endurece-el-acceso-a-la-incapacidad-permanente-en-2026-360x240.jpg 360w, https:\/\/eldigitaldeasturias.com\/radio\/wp-content\/uploads\/2026\/03\/La-Seguridad-Social-endurece-el-acceso-a-la-incapacidad-permanente-en-2026-150x100.jpg 150w, https:\/\/eldigitaldeasturias.com\/radio\/wp-content\/uploads\/2026\/03\/La-Seguridad-Social-endurece-el-acceso-a-la-incapacidad-permanente-en-2026-450x300.jpg 450w, https:\/\/eldigitaldeasturias.com\/radio\/wp-content\/uploads\/2026\/03\/La-Seguridad-Social-endurece-el-acceso-a-la-incapacidad-permanente-en-2026.jpg 624w\" \/><\/a>\t\t\t\n\t\t\t\n\t\t\t\n\t\t\t\n\t\t\n\t\t<\/div>\n\t\n\n\t\n\t\t<div class=\"content\">\n\n\t\t\t<div class=\"post-meta post-meta-a post-meta-left\"><h4 class=\"is-title post-title\"><a href=\"https:\/\/eldigitaldeasturias.com\/radio\/la-seguridad-social-endurece-el-acceso-a-la-incapacidad-permanente-en-2026-los-errores-que-mas-denegaciones-provocan\/\">La Seguridad Social endurece el acceso a la incapacidad permanente en 2026: los errores que m\u00e1s denegaciones provocan<\/a><\/h4><\/div>\t\t\t\n\t\t\t\n\t\t\t\n\t\t<\/div>\n\n\t\n<\/article>\t\n\t\t\t\t\t\n<article class=\"l-post small-post small-a-post m-pos-left\">\n\n\t\n\t\t\t<div class=\"media\">\n\n\t\t\n\t\t\t<a href=\"https:\/\/eldigitaldeasturias.com\/radio\/la-teledermatologia-con-ia-llega-al-oriente-de-asturias\/\" class=\"image-link media-ratio ar-bunyad-thumb\" title=\"La teledermatolog\u00eda con IA llega al Oriente de Asturias\"><img loading=\"lazy\" decoding=\"async\" width=\"110\" height=\"76\" src=\"https:\/\/eldigitaldeasturias.com\/radio\/wp-content\/uploads\/2026\/03\/La-teledermatologia-con-IA-llega-al-Oriente-de-Asturias-360x268.jpg\" class=\"attachment-medium size-medium wp-post-image\" alt=\"La teledermatolog\u00eda con IA llega al Oriente de Asturias\" sizes=\"(max-width: 110px) 100vw, 110px\" title=\"La teledermatolog\u00eda con IA llega al Oriente de Asturias\" srcset=\"https:\/\/eldigitaldeasturias.com\/radio\/wp-content\/uploads\/2026\/03\/La-teledermatologia-con-IA-llega-al-Oriente-de-Asturias-360x268.jpg 360w, https:\/\/eldigitaldeasturias.com\/radio\/wp-content\/uploads\/2026\/03\/La-teledermatologia-con-IA-llega-al-Oriente-de-Asturias-644x480.jpg 644w, https:\/\/eldigitaldeasturias.com\/radio\/wp-content\/uploads\/2026\/03\/La-teledermatologia-con-IA-llega-al-Oriente-de-Asturias-768x572.jpg 768w, https:\/\/eldigitaldeasturias.com\/radio\/wp-content\/uploads\/2026\/03\/La-teledermatologia-con-IA-llega-al-Oriente-de-Asturias-150x112.jpg 150w, https:\/\/eldigitaldeasturias.com\/radio\/wp-content\/uploads\/2026\/03\/La-teledermatologia-con-IA-llega-al-Oriente-de-Asturias-450x335.jpg 450w, https:\/\/eldigitaldeasturias.com\/radio\/wp-content\/uploads\/2026\/03\/La-teledermatologia-con-IA-llega-al-Oriente-de-Asturias.jpg 1129w\" \/><\/a>\t\t\t\n\t\t\t\n\t\t\t\n\t\t\t\n\t\t\n\t\t<\/div>\n\t\n\n\t\n\t\t<div class=\"content\">\n\n\t\t\t<div class=\"post-meta post-meta-a post-meta-left\"><h4 class=\"is-title post-title\"><a href=\"https:\/\/eldigitaldeasturias.com\/radio\/la-teledermatologia-con-ia-llega-al-oriente-de-asturias\/\">La teledermatolog\u00eda con IA llega al Oriente de Asturias<\/a><\/h4><\/div>\t\t\t\n\t\t\t\n\t\t\t\n\t\t<\/div>\n\n\t\n<\/article>\t\n\t\t\n\t<\/div>\n\n\t\t\t<\/div>\n\n\n\t\t\t\t<\/div>\n\n\t\t<\/section>\n\t\t\t\t\t\t<\/div>\n\t\t\t\t<\/div>\n\t\t\t\t\t<\/div>\n\t\t<\/div>\n\t\t\t\t<div class=\"elementor-column elementor-col-33 elementor-top-column elementor-element elementor-element-41f50971\" data-id=\"41f50971\" data-element_type=\"column\" data-e-type=\"column\">\n\t\t\t<div class=\"elementor-widget-wrap elementor-element-populated\">\n\t\t\t\t\t\t<div class=\"elementor-element elementor-element-fae1ec1 elementor-widget elementor-widget-smartmag-highlights\" data-id=\"fae1ec1\" data-element_type=\"widget\" data-e-type=\"widget\" data-widget_type=\"smartmag-highlights.default\">\n\t\t\t\t<div class=\"elementor-widget-container\">\n\t\t\t\t\t\t\t<section class=\"block-wrap block-highlights block-sc mb-none\" data-id=\"22\" data-is-mixed=\"1\">\n\n\t\t\t\t\t\t\t\t\n\t\t\t\t\t\t\t\n\t\t\t\t<div class=\"block-head block-head-ac block-head-e block-head-e2 is-left\">\n\n\t\t\t\t\t<h4 class=\"heading\">VARIEDADES<\/h4>\t\t\t\t\t\n\t\t\t\t\t\t\t\t\t<\/div>\n\t\t\t\t\n\t\t\t\n\t\t\t\n\t\t\t<div class=\"block-content\">\n\t\t\t\t\t\n\t<div class=\"loops-mixed\">\n\t\t\t\n\t<div class=\"loop loop-grid loop-grid-base grid grid-1 md:grid-1 xs:grid-1\">\n\n\t\t\t\t\t\n<article class=\"l-post grid-post grid-base-post\">\n\n\t\n\t\t\t<div class=\"media\">\n\n\t\t\n\t\t\t<a href=\"https:\/\/eldigitaldeasturias.com\/radio\/por-que-la-madera-es-el-alma-de-cualquier-guitarra\/\" class=\"image-link media-ratio ratio-16-9\" title=\"Por qu\u00e9 la madera es el alma de cualquier guitarra\"><img loading=\"lazy\" decoding=\"async\" width=\"377\" height=\"212\" src=\"https:\/\/eldigitaldeasturias.com\/radio\/wp-content\/uploads\/2026\/04\/Por-que-la-madera-es-el-alma-de-cualquier-guitarra-450x300.jpg\" class=\"attachment-bunyad-medium size-bunyad-medium wp-post-image\" alt=\"Por qu\u00e9 la madera es el alma de cualquier guitarra\" sizes=\"(max-width: 377px) 100vw, 377px\" title=\"Por qu\u00e9 la madera es el alma de cualquier guitarra\" srcset=\"https:\/\/eldigitaldeasturias.com\/radio\/wp-content\/uploads\/2026\/04\/Por-que-la-madera-es-el-alma-de-cualquier-guitarra-450x300.jpg 450w, https:\/\/eldigitaldeasturias.com\/radio\/wp-content\/uploads\/2026\/04\/Por-que-la-madera-es-el-alma-de-cualquier-guitarra-360x240.jpg 360w, https:\/\/eldigitaldeasturias.com\/radio\/wp-content\/uploads\/2026\/04\/Por-que-la-madera-es-el-alma-de-cualquier-guitarra-650x434.jpg 650w, https:\/\/eldigitaldeasturias.com\/radio\/wp-content\/uploads\/2026\/04\/Por-que-la-madera-es-el-alma-de-cualquier-guitarra-768x513.jpg 768w, https:\/\/eldigitaldeasturias.com\/radio\/wp-content\/uploads\/2026\/04\/Por-que-la-madera-es-el-alma-de-cualquier-guitarra-1200x801.jpg 1200w, https:\/\/eldigitaldeasturias.com\/radio\/wp-content\/uploads\/2026\/04\/Por-que-la-madera-es-el-alma-de-cualquier-guitarra.jpg 1246w\" \/><\/a>\t\t\t\n\t\t\t\n\t\t\t\n\t\t\t\n\t\t\n\t\t<\/div>\n\t\n\n\t\n\t\t<div class=\"content\">\n\n\t\t\t<div class=\"post-meta post-meta-a\"><h2 class=\"is-title post-title\"><a href=\"https:\/\/eldigitaldeasturias.com\/radio\/por-que-la-madera-es-el-alma-de-cualquier-guitarra\/\">Por qu\u00e9 la madera es el alma de cualquier guitarra<\/a><\/h2><\/div>\t\t\t\n\t\t\t\t\t\t\n\t\t\t\t<div class=\"excerpt\">\n\t\t\t\t\t<p>Detr\u00e1s de cada nota hay una decisi\u00f3n tomada mucho antes&hellip;<\/p>\n\t\t\t\t<\/div>\n\t\t\t\n\t\t\t\n\t\t\t\n\t\t<\/div>\n\n\t\n<\/article>\t\t\n\t<\/div>\n\n\t\t\n\n\t<div class=\"loop loop-small loop-small-a loop-sep loop-small-sep grid grid-1 md:grid-1 sm:grid-1 xs:grid-1\">\n\n\t\t\t\t\t\n<article class=\"l-post small-post small-a-post m-pos-left\">\n\n\t\n\t\t\t<div class=\"media\">\n\n\t\t\n\t\t\t<a href=\"https:\/\/eldigitaldeasturias.com\/radio\/los-foros-vuelven-comunidad-libre-sin-algoritmos\/\" class=\"image-link media-ratio ar-bunyad-thumb\" title=\"Los foros vuelven: comunidad libre sin algoritmos\"><img loading=\"lazy\" decoding=\"async\" width=\"110\" height=\"76\" src=\"https:\/\/eldigitaldeasturias.com\/radio\/wp-content\/uploads\/2026\/04\/Los-foros-vuelven-comunidad-libre-sin-algoritmos-360x239.jpg\" class=\"attachment-medium size-medium wp-post-image\" alt=\"Los foros vuelven: comunidad libre sin algoritmos\" sizes=\"(max-width: 110px) 100vw, 110px\" title=\"Los foros vuelven: comunidad libre sin algoritmos\" srcset=\"https:\/\/eldigitaldeasturias.com\/radio\/wp-content\/uploads\/2026\/04\/Los-foros-vuelven-comunidad-libre-sin-algoritmos-360x239.jpg 360w, https:\/\/eldigitaldeasturias.com\/radio\/wp-content\/uploads\/2026\/04\/Los-foros-vuelven-comunidad-libre-sin-algoritmos-650x432.jpg 650w, https:\/\/eldigitaldeasturias.com\/radio\/wp-content\/uploads\/2026\/04\/Los-foros-vuelven-comunidad-libre-sin-algoritmos-768x510.jpg 768w, https:\/\/eldigitaldeasturias.com\/radio\/wp-content\/uploads\/2026\/04\/Los-foros-vuelven-comunidad-libre-sin-algoritmos-150x100.jpg 150w, https:\/\/eldigitaldeasturias.com\/radio\/wp-content\/uploads\/2026\/04\/Los-foros-vuelven-comunidad-libre-sin-algoritmos-450x299.jpg 450w, https:\/\/eldigitaldeasturias.com\/radio\/wp-content\/uploads\/2026\/04\/Los-foros-vuelven-comunidad-libre-sin-algoritmos-1200x797.jpg 1200w, https:\/\/eldigitaldeasturias.com\/radio\/wp-content\/uploads\/2026\/04\/Los-foros-vuelven-comunidad-libre-sin-algoritmos.jpg 1249w\" \/><\/a>\t\t\t\n\t\t\t\n\t\t\t\n\t\t\t\n\t\t\n\t\t<\/div>\n\t\n\n\t\n\t\t<div class=\"content\">\n\n\t\t\t<div class=\"post-meta post-meta-a post-meta-left\"><h4 class=\"is-title post-title\"><a href=\"https:\/\/eldigitaldeasturias.com\/radio\/los-foros-vuelven-comunidad-libre-sin-algoritmos\/\">Los foros vuelven: comunidad libre sin algoritmos<\/a><\/h4><\/div>\t\t\t\n\t\t\t\n\t\t\t\n\t\t<\/div>\n\n\t\n<\/article>\t\n\t\t\t\t\t\n<article class=\"l-post small-post small-a-post m-pos-left\">\n\n\t\n\t\t\t<div class=\"media\">\n\n\t\t\n\t\t\t<a href=\"https:\/\/eldigitaldeasturias.com\/radio\/actividades-al-aire-libre-para-disfrutar-en-familia\/\" class=\"image-link media-ratio ar-bunyad-thumb\" title=\"Actividades al aire libre para disfrutar en familia\"><img loading=\"lazy\" decoding=\"async\" width=\"110\" height=\"76\" src=\"https:\/\/eldigitaldeasturias.com\/radio\/wp-content\/uploads\/2026\/03\/Actividades-al-aire-libre-para-disfrutar-en-familia-360x195.jpg\" class=\"attachment-medium size-medium wp-post-image\" alt=\"Actividades al aire libre para disfrutar en familia\" sizes=\"(max-width: 110px) 100vw, 110px\" title=\"Actividades al aire libre para disfrutar en familia\" srcset=\"https:\/\/eldigitaldeasturias.com\/radio\/wp-content\/uploads\/2026\/03\/Actividades-al-aire-libre-para-disfrutar-en-familia-360x195.jpg 360w, https:\/\/eldigitaldeasturias.com\/radio\/wp-content\/uploads\/2026\/03\/Actividades-al-aire-libre-para-disfrutar-en-familia-650x353.jpg 650w, https:\/\/eldigitaldeasturias.com\/radio\/wp-content\/uploads\/2026\/03\/Actividades-al-aire-libre-para-disfrutar-en-familia-768x417.jpg 768w, https:\/\/eldigitaldeasturias.com\/radio\/wp-content\/uploads\/2026\/03\/Actividades-al-aire-libre-para-disfrutar-en-familia-150x81.jpg 150w, https:\/\/eldigitaldeasturias.com\/radio\/wp-content\/uploads\/2026\/03\/Actividades-al-aire-libre-para-disfrutar-en-familia-450x244.jpg 450w, https:\/\/eldigitaldeasturias.com\/radio\/wp-content\/uploads\/2026\/03\/Actividades-al-aire-libre-para-disfrutar-en-familia-1200x651.jpg 1200w, https:\/\/eldigitaldeasturias.com\/radio\/wp-content\/uploads\/2026\/03\/Actividades-al-aire-libre-para-disfrutar-en-familia.jpg 1259w\" \/><\/a>\t\t\t\n\t\t\t\n\t\t\t\n\t\t\t\n\t\t\n\t\t<\/div>\n\t\n\n\t\n\t\t<div class=\"content\">\n\n\t\t\t<div class=\"post-meta post-meta-a post-meta-left\"><h4 class=\"is-title post-title\"><a href=\"https:\/\/eldigitaldeasturias.com\/radio\/actividades-al-aire-libre-para-disfrutar-en-familia\/\">Actividades al aire libre para disfrutar en familia<\/a><\/h4><\/div>\t\t\t\n\t\t\t\n\t\t\t\n\t\t<\/div>\n\n\t\n<\/article>\t\n\t\t\t\t\t\n<article class=\"l-post small-post small-a-post m-pos-left\">\n\n\t\n\t\t\t<div class=\"media\">\n\n\t\t\n\t\t\t<a href=\"https:\/\/eldigitaldeasturias.com\/radio\/karaoke-urbano-el-escenario-del-ocio-nocturno\/\" class=\"image-link media-ratio ar-bunyad-thumb\" title=\"Karaoke urbano: el escenario del ocio nocturno\"><img loading=\"lazy\" decoding=\"async\" width=\"110\" height=\"76\" src=\"https:\/\/eldigitaldeasturias.com\/radio\/wp-content\/uploads\/2026\/03\/Karaoke-urbano-360x241.jpg\" class=\"attachment-medium size-medium wp-post-image\" alt=\"Karaoke urbano\" sizes=\"(max-width: 110px) 100vw, 110px\" title=\"Karaoke urbano: el escenario del ocio nocturno\" srcset=\"https:\/\/eldigitaldeasturias.com\/radio\/wp-content\/uploads\/2026\/03\/Karaoke-urbano-360x241.jpg 360w, https:\/\/eldigitaldeasturias.com\/radio\/wp-content\/uploads\/2026\/03\/Karaoke-urbano-650x435.jpg 650w, https:\/\/eldigitaldeasturias.com\/radio\/wp-content\/uploads\/2026\/03\/Karaoke-urbano-768x514.jpg 768w, https:\/\/eldigitaldeasturias.com\/radio\/wp-content\/uploads\/2026\/03\/Karaoke-urbano-150x100.jpg 150w, https:\/\/eldigitaldeasturias.com\/radio\/wp-content\/uploads\/2026\/03\/Karaoke-urbano-450x301.jpg 450w, https:\/\/eldigitaldeasturias.com\/radio\/wp-content\/uploads\/2026\/03\/Karaoke-urbano-1200x804.jpg 1200w, https:\/\/eldigitaldeasturias.com\/radio\/wp-content\/uploads\/2026\/03\/Karaoke-urbano.jpg 1244w\" \/><\/a>\t\t\t\n\t\t\t\n\t\t\t\n\t\t\t\n\t\t\n\t\t<\/div>\n\t\n\n\t\n\t\t<div class=\"content\">\n\n\t\t\t<div class=\"post-meta post-meta-a post-meta-left\"><h4 class=\"is-title post-title\"><a href=\"https:\/\/eldigitaldeasturias.com\/radio\/karaoke-urbano-el-escenario-del-ocio-nocturno\/\">Karaoke urbano: el escenario del ocio nocturno<\/a><\/h4><\/div>\t\t\t\n\t\t\t\n\t\t\t\n\t\t<\/div>\n\n\t\n<\/article>\t\n\t\t\n\t<\/div>\n\n\t\t\t<\/div>\n\n\n\t\t\t\t<\/div>\n\n\t\t<\/section>\n\t\t\t\t\t\t<\/div>\n\t\t\t\t<\/div>\n\t\t\t\t\t<\/div>\n\t\t<\/div>\n\t\t\t\t\t<\/div>\n\t\t<\/section>\n\t\t\t\t<section class=\"has-el-gap el-gap-default elementor-section elementor-top-section elementor-element elementor-element-27346bde elementor-section-boxed elementor-section-height-default elementor-section-height-default\" data-id=\"27346bde\" data-element_type=\"section\" data-e-type=\"section\">\n\t\t\t\t\t\t<div class=\"elementor-container elementor-column-gap-no\">\n\t\t\t\t\t<div class=\"elementor-column elementor-col-100 elementor-top-column elementor-element elementor-element-3af1f9ef\" data-id=\"3af1f9ef\" data-element_type=\"column\" data-e-type=\"column\">\n\t\t\t<div class=\"elementor-widget-wrap elementor-element-populated\">\n\t\t\t\t\t\t<div class=\"elementor-element elementor-element-13a3e03b elementor-widget elementor-widget-smartmag-grid\" data-id=\"13a3e03b\" data-element_type=\"widget\" data-e-type=\"widget\" data-widget_type=\"smartmag-grid.default\">\n\t\t\t\t<div class=\"elementor-widget-container\">\n\t\t\t\t\t\t\t<section class=\"block-wrap block-grid block-sc mb-none\" data-id=\"25\">\n\n\t\t\t\t\t\t\t\t\n\t\t\t\t\t\t\t\n\t\t\t\t<div class=\"block-head block-head-ac block-head-a block-head-a1 is-left\">\n\n\t\t\t\t\t<h4 class=\"heading\">NEGOCIOS Y <span class=\"color\">EMPRESAS<\/span><\/h4>\t\t\t\t\t\n\t\t\t\t\t\t\t\t\t<\/div>\n\t\t\t\t\n\t\t\t\n\t\t\t\n\t\t\t<div class=\"block-content\">\n\t\t\t\t\t\n\t<div class=\"loop loop-grid loop-grid-base grid grid-4 md:grid-2 xs:grid-1\">\n\n\t\t\t\t\t\n<article class=\"l-post grid-post grid-base-post\">\n\n\t\n\t\t\t<div class=\"media\">\n\n\t\t\n\t\t\t<a href=\"https:\/\/eldigitaldeasturias.com\/radio\/sancorganic-avanza-en-la-industrializacion-del-pistacho-y-refuerza-su-posicionamiento-en-espana\/\" class=\"image-link media-ratio ratio-1-1\" title=\"Sancorganic avanza en la industrializaci\u00f3n del pistacho y refuerza su posicionamiento en Espa\u00f1a\"><img loading=\"lazy\" decoding=\"async\" width=\"377\" height=\"377\" src=\"https:\/\/eldigitaldeasturias.com\/radio\/wp-content\/uploads\/2026\/04\/Sancorganic-avanza-en-la-industrializacion-del-pistacho-y-refuerza-su-posicionamiento-en-Espana-450x308.jpg\" class=\"attachment-bunyad-medium size-bunyad-medium wp-post-image\" alt=\"Sancorganic avanza en la industrializaci\u00f3n del pistacho y refuerza su posicionamiento en Espa\u00f1a\" sizes=\"(max-width: 377px) 100vw, 377px\" title=\"Sancorganic avanza en la industrializaci\u00f3n del pistacho y refuerza su posicionamiento en Espa\u00f1a\" srcset=\"https:\/\/eldigitaldeasturias.com\/radio\/wp-content\/uploads\/2026\/04\/Sancorganic-avanza-en-la-industrializacion-del-pistacho-y-refuerza-su-posicionamiento-en-Espana-650x444.jpg 650w, https:\/\/eldigitaldeasturias.com\/radio\/wp-content\/uploads\/2026\/04\/Sancorganic-avanza-en-la-industrializacion-del-pistacho-y-refuerza-su-posicionamiento-en-Espana-768x525.jpg 768w, https:\/\/eldigitaldeasturias.com\/radio\/wp-content\/uploads\/2026\/04\/Sancorganic-avanza-en-la-industrializacion-del-pistacho-y-refuerza-su-posicionamiento-en-Espana.jpg 1201w\" \/><\/a>\t\t\t\n\t\t\t\n\t\t\t\n\t\t\t\n\t\t\n\t\t<\/div>\n\t\n\n\t\n\t\t<div class=\"content\">\n\n\t\t\t<div class=\"post-meta post-meta-a\"><h2 class=\"is-title post-title limit-lines l-lines-2\"><a href=\"https:\/\/eldigitaldeasturias.com\/radio\/sancorganic-avanza-en-la-industrializacion-del-pistacho-y-refuerza-su-posicionamiento-en-espana\/\">Sancorganic avanza en la industrializaci\u00f3n del pistacho y refuerza su posicionamiento en Espa\u00f1a<\/a><\/h2><\/div>\t\t\t\n\t\t\t\n\t\t\t\n\t\t<\/div>\n\n\t\n<\/article>\t\t\t\t\t\n<article class=\"l-post grid-post grid-base-post\">\n\n\t\n\t\t\t<div class=\"media\">\n\n\t\t\n\t\t\t<a href=\"https:\/\/eldigitaldeasturias.com\/radio\/centervol-maintenance-preve-invertir-20-millones-en-silvota\/\" class=\"image-link media-ratio ratio-1-1\" title=\"Centervol Maintenance prev\u00e9 invertir 20 millones en Silvota\"><img loading=\"lazy\" decoding=\"async\" width=\"377\" height=\"377\" src=\"https:\/\/eldigitaldeasturias.com\/radio\/wp-content\/uploads\/2026\/04\/Centervol-Maintenance-preve-invertir-20-millones-en-Silvota-450x333.jpg\" class=\"attachment-bunyad-medium size-bunyad-medium wp-post-image\" alt=\"Centervol Maintenance prev\u00e9 invertir 20 millones en Silvota\" sizes=\"(max-width: 377px) 100vw, 377px\" title=\"Centervol Maintenance prev\u00e9 invertir 20 millones en Silvota\" srcset=\"https:\/\/eldigitaldeasturias.com\/radio\/wp-content\/uploads\/2026\/04\/Centervol-Maintenance-preve-invertir-20-millones-en-Silvota-450x333.jpg 450w, https:\/\/eldigitaldeasturias.com\/radio\/wp-content\/uploads\/2026\/04\/Centervol-Maintenance-preve-invertir-20-millones-en-Silvota-650x480.jpg 650w, https:\/\/eldigitaldeasturias.com\/radio\/wp-content\/uploads\/2026\/04\/Centervol-Maintenance-preve-invertir-20-millones-en-Silvota-768x568.jpg 768w, https:\/\/eldigitaldeasturias.com\/radio\/wp-content\/uploads\/2026\/04\/Centervol-Maintenance-preve-invertir-20-millones-en-Silvota.jpg 1131w\" \/><\/a>\t\t\t\n\t\t\t\n\t\t\t\n\t\t\t\n\t\t\n\t\t<\/div>\n\t\n\n\t\n\t\t<div class=\"content\">\n\n\t\t\t<div class=\"post-meta post-meta-a\"><h2 class=\"is-title post-title limit-lines l-lines-2\"><a href=\"https:\/\/eldigitaldeasturias.com\/radio\/centervol-maintenance-preve-invertir-20-millones-en-silvota\/\">Centervol Maintenance prev\u00e9 invertir 20 millones en Silvota<\/a><\/h2><\/div>\t\t\t\n\t\t\t\n\t\t\t\n\t\t<\/div>\n\n\t\n<\/article>\t\t\t\t\t\n<article class=\"l-post grid-post grid-base-post\">\n\n\t\n\t\t\t<div class=\"media\">\n\n\t\t\n\t\t\t<a href=\"https:\/\/eldigitaldeasturias.com\/radio\/montar-un-negocio-desde-cero-el-orden-que-cambia-todo\/\" class=\"image-link media-ratio ratio-1-1\" title=\"Montar un negocio desde cero: el orden que cambia todo\"><img loading=\"lazy\" decoding=\"async\" width=\"377\" height=\"377\" src=\"https:\/\/eldigitaldeasturias.com\/radio\/wp-content\/uploads\/2026\/04\/Montar-un-negocio-desde-cero-450x296.jpg\" class=\"attachment-bunyad-medium size-bunyad-medium wp-post-image\" alt=\"Montar un negocio desde cero\" sizes=\"(max-width: 377px) 100vw, 377px\" title=\"Montar un negocio desde cero: el orden que cambia todo\" srcset=\"https:\/\/eldigitaldeasturias.com\/radio\/wp-content\/uploads\/2026\/04\/Montar-un-negocio-desde-cero-650x427.jpg 650w, https:\/\/eldigitaldeasturias.com\/radio\/wp-content\/uploads\/2026\/04\/Montar-un-negocio-desde-cero-768x504.jpg 768w, https:\/\/eldigitaldeasturias.com\/radio\/wp-content\/uploads\/2026\/04\/Montar-un-negocio-desde-cero-1200x788.jpg 1200w, https:\/\/eldigitaldeasturias.com\/radio\/wp-content\/uploads\/2026\/04\/Montar-un-negocio-desde-cero.jpg 1247w\" \/><\/a>\t\t\t\n\t\t\t\n\t\t\t\n\t\t\t\n\t\t\n\t\t<\/div>\n\t\n\n\t\n\t\t<div class=\"content\">\n\n\t\t\t<div class=\"post-meta post-meta-a\"><h2 class=\"is-title post-title limit-lines l-lines-2\"><a href=\"https:\/\/eldigitaldeasturias.com\/radio\/montar-un-negocio-desde-cero-el-orden-que-cambia-todo\/\">Montar un negocio desde cero: el orden que cambia todo<\/a><\/h2><\/div>\t\t\t\n\t\t\t\n\t\t\t\n\t\t<\/div>\n\n\t\n<\/article>\t\t\t\t\t\n<article class=\"l-post grid-post grid-base-post\">\n\n\t\n\t\t\t<div class=\"media\">\n\n\t\t\n\t\t\t<a href=\"https:\/\/eldigitaldeasturias.com\/radio\/que-raton-usan-los-disenadores-graficos-de-elite\/\" class=\"image-link media-ratio ratio-1-1\" title=\"Qu\u00e9 rat\u00f3n usan los dise\u00f1adores gr\u00e1ficos de \u00e9lite\"><img loading=\"lazy\" decoding=\"async\" width=\"377\" height=\"377\" src=\"https:\/\/eldigitaldeasturias.com\/radio\/wp-content\/uploads\/2026\/04\/Que-raton-usan-los-disenadores-graficos-de-elite-450x249.jpg\" class=\"attachment-bunyad-medium size-bunyad-medium wp-post-image\" alt=\"Qu\u00e9 rat\u00f3n usan los dise\u00f1adores gr\u00e1ficos de \u00e9lite\" sizes=\"(max-width: 377px) 100vw, 377px\" title=\"Qu\u00e9 rat\u00f3n usan los dise\u00f1adores gr\u00e1ficos de \u00e9lite\" srcset=\"https:\/\/eldigitaldeasturias.com\/radio\/wp-content\/uploads\/2026\/04\/Que-raton-usan-los-disenadores-graficos-de-elite-650x360.jpg 650w, https:\/\/eldigitaldeasturias.com\/radio\/wp-content\/uploads\/2026\/04\/Que-raton-usan-los-disenadores-graficos-de-elite-768x425.jpg 768w, https:\/\/eldigitaldeasturias.com\/radio\/wp-content\/uploads\/2026\/04\/Que-raton-usan-los-disenadores-graficos-de-elite-1200x664.jpg 1200w, https:\/\/eldigitaldeasturias.com\/radio\/wp-content\/uploads\/2026\/04\/Que-raton-usan-los-disenadores-graficos-de-elite.jpg 1248w\" \/><\/a>\t\t\t\n\t\t\t\n\t\t\t\n\t\t\t\n\t\t\n\t\t<\/div>\n\t\n\n\t\n\t\t<div class=\"content\">\n\n\t\t\t<div class=\"post-meta post-meta-a\"><h2 class=\"is-title post-title limit-lines l-lines-2\"><a href=\"https:\/\/eldigitaldeasturias.com\/radio\/que-raton-usan-los-disenadores-graficos-de-elite\/\">Qu\u00e9 rat\u00f3n usan los dise\u00f1adores gr\u00e1ficos de \u00e9lite<\/a><\/h2><\/div>\t\t\t\n\t\t\t\n\t\t\t\n\t\t<\/div>\n\n\t\n<\/article>\t\t\n\t<\/div>\n\n\t\t\n\t\t\t<\/div>\n\n\t\t<\/section>\n\t\t\t\t\t\t<\/div>\n\t\t\t\t<\/div>\n\t\t\t\t\t<\/div>\n\t\t<\/div>\n\t\t\t\t\t<\/div>\n\t\t<\/section>\n\t\t\t\t<\/div>\n\t\t","protected":false},"excerpt":{"rendered":"<p>Asturias destaca sus v\u00ednculos hist\u00f3ricos con Le\u00f3n El presidente asturiano destaca en Le\u00f3n los lazos hist\u00f3ricos y sociales entre ambos territorios y el papel de la Casa de Asturias como nexo cultural. El presidente del Principado ha puesto en valor los v\u00ednculos hist\u00f3ricos&hellip; ES NOTICIA Oviedo aspira a ser Capital Europea de la Cultura 2031<\/p>\n","protected":false},"author":1,"featured_media":0,"parent":0,"menu_order":0,"comment_status":"closed","ping_status":"closed","template":"elementor_header_footer","meta":{"footnotes":""},"class_list":["post-568","page","type-page","status-publish"],"aioseo_notices":[],"aioseo_head":"\n\t\t<!-- All in One SEO Pro 4.9.6.2 - aioseo.com -->\n\t<meta name=\"description\" content=\"El Digital de Asturias es un diario de informaci\u00f3n y noticias, ofrecemos reportajes, podcast de radio, ocio, el tiempo, hor\u00f3scopo, turismo y variedades.\" \/>\n\t<meta name=\"robots\" content=\"max-image-preview:large\" \/>\n\t<meta name=\"google-site-verification\" content=\"UA-38556648-1\" \/>\n\t<meta name=\"keywords\" content=\"radio,reportajes,live,negocios,directo,turismo,noticias,variedades,asturias\" \/>\n\t<link rel=\"canonical\" href=\"https:\/\/eldigitaldeasturias.com\/radio\/\" \/>\n\t<meta name=\"generator\" content=\"All in One SEO Pro (AIOSEO) 4.9.6.2\" \/>\n\t\t<meta property=\"og:locale\" content=\"es_ES\" \/>\n\t\t<meta property=\"og:site_name\" content=\"El Digital de Asturias | Diario de informaci\u00f3n y noticias\" \/>\n\t\t<meta property=\"og:type\" content=\"article\" \/>\n\t\t<meta property=\"og:title\" content=\"El Digital de Asturias - Diario de informaci\u00f3n y noticias\" \/>\n\t\t<meta property=\"og:description\" content=\"El Digital de Asturias es un diario de informaci\u00f3n y noticias, ofrecemos reportajes, podcast de radio, ocio, el tiempo, hor\u00f3scopo, turismo y variedades.\" \/>\n\t\t<meta property=\"og:url\" content=\"https:\/\/eldigitaldeasturias.com\/radio\/\" \/>\n\t\t<meta property=\"og:image\" content=\"https:\/\/www.eldigitaldeasturias.com\/radio\/wp-content\/uploads\/2021\/03\/EDA.jpg\" \/>\n\t\t<meta property=\"og:image:secure_url\" content=\"https:\/\/www.eldigitaldeasturias.com\/radio\/wp-content\/uploads\/2021\/03\/EDA.jpg\" \/>\n\t\t<meta property=\"article:published_time\" content=\"2018-04-07T01:15:50+00:00\" \/>\n\t\t<meta property=\"article:modified_time\" content=\"2026-03-21T02:32:06+00:00\" \/>\n\t\t<meta name=\"twitter:card\" content=\"summary_large_image\" \/>\n\t\t<meta name=\"twitter:site\" content=\"@bercodi\" \/>\n\t\t<meta name=\"twitter:title\" content=\"El Digital de Asturias - Diario de informaci\u00f3n y noticias\" \/>\n\t\t<meta name=\"twitter:description\" content=\"El Digital de Asturias es un diario de informaci\u00f3n y noticias, ofrecemos reportajes, podcast de radio, ocio, el tiempo, hor\u00f3scopo, turismo y variedades.\" \/>\n\t\t<meta name=\"twitter:creator\" content=\"@bercodi\" \/>\n\t\t<meta name=\"twitter:image\" content=\"https:\/\/www.eldigitaldeasturias.com\/radio\/wp-content\/uploads\/2021\/03\/EDA.jpg\" \/>\n\t\t<script type=\"application\/ld+json\" class=\"aioseo-schema\">\n\t\t\t{\"@context\":\"https:\\\/\\\/schema.org\",\"@graph\":[{\"@type\":\"BreadcrumbList\",\"@id\":\"https:\\\/\\\/eldigitaldeasturias.com\\\/radio\\\/#breadcrumblist\",\"itemListElement\":[{\"@type\":\"ListItem\",\"@id\":\"https:\\\/\\\/eldigitaldeasturias.com\\\/radio#listItem\",\"position\":1,\"name\":\"Inicio\",\"item\":\"https:\\\/\\\/eldigitaldeasturias.com\\\/radio\",\"nextItem\":{\"@type\":\"ListItem\",\"@id\":\"https:\\\/\\\/eldigitaldeasturias.com\\\/radio\\\/#listItem\",\"name\":\"Radio Online\"}},{\"@type\":\"ListItem\",\"@id\":\"https:\\\/\\\/eldigitaldeasturias.com\\\/radio\\\/#listItem\",\"position\":2,\"name\":\"Radio Online\",\"previousItem\":{\"@type\":\"ListItem\",\"@id\":\"https:\\\/\\\/eldigitaldeasturias.com\\\/radio#listItem\",\"name\":\"Inicio\"}}]},{\"@type\":\"LocalBusiness\",\"@id\":\"https:\\\/\\\/eldigitaldeasturias.com\\\/radio\\\/#localbusiness\",\"name\":\"El digital de Asturias Radio\",\"brand\":{\"@id\":\"https:\\\/\\\/eldigitaldeasturias.com\\\/radio\\\/#organization\"},\"url\":\"https:\\\/\\\/eldigitaldeasturias.com\\\/radio\\\/\",\"image\":\"https:\\\/\\\/www.eldigitaldeasturias.com\\\/radio\\\/wp-content\\\/uploads\\\/2021\\\/03\\\/EDA.jpg\",\"logo\":\"https:\\\/\\\/eldigitaldeasturias.com\\\/radio\\\/#logo\",\"telephone\":\"+34652131393\",\"openingHoursSpecification\":[{\"@type\":\"OpeningHoursSpecification\",\"dayOfWeek\":[\"https:\\\/\\\/schema.org\\\/Monday\"],\"opens\":\"09:00\",\"closes\":\"17:00\"},{\"@type\":\"OpeningHoursSpecification\",\"dayOfWeek\":[\"https:\\\/\\\/schema.org\\\/Tuesday\"],\"opens\":\"09:00\",\"closes\":\"17:00\"},{\"@type\":\"OpeningHoursSpecification\",\"dayOfWeek\":[\"https:\\\/\\\/schema.org\\\/Wednesday\"],\"opens\":\"09:00\",\"closes\":\"17:00\"},{\"@type\":\"OpeningHoursSpecification\",\"dayOfWeek\":[\"https:\\\/\\\/schema.org\\\/Thursday\"],\"opens\":\"09:00\",\"closes\":\"17:00\"},{\"@type\":\"OpeningHoursSpecification\",\"dayOfWeek\":[\"https:\\\/\\\/schema.org\\\/Friday\"],\"opens\":\"09:00\",\"closes\":\"17:00\"},{\"@type\":\"OpeningHoursSpecification\",\"dayOfWeek\":[\"https:\\\/\\\/schema.org\\\/Saturday\"],\"opens\":\"09:00\",\"closes\":\"17:00\"},{\"@type\":\"OpeningHoursSpecification\",\"dayOfWeek\":[\"https:\\\/\\\/schema.org\\\/Sunday\"],\"opens\":\"09:00\",\"closes\":\"17:00\"}]},{\"@type\":\"Organization\",\"@id\":\"https:\\\/\\\/eldigitaldeasturias.com\\\/radio\\\/#organization\",\"name\":\"El digital de Asturias Radio\",\"description\":\"Diario de informaci\\u00f3n y noticias\",\"url\":\"https:\\\/\\\/eldigitaldeasturias.com\\\/radio\\\/\",\"telephone\":\"+34652131393\",\"logo\":{\"@type\":\"ImageObject\",\"url\":\"https:\\\/\\\/www.eldigitaldeasturias.com\\\/radio\\\/wp-content\\\/uploads\\\/2021\\\/03\\\/EDA.jpg\",\"@id\":\"https:\\\/\\\/eldigitaldeasturias.com\\\/radio\\\/#organizationLogo\"},\"image\":{\"@id\":\"https:\\\/\\\/eldigitaldeasturias.com\\\/radio\\\/#organizationLogo\"},\"sameAs\":[\"https:\\\/\\\/www.facebook.com\\\/\",\"https:\\\/\\\/x.com\\\/bercodi\",\"https:\\\/\\\/www.instagram.com\\\/\",\"https:\\\/\\\/www.youtube.com\\\/channel\\\/UCZP-2wLEB9Rv6erhFmqVnvg\"]},{\"@type\":\"Person\",\"@id\":\"https:\\\/\\\/eldigitaldeasturias.com\\\/radio\\\/author\\\/nbasturias\\\/#author\",\"url\":\"https:\\\/\\\/eldigitaldeasturias.com\\\/radio\\\/author\\\/nbasturias\\\/\",\"name\":\"NBAsturias\",\"image\":{\"@type\":\"ImageObject\",\"@id\":\"https:\\\/\\\/eldigitaldeasturias.com\\\/radio\\\/#authorImage\",\"url\":\"https:\\\/\\\/secure.gravatar.com\\\/avatar\\\/df2aeffc32bcd13f8d26072ef8a91b623d677766deac7f97ca815868cd41bf5e?s=96&d=mm&r=g\",\"width\":96,\"height\":96,\"caption\":\"NBAsturias\"}},{\"@type\":\"WebPage\",\"@id\":\"https:\\\/\\\/eldigitaldeasturias.com\\\/radio\\\/#webpage\",\"url\":\"https:\\\/\\\/eldigitaldeasturias.com\\\/radio\\\/\",\"name\":\"El Digital de Asturias - Diario de informaci\\u00f3n y noticias\",\"description\":\"El Digital de Asturias es un diario de informaci\\u00f3n y noticias, ofrecemos reportajes, podcast de radio, ocio, el tiempo, hor\\u00f3scopo, turismo y variedades.\",\"inLanguage\":\"es-ES\",\"isPartOf\":{\"@id\":\"https:\\\/\\\/eldigitaldeasturias.com\\\/radio\\\/#website\"},\"breadcrumb\":{\"@id\":\"https:\\\/\\\/eldigitaldeasturias.com\\\/radio\\\/#breadcrumblist\"},\"author\":{\"@id\":\"https:\\\/\\\/eldigitaldeasturias.com\\\/radio\\\/author\\\/nbasturias\\\/#author\"},\"creator\":{\"@id\":\"https:\\\/\\\/eldigitaldeasturias.com\\\/radio\\\/author\\\/nbasturias\\\/#author\"},\"datePublished\":\"2018-04-07T03:15:50+02:00\",\"dateModified\":\"2026-03-21T03:32:06+01:00\"},{\"@type\":\"WebSite\",\"@id\":\"https:\\\/\\\/eldigitaldeasturias.com\\\/radio\\\/#website\",\"url\":\"https:\\\/\\\/eldigitaldeasturias.com\\\/radio\\\/\",\"name\":\"El Digital de Asturias\",\"description\":\"Diario de informaci\\u00f3n y noticias\",\"inLanguage\":\"es-ES\",\"publisher\":{\"@id\":\"https:\\\/\\\/eldigitaldeasturias.com\\\/radio\\\/#organization\"}}]}\n\t\t<\/script>\n\t\t<!-- All in One SEO Pro -->\r\n\t\t<title>El Digital de Asturias - Diario de informaci\u00f3n y noticias<\/title>\n\n","aioseo_head_json":{"title":"El Digital de Asturias - Diario de informaci\u00f3n y noticias","description":"El Digital de Asturias es un diario de informaci\u00f3n y noticias, ofrecemos reportajes, podcast de radio, ocio, el tiempo, hor\u00f3scopo, turismo y variedades.","canonical_url":"https:\/\/eldigitaldeasturias.com\/radio\/","robots":"max-image-preview:large","keywords":"radio,reportajes,live,negocios,directo,turismo,noticias,variedades,asturias","webmasterTools":{"google-site-verification":"UA-38556648-1","miscellaneous":""},"schema":{"@context":"https:\/\/schema.org","@graph":[{"@type":"BreadcrumbList","@id":"https:\/\/eldigitaldeasturias.com\/radio\/#breadcrumblist","itemListElement":[{"@type":"ListItem","@id":"https:\/\/eldigitaldeasturias.com\/radio#listItem","position":1,"name":"Inicio","item":"https:\/\/eldigitaldeasturias.com\/radio","nextItem":{"@type":"ListItem","@id":"https:\/\/eldigitaldeasturias.com\/radio\/#listItem","name":"Radio Online"}},{"@type":"ListItem","@id":"https:\/\/eldigitaldeasturias.com\/radio\/#listItem","position":2,"name":"Radio Online","previousItem":{"@type":"ListItem","@id":"https:\/\/eldigitaldeasturias.com\/radio#listItem","name":"Inicio"}}]},{"@type":"LocalBusiness","@id":"https:\/\/eldigitaldeasturias.com\/radio\/#localbusiness","name":"El digital de Asturias Radio","brand":{"@id":"https:\/\/eldigitaldeasturias.com\/radio\/#organization"},"url":"https:\/\/eldigitaldeasturias.com\/radio\/","image":"https:\/\/www.eldigitaldeasturias.com\/radio\/wp-content\/uploads\/2021\/03\/EDA.jpg","logo":"https:\/\/eldigitaldeasturias.com\/radio\/#logo","telephone":"+34652131393","openingHoursSpecification":[{"@type":"OpeningHoursSpecification","dayOfWeek":["https:\/\/schema.org\/Monday"],"opens":"09:00","closes":"17:00"},{"@type":"OpeningHoursSpecification","dayOfWeek":["https:\/\/schema.org\/Tuesday"],"opens":"09:00","closes":"17:00"},{"@type":"OpeningHoursSpecification","dayOfWeek":["https:\/\/schema.org\/Wednesday"],"opens":"09:00","closes":"17:00"},{"@type":"OpeningHoursSpecification","dayOfWeek":["https:\/\/schema.org\/Thursday"],"opens":"09:00","closes":"17:00"},{"@type":"OpeningHoursSpecification","dayOfWeek":["https:\/\/schema.org\/Friday"],"opens":"09:00","closes":"17:00"},{"@type":"OpeningHoursSpecification","dayOfWeek":["https:\/\/schema.org\/Saturday"],"opens":"09:00","closes":"17:00"},{"@type":"OpeningHoursSpecification","dayOfWeek":["https:\/\/schema.org\/Sunday"],"opens":"09:00","closes":"17:00"}]},{"@type":"Organization","@id":"https:\/\/eldigitaldeasturias.com\/radio\/#organization","name":"El digital de Asturias Radio","description":"Diario de informaci\u00f3n y noticias","url":"https:\/\/eldigitaldeasturias.com\/radio\/","telephone":"+34652131393","logo":{"@type":"ImageObject","url":"https:\/\/www.eldigitaldeasturias.com\/radio\/wp-content\/uploads\/2021\/03\/EDA.jpg","@id":"https:\/\/eldigitaldeasturias.com\/radio\/#organizationLogo"},"image":{"@id":"https:\/\/eldigitaldeasturias.com\/radio\/#organizationLogo"},"sameAs":["https:\/\/www.facebook.com\/","https:\/\/x.com\/bercodi","https:\/\/www.instagram.com\/","https:\/\/www.youtube.com\/channel\/UCZP-2wLEB9Rv6erhFmqVnvg"]},{"@type":"Person","@id":"https:\/\/eldigitaldeasturias.com\/radio\/author\/nbasturias\/#author","url":"https:\/\/eldigitaldeasturias.com\/radio\/author\/nbasturias\/","name":"NBAsturias","image":{"@type":"ImageObject","@id":"https:\/\/eldigitaldeasturias.com\/radio\/#authorImage","url":"https:\/\/secure.gravatar.com\/avatar\/df2aeffc32bcd13f8d26072ef8a91b623d677766deac7f97ca815868cd41bf5e?s=96&d=mm&r=g","width":96,"height":96,"caption":"NBAsturias"}},{"@type":"WebPage","@id":"https:\/\/eldigitaldeasturias.com\/radio\/#webpage","url":"https:\/\/eldigitaldeasturias.com\/radio\/","name":"El Digital de Asturias - Diario de informaci\u00f3n y noticias","description":"El Digital de Asturias es un diario de informaci\u00f3n y noticias, ofrecemos reportajes, podcast de radio, ocio, el tiempo, hor\u00f3scopo, turismo y variedades.","inLanguage":"es-ES","isPartOf":{"@id":"https:\/\/eldigitaldeasturias.com\/radio\/#website"},"breadcrumb":{"@id":"https:\/\/eldigitaldeasturias.com\/radio\/#breadcrumblist"},"author":{"@id":"https:\/\/eldigitaldeasturias.com\/radio\/author\/nbasturias\/#author"},"creator":{"@id":"https:\/\/eldigitaldeasturias.com\/radio\/author\/nbasturias\/#author"},"datePublished":"2018-04-07T03:15:50+02:00","dateModified":"2026-03-21T03:32:06+01:00"},{"@type":"WebSite","@id":"https:\/\/eldigitaldeasturias.com\/radio\/#website","url":"https:\/\/eldigitaldeasturias.com\/radio\/","name":"El Digital de Asturias","description":"Diario de informaci\u00f3n y noticias","inLanguage":"es-ES","publisher":{"@id":"https:\/\/eldigitaldeasturias.com\/radio\/#organization"}}]},"og:locale":"es_ES","og:site_name":"El Digital de Asturias | Diario de informaci\u00f3n y noticias","og:type":"article","og:title":"El Digital de Asturias - Diario de informaci\u00f3n y noticias","og:description":"El Digital de Asturias es un diario de informaci\u00f3n y noticias, ofrecemos reportajes, podcast de radio, ocio, el tiempo, hor\u00f3scopo, turismo y variedades.","og:url":"https:\/\/eldigitaldeasturias.com\/radio\/","og:image":"https:\/\/www.eldigitaldeasturias.com\/radio\/wp-content\/uploads\/2021\/03\/EDA.jpg","og:image:secure_url":"https:\/\/www.eldigitaldeasturias.com\/radio\/wp-content\/uploads\/2021\/03\/EDA.jpg","article:published_time":"2018-04-07T01:15:50+00:00","article:modified_time":"2026-03-21T02:32:06+00:00","twitter:card":"summary_large_image","twitter:site":"@bercodi","twitter:title":"El Digital de Asturias - Diario de informaci\u00f3n y noticias","twitter:description":"El Digital de Asturias es un diario de informaci\u00f3n y noticias, ofrecemos reportajes, podcast de radio, ocio, el tiempo, hor\u00f3scopo, turismo y variedades.","twitter:creator":"@bercodi","twitter:image":"https:\/\/www.eldigitaldeasturias.com\/radio\/wp-content\/uploads\/2021\/03\/EDA.jpg"},"aioseo_meta_data":{"post_id":"568","title":"El Digital de Asturias - Diario de informaci\u00f3n y noticias","description":"El Digital de Asturias es un diario de informaci\u00f3n y noticias, ofrecemos reportajes, podcast de radio, ocio, el tiempo, hor\u00f3scopo, turismo y variedades.","keywords":[{"label":"Radio","value":"Radio"},{"label":"reportajes","value":"reportajes"},{"label":"live","value":"live"},{"label":"negocios","value":"negocios"},{"label":"directo","value":"directo"},{"label":"turismo","value":"turismo"},{"label":"noticias","value":"noticias"},{"label":"variedades","value":"variedades"},{"label":"Asturias","value":"Asturias"}],"keyphrases":{"focus":{"keyphrase":"Asturias","score":86,"analysis":{"keyphraseInTitle":{"score":9,"maxScore":9,"error":0},"keyphraseInDescription":{"score":9,"maxScore":9,"error":0},"keyphraseLength":{"score":9,"maxScore":9,"error":0,"length":1},"keyphraseInIntroduction":{"score":9,"maxScore":9,"error":0},"keyphraseInSubHeadings":{"score":9,"maxScore":9,"error":0},"keyphraseInImageAlt":{"score":9,"maxScore":9,"error":0},"keywordDensity":{"type":"high","score":0,"maxScore":9,"error":1}}},"additional":[{"keyphrase":"radio","score":53,"analysis":{"keyphraseInDescription":{"score":9,"maxScore":9,"error":0},"keyphraseLength":{"score":9,"maxScore":9,"error":0,"length":1},"keyphraseInIntroduction":{"score":3,"maxScore":9,"error":1},"keyphraseInImageAlt":{"score":3,"maxScore":9,"error":1},"keywordDensity":{"score":0,"type":"low","maxScore":9,"error":1}}},{"keyphrase":"Asturias","score":80,"analysis":{"keyphraseInDescription":{"score":9,"maxScore":9,"error":0},"keyphraseLength":{"score":9,"maxScore":9,"error":0,"length":1},"keyphraseInIntroduction":{"score":9,"maxScore":9,"error":0},"keyphraseInImageAlt":{"score":9,"maxScore":9,"error":0},"keywordDensity":{"type":"high","score":0,"maxScore":9,"error":1}}},{"keyphrase":"digital","score":67,"analysis":{"keyphraseInDescription":{"score":9,"maxScore":9,"error":0},"keyphraseLength":{"score":9,"maxScore":9,"error":0,"length":1},"keyphraseInIntroduction":{"score":3,"maxScore":9,"error":1},"keyphraseInImageAlt":{"score":9,"maxScore":9,"error":0},"keywordDensity":{"score":0,"type":"low","maxScore":9,"error":1}}},{"keyphrase":"diario","score":53,"analysis":{"keyphraseInDescription":{"score":9,"maxScore":9,"error":0},"keyphraseLength":{"score":9,"maxScore":9,"error":0,"length":1},"keyphraseInIntroduction":{"score":3,"maxScore":9,"error":1},"keyphraseInImageAlt":{"score":3,"maxScore":9,"error":1},"keywordDensity":{"score":0,"type":"low","maxScore":9,"error":1}}},{"keyphrase":"el digital","score":67,"analysis":{"keyphraseInDescription":{"score":9,"maxScore":9,"error":0},"keyphraseLength":{"score":9,"maxScore":9,"error":0,"length":2},"keyphraseInIntroduction":{"score":3,"maxScore":9,"error":1},"keyphraseInImageAlt":{"score":9,"maxScore":9,"error":0},"keywordDensity":{"score":0,"type":"low","maxScore":9,"error":1}}},{"keyphrase":"informaci\u00f3n","score":53,"analysis":{"keyphraseInDescription":{"score":9,"maxScore":9,"error":0},"keyphraseLength":{"score":9,"maxScore":9,"error":0,"length":2},"keyphraseInIntroduction":{"score":3,"maxScore":9,"error":1},"keyphraseInImageAlt":{"score":3,"maxScore":9,"error":1},"keywordDensity":{"score":0,"type":"low","maxScore":9,"error":1}}},{"keyphrase":"de Asturias","score":67,"analysis":{"keyphraseInDescription":{"score":9,"maxScore":9,"error":0},"keyphraseLength":{"score":9,"maxScore":9,"error":0,"length":2},"keyphraseInIntroduction":{"score":3,"maxScore":9,"error":1},"keyphraseInImageAlt":{"score":9,"maxScore":9,"error":0},"keywordDensity":{"score":0,"type":"low","maxScore":9,"error":1}}}]},"primary_term":null,"canonical_url":null,"og_title":null,"og_description":null,"og_object_type":"default","og_image_type":"default","og_image_url":null,"og_image_width":null,"og_image_height":null,"og_image_custom_url":null,"og_image_custom_fields":null,"og_video":"","og_custom_url":null,"og_article_section":null,"og_article_tags":null,"twitter_use_og":false,"twitter_card":"default","twitter_image_type":"default","twitter_image_url":null,"twitter_image_custom_url":null,"twitter_image_custom_fields":null,"twitter_title":null,"twitter_description":null,"schema":{"blockGraphs":[],"customGraphs":[],"default":{"data":{"Article":[],"Course":[],"Dataset":[],"FAQPage":[],"Movie":[],"Person":[],"Product":[],"ProductReview":[],"Car":[],"Recipe":[],"Service":[],"SoftwareApplication":[],"WebPage":[]},"graphName":"WebPage","isEnabled":true},"graphs":[],"defaultGraph":"WebPage","defaultPostTypeGraph":""},"schema_type":"default","schema_type_options":"{\"article\":{\"articleType\":\"BlogPosting\"},\"course\":{\"name\":\"\",\"description\":\"\",\"provider\":\"\"},\"faq\":{\"pages\":[]},\"product\":{\"reviews\":[]},\"recipe\":{\"ingredients\":[],\"instructions\":[],\"keywords\":[]},\"software\":{\"reviews\":[],\"operatingSystems\":[]},\"webPage\":{\"webPageType\":\"WebPage\"},\"blockGraphs\":[]}","pillar_content":false,"robots_default":true,"robots_noindex":false,"robots_noarchive":false,"robots_nosnippet":false,"robots_nofollow":false,"robots_noimageindex":false,"robots_noodp":false,"robots_notranslate":false,"robots_max_snippet":"-1","robots_max_videopreview":"-1","robots_max_imagepreview":"large","priority":1,"frequency":"always","location":null,"local_seo":null,"seo_analyzer_scan_date":"2026-03-21 03:06:09","breadcrumb_settings":null,"limit_modified_date":false,"open_ai":"{\"title\":{\"suggestions\":[],\"usage\":0},\"description\":{\"suggestions\":[],\"usage\":0}}","ai":{"faqs":[],"keyPoints":[],"titles":[],"descriptions":[],"socialPosts":{"email":[],"linkedin":[],"twitter":[],"facebook":[],"instagram":[]}},"created":"2020-12-22 16:28:34","updated":"2026-03-21 03:08:29"},"aioseo_breadcrumb":"<div class=\"aioseo-breadcrumbs\"><span class=\"aioseo-breadcrumb\">\n\t<a href=\"https:\/\/eldigitaldeasturias.com\/radio\" title=\"Inicio\">Inicio<\/a>\n<\/span><span class=\"aioseo-breadcrumb-separator\">&ndash;<\/span><span class=\"aioseo-breadcrumb\">\n\tRadio Online\n<\/span><\/div>","aioseo_breadcrumb_json":[{"label":"Inicio","link":"https:\/\/eldigitaldeasturias.com\/radio"},{"label":"Radio Online","link":"https:\/\/eldigitaldeasturias.com\/radio\/"}],"_links":{"self":[{"href":"https:\/\/eldigitaldeasturias.com\/radio\/wp-json\/wp\/v2\/pages\/568","targetHints":{"allow":["GET"]}}],"collection":[{"href":"https:\/\/eldigitaldeasturias.com\/radio\/wp-json\/wp\/v2\/pages"}],"about":[{"href":"https:\/\/eldigitaldeasturias.com\/radio\/wp-json\/wp\/v2\/types\/page"}],"author":[{"embeddable":true,"href":"https:\/\/eldigitaldeasturias.com\/radio\/wp-json\/wp\/v2\/users\/1"}],"replies":[{"embeddable":true,"href":"https:\/\/eldigitaldeasturias.com\/radio\/wp-json\/wp\/v2\/comments?post=568"}],"version-history":[{"count":0,"href":"https:\/\/eldigitaldeasturias.com\/radio\/wp-json\/wp\/v2\/pages\/568\/revisions"}],"wp:attachment":[{"href":"https:\/\/eldigitaldeasturias.com\/radio\/wp-json\/wp\/v2\/media?parent=568"}],"curies":[{"name":"wp","href":"https:\/\/api.w.org\/{rel}","templated":true}]}}