{"id":111800,"date":"2025-05-11T20:31:48","date_gmt":"2025-05-11T18:31:48","guid":{"rendered":"https:\/\/eldigitaldeasturias.com\/magazine365\/?page_id=111800"},"modified":"2025-11-24T19:57:36","modified_gmt":"2025-11-24T18:57:36","slug":"revista-de-ocio-y-noticias","status":"publish","type":"page","link":"https:\/\/eldigitaldeasturias.com\/magazine365\/","title":{"rendered":"Magazine 365"},"content":{"rendered":"\t\t<div data-elementor-type=\"wp-page\" data-elementor-id=\"111800\" class=\"elementor elementor-111800\">\n\t\t\t\t\t\t<section class=\"has-el-gap el-gap-default elementor-section elementor-top-section elementor-element elementor-element-16a57fd4 is-full-xs elementor-section-boxed elementor-section-height-default elementor-section-height-default\" data-id=\"16a57fd4\" data-element_type=\"section\" data-e-type=\"section\">\n\t\t\t\t\t\t<div class=\"elementor-container elementor-column-gap-no\">\n\t\t\t\t\t<div class=\"elementor-column elementor-col-66 elementor-top-column elementor-element elementor-element-5e2798db\" data-id=\"5e2798db\" data-element_type=\"column\" data-e-type=\"column\">\n\t\t\t<div class=\"elementor-widget-wrap elementor-element-populated\">\n\t\t\t\t\t\t<div class=\"elementor-element elementor-element-5e945903 elementor-widget elementor-widget-smartmag-grid\" data-id=\"5e945903\" data-element_type=\"widget\" data-e-type=\"widget\" data-widget_type=\"smartmag-grid.default\">\n\t\t\t\t<div class=\"elementor-widget-container\">\n\t\t\t\t\t\t\t<section class=\"block-wrap block-grid block-sc mb-none has-media-shadows\" data-id=\"1\">\n\n\t\t\t\t\n\t\t\t<div class=\"block-content\">\n\t\t\t\t\t\n\t<div class=\"loop loop-grid loop-grid-stylish grid grid-1 md:grid-1 xs:grid-1\">\n\n\t\t\t\t\t\n<article class=\"l-post grid-post grid-stylish-post l-post-center\">\n\n\t\n\t\t\t<div class=\"media\">\n\n\t\t\n\t\t\t<a href=\"https:\/\/eldigitaldeasturias.com\/magazine365\/mejora-tu-conduccion-con-estos-accesorios-para-coche\/\" class=\"image-link media-ratio ratio-16-9\" title=\"Mejora tu conducci\u00f3n con estos accesorios para coche\"><img fetchpriority=\"high\" decoding=\"async\" width=\"830\" height=\"466\" src=\"https:\/\/eldigitaldeasturias.com\/magazine365\/wp-content\/uploads\/2026\/03\/Mejora-tu-conduccion-con-estos-accesorios-para-coche-650x432.jpg\" class=\"attachment-large size-large wp-post-image\" alt=\"Mejora tu conducci\u00f3n con estos accesorios para coche\" sizes=\"(max-width: 830px) 100vw, 830px\" title=\"Mejora tu conducci\u00f3n con estos accesorios para coche\" srcset=\"https:\/\/eldigitaldeasturias.com\/magazine365\/wp-content\/uploads\/2026\/03\/Mejora-tu-conduccion-con-estos-accesorios-para-coche-768x511.jpg 768w, https:\/\/eldigitaldeasturias.com\/magazine365\/wp-content\/uploads\/2026\/03\/Mejora-tu-conduccion-con-estos-accesorios-para-coche-1200x798.jpg 1200w, https:\/\/eldigitaldeasturias.com\/magazine365\/wp-content\/uploads\/2026\/03\/Mejora-tu-conduccion-con-estos-accesorios-para-coche.jpg 1256w\" \/><\/a>\t\t\t\n\t\t\t\n\t\t\t\n\t\t\t\n\t\t\n\t\t<\/div>\n\t\n\n\t\n\t\t<div class=\"content\">\n\n\t\t\t<div class=\"post-meta post-meta-a has-below\"><h2 class=\"is-title post-title\"><a href=\"https:\/\/eldigitaldeasturias.com\/magazine365\/mejora-tu-conduccion-con-estos-accesorios-para-coche\/\">Mejora tu conducci\u00f3n con estos accesorios para coche<\/a><\/h2><div class=\"post-meta-items meta-below\"><span class=\"meta-item post-author\"><a href=\"https:\/\/eldigitaldeasturias.com\/magazine365\/author\/admin\/\" title=\"Entradas de admin\" rel=\"author\">admin<\/a><\/span><span class=\"meta-item date\"><span class=\"date-link\"><time class=\"post-date\" datetime=\"2026-03-18T18:45:53+01:00\">18 marzo, 2026<\/time><\/span><\/span><\/div><\/div>\t\t\t\n\t\t\t\t\t\t\n\t\t\t\t<div class=\"excerpt limit-lines l-lines-3\">\n\t\t\t\t\t<p>Pasar tiempo al volante forma parte de la rutina diaria para muchas personas. Ya sea&hellip;<\/p>\n\t\t\t\t<\/div>\n\t\t\t\n\t\t\t\n\t\t\t\n\t\t<\/div>\n\n\t\n<\/article>\t\t\n\t<\/div>\n\n\t\t\n\t\t\t<\/div>\n\n\t\t<\/section>\n\t\t\t\t\t\t<\/div>\n\t\t\t\t<\/div>\n\t\t\t\t\t<\/div>\n\t\t<\/div>\n\t\t\t\t<div class=\"elementor-column elementor-col-33 elementor-top-column elementor-element elementor-element-83be4be\" data-id=\"83be4be\" data-element_type=\"column\" data-e-type=\"column\">\n\t\t\t<div class=\"elementor-widget-wrap elementor-element-populated\">\n\t\t\t\t\t\t<div class=\"elementor-element elementor-element-8c59ff9 elementor-widget elementor-widget-smartmag-grid\" data-id=\"8c59ff9\" data-element_type=\"widget\" data-e-type=\"widget\" data-widget_type=\"smartmag-grid.default\">\n\t\t\t\t<div class=\"elementor-widget-container\">\n\t\t\t\t\t\t\t<section class=\"block-wrap block-grid block-sc mb-none has-media-shadows\" data-id=\"2\">\n\n\t\t\t\t\n\t\t\t<div class=\"block-content\">\n\t\t\t\t\t\n\t<div class=\"loop loop-grid loop-grid-base grid grid-1 md:grid-2 xs:grid-1\">\n\n\t\t\t\t\t\n<article class=\"l-post grid-post grid-base-post l-post-center\">\n\n\t\n\t\t\t<div class=\"media\">\n\n\t\t\n\t\t\t<a href=\"https:\/\/eldigitaldeasturias.com\/magazine365\/prendas-basicas-que-no-pueden-faltar-en-primavera\/\" class=\"image-link media-ratio ratio-3-2\" title=\"Prendas b\u00e1sicas que no pueden faltar en primavera\"><img decoding=\"async\" width=\"390\" height=\"260\" src=\"https:\/\/eldigitaldeasturias.com\/magazine365\/wp-content\/uploads\/2026\/03\/Prendas-basicas-que-no-pueden-faltar-en-primavera-450x301.jpg\" class=\"attachment-bunyad-medium size-bunyad-medium wp-post-image\" alt=\"Prendas b\u00e1sicas que no pueden faltar en primavera\" sizes=\"(max-width: 390px) 100vw, 390px\" title=\"Prendas b\u00e1sicas que no pueden faltar en primavera\" srcset=\"https:\/\/eldigitaldeasturias.com\/magazine365\/wp-content\/uploads\/2026\/03\/Prendas-basicas-que-no-pueden-faltar-en-primavera-450x301.jpg 450w, https:\/\/eldigitaldeasturias.com\/magazine365\/wp-content\/uploads\/2026\/03\/Prendas-basicas-que-no-pueden-faltar-en-primavera-360x241.jpg 360w, https:\/\/eldigitaldeasturias.com\/magazine365\/wp-content\/uploads\/2026\/03\/Prendas-basicas-que-no-pueden-faltar-en-primavera-650x435.jpg 650w, https:\/\/eldigitaldeasturias.com\/magazine365\/wp-content\/uploads\/2026\/03\/Prendas-basicas-que-no-pueden-faltar-en-primavera-768x513.jpg 768w, https:\/\/eldigitaldeasturias.com\/magazine365\/wp-content\/uploads\/2026\/03\/Prendas-basicas-que-no-pueden-faltar-en-primavera-150x100.jpg 150w, https:\/\/eldigitaldeasturias.com\/magazine365\/wp-content\/uploads\/2026\/03\/Prendas-basicas-que-no-pueden-faltar-en-primavera-1200x802.jpg 1200w, https:\/\/eldigitaldeasturias.com\/magazine365\/wp-content\/uploads\/2026\/03\/Prendas-basicas-que-no-pueden-faltar-en-primavera.jpg 1246w\" \/><\/a>\t\t\t\n\t\t\t\n\t\t\t\n\t\t\t\n\t\t\n\t\t<\/div>\n\t\n\n\t\n\t\t<div class=\"content\">\n\n\t\t\t<div class=\"post-meta post-meta-a has-below\"><h2 class=\"is-title post-title\"><a href=\"https:\/\/eldigitaldeasturias.com\/magazine365\/prendas-basicas-que-no-pueden-faltar-en-primavera\/\">Prendas b\u00e1sicas que no pueden faltar en primavera<\/a><\/h2><div class=\"post-meta-items meta-below\"><span class=\"meta-item post-author\"><a href=\"https:\/\/eldigitaldeasturias.com\/magazine365\/author\/admin\/\" title=\"Entradas de admin\" rel=\"author\">admin<\/a><\/span><span class=\"meta-item date\"><span class=\"date-link\"><time class=\"post-date\" datetime=\"2026-03-17T00:21:58+01:00\">17 marzo, 2026<\/time><\/span><\/span><\/div><\/div>\t\t\t\n\t\t\t\n\t\t\t\n\t\t<\/div>\n\n\t\n<\/article>\t\t\t\t\t\n<article class=\"l-post grid-post grid-base-post l-post-center\">\n\n\t\n\t\t\t<div class=\"media\">\n\n\t\t\n\t\t\t<a href=\"https:\/\/eldigitaldeasturias.com\/magazine365\/cine-de-culto-y-el-regreso-de-la-sala-pequena\/\" class=\"image-link media-ratio ratio-3-2\" title=\"Cine de culto y el regreso de la sala peque\u00f1a\"><img decoding=\"async\" width=\"390\" height=\"260\" src=\"https:\/\/eldigitaldeasturias.com\/magazine365\/wp-content\/uploads\/2026\/03\/Cine-de-culto-y-el-regreso-de-la-sala-pequena-450x311.jpg\" class=\"attachment-bunyad-medium size-bunyad-medium wp-post-image\" alt=\"Cine de culto y el regreso de la sala peque\u00f1a\" sizes=\"(max-width: 390px) 100vw, 390px\" title=\"Cine de culto y el regreso de la sala peque\u00f1a\" srcset=\"https:\/\/eldigitaldeasturias.com\/magazine365\/wp-content\/uploads\/2026\/03\/Cine-de-culto-y-el-regreso-de-la-sala-pequena-450x311.jpg 450w, https:\/\/eldigitaldeasturias.com\/magazine365\/wp-content\/uploads\/2026\/03\/Cine-de-culto-y-el-regreso-de-la-sala-pequena-360x249.jpg 360w, https:\/\/eldigitaldeasturias.com\/magazine365\/wp-content\/uploads\/2026\/03\/Cine-de-culto-y-el-regreso-de-la-sala-pequena-650x449.jpg 650w, https:\/\/eldigitaldeasturias.com\/magazine365\/wp-content\/uploads\/2026\/03\/Cine-de-culto-y-el-regreso-de-la-sala-pequena-768x531.jpg 768w, https:\/\/eldigitaldeasturias.com\/magazine365\/wp-content\/uploads\/2026\/03\/Cine-de-culto-y-el-regreso-de-la-sala-pequena-150x104.jpg 150w, https:\/\/eldigitaldeasturias.com\/magazine365\/wp-content\/uploads\/2026\/03\/Cine-de-culto-y-el-regreso-de-la-sala-pequena.jpg 1201w\" \/><\/a>\t\t\t\n\t\t\t\n\t\t\t\n\t\t\t\n\t\t\n\t\t<\/div>\n\t\n\n\t\n\t\t<div class=\"content\">\n\n\t\t\t<div class=\"post-meta post-meta-a has-below\"><h2 class=\"is-title post-title\"><a href=\"https:\/\/eldigitaldeasturias.com\/magazine365\/cine-de-culto-y-el-regreso-de-la-sala-pequena\/\">Cine de culto y el regreso de la sala peque\u00f1a<\/a><\/h2><div class=\"post-meta-items meta-below\"><span class=\"meta-item post-author\"><a href=\"https:\/\/eldigitaldeasturias.com\/magazine365\/author\/admin\/\" title=\"Entradas de admin\" rel=\"author\">admin<\/a><\/span><span class=\"meta-item date\"><span class=\"date-link\"><time class=\"post-date\" datetime=\"2026-03-09T23:10:13+01:00\">9 marzo, 2026<\/time><\/span><\/span><\/div><\/div>\t\t\t\n\t\t\t\n\t\t\t\n\t\t<\/div>\n\n\t\n<\/article>\t\t\n\t<\/div>\n\n\t\t\n\t\t\t<\/div>\n\n\t\t<\/section>\n\t\t\t\t\t\t<\/div>\n\t\t\t\t<\/div>\n\t\t\t\t\t<\/div>\n\t\t<\/div>\n\t\t\t\t\t<\/div>\n\t\t<\/section>\n\t\t\t\t<section class=\"has-el-gap el-gap-default elementor-section elementor-top-section elementor-element elementor-element-394cc076 elementor-section-boxed elementor-section-height-default elementor-section-height-default\" data-id=\"394cc076\" data-element_type=\"section\" data-e-type=\"section\">\n\t\t\t\t\t\t<div class=\"elementor-container elementor-column-gap-no\">\n\t\t\t\t\t<div class=\"elementor-column elementor-col-50 elementor-top-column elementor-element elementor-element-6f6e58ec\" data-id=\"6f6e58ec\" data-element_type=\"column\" data-e-type=\"column\">\n\t\t\t<div class=\"elementor-widget-wrap elementor-element-populated\">\n\t\t\t\t\t\t<div class=\"elementor-element elementor-element-56121f50 elementor-widget elementor-widget-smartmag-overlay\" data-id=\"56121f50\" data-element_type=\"widget\" data-e-type=\"widget\" data-widget_type=\"smartmag-overlay.default\">\n\t\t\t\t<div class=\"elementor-widget-container\">\n\t\t\t\t\t\t\t<section class=\"block-wrap block-overlay block-sc cols-gap-sm mb-none has-media-shadows\" data-id=\"3\">\n\n\t\t\t\t\n\t\t\t<div class=\"block-content\">\n\t\t\t\t\t\n\t<div class=\"loop loop-overlay grid grid-1 md:grid-1 xs:grid-1\">\n\n\t\t\t\n\t\t\t\n<article class=\"l-post grid-overlay overlay-post grid-overlay-a overlay-base-post\">\n\n\t\n\t\t\t<div class=\"media\">\n\n\t\t\n\t\t\t<a href=\"https:\/\/eldigitaldeasturias.com\/magazine365\/del-rapado-a-la-melena-masculina-un-gran-reto\/\" class=\"image-link media-ratio ratio-is-custom\" title=\"Del rapado a la melena masculina: Un gran reto\"><img loading=\"lazy\" decoding=\"async\" width=\"629\" height=\"684\" src=\"https:\/\/eldigitaldeasturias.com\/magazine365\/wp-content\/uploads\/2026\/04\/Del-rapado-a-la-melena-masculina-768x522.jpg\" class=\"attachment-bunyad-768 size-bunyad-768 wp-post-image\" alt=\"Del rapado a la melena masculina\" sizes=\"(max-width: 629px) 100vw, 629px\" title=\"Del rapado a la melena masculina: Un gran reto\" \/><\/a>\t\t\t\n\t\t\t\n\t\t\t\n\t\t\t\n\t\t\n\t\t<\/div>\n\t\n\n\t\t\t<div class=\"content-wrap\">\n\t\n\t\t<div class=\"content\">\n\n\t\t\t<div class=\"post-meta post-meta-a meta-contrast has-below\"><h2 class=\"is-title post-title\"><a href=\"https:\/\/eldigitaldeasturias.com\/magazine365\/del-rapado-a-la-melena-masculina-un-gran-reto\/\">Del rapado a la melena masculina: Un gran reto<\/a><\/h2><div class=\"post-meta-items meta-below\"><span class=\"meta-item post-author\"><a href=\"https:\/\/eldigitaldeasturias.com\/magazine365\/author\/admin\/\" title=\"Entradas de admin\" rel=\"author\">admin<\/a><\/span><span class=\"meta-item date\"><span class=\"date-link\"><time class=\"post-date\" datetime=\"2026-04-03T02:12:39+02:00\">3 abril, 2026<\/time><\/span><\/span><\/div><\/div>\t\t\t\n\t\t\t\n\t\t\t\n\t\t<\/div>\n\n\t\t\t<\/div>\n\t\n<\/article>\n\t\t\n\t<\/div>\n\n\t\t\n\t\t\t<\/div>\n\n\t\t<\/section>\n\t\t\t\t\t\t<\/div>\n\t\t\t\t<\/div>\n\t\t\t\t\t<\/div>\n\t\t<\/div>\n\t\t\t\t<div class=\"elementor-column elementor-col-50 elementor-top-column elementor-element elementor-element-77ef15cd\" data-id=\"77ef15cd\" data-element_type=\"column\" data-e-type=\"column\">\n\t\t\t<div class=\"elementor-widget-wrap elementor-element-populated\">\n\t\t\t\t\t\t<div class=\"elementor-element elementor-element-319fc865 elementor-widget elementor-widget-smartmag-grid\" data-id=\"319fc865\" data-element_type=\"widget\" data-e-type=\"widget\" data-widget_type=\"smartmag-grid.default\">\n\t\t\t\t<div class=\"elementor-widget-container\">\n\t\t\t\t\t\t\t<section class=\"block-wrap block-grid block-sc mb-none has-media-shadows\" data-id=\"4\">\n\n\t\t\t\t\n\t\t\t<div class=\"block-content\">\n\t\t\t\t\t\n\t<div class=\"loop loop-grid loop-grid-base grid grid-2 md:grid-2 xs:grid-1\">\n\n\t\t\t\t\t\n<article class=\"l-post grid-post grid-base-post l-post-center\">\n\n\t\n\t\t\t<div class=\"media\">\n\n\t\t\n\t\t\t<a href=\"https:\/\/eldigitaldeasturias.com\/magazine365\/cafe-para-llevar-el-ritual-antes-de-que-todo-empiece\/\" class=\"image-link media-ratio ratio-4-3\" title=\"Caf\u00e9 para llevar: el ritual antes de que todo empiece\"><img loading=\"lazy\" decoding=\"async\" width=\"390\" height=\"293\" src=\"https:\/\/eldigitaldeasturias.com\/magazine365\/wp-content\/uploads\/2026\/04\/Cafe-para-llevar-450x291.jpg\" class=\"attachment-bunyad-medium size-bunyad-medium wp-post-image\" alt=\"Caf\u00e9 para llevar: el ritual antes de que todo empiece\" sizes=\"(max-width: 390px) 100vw, 390px\" title=\"Caf\u00e9 para llevar: el ritual antes de que todo empiece\" srcset=\"https:\/\/eldigitaldeasturias.com\/magazine365\/wp-content\/uploads\/2026\/04\/Cafe-para-llevar-450x291.jpg 450w, https:\/\/eldigitaldeasturias.com\/magazine365\/wp-content\/uploads\/2026\/04\/Cafe-para-llevar-650x420.jpg 650w, https:\/\/eldigitaldeasturias.com\/magazine365\/wp-content\/uploads\/2026\/04\/Cafe-para-llevar-768x496.jpg 768w, https:\/\/eldigitaldeasturias.com\/magazine365\/wp-content\/uploads\/2026\/04\/Cafe-para-llevar-1200x775.jpg 1200w, https:\/\/eldigitaldeasturias.com\/magazine365\/wp-content\/uploads\/2026\/04\/Cafe-para-llevar.jpg 1265w\" \/><\/a>\t\t\t\n\t\t\t\n\t\t\t\n\t\t\t\n\t\t\n\t\t<\/div>\n\t\n\n\t\n\t\t<div class=\"content\">\n\n\t\t\t<div class=\"post-meta post-meta-a has-below\"><h2 class=\"is-title post-title limit-lines l-lines-3\"><a href=\"https:\/\/eldigitaldeasturias.com\/magazine365\/cafe-para-llevar-el-ritual-antes-de-que-todo-empiece\/\">Caf\u00e9 para llevar: el ritual antes de que todo empiece<\/a><\/h2><div class=\"post-meta-items meta-below\"><span class=\"meta-item post-author\"><a href=\"https:\/\/eldigitaldeasturias.com\/magazine365\/author\/admin\/\" title=\"Entradas de admin\" rel=\"author\">admin<\/a><\/span><span class=\"meta-item date\"><span class=\"date-link\"><time class=\"post-date\" datetime=\"2026-04-03T01:57:36+02:00\">3 abril, 2026<\/time><\/span><\/span><\/div><\/div>\t\t\t\n\t\t\t\n\t\t\t\n\t\t<\/div>\n\n\t\n<\/article>\t\t\t\t\t\n<article class=\"l-post grid-post grid-base-post l-post-center\">\n\n\t\n\t\t\t<div class=\"media\">\n\n\t\t\n\t\t\t<a href=\"https:\/\/eldigitaldeasturias.com\/magazine365\/todo-lo-que-debes-llevar-a-una-excursion-de-un-dia\/\" class=\"image-link media-ratio ratio-4-3\" title=\"Todo lo que debes llevar a una excursi\u00f3n de un d\u00eda\"><img loading=\"lazy\" decoding=\"async\" width=\"390\" height=\"293\" src=\"https:\/\/eldigitaldeasturias.com\/magazine365\/wp-content\/uploads\/2026\/03\/Todo-lo-que-debes-llevar-a-una-excursion-de-un-dia-450x286.jpg\" class=\"attachment-bunyad-medium size-bunyad-medium wp-post-image\" alt=\"Todo lo que debes llevar a una excursi\u00f3n de un d\u00eda\" sizes=\"(max-width: 390px) 100vw, 390px\" title=\"Todo lo que debes llevar a una excursi\u00f3n de un d\u00eda\" srcset=\"https:\/\/eldigitaldeasturias.com\/magazine365\/wp-content\/uploads\/2026\/03\/Todo-lo-que-debes-llevar-a-una-excursion-de-un-dia-450x286.jpg 450w, https:\/\/eldigitaldeasturias.com\/magazine365\/wp-content\/uploads\/2026\/03\/Todo-lo-que-debes-llevar-a-una-excursion-de-un-dia-650x412.jpg 650w, https:\/\/eldigitaldeasturias.com\/magazine365\/wp-content\/uploads\/2026\/03\/Todo-lo-que-debes-llevar-a-una-excursion-de-un-dia-768x487.jpg 768w, https:\/\/eldigitaldeasturias.com\/magazine365\/wp-content\/uploads\/2026\/03\/Todo-lo-que-debes-llevar-a-una-excursion-de-un-dia-1200x761.jpg 1200w, https:\/\/eldigitaldeasturias.com\/magazine365\/wp-content\/uploads\/2026\/03\/Todo-lo-que-debes-llevar-a-una-excursion-de-un-dia.jpg 1242w\" \/><\/a>\t\t\t\n\t\t\t\n\t\t\t\n\t\t\t\n\t\t\n\t\t<\/div>\n\t\n\n\t\n\t\t<div class=\"content\">\n\n\t\t\t<div class=\"post-meta post-meta-a has-below\"><h2 class=\"is-title post-title limit-lines l-lines-3\"><a href=\"https:\/\/eldigitaldeasturias.com\/magazine365\/todo-lo-que-debes-llevar-a-una-excursion-de-un-dia\/\">Todo lo que debes llevar a una excursi\u00f3n de un d\u00eda<\/a><\/h2><div class=\"post-meta-items meta-below\"><span class=\"meta-item post-author\"><a href=\"https:\/\/eldigitaldeasturias.com\/magazine365\/author\/admin\/\" title=\"Entradas de admin\" rel=\"author\">admin<\/a><\/span><span class=\"meta-item date\"><span class=\"date-link\"><time class=\"post-date\" datetime=\"2026-03-16T23:06:05+01:00\">16 marzo, 2026<\/time><\/span><\/span><\/div><\/div>\t\t\t\n\t\t\t\n\t\t\t\n\t\t<\/div>\n\n\t\n<\/article>\t\t\t\t\t\n<article class=\"l-post grid-post grid-base-post l-post-center\">\n\n\t\n\t\t\t<div class=\"media\">\n\n\t\t\n\t\t\t<a href=\"https:\/\/eldigitaldeasturias.com\/magazine365\/por-que-caminar-cada-dia-mejora-tu-bienestar\/\" class=\"image-link media-ratio ratio-4-3\" title=\"Por qu\u00e9 caminar cada d\u00eda mejora tu bienestar\"><img loading=\"lazy\" decoding=\"async\" width=\"390\" height=\"293\" src=\"https:\/\/eldigitaldeasturias.com\/magazine365\/wp-content\/uploads\/2026\/03\/Por-que-caminar-cada-dia-mejora-tu-bienestar-450x320.jpg\" class=\"attachment-bunyad-medium size-bunyad-medium wp-post-image\" alt=\"Por qu\u00e9 caminar cada d\u00eda mejora tu bienestar\" sizes=\"(max-width: 390px) 100vw, 390px\" title=\"Por qu\u00e9 caminar cada d\u00eda mejora tu bienestar\" srcset=\"https:\/\/eldigitaldeasturias.com\/magazine365\/wp-content\/uploads\/2026\/03\/Por-que-caminar-cada-dia-mejora-tu-bienestar-450x320.jpg 450w, https:\/\/eldigitaldeasturias.com\/magazine365\/wp-content\/uploads\/2026\/03\/Por-que-caminar-cada-dia-mejora-tu-bienestar-360x256.jpg 360w, https:\/\/eldigitaldeasturias.com\/magazine365\/wp-content\/uploads\/2026\/03\/Por-que-caminar-cada-dia-mejora-tu-bienestar-650x462.jpg 650w, https:\/\/eldigitaldeasturias.com\/magazine365\/wp-content\/uploads\/2026\/03\/Por-que-caminar-cada-dia-mejora-tu-bienestar-768x545.jpg 768w, https:\/\/eldigitaldeasturias.com\/magazine365\/wp-content\/uploads\/2026\/03\/Por-que-caminar-cada-dia-mejora-tu-bienestar-150x107.jpg 150w, https:\/\/eldigitaldeasturias.com\/magazine365\/wp-content\/uploads\/2026\/03\/Por-que-caminar-cada-dia-mejora-tu-bienestar.jpg 1180w\" \/><\/a>\t\t\t\n\t\t\t\n\t\t\t\n\t\t\t\n\t\t\n\t\t<\/div>\n\t\n\n\t\n\t\t<div class=\"content\">\n\n\t\t\t<div class=\"post-meta post-meta-a has-below\"><h2 class=\"is-title post-title limit-lines l-lines-3\"><a href=\"https:\/\/eldigitaldeasturias.com\/magazine365\/por-que-caminar-cada-dia-mejora-tu-bienestar\/\">Por qu\u00e9 caminar cada d\u00eda mejora tu bienestar<\/a><\/h2><div class=\"post-meta-items meta-below\"><span class=\"meta-item post-author\"><a href=\"https:\/\/eldigitaldeasturias.com\/magazine365\/author\/admin\/\" title=\"Entradas de admin\" rel=\"author\">admin<\/a><\/span><span class=\"meta-item date\"><span class=\"date-link\"><time class=\"post-date\" datetime=\"2026-03-16T22:44:14+01:00\">16 marzo, 2026<\/time><\/span><\/span><\/div><\/div>\t\t\t\n\t\t\t\n\t\t\t\n\t\t<\/div>\n\n\t\n<\/article>\t\t\t\t\t\n<article class=\"l-post grid-post grid-base-post l-post-center\">\n\n\t\n\t\t\t<div class=\"media\">\n\n\t\t\n\t\t\t<a href=\"https:\/\/eldigitaldeasturias.com\/magazine365\/cine-de-culto-y-el-regreso-de-la-sala-pequena\/\" class=\"image-link media-ratio ratio-4-3\" title=\"Cine de culto y el regreso de la sala peque\u00f1a\"><img loading=\"lazy\" decoding=\"async\" width=\"390\" height=\"293\" src=\"https:\/\/eldigitaldeasturias.com\/magazine365\/wp-content\/uploads\/2026\/03\/Cine-de-culto-y-el-regreso-de-la-sala-pequena-450x311.jpg\" class=\"attachment-bunyad-medium size-bunyad-medium wp-post-image\" alt=\"Cine de culto y el regreso de la sala peque\u00f1a\" sizes=\"(max-width: 390px) 100vw, 390px\" title=\"Cine de culto y el regreso de la sala peque\u00f1a\" srcset=\"https:\/\/eldigitaldeasturias.com\/magazine365\/wp-content\/uploads\/2026\/03\/Cine-de-culto-y-el-regreso-de-la-sala-pequena-450x311.jpg 450w, https:\/\/eldigitaldeasturias.com\/magazine365\/wp-content\/uploads\/2026\/03\/Cine-de-culto-y-el-regreso-de-la-sala-pequena-360x249.jpg 360w, https:\/\/eldigitaldeasturias.com\/magazine365\/wp-content\/uploads\/2026\/03\/Cine-de-culto-y-el-regreso-de-la-sala-pequena-650x449.jpg 650w, https:\/\/eldigitaldeasturias.com\/magazine365\/wp-content\/uploads\/2026\/03\/Cine-de-culto-y-el-regreso-de-la-sala-pequena-768x531.jpg 768w, https:\/\/eldigitaldeasturias.com\/magazine365\/wp-content\/uploads\/2026\/03\/Cine-de-culto-y-el-regreso-de-la-sala-pequena-150x104.jpg 150w, https:\/\/eldigitaldeasturias.com\/magazine365\/wp-content\/uploads\/2026\/03\/Cine-de-culto-y-el-regreso-de-la-sala-pequena.jpg 1201w\" \/><\/a>\t\t\t\n\t\t\t\n\t\t\t\n\t\t\t\n\t\t\n\t\t<\/div>\n\t\n\n\t\n\t\t<div class=\"content\">\n\n\t\t\t<div class=\"post-meta post-meta-a has-below\"><h2 class=\"is-title post-title limit-lines l-lines-3\"><a href=\"https:\/\/eldigitaldeasturias.com\/magazine365\/cine-de-culto-y-el-regreso-de-la-sala-pequena\/\">Cine de culto y el regreso de la sala peque\u00f1a<\/a><\/h2><div class=\"post-meta-items meta-below\"><span class=\"meta-item post-author\"><a href=\"https:\/\/eldigitaldeasturias.com\/magazine365\/author\/admin\/\" title=\"Entradas de admin\" rel=\"author\">admin<\/a><\/span><span class=\"meta-item date\"><span class=\"date-link\"><time class=\"post-date\" datetime=\"2026-03-09T23:10:13+01:00\">9 marzo, 2026<\/time><\/span><\/span><\/div><\/div>\t\t\t\n\t\t\t\n\t\t\t\n\t\t<\/div>\n\n\t\n<\/article>\t\t\n\t<\/div>\n\n\t\t\n\t\t\t<\/div>\n\n\t\t<\/section>\n\t\t\t\t\t\t<\/div>\n\t\t\t\t<\/div>\n\t\t\t\t\t<\/div>\n\t\t<\/div>\n\t\t\t\t\t<\/div>\n\t\t<\/section>\n\t\t\t\t<section class=\"has-el-gap el-gap-default elementor-section elementor-top-section elementor-element elementor-element-34e5f1b6 elementor-section-boxed elementor-section-height-default elementor-section-height-default\" data-id=\"34e5f1b6\" data-element_type=\"section\" data-e-type=\"section\">\n\t\t\t\t\t\t<div class=\"elementor-container elementor-column-gap-no\">\n\t\t\t\t\t<div class=\"elementor-column elementor-col-66 elementor-top-column elementor-element elementor-element-201ea241 main-content\" data-id=\"201ea241\" data-element_type=\"column\" data-e-type=\"column\">\n\t\t\t<div class=\"elementor-widget-wrap elementor-element-populated\">\n\t\t\t\t\t\t<div class=\"elementor-element elementor-element-29388be1 elementor-widget elementor-widget-smartmag-grid\" data-id=\"29388be1\" data-element_type=\"widget\" data-e-type=\"widget\" data-widget_type=\"smartmag-grid.default\">\n\t\t\t\t<div class=\"elementor-widget-container\">\n\t\t\t\t\t\t\t<section class=\"block-wrap block-grid block-sc has-media-shadows\" data-id=\"5\">\n\n\t\t\t\t\n\t\t\t<div class=\"block-content\">\n\t\t\t\t\t\n\t<div data-slider=\"carousel\" data-autoplay data-speed data-slides=\"2\" data-slides-md data-slides-sm data-arrows=\"b\" data-dots class=\"loop loop-grid loop-grid-base common-slider loop-carousel arrow-hover slider-arrow-b grid grid-2 md:grid-2 xs:grid-1\">\n\n\t\t\t\t\t\n<article class=\"l-post grid-post grid-base-post\">\n\n\t\n\t\t\t<div class=\"media\">\n\n\t\t\n\t\t\t<a href=\"https:\/\/eldigitaldeasturias.com\/magazine365\/estampados-y-color-la-camisa-que-habla-por-ti\/\" class=\"image-link media-ratio ratio-16-9\" title=\"Estampados y color: la camisa que habla por ti\"><img loading=\"lazy\" decoding=\"async\" width=\"390\" height=\"219\" src=\"https:\/\/eldigitaldeasturias.com\/magazine365\/wp-content\/uploads\/2026\/04\/Estampados-y-color-la-camisa-que-habla-por-ti-450x262.jpg\" class=\"attachment-bunyad-medium size-bunyad-medium wp-post-image\" alt=\"Estampados y color la camisa que habla por ti\" sizes=\"(max-width: 390px) 100vw, 390px\" title=\"Estampados y color: la camisa que habla por ti\" srcset=\"https:\/\/eldigitaldeasturias.com\/magazine365\/wp-content\/uploads\/2026\/04\/Estampados-y-color-la-camisa-que-habla-por-ti-450x262.jpg 450w, https:\/\/eldigitaldeasturias.com\/magazine365\/wp-content\/uploads\/2026\/04\/Estampados-y-color-la-camisa-que-habla-por-ti-360x209.jpg 360w, https:\/\/eldigitaldeasturias.com\/magazine365\/wp-content\/uploads\/2026\/04\/Estampados-y-color-la-camisa-que-habla-por-ti-650x378.jpg 650w, https:\/\/eldigitaldeasturias.com\/magazine365\/wp-content\/uploads\/2026\/04\/Estampados-y-color-la-camisa-que-habla-por-ti-768x446.jpg 768w, https:\/\/eldigitaldeasturias.com\/magazine365\/wp-content\/uploads\/2026\/04\/Estampados-y-color-la-camisa-que-habla-por-ti-150x87.jpg 150w, https:\/\/eldigitaldeasturias.com\/magazine365\/wp-content\/uploads\/2026\/04\/Estampados-y-color-la-camisa-que-habla-por-ti-1200x697.jpg 1200w, https:\/\/eldigitaldeasturias.com\/magazine365\/wp-content\/uploads\/2026\/04\/Estampados-y-color-la-camisa-que-habla-por-ti.jpg 1225w\" \/><\/a>\t\t\t\n\t\t\t\n\t\t\t\n\t\t\t\n\t\t\n\t\t<\/div>\n\t\n\n\t\n\t\t<div class=\"content\">\n\n\t\t\t<div class=\"post-meta post-meta-a has-below\"><h2 class=\"is-title post-title\"><a href=\"https:\/\/eldigitaldeasturias.com\/magazine365\/estampados-y-color-la-camisa-que-habla-por-ti\/\">Estampados y color: la camisa que habla por ti<\/a><\/h2><div class=\"post-meta-items meta-below\"><span class=\"meta-item post-author\"><a href=\"https:\/\/eldigitaldeasturias.com\/magazine365\/author\/admin\/\" title=\"Entradas de admin\" rel=\"author\">admin<\/a><\/span><span class=\"meta-item date\"><span class=\"date-link\"><time class=\"post-date\" datetime=\"2026-04-03T02:35:54+02:00\">3 abril, 2026<\/time><\/span><\/span><\/div><\/div>\t\t\t\n\t\t\t\t\t\t\n\t\t\t\t<div class=\"excerpt\">\n\t\t\t\t\t<p>Elegir una camisa estampada no es una decisi\u00f3n menor. Es una declaraci\u00f3n. Cada vez que&hellip;<\/p>\n\t\t\t\t<\/div>\n\t\t\t\n\t\t\t\n\t\t\t\n\t\t<\/div>\n\n\t\n<\/article>\t\t\t\t\t\n<article class=\"l-post grid-post grid-base-post\">\n\n\t\n\t\t\t<div class=\"media\">\n\n\t\t\n\t\t\t<a href=\"https:\/\/eldigitaldeasturias.com\/magazine365\/no-destacar-tambien-es-una-decision-en-moda\/\" class=\"image-link media-ratio ratio-16-9\" title=\"No destacar tambi\u00e9n es una decisi\u00f3n en moda\"><img loading=\"lazy\" decoding=\"async\" width=\"390\" height=\"219\" src=\"https:\/\/eldigitaldeasturias.com\/magazine365\/wp-content\/uploads\/2026\/03\/No-destacar-tambien-es-una-decision-en-moda-450x294.jpg\" class=\"attachment-bunyad-medium size-bunyad-medium wp-post-image\" alt=\"No destacar tambi\u00e9n es una decisi\u00f3n en moda\" sizes=\"(max-width: 390px) 100vw, 390px\" title=\"No destacar tambi\u00e9n es una decisi\u00f3n en moda\" srcset=\"https:\/\/eldigitaldeasturias.com\/magazine365\/wp-content\/uploads\/2026\/03\/No-destacar-tambien-es-una-decision-en-moda-450x294.jpg 450w, https:\/\/eldigitaldeasturias.com\/magazine365\/wp-content\/uploads\/2026\/03\/No-destacar-tambien-es-una-decision-en-moda-360x236.jpg 360w, https:\/\/eldigitaldeasturias.com\/magazine365\/wp-content\/uploads\/2026\/03\/No-destacar-tambien-es-una-decision-en-moda-650x425.jpg 650w, https:\/\/eldigitaldeasturias.com\/magazine365\/wp-content\/uploads\/2026\/03\/No-destacar-tambien-es-una-decision-en-moda-768x502.jpg 768w, https:\/\/eldigitaldeasturias.com\/magazine365\/wp-content\/uploads\/2026\/03\/No-destacar-tambien-es-una-decision-en-moda-1200x785.jpg 1200w, https:\/\/eldigitaldeasturias.com\/magazine365\/wp-content\/uploads\/2026\/03\/No-destacar-tambien-es-una-decision-en-moda.jpg 1264w\" \/><\/a>\t\t\t\n\t\t\t\n\t\t\t\n\t\t\t\n\t\t\n\t\t<\/div>\n\t\n\n\t\n\t\t<div class=\"content\">\n\n\t\t\t<div class=\"post-meta post-meta-a has-below\"><h2 class=\"is-title post-title\"><a href=\"https:\/\/eldigitaldeasturias.com\/magazine365\/no-destacar-tambien-es-una-decision-en-moda\/\">No destacar tambi\u00e9n es una decisi\u00f3n en moda<\/a><\/h2><div class=\"post-meta-items meta-below\"><span class=\"meta-item post-author\"><a href=\"https:\/\/eldigitaldeasturias.com\/magazine365\/author\/admin\/\" title=\"Entradas de admin\" rel=\"author\">admin<\/a><\/span><span class=\"meta-item date\"><span class=\"date-link\"><time class=\"post-date\" datetime=\"2026-03-24T00:19:09+01:00\">24 marzo, 2026<\/time><\/span><\/span><\/div><\/div>\t\t\t\n\t\t\t\t\t\t\n\t\t\t\t<div class=\"excerpt\">\n\t\t\t\t\t<p>Durante a\u00f1os, vestirse bien ha estado asociado a destacar en la moda: colores, siluetas, combinaciones&hellip;<\/p>\n\t\t\t\t<\/div>\n\t\t\t\n\t\t\t\n\t\t\t\n\t\t<\/div>\n\n\t\n<\/article>\t\t\t\t\t\n<article class=\"l-post grid-post grid-base-post\">\n\n\t\n\t\t\t<div class=\"media\">\n\n\t\t\n\t\t\t<a href=\"https:\/\/eldigitaldeasturias.com\/magazine365\/prendas-basicas-que-no-pueden-faltar-en-primavera\/\" class=\"image-link media-ratio ratio-16-9\" title=\"Prendas b\u00e1sicas que no pueden faltar en primavera\"><img loading=\"lazy\" decoding=\"async\" width=\"390\" height=\"219\" src=\"https:\/\/eldigitaldeasturias.com\/magazine365\/wp-content\/uploads\/2026\/03\/Prendas-basicas-que-no-pueden-faltar-en-primavera-450x301.jpg\" class=\"attachment-bunyad-medium size-bunyad-medium wp-post-image\" alt=\"Prendas b\u00e1sicas que no pueden faltar en primavera\" sizes=\"(max-width: 390px) 100vw, 390px\" title=\"Prendas b\u00e1sicas que no pueden faltar en primavera\" srcset=\"https:\/\/eldigitaldeasturias.com\/magazine365\/wp-content\/uploads\/2026\/03\/Prendas-basicas-que-no-pueden-faltar-en-primavera-450x301.jpg 450w, https:\/\/eldigitaldeasturias.com\/magazine365\/wp-content\/uploads\/2026\/03\/Prendas-basicas-que-no-pueden-faltar-en-primavera-360x241.jpg 360w, https:\/\/eldigitaldeasturias.com\/magazine365\/wp-content\/uploads\/2026\/03\/Prendas-basicas-que-no-pueden-faltar-en-primavera-650x435.jpg 650w, https:\/\/eldigitaldeasturias.com\/magazine365\/wp-content\/uploads\/2026\/03\/Prendas-basicas-que-no-pueden-faltar-en-primavera-768x513.jpg 768w, https:\/\/eldigitaldeasturias.com\/magazine365\/wp-content\/uploads\/2026\/03\/Prendas-basicas-que-no-pueden-faltar-en-primavera-1200x802.jpg 1200w, https:\/\/eldigitaldeasturias.com\/magazine365\/wp-content\/uploads\/2026\/03\/Prendas-basicas-que-no-pueden-faltar-en-primavera.jpg 1246w\" \/><\/a>\t\t\t\n\t\t\t\n\t\t\t\n\t\t\t\n\t\t\n\t\t<\/div>\n\t\n\n\t\n\t\t<div class=\"content\">\n\n\t\t\t<div class=\"post-meta post-meta-a has-below\"><h2 class=\"is-title post-title\"><a href=\"https:\/\/eldigitaldeasturias.com\/magazine365\/prendas-basicas-que-no-pueden-faltar-en-primavera\/\">Prendas b\u00e1sicas que no pueden faltar en primavera<\/a><\/h2><div class=\"post-meta-items meta-below\"><span class=\"meta-item post-author\"><a href=\"https:\/\/eldigitaldeasturias.com\/magazine365\/author\/admin\/\" title=\"Entradas de admin\" rel=\"author\">admin<\/a><\/span><span class=\"meta-item date\"><span class=\"date-link\"><time class=\"post-date\" datetime=\"2026-03-17T00:21:58+01:00\">17 marzo, 2026<\/time><\/span><\/span><\/div><\/div>\t\t\t\n\t\t\t\t\t\t\n\t\t\t\t<div class=\"excerpt\">\n\t\t\t\t\t<p>La llegada de la primavera marca uno de los momentos m\u00e1s interesantes del a\u00f1o para&hellip;<\/p>\n\t\t\t\t<\/div>\n\t\t\t\n\t\t\t\n\t\t\t\n\t\t<\/div>\n\n\t\n<\/article>\t\t\t\t\t\n<article class=\"l-post grid-post grid-base-post\">\n\n\t\n\t\t\t<div class=\"media\">\n\n\t\t\n\t\t\t<a href=\"https:\/\/eldigitaldeasturias.com\/magazine365\/vestirse-sin-llamar-la-atencion-como-eleccion\/\" class=\"image-link media-ratio ratio-16-9\" title=\"Vestirse sin llamar la atenci\u00f3n como elecci\u00f3n\"><img loading=\"lazy\" decoding=\"async\" width=\"390\" height=\"219\" src=\"https:\/\/eldigitaldeasturias.com\/magazine365\/wp-content\/uploads\/2026\/03\/Vestirse-sin-llamar-la-atencion-como-eleccion-450x298.jpg\" class=\"attachment-bunyad-medium size-bunyad-medium wp-post-image\" alt=\"Vestirse sin llamar la atenci\u00f3n como elecci\u00f3n\" sizes=\"(max-width: 390px) 100vw, 390px\" title=\"Vestirse sin llamar la atenci\u00f3n como elecci\u00f3n\" srcset=\"https:\/\/eldigitaldeasturias.com\/magazine365\/wp-content\/uploads\/2026\/03\/Vestirse-sin-llamar-la-atencion-como-eleccion-450x298.jpg 450w, https:\/\/eldigitaldeasturias.com\/magazine365\/wp-content\/uploads\/2026\/03\/Vestirse-sin-llamar-la-atencion-como-eleccion-360x239.jpg 360w, https:\/\/eldigitaldeasturias.com\/magazine365\/wp-content\/uploads\/2026\/03\/Vestirse-sin-llamar-la-atencion-como-eleccion-650x431.jpg 650w, https:\/\/eldigitaldeasturias.com\/magazine365\/wp-content\/uploads\/2026\/03\/Vestirse-sin-llamar-la-atencion-como-eleccion-768x509.jpg 768w, https:\/\/eldigitaldeasturias.com\/magazine365\/wp-content\/uploads\/2026\/03\/Vestirse-sin-llamar-la-atencion-como-eleccion-1200x796.jpg 1200w, https:\/\/eldigitaldeasturias.com\/magazine365\/wp-content\/uploads\/2026\/03\/Vestirse-sin-llamar-la-atencion-como-eleccion.jpg 1244w\" \/><\/a>\t\t\t\n\t\t\t\n\t\t\t\n\t\t\t\n\t\t\n\t\t<\/div>\n\t\n\n\t\n\t\t<div class=\"content\">\n\n\t\t\t<div class=\"post-meta post-meta-a has-below\"><h2 class=\"is-title post-title\"><a href=\"https:\/\/eldigitaldeasturias.com\/magazine365\/vestirse-sin-llamar-la-atencion-como-eleccion\/\">Vestirse sin llamar la atenci\u00f3n como elecci\u00f3n<\/a><\/h2><div class=\"post-meta-items meta-below\"><span class=\"meta-item post-author\"><a href=\"https:\/\/eldigitaldeasturias.com\/magazine365\/author\/admin\/\" title=\"Entradas de admin\" rel=\"author\">admin<\/a><\/span><span class=\"meta-item date\"><span class=\"date-link\"><time class=\"post-date\" datetime=\"2026-03-05T15:07:14+01:00\">5 marzo, 2026<\/time><\/span><\/span><\/div><\/div>\t\t\t\n\t\t\t\t\t\t\n\t\t\t\t<div class=\"excerpt\">\n\t\t\t\t\t<p>Vestirse sin llamar la atenci\u00f3n ha dejado de interpretarse como falta de inter\u00e9s por la&hellip;<\/p>\n\t\t\t\t<\/div>\n\t\t\t\n\t\t\t\n\t\t\t\n\t\t<\/div>\n\n\t\n<\/article>\t\t\n\t<\/div>\n\n\t\t\n\t\t\t<\/div>\n\n\t\t<\/section>\n\t\t\t\t\t\t<\/div>\n\t\t\t\t<\/div>\n\t\t\t\t\t<\/div>\n\t\t<\/div>\n\t\t\t\t<div class=\"elementor-column elementor-col-33 elementor-top-column elementor-element elementor-element-4cb8382c main-sidebar\" data-id=\"4cb8382c\" data-element_type=\"column\" data-e-type=\"column\">\n\t\t\t<div class=\"elementor-widget-wrap elementor-element-populated\">\n\t\t\t\t\t\t<div class=\"elementor-element elementor-element-d6ae2b7 elementor-widget elementor-widget-html\" data-id=\"d6ae2b7\" data-element_type=\"widget\" data-e-type=\"widget\" data-widget_type=\"html.default\">\n\t\t\t\t<div class=\"elementor-widget-container\">\n\t\t\t\t\t<img loading=\"lazy\" decoding=\"async\" class=\"size-full wp-image-178113 aligncenter\" src=\"https:\/\/candas365.es\/noticias\/wp-content\/uploads\/2024\/01\/NB-Radio-digital-Asturias.jpg\" alt=\"NB Radio digital Asturias\" width=\"300\" height=\"300\" \/>\t\t\t\t<\/div>\n\t\t\t\t<\/div>\n\t\t\t\t\t<\/div>\n\t\t<\/div>\n\t\t\t\t\t<\/div>\n\t\t<\/section>\n\t\t\t\t<section class=\"has-el-gap el-gap-default elementor-section elementor-top-section elementor-element elementor-element-149c3f4 elementor-section-boxed elementor-section-height-default elementor-section-height-default\" data-id=\"149c3f4\" data-element_type=\"section\" data-e-type=\"section\">\n\t\t\t\t\t\t<div class=\"elementor-container elementor-column-gap-no\">\n\t\t\t\t\t<div class=\"elementor-column elementor-col-33 elementor-top-column elementor-element elementor-element-35bfd39\" data-id=\"35bfd39\" data-element_type=\"column\" data-e-type=\"column\" data-settings=\"{&quot;background_background&quot;:&quot;classic&quot;}\">\n\t\t\t<div class=\"elementor-widget-wrap elementor-element-populated\">\n\t\t\t\t\t<div class=\"elementor-background-overlay\"><\/div>\n\t\t\t\t\t\t<div class=\"elementor-element elementor-element-3c3a4fbc elementor-widget elementor-widget-smartmag-highlights\" data-id=\"3c3a4fbc\" data-element_type=\"widget\" data-e-type=\"widget\" data-widget_type=\"smartmag-highlights.default\">\n\t\t\t\t<div class=\"elementor-widget-container\">\n\t\t\t\t\t\t\t<section class=\"block-wrap block-highlights block-sc s-dark mb-none has-media-shadows\" data-id=\"6\" data-is-mixed=\"1\">\n\n\t\t\t\t\t\t\t\t\n\t\t\t\t\t\t\t\n\t\t\t\t<div class=\"block-head block-head-c is-left\">\n\n\t\t\t\t\t<h4 class=\"heading\">Motor<\/h4>\t\t\t\t\t\n\t\t\t\t\t\t\t\t\t<\/div>\n\t\t\t\t\n\t\t\t\n\t\t\t\n\t\t\t<div class=\"block-content\">\n\t\t\t\t\t\n\t<div class=\"loops-mixed\">\n\t\t\t\n\t<div class=\"loop loop-grid loop-grid-base grid grid-1 md:grid-1 xs:grid-1\">\n\n\t\t\t\t\t\n<article class=\"l-post grid-post grid-base-post\">\n\n\t\n\t\t\t<div class=\"media\">\n\n\t\t\n\t\t\t<a href=\"https:\/\/eldigitaldeasturias.com\/magazine365\/accesorios-para-el-coche-que-cambian-cada-viaje\/\" class=\"image-link media-ratio ratio-16-9\" title=\"Accesorios para el coche que cambian cada viaje\"><img loading=\"lazy\" decoding=\"async\" width=\"390\" height=\"219\" src=\"https:\/\/eldigitaldeasturias.com\/magazine365\/wp-content\/uploads\/2026\/04\/Accesorios-para-el-coche-que-cambian-cada-viaje-450x297.jpg\" class=\"attachment-bunyad-medium size-bunyad-medium wp-post-image\" alt=\"Accesorios para el coche que cambian cada viaje\" sizes=\"(max-width: 390px) 100vw, 390px\" title=\"Accesorios para el coche que cambian cada viaje\" srcset=\"https:\/\/eldigitaldeasturias.com\/magazine365\/wp-content\/uploads\/2026\/04\/Accesorios-para-el-coche-que-cambian-cada-viaje-450x297.jpg 450w, https:\/\/eldigitaldeasturias.com\/magazine365\/wp-content\/uploads\/2026\/04\/Accesorios-para-el-coche-que-cambian-cada-viaje-360x238.jpg 360w, https:\/\/eldigitaldeasturias.com\/magazine365\/wp-content\/uploads\/2026\/04\/Accesorios-para-el-coche-que-cambian-cada-viaje-650x429.jpg 650w, https:\/\/eldigitaldeasturias.com\/magazine365\/wp-content\/uploads\/2026\/04\/Accesorios-para-el-coche-que-cambian-cada-viaje-768x507.jpg 768w, https:\/\/eldigitaldeasturias.com\/magazine365\/wp-content\/uploads\/2026\/04\/Accesorios-para-el-coche-que-cambian-cada-viaje-1200x792.jpg 1200w, https:\/\/eldigitaldeasturias.com\/magazine365\/wp-content\/uploads\/2026\/04\/Accesorios-para-el-coche-que-cambian-cada-viaje.jpg 1253w\" \/><\/a>\t\t\t\n\t\t\t\n\t\t\t\n\t\t\t\n\t\t\n\t\t<\/div>\n\t\n\n\t\n\t\t<div class=\"content\">\n\n\t\t\t<div class=\"post-meta post-meta-a has-below\"><h2 class=\"is-title post-title limit-lines l-lines-2\"><a href=\"https:\/\/eldigitaldeasturias.com\/magazine365\/accesorios-para-el-coche-que-cambian-cada-viaje\/\">Accesorios para el coche que cambian cada viaje<\/a><\/h2><div class=\"post-meta-items meta-below\"><span class=\"meta-item post-author\"><a href=\"https:\/\/eldigitaldeasturias.com\/magazine365\/author\/admin\/\" title=\"Entradas de admin\" rel=\"author\">admin<\/a><\/span><span class=\"meta-item date\"><span class=\"date-link\"><time class=\"post-date\" datetime=\"2026-04-04T18:26:42+02:00\">4 abril, 2026<\/time><\/span><\/span><\/div><\/div>\t\t\t\n\t\t\t\n\t\t\t\n\t\t<\/div>\n\n\t\n<\/article>\t\t\n\t<\/div>\n\n\t\t\n\n\t<div class=\"loop loop-small loop-small-a grid grid-1 md:grid-1 sm:grid-1 xs:grid-1\">\n\n\t\t\t\t\t\n<article class=\"l-post small-post small-a-post m-pos-left\">\n\n\t\n\t\t\t<div class=\"media\">\n\n\t\t\n\t\t\t<a href=\"https:\/\/eldigitaldeasturias.com\/magazine365\/mejora-tu-conduccion-con-estos-accesorios-para-coche\/\" class=\"image-link media-ratio ratio-is-custom\" title=\"Mejora tu conducci\u00f3n con estos accesorios para coche\"><img loading=\"lazy\" decoding=\"async\" width=\"122\" height=\"94\" src=\"https:\/\/eldigitaldeasturias.com\/magazine365\/wp-content\/uploads\/2026\/03\/Mejora-tu-conduccion-con-estos-accesorios-para-coche-360x239.jpg\" class=\"attachment-medium size-medium wp-post-image\" alt=\"Mejora tu conducci\u00f3n con estos accesorios para coche\" sizes=\"(max-width: 122px) 100vw, 122px\" title=\"Mejora tu conducci\u00f3n con estos accesorios para coche\" srcset=\"https:\/\/eldigitaldeasturias.com\/magazine365\/wp-content\/uploads\/2026\/03\/Mejora-tu-conduccion-con-estos-accesorios-para-coche-360x239.jpg 360w, https:\/\/eldigitaldeasturias.com\/magazine365\/wp-content\/uploads\/2026\/03\/Mejora-tu-conduccion-con-estos-accesorios-para-coche-650x432.jpg 650w, https:\/\/eldigitaldeasturias.com\/magazine365\/wp-content\/uploads\/2026\/03\/Mejora-tu-conduccion-con-estos-accesorios-para-coche-768x511.jpg 768w, https:\/\/eldigitaldeasturias.com\/magazine365\/wp-content\/uploads\/2026\/03\/Mejora-tu-conduccion-con-estos-accesorios-para-coche-150x100.jpg 150w, https:\/\/eldigitaldeasturias.com\/magazine365\/wp-content\/uploads\/2026\/03\/Mejora-tu-conduccion-con-estos-accesorios-para-coche-450x299.jpg 450w, https:\/\/eldigitaldeasturias.com\/magazine365\/wp-content\/uploads\/2026\/03\/Mejora-tu-conduccion-con-estos-accesorios-para-coche-1200x798.jpg 1200w, https:\/\/eldigitaldeasturias.com\/magazine365\/wp-content\/uploads\/2026\/03\/Mejora-tu-conduccion-con-estos-accesorios-para-coche.jpg 1256w\" \/><\/a>\t\t\t\n\t\t\t\n\t\t\t\n\t\t\t\n\t\t\n\t\t<\/div>\n\t\n\n\t\n\t\t<div class=\"content\">\n\n\t\t\t<div class=\"post-meta post-meta-a post-meta-left has-below\"><h4 class=\"is-title post-title limit-lines l-lines-2\"><a href=\"https:\/\/eldigitaldeasturias.com\/magazine365\/mejora-tu-conduccion-con-estos-accesorios-para-coche\/\">Mejora tu conducci\u00f3n con estos accesorios para coche<\/a><\/h4><div class=\"post-meta-items meta-below\"><span class=\"meta-item date\"><span class=\"date-link\"><time class=\"post-date\" datetime=\"2026-03-18T18:45:53+01:00\">18 marzo, 2026<\/time><\/span><\/span><\/div><\/div>\t\t\t\n\t\t\t\n\t\t\t\n\t\t<\/div>\n\n\t\n<\/article>\t\n\t\t\t\t\t\n<article class=\"l-post small-post small-a-post m-pos-left\">\n\n\t\n\t\t\t<div class=\"media\">\n\n\t\t\n\t\t\t<a href=\"https:\/\/eldigitaldeasturias.com\/magazine365\/el-nuevo-coche-electrico-pensado-para-viajar\/\" class=\"image-link media-ratio ratio-is-custom\" title=\"El nuevo coche el\u00e9ctrico pensado para viajar\"><img loading=\"lazy\" decoding=\"async\" width=\"122\" height=\"94\" src=\"https:\/\/eldigitaldeasturias.com\/magazine365\/wp-content\/uploads\/2026\/03\/El-nuevo-coche-electrico-pensado-para-viajar-360x233.jpg\" class=\"attachment-medium size-medium wp-post-image\" alt=\"El nuevo coche el\u00e9ctrico pensado para viajar\" sizes=\"(max-width: 122px) 100vw, 122px\" title=\"El nuevo coche el\u00e9ctrico pensado para viajar\" srcset=\"https:\/\/eldigitaldeasturias.com\/magazine365\/wp-content\/uploads\/2026\/03\/El-nuevo-coche-electrico-pensado-para-viajar-360x233.jpg 360w, https:\/\/eldigitaldeasturias.com\/magazine365\/wp-content\/uploads\/2026\/03\/El-nuevo-coche-electrico-pensado-para-viajar-650x421.jpg 650w, https:\/\/eldigitaldeasturias.com\/magazine365\/wp-content\/uploads\/2026\/03\/El-nuevo-coche-electrico-pensado-para-viajar-768x498.jpg 768w, https:\/\/eldigitaldeasturias.com\/magazine365\/wp-content\/uploads\/2026\/03\/El-nuevo-coche-electrico-pensado-para-viajar-150x97.jpg 150w, https:\/\/eldigitaldeasturias.com\/magazine365\/wp-content\/uploads\/2026\/03\/El-nuevo-coche-electrico-pensado-para-viajar-450x292.jpg 450w, https:\/\/eldigitaldeasturias.com\/magazine365\/wp-content\/uploads\/2026\/03\/El-nuevo-coche-electrico-pensado-para-viajar-1200x778.jpg 1200w, https:\/\/eldigitaldeasturias.com\/magazine365\/wp-content\/uploads\/2026\/03\/El-nuevo-coche-electrico-pensado-para-viajar.jpg 1243w\" \/><\/a>\t\t\t\n\t\t\t\n\t\t\t\n\t\t\t\n\t\t\n\t\t<\/div>\n\t\n\n\t\n\t\t<div class=\"content\">\n\n\t\t\t<div class=\"post-meta post-meta-a post-meta-left has-below\"><h4 class=\"is-title post-title limit-lines l-lines-2\"><a href=\"https:\/\/eldigitaldeasturias.com\/magazine365\/el-nuevo-coche-electrico-pensado-para-viajar\/\">El nuevo coche el\u00e9ctrico pensado para viajar<\/a><\/h4><div class=\"post-meta-items meta-below\"><span class=\"meta-item date\"><span class=\"date-link\"><time class=\"post-date\" datetime=\"2026-03-05T19:00:14+01:00\">5 marzo, 2026<\/time><\/span><\/span><\/div><\/div>\t\t\t\n\t\t\t\n\t\t\t\n\t\t<\/div>\n\n\t\n<\/article>\t\n\t\t\t\t\t\n<article class=\"l-post small-post small-a-post m-pos-left\">\n\n\t\n\t\t\t<div class=\"media\">\n\n\t\t\n\t\t\t<a href=\"https:\/\/eldigitaldeasturias.com\/magazine365\/cuando-el-diseno-vuelve-a-ser-clave-en-el-motor\/\" class=\"image-link media-ratio ratio-is-custom\" title=\"Cuando el dise\u00f1o vuelve a ser clave en el motor\"><img loading=\"lazy\" decoding=\"async\" width=\"122\" height=\"94\" src=\"https:\/\/eldigitaldeasturias.com\/magazine365\/wp-content\/uploads\/2026\/03\/Cuando-el-diseno-vuelve-a-ser-clave-en-el-motor-360x240.jpg\" class=\"attachment-medium size-medium wp-post-image\" alt=\"Cuando el dise\u00f1o vuelve a ser clave en el motor\" sizes=\"(max-width: 122px) 100vw, 122px\" title=\"Cuando el dise\u00f1o vuelve a ser clave en el motor\" srcset=\"https:\/\/eldigitaldeasturias.com\/magazine365\/wp-content\/uploads\/2026\/03\/Cuando-el-diseno-vuelve-a-ser-clave-en-el-motor-360x240.jpg 360w, https:\/\/eldigitaldeasturias.com\/magazine365\/wp-content\/uploads\/2026\/03\/Cuando-el-diseno-vuelve-a-ser-clave-en-el-motor-650x432.jpg 650w, https:\/\/eldigitaldeasturias.com\/magazine365\/wp-content\/uploads\/2026\/03\/Cuando-el-diseno-vuelve-a-ser-clave-en-el-motor-768x511.jpg 768w, https:\/\/eldigitaldeasturias.com\/magazine365\/wp-content\/uploads\/2026\/03\/Cuando-el-diseno-vuelve-a-ser-clave-en-el-motor-150x100.jpg 150w, https:\/\/eldigitaldeasturias.com\/magazine365\/wp-content\/uploads\/2026\/03\/Cuando-el-diseno-vuelve-a-ser-clave-en-el-motor-450x299.jpg 450w, https:\/\/eldigitaldeasturias.com\/magazine365\/wp-content\/uploads\/2026\/03\/Cuando-el-diseno-vuelve-a-ser-clave-en-el-motor-1200x798.jpg 1200w, https:\/\/eldigitaldeasturias.com\/magazine365\/wp-content\/uploads\/2026\/03\/Cuando-el-diseno-vuelve-a-ser-clave-en-el-motor.jpg 1219w\" \/><\/a>\t\t\t\n\t\t\t\n\t\t\t\n\t\t\t\n\t\t\n\t\t<\/div>\n\t\n\n\t\n\t\t<div class=\"content\">\n\n\t\t\t<div class=\"post-meta post-meta-a post-meta-left has-below\"><h4 class=\"is-title post-title limit-lines l-lines-2\"><a href=\"https:\/\/eldigitaldeasturias.com\/magazine365\/cuando-el-diseno-vuelve-a-ser-clave-en-el-motor\/\">Cuando el dise\u00f1o vuelve a ser clave en el motor<\/a><\/h4><div class=\"post-meta-items meta-below\"><span class=\"meta-item date\"><span class=\"date-link\"><time class=\"post-date\" datetime=\"2026-03-05T18:47:49+01:00\">5 marzo, 2026<\/time><\/span><\/span><\/div><\/div>\t\t\t\n\t\t\t\n\t\t\t\n\t\t<\/div>\n\n\t\n<\/article>\t\n\t\t\n\t<\/div>\n\n\t\t\t<\/div>\n\n\n\t\t\t\t<\/div>\n\n\t\t<\/section>\n\t\t\t\t\t\t<\/div>\n\t\t\t\t<\/div>\n\t\t\t\t\t<\/div>\n\t\t<\/div>\n\t\t\t\t<div class=\"elementor-column elementor-col-33 elementor-top-column elementor-element elementor-element-723f104d\" data-id=\"723f104d\" data-element_type=\"column\" data-e-type=\"column\" data-settings=\"{&quot;background_background&quot;:&quot;classic&quot;}\">\n\t\t\t<div class=\"elementor-widget-wrap elementor-element-populated\">\n\t\t\t\t\t\t<div class=\"elementor-element elementor-element-38784e90 elementor-widget elementor-widget-smartmag-highlights\" data-id=\"38784e90\" data-element_type=\"widget\" data-e-type=\"widget\" data-widget_type=\"smartmag-highlights.default\">\n\t\t\t\t<div class=\"elementor-widget-container\">\n\t\t\t\t\t\t\t<section class=\"block-wrap block-highlights block-sc s-dark mb-none has-media-shadows\" data-id=\"9\" data-is-mixed=\"1\">\n\n\t\t\t\t\t\t\t\t\n\t\t\t\t\t\t\t\n\t\t\t\t<div class=\"block-head block-head-c is-left\">\n\n\t\t\t\t\t<h4 class=\"heading\">Hogar<\/h4>\t\t\t\t\t\n\t\t\t\t\t\t\t\t\t<\/div>\n\t\t\t\t\n\t\t\t\n\t\t\t\n\t\t\t<div class=\"block-content\">\n\t\t\t\t\t\n\t<div class=\"loops-mixed\">\n\t\t\t\n\t<div class=\"loop loop-grid loop-grid-base grid grid-1 md:grid-1 xs:grid-1\">\n\n\t\t\t\t\t\n<article class=\"l-post grid-post grid-base-post\">\n\n\t\n\t\t\t<div class=\"media\">\n\n\t\t\n\t\t\t<a href=\"https:\/\/eldigitaldeasturias.com\/magazine365\/claves-para-dormir-mejor-renovando-tu-dormitorio\/\" class=\"image-link media-ratio ratio-16-9\" title=\"Claves para dormir mejor renovando tu dormitorio\"><img loading=\"lazy\" decoding=\"async\" width=\"390\" height=\"219\" src=\"https:\/\/eldigitaldeasturias.com\/magazine365\/wp-content\/uploads\/2026\/03\/Claves-para-dormir-mejor-renovando-tu-dormitorio-450x247.jpg\" class=\"attachment-bunyad-medium size-bunyad-medium wp-post-image\" alt=\"Claves para dormir mejor renovando tu dormitorio\" sizes=\"(max-width: 390px) 100vw, 390px\" title=\"Claves para dormir mejor renovando tu dormitorio\" srcset=\"https:\/\/eldigitaldeasturias.com\/magazine365\/wp-content\/uploads\/2026\/03\/Claves-para-dormir-mejor-renovando-tu-dormitorio-450x247.jpg 450w, https:\/\/eldigitaldeasturias.com\/magazine365\/wp-content\/uploads\/2026\/03\/Claves-para-dormir-mejor-renovando-tu-dormitorio-360x198.jpg 360w, https:\/\/eldigitaldeasturias.com\/magazine365\/wp-content\/uploads\/2026\/03\/Claves-para-dormir-mejor-renovando-tu-dormitorio-650x357.jpg 650w, https:\/\/eldigitaldeasturias.com\/magazine365\/wp-content\/uploads\/2026\/03\/Claves-para-dormir-mejor-renovando-tu-dormitorio-768x422.jpg 768w, https:\/\/eldigitaldeasturias.com\/magazine365\/wp-content\/uploads\/2026\/03\/Claves-para-dormir-mejor-renovando-tu-dormitorio-150x82.jpg 150w, https:\/\/eldigitaldeasturias.com\/magazine365\/wp-content\/uploads\/2026\/03\/Claves-para-dormir-mejor-renovando-tu-dormitorio-1200x659.jpg 1200w, https:\/\/eldigitaldeasturias.com\/magazine365\/wp-content\/uploads\/2026\/03\/Claves-para-dormir-mejor-renovando-tu-dormitorio.jpg 1253w\" \/><\/a>\t\t\t\n\t\t\t\n\t\t\t\n\t\t\t\n\t\t\n\t\t<\/div>\n\t\n\n\t\n\t\t<div class=\"content\">\n\n\t\t\t<div class=\"post-meta post-meta-a has-below\"><h2 class=\"is-title post-title limit-lines l-lines-2\"><a href=\"https:\/\/eldigitaldeasturias.com\/magazine365\/claves-para-dormir-mejor-renovando-tu-dormitorio\/\">Claves para dormir mejor renovando tu dormitorio<\/a><\/h2><div class=\"post-meta-items meta-below\"><span class=\"meta-item post-author\"><a href=\"https:\/\/eldigitaldeasturias.com\/magazine365\/author\/admin\/\" title=\"Entradas de admin\" rel=\"author\">admin<\/a><\/span><span class=\"meta-item date\"><span class=\"date-link\"><time class=\"post-date\" datetime=\"2026-03-18T18:53:26+01:00\">18 marzo, 2026<\/time><\/span><\/span><\/div><\/div>\t\t\t\n\t\t\t\n\t\t\t\n\t\t<\/div>\n\n\t\n<\/article>\t\t\n\t<\/div>\n\n\t\t\n\n\t<div class=\"loop loop-small loop-small-a grid grid-1 md:grid-1 sm:grid-1 xs:grid-1\">\n\n\t\t\t\t\t\n<article class=\"l-post small-post small-a-post m-pos-left\">\n\n\t\n\t\t\t<div class=\"media\">\n\n\t\t\n\t\t\t<a href=\"https:\/\/eldigitaldeasturias.com\/magazine365\/ideas-de-decoracion-que-cambiaran-tu-hogar-este-ano\/\" class=\"image-link media-ratio ratio-is-custom\" title=\"Ideas de decoraci\u00f3n que cambiar\u00e1n tu hogar este a\u00f1o\"><img loading=\"lazy\" decoding=\"async\" width=\"122\" height=\"94\" src=\"https:\/\/eldigitaldeasturias.com\/magazine365\/wp-content\/uploads\/2026\/03\/Ideas-de-decoracion-que-cambiaran-tu-hogar-este-ano-360x228.jpg\" class=\"attachment-medium size-medium wp-post-image\" alt=\"Ideas de decoraci\u00f3n que cambiar\u00e1n tu hogar este a\u00f1o\" sizes=\"(max-width: 122px) 100vw, 122px\" title=\"Ideas de decoraci\u00f3n que cambiar\u00e1n tu hogar este a\u00f1o\" srcset=\"https:\/\/eldigitaldeasturias.com\/magazine365\/wp-content\/uploads\/2026\/03\/Ideas-de-decoracion-que-cambiaran-tu-hogar-este-ano-360x228.jpg 360w, https:\/\/eldigitaldeasturias.com\/magazine365\/wp-content\/uploads\/2026\/03\/Ideas-de-decoracion-que-cambiaran-tu-hogar-este-ano-650x412.jpg 650w, https:\/\/eldigitaldeasturias.com\/magazine365\/wp-content\/uploads\/2026\/03\/Ideas-de-decoracion-que-cambiaran-tu-hogar-este-ano-768x487.jpg 768w, https:\/\/eldigitaldeasturias.com\/magazine365\/wp-content\/uploads\/2026\/03\/Ideas-de-decoracion-que-cambiaran-tu-hogar-este-ano-150x95.jpg 150w, https:\/\/eldigitaldeasturias.com\/magazine365\/wp-content\/uploads\/2026\/03\/Ideas-de-decoracion-que-cambiaran-tu-hogar-este-ano-450x286.jpg 450w, https:\/\/eldigitaldeasturias.com\/magazine365\/wp-content\/uploads\/2026\/03\/Ideas-de-decoracion-que-cambiaran-tu-hogar-este-ano-1200x761.jpg 1200w, https:\/\/eldigitaldeasturias.com\/magazine365\/wp-content\/uploads\/2026\/03\/Ideas-de-decoracion-que-cambiaran-tu-hogar-este-ano.jpg 1242w\" \/><\/a>\t\t\t\n\t\t\t\n\t\t\t\n\t\t\t\n\t\t\n\t\t<\/div>\n\t\n\n\t\n\t\t<div class=\"content\">\n\n\t\t\t<div class=\"post-meta post-meta-a post-meta-left has-below\"><h4 class=\"is-title post-title limit-lines l-lines-2\"><a href=\"https:\/\/eldigitaldeasturias.com\/magazine365\/ideas-de-decoracion-que-cambiaran-tu-hogar-este-ano\/\">Ideas de decoraci\u00f3n que cambiar\u00e1n tu hogar este a\u00f1o<\/a><\/h4><div class=\"post-meta-items meta-below\"><span class=\"meta-item date\"><span class=\"date-link\"><time class=\"post-date\" datetime=\"2026-03-16T23:45:22+01:00\">16 marzo, 2026<\/time><\/span><\/span><\/div><\/div>\t\t\t\n\t\t\t\n\t\t\t\n\t\t<\/div>\n\n\t\n<\/article>\t\n\t\t\t\t\t\n<article class=\"l-post small-post small-a-post m-pos-left\">\n\n\t\n\t\t\t<div class=\"media\">\n\n\t\t\n\t\t\t<a href=\"https:\/\/eldigitaldeasturias.com\/magazine365\/viviendas-pensadas-para-vivir-con-menos-objetos\/\" class=\"image-link media-ratio ratio-is-custom\" title=\"Viviendas pensadas para vivir con menos objetos\"><img loading=\"lazy\" decoding=\"async\" width=\"122\" height=\"94\" src=\"https:\/\/eldigitaldeasturias.com\/magazine365\/wp-content\/uploads\/2026\/03\/Viviendas-pensadas-para-vivir-con-menos-objetos-360x240.jpg\" class=\"attachment-medium size-medium wp-post-image\" alt=\"Viviendas pensadas para vivir con menos objetos\" sizes=\"(max-width: 122px) 100vw, 122px\" title=\"Viviendas pensadas para vivir con menos objetos\" srcset=\"https:\/\/eldigitaldeasturias.com\/magazine365\/wp-content\/uploads\/2026\/03\/Viviendas-pensadas-para-vivir-con-menos-objetos-360x240.jpg 360w, https:\/\/eldigitaldeasturias.com\/magazine365\/wp-content\/uploads\/2026\/03\/Viviendas-pensadas-para-vivir-con-menos-objetos-650x433.jpg 650w, https:\/\/eldigitaldeasturias.com\/magazine365\/wp-content\/uploads\/2026\/03\/Viviendas-pensadas-para-vivir-con-menos-objetos-768x512.jpg 768w, https:\/\/eldigitaldeasturias.com\/magazine365\/wp-content\/uploads\/2026\/03\/Viviendas-pensadas-para-vivir-con-menos-objetos-150x100.jpg 150w, https:\/\/eldigitaldeasturias.com\/magazine365\/wp-content\/uploads\/2026\/03\/Viviendas-pensadas-para-vivir-con-menos-objetos-450x300.jpg 450w, https:\/\/eldigitaldeasturias.com\/magazine365\/wp-content\/uploads\/2026\/03\/Viviendas-pensadas-para-vivir-con-menos-objetos-1200x799.jpg 1200w, https:\/\/eldigitaldeasturias.com\/magazine365\/wp-content\/uploads\/2026\/03\/Viviendas-pensadas-para-vivir-con-menos-objetos.jpg 1237w\" \/><\/a>\t\t\t\n\t\t\t\n\t\t\t\n\t\t\t\n\t\t\n\t\t<\/div>\n\t\n\n\t\n\t\t<div class=\"content\">\n\n\t\t\t<div class=\"post-meta post-meta-a post-meta-left has-below\"><h4 class=\"is-title post-title limit-lines l-lines-2\"><a href=\"https:\/\/eldigitaldeasturias.com\/magazine365\/viviendas-pensadas-para-vivir-con-menos-objetos\/\">Viviendas pensadas para vivir con menos objetos<\/a><\/h4><div class=\"post-meta-items meta-below\"><span class=\"meta-item date\"><span class=\"date-link\"><time class=\"post-date\" datetime=\"2026-03-05T21:16:40+01:00\">5 marzo, 2026<\/time><\/span><\/span><\/div><\/div>\t\t\t\n\t\t\t\n\t\t\t\n\t\t<\/div>\n\n\t\n<\/article>\t\n\t\t\t\t\t\n<article class=\"l-post small-post small-a-post m-pos-left\">\n\n\t\n\t\t\t<div class=\"media\">\n\n\t\t\n\t\t\t<a href=\"https:\/\/eldigitaldeasturias.com\/magazine365\/objetos-domesticos-que-ordenan-la-vida-diaria\/\" class=\"image-link media-ratio ratio-is-custom\" title=\"Objetos dom\u00e9sticos que ordenan la vida diaria\"><img loading=\"lazy\" decoding=\"async\" width=\"122\" height=\"94\" src=\"https:\/\/eldigitaldeasturias.com\/magazine365\/wp-content\/uploads\/2026\/03\/Objetos-domesticos-que-ordenan-la-vida-diaria-360x240.jpg\" class=\"attachment-medium size-medium wp-post-image\" alt=\"Objetos dom\u00e9sticos que ordenan la vida diaria\" sizes=\"(max-width: 122px) 100vw, 122px\" title=\"Objetos dom\u00e9sticos que ordenan la vida diaria\" srcset=\"https:\/\/eldigitaldeasturias.com\/magazine365\/wp-content\/uploads\/2026\/03\/Objetos-domesticos-que-ordenan-la-vida-diaria-360x240.jpg 360w, https:\/\/eldigitaldeasturias.com\/magazine365\/wp-content\/uploads\/2026\/03\/Objetos-domesticos-que-ordenan-la-vida-diaria-650x434.jpg 650w, https:\/\/eldigitaldeasturias.com\/magazine365\/wp-content\/uploads\/2026\/03\/Objetos-domesticos-que-ordenan-la-vida-diaria-768x512.jpg 768w, https:\/\/eldigitaldeasturias.com\/magazine365\/wp-content\/uploads\/2026\/03\/Objetos-domesticos-que-ordenan-la-vida-diaria-150x100.jpg 150w, https:\/\/eldigitaldeasturias.com\/magazine365\/wp-content\/uploads\/2026\/03\/Objetos-domesticos-que-ordenan-la-vida-diaria-450x300.jpg 450w, https:\/\/eldigitaldeasturias.com\/magazine365\/wp-content\/uploads\/2026\/03\/Objetos-domesticos-que-ordenan-la-vida-diaria-1200x800.jpg 1200w, https:\/\/eldigitaldeasturias.com\/magazine365\/wp-content\/uploads\/2026\/03\/Objetos-domesticos-que-ordenan-la-vida-diaria.jpg 1243w\" \/><\/a>\t\t\t\n\t\t\t\n\t\t\t\n\t\t\t\n\t\t\n\t\t<\/div>\n\t\n\n\t\n\t\t<div class=\"content\">\n\n\t\t\t<div class=\"post-meta post-meta-a post-meta-left has-below\"><h4 class=\"is-title post-title limit-lines l-lines-2\"><a href=\"https:\/\/eldigitaldeasturias.com\/magazine365\/objetos-domesticos-que-ordenan-la-vida-diaria\/\">Objetos dom\u00e9sticos que ordenan la vida diaria<\/a><\/h4><div class=\"post-meta-items meta-below\"><span class=\"meta-item date\"><span class=\"date-link\"><time class=\"post-date\" datetime=\"2026-03-05T15:29:42+01:00\">5 marzo, 2026<\/time><\/span><\/span><\/div><\/div>\t\t\t\n\t\t\t\n\t\t\t\n\t\t<\/div>\n\n\t\n<\/article>\t\n\t\t\n\t<\/div>\n\n\t\t\t<\/div>\n\n\n\t\t\t\t<\/div>\n\n\t\t<\/section>\n\t\t\t\t\t\t<\/div>\n\t\t\t\t<\/div>\n\t\t\t\t\t<\/div>\n\t\t<\/div>\n\t\t\t\t<div class=\"elementor-column elementor-col-33 elementor-top-column elementor-element elementor-element-58508fee\" data-id=\"58508fee\" data-element_type=\"column\" data-e-type=\"column\" data-settings=\"{&quot;background_background&quot;:&quot;classic&quot;}\">\n\t\t\t<div class=\"elementor-widget-wrap elementor-element-populated\">\n\t\t\t\t\t\t<div class=\"elementor-element elementor-element-3f5e2e22 elementor-widget elementor-widget-smartmag-highlights\" data-id=\"3f5e2e22\" data-element_type=\"widget\" data-e-type=\"widget\" data-widget_type=\"smartmag-highlights.default\">\n\t\t\t\t<div class=\"elementor-widget-container\">\n\t\t\t\t\t\t\t<section class=\"block-wrap block-highlights block-sc s-dark mb-none has-media-shadows\" data-id=\"12\" data-is-mixed=\"1\">\n\n\t\t\t\t\t\t\t\t\n\t\t\t\t\t\t\t\n\t\t\t\t<div class=\"block-head block-head-c is-left\">\n\n\t\t\t\t\t<h4 class=\"heading\">Internet<\/h4>\t\t\t\t\t\n\t\t\t\t\t\t\t\t\t<\/div>\n\t\t\t\t\n\t\t\t\n\t\t\t\n\t\t\t<div class=\"block-content\">\n\t\t\t\t\t\n\t<div class=\"loops-mixed\">\n\t\t\t\n\t<div class=\"loop loop-grid loop-grid-base grid grid-1 md:grid-1 xs:grid-1\">\n\n\t\t\t\t\t\n<article class=\"l-post grid-post grid-base-post\">\n\n\t\n\t\t\t<div class=\"media\">\n\n\t\t\n\t\t\t<a href=\"https:\/\/eldigitaldeasturias.com\/magazine365\/videojuegos-de-estrategia-el-ocio-que-hace-pensar\/\" class=\"image-link media-ratio ratio-16-9\" title=\"Videojuegos de estrategia: el ocio que hace pensar\"><img loading=\"lazy\" decoding=\"async\" width=\"390\" height=\"219\" src=\"https:\/\/eldigitaldeasturias.com\/magazine365\/wp-content\/uploads\/2026\/04\/Videojuegos-de-estrategia-450x308.jpg\" class=\"attachment-bunyad-medium size-bunyad-medium wp-post-image\" alt=\"Videojuegos de estrategia: el ocio que hace pensar\" sizes=\"(max-width: 390px) 100vw, 390px\" title=\"Videojuegos de estrategia: el ocio que hace pensar\" srcset=\"https:\/\/eldigitaldeasturias.com\/magazine365\/wp-content\/uploads\/2026\/04\/Videojuegos-de-estrategia-450x308.jpg 450w, https:\/\/eldigitaldeasturias.com\/magazine365\/wp-content\/uploads\/2026\/04\/Videojuegos-de-estrategia-360x246.jpg 360w, https:\/\/eldigitaldeasturias.com\/magazine365\/wp-content\/uploads\/2026\/04\/Videojuegos-de-estrategia-650x444.jpg 650w, https:\/\/eldigitaldeasturias.com\/magazine365\/wp-content\/uploads\/2026\/04\/Videojuegos-de-estrategia-768x525.jpg 768w, https:\/\/eldigitaldeasturias.com\/magazine365\/wp-content\/uploads\/2026\/04\/Videojuegos-de-estrategia-1200x820.jpg 1200w, https:\/\/eldigitaldeasturias.com\/magazine365\/wp-content\/uploads\/2026\/04\/Videojuegos-de-estrategia.jpg 1226w\" \/><\/a>\t\t\t\n\t\t\t\n\t\t\t\n\t\t\t\n\t\t\n\t\t<\/div>\n\t\n\n\t\n\t\t<div class=\"content\">\n\n\t\t\t<div class=\"post-meta post-meta-a has-below\"><h2 class=\"is-title post-title limit-lines l-lines-2\"><a href=\"https:\/\/eldigitaldeasturias.com\/magazine365\/videojuegos-de-estrategia-el-ocio-que-hace-pensar\/\">Videojuegos de estrategia: el ocio que hace pensar<\/a><\/h2><div class=\"post-meta-items meta-below\"><span class=\"meta-item post-author\"><a href=\"https:\/\/eldigitaldeasturias.com\/magazine365\/author\/admin\/\" title=\"Entradas de admin\" rel=\"author\">admin<\/a><\/span><span class=\"meta-item date\"><span class=\"date-link\"><time class=\"post-date\" datetime=\"2026-04-03T21:46:43+02:00\">3 abril, 2026<\/time><\/span><\/span><\/div><\/div>\t\t\t\n\t\t\t\n\t\t\t\n\t\t<\/div>\n\n\t\n<\/article>\t\t\n\t<\/div>\n\n\t\t\n\n\t<div class=\"loop loop-small loop-small-a grid grid-1 md:grid-1 sm:grid-1 xs:grid-1\">\n\n\t\t\t\t\t\n<article class=\"l-post small-post small-a-post m-pos-left\">\n\n\t\n\t\t\t<div class=\"media\">\n\n\t\t\n\t\t\t<a href=\"https:\/\/eldigitaldeasturias.com\/magazine365\/ia-y-realidad-virtual-renuevan-la-educacion-con-claroscuros\/\" class=\"image-link media-ratio ratio-is-custom\" title=\"IA y realidad virtual renuevan la educaci\u00f3n con claroscuros\"><img loading=\"lazy\" decoding=\"async\" width=\"122\" height=\"94\" src=\"https:\/\/eldigitaldeasturias.com\/magazine365\/wp-content\/uploads\/2026\/04\/IA-y-realidad-virtual-renuevan-la-educacion-con-claroscuros-360x200.jpg\" class=\"attachment-medium size-medium wp-post-image\" alt=\"IA y realidad virtual renuevan la educaci\u00f3n con claroscuros\" sizes=\"(max-width: 122px) 100vw, 122px\" title=\"IA y realidad virtual renuevan la educaci\u00f3n con claroscuros\" srcset=\"https:\/\/eldigitaldeasturias.com\/magazine365\/wp-content\/uploads\/2026\/04\/IA-y-realidad-virtual-renuevan-la-educacion-con-claroscuros-360x200.jpg 360w, https:\/\/eldigitaldeasturias.com\/magazine365\/wp-content\/uploads\/2026\/04\/IA-y-realidad-virtual-renuevan-la-educacion-con-claroscuros-650x361.jpg 650w, https:\/\/eldigitaldeasturias.com\/magazine365\/wp-content\/uploads\/2026\/04\/IA-y-realidad-virtual-renuevan-la-educacion-con-claroscuros-768x426.jpg 768w, https:\/\/eldigitaldeasturias.com\/magazine365\/wp-content\/uploads\/2026\/04\/IA-y-realidad-virtual-renuevan-la-educacion-con-claroscuros-150x83.jpg 150w, https:\/\/eldigitaldeasturias.com\/magazine365\/wp-content\/uploads\/2026\/04\/IA-y-realidad-virtual-renuevan-la-educacion-con-claroscuros-450x250.jpg 450w, https:\/\/eldigitaldeasturias.com\/magazine365\/wp-content\/uploads\/2026\/04\/IA-y-realidad-virtual-renuevan-la-educacion-con-claroscuros-1200x666.jpg 1200w, https:\/\/eldigitaldeasturias.com\/magazine365\/wp-content\/uploads\/2026\/04\/IA-y-realidad-virtual-renuevan-la-educacion-con-claroscuros.jpg 1251w\" \/><\/a>\t\t\t\n\t\t\t\n\t\t\t\n\t\t\t\n\t\t\n\t\t<\/div>\n\t\n\n\t\n\t\t<div class=\"content\">\n\n\t\t\t<div class=\"post-meta post-meta-a post-meta-left has-below\"><h4 class=\"is-title post-title limit-lines l-lines-2\"><a href=\"https:\/\/eldigitaldeasturias.com\/magazine365\/ia-y-realidad-virtual-renuevan-la-educacion-con-claroscuros\/\">IA y realidad virtual renuevan la educaci\u00f3n con claroscuros<\/a><\/h4><div class=\"post-meta-items meta-below\"><span class=\"meta-item date\"><span class=\"date-link\"><time class=\"post-date\" datetime=\"2026-04-03T02:44:45+02:00\">3 abril, 2026<\/time><\/span><\/span><\/div><\/div>\t\t\t\n\t\t\t\n\t\t\t\n\t\t<\/div>\n\n\t\n<\/article>\t\n\t\t\t\t\t\n<article class=\"l-post small-post small-a-post m-pos-left\">\n\n\t\n\t\t\t<div class=\"media\">\n\n\t\t\n\t\t\t<a href=\"https:\/\/eldigitaldeasturias.com\/magazine365\/la-verdad-sobre-ganar-dinero-en-internet-sin-humo\/\" class=\"image-link media-ratio ratio-is-custom\" title=\"La verdad sobre ganar dinero en internet sin humo\"><img loading=\"lazy\" decoding=\"async\" width=\"122\" height=\"94\" src=\"https:\/\/eldigitaldeasturias.com\/magazine365\/wp-content\/uploads\/2026\/03\/La-verdad-sobre-ganar-dinero-en-internet-sin-humo-360x238.jpg\" class=\"attachment-medium size-medium wp-post-image\" alt=\"La verdad sobre ganar dinero en internet sin humo\" sizes=\"(max-width: 122px) 100vw, 122px\" title=\"La verdad sobre ganar dinero en internet sin humo\" srcset=\"https:\/\/eldigitaldeasturias.com\/magazine365\/wp-content\/uploads\/2026\/03\/La-verdad-sobre-ganar-dinero-en-internet-sin-humo-360x238.jpg 360w, https:\/\/eldigitaldeasturias.com\/magazine365\/wp-content\/uploads\/2026\/03\/La-verdad-sobre-ganar-dinero-en-internet-sin-humo-650x430.jpg 650w, https:\/\/eldigitaldeasturias.com\/magazine365\/wp-content\/uploads\/2026\/03\/La-verdad-sobre-ganar-dinero-en-internet-sin-humo-768x508.jpg 768w, https:\/\/eldigitaldeasturias.com\/magazine365\/wp-content\/uploads\/2026\/03\/La-verdad-sobre-ganar-dinero-en-internet-sin-humo-150x99.jpg 150w, https:\/\/eldigitaldeasturias.com\/magazine365\/wp-content\/uploads\/2026\/03\/La-verdad-sobre-ganar-dinero-en-internet-sin-humo-450x298.jpg 450w, https:\/\/eldigitaldeasturias.com\/magazine365\/wp-content\/uploads\/2026\/03\/La-verdad-sobre-ganar-dinero-en-internet-sin-humo-1200x794.jpg 1200w, https:\/\/eldigitaldeasturias.com\/magazine365\/wp-content\/uploads\/2026\/03\/La-verdad-sobre-ganar-dinero-en-internet-sin-humo.jpg 1247w\" \/><\/a>\t\t\t\n\t\t\t\n\t\t\t\n\t\t\t\n\t\t\n\t\t<\/div>\n\t\n\n\t\n\t\t<div class=\"content\">\n\n\t\t\t<div class=\"post-meta post-meta-a post-meta-left has-below\"><h4 class=\"is-title post-title limit-lines l-lines-2\"><a href=\"https:\/\/eldigitaldeasturias.com\/magazine365\/la-verdad-sobre-ganar-dinero-en-internet-sin-humo\/\">La verdad sobre ganar dinero en internet sin humo<\/a><\/h4><div class=\"post-meta-items meta-below\"><span class=\"meta-item date\"><span class=\"date-link\"><time class=\"post-date\" datetime=\"2026-03-19T04:39:29+01:00\">19 marzo, 2026<\/time><\/span><\/span><\/div><\/div>\t\t\t\n\t\t\t\n\t\t\t\n\t\t<\/div>\n\n\t\n<\/article>\t\n\t\t\t\t\t\n<article class=\"l-post small-post small-a-post m-pos-left\">\n\n\t\n\t\t\t<div class=\"media\">\n\n\t\t\n\t\t\t<a href=\"https:\/\/eldigitaldeasturias.com\/magazine365\/errores-comunes-al-empezar-un-canal-de-youtube\/\" class=\"image-link media-ratio ratio-is-custom\" title=\"Errores comunes al empezar un canal de YouTube\"><img loading=\"lazy\" decoding=\"async\" width=\"122\" height=\"94\" src=\"https:\/\/eldigitaldeasturias.com\/magazine365\/wp-content\/uploads\/2026\/03\/Errores-comunes-al-empezar-un-canal-de-YouTube-360x235.jpg\" class=\"attachment-medium size-medium wp-post-image\" alt=\"Errores comunes al empezar un canal de YouTube\" sizes=\"(max-width: 122px) 100vw, 122px\" title=\"Errores comunes al empezar un canal de YouTube\" srcset=\"https:\/\/eldigitaldeasturias.com\/magazine365\/wp-content\/uploads\/2026\/03\/Errores-comunes-al-empezar-un-canal-de-YouTube-360x235.jpg 360w, https:\/\/eldigitaldeasturias.com\/magazine365\/wp-content\/uploads\/2026\/03\/Errores-comunes-al-empezar-un-canal-de-YouTube-650x425.jpg 650w, https:\/\/eldigitaldeasturias.com\/magazine365\/wp-content\/uploads\/2026\/03\/Errores-comunes-al-empezar-un-canal-de-YouTube-768x502.jpg 768w, https:\/\/eldigitaldeasturias.com\/magazine365\/wp-content\/uploads\/2026\/03\/Errores-comunes-al-empezar-un-canal-de-YouTube-150x98.jpg 150w, https:\/\/eldigitaldeasturias.com\/magazine365\/wp-content\/uploads\/2026\/03\/Errores-comunes-al-empezar-un-canal-de-YouTube-450x294.jpg 450w, https:\/\/eldigitaldeasturias.com\/magazine365\/wp-content\/uploads\/2026\/03\/Errores-comunes-al-empezar-un-canal-de-YouTube-1200x784.jpg 1200w, https:\/\/eldigitaldeasturias.com\/magazine365\/wp-content\/uploads\/2026\/03\/Errores-comunes-al-empezar-un-canal-de-YouTube.jpg 1251w\" \/><\/a>\t\t\t\n\t\t\t\n\t\t\t\n\t\t\t\n\t\t\n\t\t<\/div>\n\t\n\n\t\n\t\t<div class=\"content\">\n\n\t\t\t<div class=\"post-meta post-meta-a post-meta-left has-below\"><h4 class=\"is-title post-title limit-lines l-lines-2\"><a href=\"https:\/\/eldigitaldeasturias.com\/magazine365\/errores-comunes-al-empezar-un-canal-de-youtube\/\">Errores comunes al empezar un canal de YouTube<\/a><\/h4><div class=\"post-meta-items meta-below\"><span class=\"meta-item date\"><span class=\"date-link\"><time class=\"post-date\" datetime=\"2026-03-19T03:04:19+01:00\">19 marzo, 2026<\/time><\/span><\/span><\/div><\/div>\t\t\t\n\t\t\t\n\t\t\t\n\t\t<\/div>\n\n\t\n<\/article>\t\n\t\t\n\t<\/div>\n\n\t\t\t<\/div>\n\n\n\t\t\t\t<\/div>\n\n\t\t<\/section>\n\t\t\t\t\t\t<\/div>\n\t\t\t\t<\/div>\n\t\t\t\t\t<\/div>\n\t\t<\/div>\n\t\t\t\t\t<\/div>\n\t\t<\/section>\n\t\t\t\t<section class=\"has-el-gap el-gap-default elementor-section elementor-top-section elementor-element elementor-element-12e133ac elementor-section-boxed elementor-section-height-default elementor-section-height-default\" data-id=\"12e133ac\" data-element_type=\"section\" data-e-type=\"section\">\n\t\t\t\t\t\t<div class=\"elementor-container elementor-column-gap-no\">\n\t\t\t\t\t<div class=\"elementor-column elementor-col-66 elementor-top-column elementor-element elementor-element-ae16ddf main-content\" data-id=\"ae16ddf\" data-element_type=\"column\" data-e-type=\"column\">\n\t\t\t<div class=\"elementor-widget-wrap elementor-element-populated\">\n\t\t\t\t\t\t<div class=\"elementor-element elementor-element-638121d3 elementor-widget elementor-widget-smartmag-focusgrid\" data-id=\"638121d3\" data-element_type=\"widget\" data-e-type=\"widget\" data-widget_type=\"smartmag-focusgrid.default\">\n\t\t\t\t<div class=\"elementor-widget-container\">\n\t\t\t\t\t\t\t<section class=\"block-wrap block-focus-grid block-sc cols-gap-sm has-media-shadows\" data-id=\"15\" data-is-mixed=\"1\">\n\n\t\t\t\t\t\t\t\t\n\t\t\t\t\t\t\t\n\t\t\t\t<div class=\"block-head block-head-c is-left\">\n\n\t\t\t\t\t<h4 class=\"heading\">ACTUALIDAD<\/h4>\t\t\t\t\t\n\t\t\t\t\t\t\t\t\t<\/div>\n\t\t\t\t\n\t\t\t\n\t\t\t\n\t\t\t<div class=\"block-content\">\n\t\t\t\t\t\n\t<div class=\"grid grid-2 sm:grid-1 cols-not-eq loops-mixed\">\n\n\t\t\t\n\t<div class=\"loop loop-grid loop-grid-base grid grid-1 md:grid-1 xs:grid-1\">\n\n\t\t\t\t\t\n<article class=\"l-post grid-post grid-base-post\">\n\n\t\n\t\t\t<div class=\"media\">\n\n\t\t\n\t\t\t<a href=\"https:\/\/eldigitaldeasturias.com\/magazine365\/por-que-algunos-bares-siempre-parecen-llenos\/\" class=\"image-link media-ratio ratio-16-9\" title=\"Por qu\u00e9 algunos bares siempre parecen llenos\"><img loading=\"lazy\" decoding=\"async\" width=\"830\" height=\"466\" src=\"https:\/\/eldigitaldeasturias.com\/magazine365\/wp-content\/uploads\/2026\/03\/Por-que-algunos-bares-siempre-parecen-llenos-650x427.jpg\" class=\"attachment-large size-large wp-post-image\" alt=\"Por qu\u00e9 algunos bares siempre parecen llenos\" sizes=\"(max-width: 830px) 100vw, 830px\" title=\"Por qu\u00e9 algunos bares siempre parecen llenos\" srcset=\"https:\/\/eldigitaldeasturias.com\/magazine365\/wp-content\/uploads\/2026\/03\/Por-que-algunos-bares-siempre-parecen-llenos-768x504.jpg 768w, https:\/\/eldigitaldeasturias.com\/magazine365\/wp-content\/uploads\/2026\/03\/Por-que-algunos-bares-siempre-parecen-llenos-1200x788.jpg 1200w, https:\/\/eldigitaldeasturias.com\/magazine365\/wp-content\/uploads\/2026\/03\/Por-que-algunos-bares-siempre-parecen-llenos.jpg 1257w\" \/><\/a>\t\t\t\n\t\t\t\n\t\t\t\n\t\t\t\t\t\t\t\n\t\t\t\t<span class=\"cat-labels cat-labels-overlay c-overlay p-top-left\">\n\t\t\t\t<a href=\"https:\/\/eldigitaldeasturias.com\/magazine365\/category\/noticias-actualidad\/\" class=\"category term-color-224\" rel=\"category\" tabindex=\"-1\">Noticias y Actualidad<\/a>\n\t\t\t<\/span>\n\t\t\t\t\t\t\n\t\t\t\n\t\t\n\t\t<\/div>\n\t\n\n\t\n\t\t<div class=\"content\">\n\n\t\t\t<div class=\"post-meta post-meta-a has-below\"><h2 class=\"is-title post-title limit-lines l-lines-3\"><a href=\"https:\/\/eldigitaldeasturias.com\/magazine365\/por-que-algunos-bares-siempre-parecen-llenos\/\">Por qu\u00e9 algunos bares siempre parecen llenos<\/a><\/h2><div class=\"post-meta-items meta-below\"><span class=\"meta-item post-author\"><a href=\"https:\/\/eldigitaldeasturias.com\/magazine365\/author\/admin\/\" title=\"Entradas de admin\" rel=\"author\">admin<\/a><\/span><span class=\"meta-item date\"><span class=\"date-link\"><time class=\"post-date\" datetime=\"2026-03-13T03:03:18+01:00\">13 marzo, 2026<\/time><\/span><\/span><\/div><\/div>\t\t\t\n\t\t\t\t\t\t\n\t\t\t\t<div class=\"excerpt\">\n\t\t\t\t\t<p>En muchas ciudades ocurre algo curioso. Dos bares pueden estar situados en la misma calle, con pocos metros de distancia&hellip;<\/p>\n\t\t\t\t<\/div>\n\t\t\t\n\t\t\t\n\t\t\t\n\t\t<\/div>\n\n\t\n<\/article>\t\t\n\t<\/div>\n\n\t\t\n\t\n\t<div class=\"loop loop-grid loop-grid-sm grid grid-2 md:grid-2 sm:grid-2\">\n\n\t\t\t\t\t\n<article class=\"l-post grid-post grid-sm-post\">\n\n\t\n\t\t\t<div class=\"media\">\n\n\t\t\n\t\t\t<a href=\"https:\/\/eldigitaldeasturias.com\/magazine365\/dependencia-tecnologica-en-las-infraestructuras-criticas\/\" class=\"image-link media-ratio ratio-16-9\" title=\"Dependencia tecnol\u00f3gica en las infraestructuras cr\u00edticas\"><img loading=\"lazy\" decoding=\"async\" width=\"390\" height=\"219\" src=\"https:\/\/eldigitaldeasturias.com\/magazine365\/wp-content\/uploads\/2026\/03\/Dependencia-tecnologica-en-las-infraestructuras-criticas-450x252.jpg\" class=\"attachment-bunyad-medium size-bunyad-medium wp-post-image\" alt=\"Dependencia tecnol\u00f3gica en las infraestructuras cr\u00edticas\" sizes=\"(max-width: 390px) 100vw, 390px\" title=\"Dependencia tecnol\u00f3gica en las infraestructuras cr\u00edticas\" srcset=\"https:\/\/eldigitaldeasturias.com\/magazine365\/wp-content\/uploads\/2026\/03\/Dependencia-tecnologica-en-las-infraestructuras-criticas-450x252.jpg 450w, https:\/\/eldigitaldeasturias.com\/magazine365\/wp-content\/uploads\/2026\/03\/Dependencia-tecnologica-en-las-infraestructuras-criticas-360x201.jpg 360w, https:\/\/eldigitaldeasturias.com\/magazine365\/wp-content\/uploads\/2026\/03\/Dependencia-tecnologica-en-las-infraestructuras-criticas-650x363.jpg 650w, https:\/\/eldigitaldeasturias.com\/magazine365\/wp-content\/uploads\/2026\/03\/Dependencia-tecnologica-en-las-infraestructuras-criticas-768x429.jpg 768w, https:\/\/eldigitaldeasturias.com\/magazine365\/wp-content\/uploads\/2026\/03\/Dependencia-tecnologica-en-las-infraestructuras-criticas-150x84.jpg 150w, https:\/\/eldigitaldeasturias.com\/magazine365\/wp-content\/uploads\/2026\/03\/Dependencia-tecnologica-en-las-infraestructuras-criticas-1200x671.jpg 1200w, https:\/\/eldigitaldeasturias.com\/magazine365\/wp-content\/uploads\/2026\/03\/Dependencia-tecnologica-en-las-infraestructuras-criticas.jpg 1243w\" \/><\/a>\t\t\t\n\t\t\t\n\t\t\t\n\t\t\t\n\t\t\n\t\t<\/div>\n\t\n\n\t\n\t\t<div class=\"content\">\n\n\t\t\t<div class=\"post-meta post-meta-a has-below\"><h2 class=\"is-title post-title limit-lines l-lines-3\"><a href=\"https:\/\/eldigitaldeasturias.com\/magazine365\/dependencia-tecnologica-en-las-infraestructuras-criticas\/\">Dependencia tecnol\u00f3gica en las infraestructuras cr\u00edticas<\/a><\/h2><div class=\"post-meta-items meta-below\"><span class=\"meta-item date\"><span class=\"date-link\"><time class=\"post-date\" datetime=\"2026-03-09T16:22:46+01:00\">9 marzo, 2026<\/time><\/span><\/span><\/div><\/div>\t\t\t\n\t\t\t\n\t\t\t\n\t\t<\/div>\n\n\t\n<\/article>\t\t\t\t\t\n<article class=\"l-post grid-post grid-sm-post\">\n\n\t\n\t\t\t<div class=\"media\">\n\n\t\t\n\t\t\t<a href=\"https:\/\/eldigitaldeasturias.com\/magazine365\/el-reto-del-agua-en-las-ciudades-mediterraneas\/\" class=\"image-link media-ratio ratio-16-9\" title=\"El reto del agua en las ciudades mediterr\u00e1neas\"><img loading=\"lazy\" decoding=\"async\" width=\"390\" height=\"219\" src=\"https:\/\/eldigitaldeasturias.com\/magazine365\/wp-content\/uploads\/2026\/03\/El-reto-del-agua-en-las-ciudades-mediterraneas-450x304.jpg\" class=\"attachment-bunyad-medium size-bunyad-medium wp-post-image\" alt=\"El reto del agua en las ciudades mediterr\u00e1neas\" sizes=\"(max-width: 390px) 100vw, 390px\" title=\"El reto del agua en las ciudades mediterr\u00e1neas\" srcset=\"https:\/\/eldigitaldeasturias.com\/magazine365\/wp-content\/uploads\/2026\/03\/El-reto-del-agua-en-las-ciudades-mediterraneas-450x304.jpg 450w, https:\/\/eldigitaldeasturias.com\/magazine365\/wp-content\/uploads\/2026\/03\/El-reto-del-agua-en-las-ciudades-mediterraneas-360x244.jpg 360w, https:\/\/eldigitaldeasturias.com\/magazine365\/wp-content\/uploads\/2026\/03\/El-reto-del-agua-en-las-ciudades-mediterraneas-650x440.jpg 650w, https:\/\/eldigitaldeasturias.com\/magazine365\/wp-content\/uploads\/2026\/03\/El-reto-del-agua-en-las-ciudades-mediterraneas-768x519.jpg 768w, https:\/\/eldigitaldeasturias.com\/magazine365\/wp-content\/uploads\/2026\/03\/El-reto-del-agua-en-las-ciudades-mediterraneas-1200x812.jpg 1200w, https:\/\/eldigitaldeasturias.com\/magazine365\/wp-content\/uploads\/2026\/03\/El-reto-del-agua-en-las-ciudades-mediterraneas.jpg 1230w\" \/><\/a>\t\t\t\n\t\t\t\n\t\t\t\n\t\t\t\n\t\t\n\t\t<\/div>\n\t\n\n\t\n\t\t<div class=\"content\">\n\n\t\t\t<div class=\"post-meta post-meta-a has-below\"><h2 class=\"is-title post-title limit-lines l-lines-3\"><a href=\"https:\/\/eldigitaldeasturias.com\/magazine365\/el-reto-del-agua-en-las-ciudades-mediterraneas\/\">El reto del agua en las ciudades mediterr\u00e1neas<\/a><\/h2><div class=\"post-meta-items meta-below\"><span class=\"meta-item date\"><span class=\"date-link\"><time class=\"post-date\" datetime=\"2026-03-09T16:09:48+01:00\">9 marzo, 2026<\/time><\/span><\/span><\/div><\/div>\t\t\t\n\t\t\t\n\t\t\t\n\t\t<\/div>\n\n\t\n<\/article>\t\t\t\t\t\n<article class=\"l-post grid-post grid-sm-post\">\n\n\t\n\t\t\t<div class=\"media\">\n\n\t\t\n\t\t\t<a href=\"https:\/\/eldigitaldeasturias.com\/magazine365\/edificios-de-otra-epoca-ante-nuevas-normas\/\" class=\"image-link media-ratio ratio-16-9\" title=\"Edificios de otra \u00e9poca ante nuevas normas\"><img loading=\"lazy\" decoding=\"async\" width=\"390\" height=\"219\" src=\"https:\/\/eldigitaldeasturias.com\/magazine365\/wp-content\/uploads\/2026\/02\/Edificios-de-otra-epoca-ante-nuevas-normas-450x303.jpg\" class=\"attachment-bunyad-medium size-bunyad-medium wp-post-image\" alt=\"Edificios de otra \u00e9poca ante nuevas normas\" sizes=\"(max-width: 390px) 100vw, 390px\" title=\"Edificios de otra \u00e9poca ante nuevas normas\" srcset=\"https:\/\/eldigitaldeasturias.com\/magazine365\/wp-content\/uploads\/2026\/02\/Edificios-de-otra-epoca-ante-nuevas-normas-450x303.jpg 450w, https:\/\/eldigitaldeasturias.com\/magazine365\/wp-content\/uploads\/2026\/02\/Edificios-de-otra-epoca-ante-nuevas-normas-360x243.jpg 360w, https:\/\/eldigitaldeasturias.com\/magazine365\/wp-content\/uploads\/2026\/02\/Edificios-de-otra-epoca-ante-nuevas-normas-650x438.jpg 650w, https:\/\/eldigitaldeasturias.com\/magazine365\/wp-content\/uploads\/2026\/02\/Edificios-de-otra-epoca-ante-nuevas-normas-768x517.jpg 768w, https:\/\/eldigitaldeasturias.com\/magazine365\/wp-content\/uploads\/2026\/02\/Edificios-de-otra-epoca-ante-nuevas-normas-1200x808.jpg 1200w, https:\/\/eldigitaldeasturias.com\/magazine365\/wp-content\/uploads\/2026\/02\/Edificios-de-otra-epoca-ante-nuevas-normas.jpg 1226w\" \/><\/a>\t\t\t\n\t\t\t\n\t\t\t\n\t\t\t\n\t\t\n\t\t<\/div>\n\t\n\n\t\n\t\t<div class=\"content\">\n\n\t\t\t<div class=\"post-meta post-meta-a has-below\"><h2 class=\"is-title post-title limit-lines l-lines-3\"><a href=\"https:\/\/eldigitaldeasturias.com\/magazine365\/edificios-de-otra-epoca-ante-nuevas-normas\/\">Edificios de otra \u00e9poca ante nuevas normas<\/a><\/h2><div class=\"post-meta-items meta-below\"><span class=\"meta-item date\"><span class=\"date-link\"><time class=\"post-date\" datetime=\"2026-02-23T12:08:21+01:00\">23 febrero, 2026<\/time><\/span><\/span><\/div><\/div>\t\t\t\n\t\t\t\n\t\t\t\n\t\t<\/div>\n\n\t\n<\/article>\t\t\t\t\t\n<article class=\"l-post grid-post grid-sm-post\">\n\n\t\n\t\t\t<div class=\"media\">\n\n\t\t\n\t\t\t<a href=\"https:\/\/eldigitaldeasturias.com\/magazine365\/noviembre-situa-otra-vez-a-placido-domingo-en-primera-linea-tras-el-lleno-en-bonn-y-el-premio-puccini-en-italia\/\" class=\"image-link media-ratio ratio-16-9\" title=\"Noviembre sit\u00faa otra vez a Pl\u00e1cido Domingo en primera l\u00ednea tras el lleno en Bonn y el Premio Puccini en Italia\"><img loading=\"lazy\" decoding=\"async\" width=\"390\" height=\"219\" src=\"https:\/\/eldigitaldeasturias.com\/magazine365\/wp-content\/uploads\/2025\/12\/Noviembre-situa-otra-vez-a-Placido-Domingo-en-primera-linea-tras-el-lleno-en-Bonn-y-el-Premio-Puccini-en-Italia-450x312.jpg\" class=\"attachment-bunyad-medium size-bunyad-medium wp-post-image\" alt=\"Noviembre sit\u00faa otra vez a Pl\u00e1cido Domingo en primera l\u00ednea tras el lleno en Bonn y el Premio Puccini en Italia\" sizes=\"(max-width: 390px) 100vw, 390px\" title=\"Noviembre sit\u00faa otra vez a Pl\u00e1cido Domingo en primera l\u00ednea tras el lleno en Bonn y el Premio Puccini en Italia\" srcset=\"https:\/\/eldigitaldeasturias.com\/magazine365\/wp-content\/uploads\/2025\/12\/Noviembre-situa-otra-vez-a-Placido-Domingo-en-primera-linea-tras-el-lleno-en-Bonn-y-el-Premio-Puccini-en-Italia-450x312.jpg 450w, https:\/\/eldigitaldeasturias.com\/magazine365\/wp-content\/uploads\/2025\/12\/Noviembre-situa-otra-vez-a-Placido-Domingo-en-primera-linea-tras-el-lleno-en-Bonn-y-el-Premio-Puccini-en-Italia-360x250.jpg 360w, https:\/\/eldigitaldeasturias.com\/magazine365\/wp-content\/uploads\/2025\/12\/Noviembre-situa-otra-vez-a-Placido-Domingo-en-primera-linea-tras-el-lleno-en-Bonn-y-el-Premio-Puccini-en-Italia-650x451.jpg 650w, https:\/\/eldigitaldeasturias.com\/magazine365\/wp-content\/uploads\/2025\/12\/Noviembre-situa-otra-vez-a-Placido-Domingo-en-primera-linea-tras-el-lleno-en-Bonn-y-el-Premio-Puccini-en-Italia-768x533.jpg 768w, https:\/\/eldigitaldeasturias.com\/magazine365\/wp-content\/uploads\/2025\/12\/Noviembre-situa-otra-vez-a-Placido-Domingo-en-primera-linea-tras-el-lleno-en-Bonn-y-el-Premio-Puccini-en-Italia.jpg 1100w\" \/><\/a>\t\t\t\n\t\t\t\n\t\t\t\n\t\t\t\n\t\t\n\t\t<\/div>\n\t\n\n\t\n\t\t<div class=\"content\">\n\n\t\t\t<div class=\"post-meta post-meta-a has-below\"><h2 class=\"is-title post-title limit-lines l-lines-3\"><a href=\"https:\/\/eldigitaldeasturias.com\/magazine365\/noviembre-situa-otra-vez-a-placido-domingo-en-primera-linea-tras-el-lleno-en-bonn-y-el-premio-puccini-en-italia\/\">Noviembre sit\u00faa otra vez a Pl\u00e1cido Domingo en primera l\u00ednea tras el lleno en Bonn y el Premio Puccini en Italia<\/a><\/h2><div class=\"post-meta-items meta-below\"><span class=\"meta-item date\"><span class=\"date-link\"><time class=\"post-date\" datetime=\"2025-12-12T23:06:44+01:00\">12 diciembre, 2025<\/time><\/span><\/span><\/div><\/div>\t\t\t\n\t\t\t\n\t\t\t\n\t\t<\/div>\n\n\t\n<\/article>\t\t\n\t<\/div>\n\n\t\t\n\t<\/div>\n\n\t\t\t\t<\/div>\n\n\t\t<\/section>\n\t\t\t\t\t\t<\/div>\n\t\t\t\t<\/div>\n\t\t\t\t\t<\/div>\n\t\t<\/div>\n\t\t\t\t<div class=\"elementor-column elementor-col-33 elementor-top-column elementor-element elementor-element-3ee70d06 main-sidebar\" data-id=\"3ee70d06\" data-element_type=\"column\" data-e-type=\"column\">\n\t\t\t<div class=\"elementor-widget-wrap elementor-element-populated\">\n\t\t\t\t\t\t<div class=\"elementor-element elementor-element-65abcee elementor-widget elementor-widget-smartmag-large\" data-id=\"65abcee\" data-element_type=\"widget\" data-e-type=\"widget\" data-widget_type=\"smartmag-large.default\">\n\t\t\t\t<div class=\"elementor-widget-container\">\n\t\t\t\t\t\t\t<section class=\"block-wrap block-large block-sc has-media-shadows\" data-id=\"18\">\n\n\t\t\t\t\t\t\t\t\n\t\t\t\t\t\t\t\n\t\t\t\t<div class=\"block-head block-head-ac block-head-c is-left\">\n\n\t\t\t\t\t<h4 class=\"heading\">AGENDA<\/h4>\t\t\t\t\t\n\t\t\t\t\t\t\t\t\t<\/div>\n\t\t\t\t\n\t\t\t\n\t\t\t\n\t\t\t<div class=\"block-content\">\n\t\t\t\t\t\n\t<div class=\"loop loop-grid loop-grid-lg grid grid-1 md:grid-1 xs:grid-1\">\n\n\t\t\t\t\t\n<article class=\"l-post grid-post grid-lg-post\">\n\n\t\n\t\t\t<div class=\"media\">\n\n\t\t\n\t\t\t<a href=\"https:\/\/eldigitaldeasturias.com\/magazine365\/el-jardin-edward-james-impulsa-su-legado-en-ficxilitla\/\" class=\"image-link media-ratio ar-bunyad-main\" title=\"El Jard\u00edn Edward James impulsa su legado en FICXILITLA\"><img loading=\"lazy\" decoding=\"async\" width=\"814\" height=\"532\" src=\"https:\/\/eldigitaldeasturias.com\/magazine365\/wp-content\/uploads\/2025\/11\/FICXILITLA-650x394.jpg\" class=\"attachment-large size-large wp-post-image\" alt=\"FICXILITLA\" sizes=\"(max-width: 814px) 100vw, 814px\" title=\"El Jard\u00edn Edward James impulsa su legado en FICXILITLA\" srcset=\"https:\/\/eldigitaldeasturias.com\/magazine365\/wp-content\/uploads\/2025\/11\/FICXILITLA-650x394.jpg 650w, https:\/\/eldigitaldeasturias.com\/magazine365\/wp-content\/uploads\/2025\/11\/FICXILITLA-360x218.jpg 360w, https:\/\/eldigitaldeasturias.com\/magazine365\/wp-content\/uploads\/2025\/11\/FICXILITLA-768x466.jpg 768w, https:\/\/eldigitaldeasturias.com\/magazine365\/wp-content\/uploads\/2025\/11\/FICXILITLA-150x91.jpg 150w, https:\/\/eldigitaldeasturias.com\/magazine365\/wp-content\/uploads\/2025\/11\/FICXILITLA-450x273.jpg 450w, https:\/\/eldigitaldeasturias.com\/magazine365\/wp-content\/uploads\/2025\/11\/FICXILITLA.jpg 1103w\" \/><\/a>\t\t\t\n\t\t\t\n\t\t\t\n\t\t\t\n\t\t\n\t\t<\/div>\n\t\n\n\t\n\t\t<div class=\"content\">\n\n\t\t\t<div class=\"post-meta post-meta-a has-below\"><h2 class=\"is-title post-title\"><a href=\"https:\/\/eldigitaldeasturias.com\/magazine365\/el-jardin-edward-james-impulsa-su-legado-en-ficxilitla\/\">El Jard\u00edn Edward James impulsa su legado en FICXILITLA<\/a><\/h2><div class=\"post-meta-items meta-below\"><span class=\"meta-item post-author\"><a href=\"https:\/\/eldigitaldeasturias.com\/magazine365\/author\/admin\/\" title=\"Entradas de admin\" rel=\"author\">admin<\/a><\/span><span class=\"meta-item date\"><span class=\"date-link\"><time class=\"post-date\" datetime=\"2025-11-13T16:25:36+01:00\">13 noviembre, 2025<\/time><\/span><\/span><\/div><\/div>\t\t\t\n\t\t\t\t\t\t\n\t\t\t\t<div class=\"excerpt\">\n\t\t\t\t\t<p>El Jard\u00edn Escult\u00f3rico Edward James participa en FICXILITLA 2025 con la serie Cimbrateca, una propuesta&hellip;<\/p>\n\t\t\t\t<\/div>\n\t\t\t\n\t\t\t\n\t\t\t\n\t\t<\/div>\n\n\t\n<\/article>\t\t\n\t<\/div>\n\n\t\t\n\t\t\t<\/div>\n\n\t\t<\/section>\n\t\t\t\t\t\t<\/div>\n\t\t\t\t<\/div>\n\t\t\t\t\t<\/div>\n\t\t<\/div>\n\t\t\t\t\t<\/div>\n\t\t<\/section>\n\t\t\t\t<section class=\"has-el-gap el-gap-default elementor-section elementor-top-section elementor-element elementor-element-7cfe7483 elementor-section-boxed elementor-section-height-default elementor-section-height-default\" data-id=\"7cfe7483\" data-element_type=\"section\" data-e-type=\"section\" data-settings=\"{&quot;background_background&quot;:&quot;classic&quot;}\">\n\t\t\t\t\t\t<div class=\"elementor-container elementor-column-gap-no\">\n\t\t\t\t\t<div class=\"elementor-column elementor-col-100 elementor-top-column elementor-element elementor-element-1aa698fb\" data-id=\"1aa698fb\" data-element_type=\"column\" data-e-type=\"column\">\n\t\t\t<div class=\"elementor-widget-wrap elementor-element-populated\">\n\t\t\t\t\t\t<div class=\"elementor-element elementor-element-50d4bf5e elementor-widget elementor-widget-heading\" data-id=\"50d4bf5e\" data-element_type=\"widget\" data-e-type=\"widget\" data-widget_type=\"heading.default\">\n\t\t\t\t<div class=\"elementor-widget-container\">\n\t\t\t\t\t<h2 class=\"elementor-heading-title elementor-size-default\"><a href=\"https:\/\/eldigitaldeasturias.com\/magazine365\/category\/sabores\/\">SABORES<\/a><\/h2>\t\t\t\t<\/div>\n\t\t\t\t<\/div>\n\t\t\t\t<div class=\"elementor-element elementor-element-410497b1 elementor-widget elementor-widget-smartmag-grid\" data-id=\"410497b1\" data-element_type=\"widget\" data-e-type=\"widget\" data-widget_type=\"smartmag-grid.default\">\n\t\t\t\t<div class=\"elementor-widget-container\">\n\t\t\t\t\t\t\t<section class=\"block-wrap block-grid block-sc s-dark mb-none has-media-shadows\" data-id=\"19\">\n\n\t\t\t\t\n\t\t\t<div class=\"block-content\">\n\t\t\t\t\t\n\t<div data-slider=\"carousel\" data-autoplay data-speed data-slides=\"3\" data-slides-md data-slides-sm data-arrows=\"b\" data-dots=\"1\" class=\"loop loop-grid loop-grid-base common-slider loop-carousel arrow-hover slider-arrow-b grid grid-3 md:grid-2 xs:grid-1\">\n\n\t\t\t\t\t\n<article class=\"l-post grid-post grid-base-post\">\n\n\t\n\t\t\t<div class=\"media\">\n\n\t\t\n\t\t\t<a href=\"https:\/\/eldigitaldeasturias.com\/magazine365\/planificar-la-semana-en-la-cocina-sin-perder-tiempo\/\" class=\"image-link media-ratio ratio-16-9\" title=\"Planificar la semana en la cocina sin perder tiempo\"><img loading=\"lazy\" decoding=\"async\" width=\"390\" height=\"219\" src=\"https:\/\/eldigitaldeasturias.com\/magazine365\/wp-content\/uploads\/2026\/03\/Planificar-la-semana-en-la-cocina-sin-perder-tiempo-450x300.jpg\" class=\"attachment-bunyad-medium size-bunyad-medium wp-post-image\" alt=\"Planificar la semana en la cocina sin perder tiempo\" sizes=\"(max-width: 390px) 100vw, 390px\" title=\"Planificar la semana en la cocina sin perder tiempo\" srcset=\"https:\/\/eldigitaldeasturias.com\/magazine365\/wp-content\/uploads\/2026\/03\/Planificar-la-semana-en-la-cocina-sin-perder-tiempo-450x300.jpg 450w, https:\/\/eldigitaldeasturias.com\/magazine365\/wp-content\/uploads\/2026\/03\/Planificar-la-semana-en-la-cocina-sin-perder-tiempo-360x240.jpg 360w, https:\/\/eldigitaldeasturias.com\/magazine365\/wp-content\/uploads\/2026\/03\/Planificar-la-semana-en-la-cocina-sin-perder-tiempo-650x433.jpg 650w, https:\/\/eldigitaldeasturias.com\/magazine365\/wp-content\/uploads\/2026\/03\/Planificar-la-semana-en-la-cocina-sin-perder-tiempo-768x511.jpg 768w, https:\/\/eldigitaldeasturias.com\/magazine365\/wp-content\/uploads\/2026\/03\/Planificar-la-semana-en-la-cocina-sin-perder-tiempo-1200x799.jpg 1200w, https:\/\/eldigitaldeasturias.com\/magazine365\/wp-content\/uploads\/2026\/03\/Planificar-la-semana-en-la-cocina-sin-perder-tiempo.jpg 1244w\" \/><\/a>\t\t\t\n\t\t\t\n\t\t\t\n\t\t\t\n\t\t\n\t\t<\/div>\n\t\n\n\t\n\t\t<div class=\"content\">\n\n\t\t\t<div class=\"post-meta post-meta-a has-below\"><h2 class=\"is-title post-title limit-lines l-lines-2\"><a href=\"https:\/\/eldigitaldeasturias.com\/magazine365\/planificar-la-semana-en-la-cocina-sin-perder-tiempo\/\">Planificar la semana en la cocina sin perder tiempo<\/a><\/h2><div class=\"post-meta-items meta-below\"><span class=\"meta-item post-author\"><a href=\"https:\/\/eldigitaldeasturias.com\/magazine365\/author\/admin\/\" title=\"Entradas de admin\" rel=\"author\">admin<\/a><\/span><span class=\"meta-item date\"><span class=\"date-link\"><time class=\"post-date\" datetime=\"2026-03-19T04:46:55+01:00\">19 marzo, 2026<\/time><\/span><\/span><\/div><\/div>\t\t\t\n\t\t\t\t\t\t\n\t\t\t\t<div class=\"excerpt\">\n\t\t\t\t\t<p>Hay algo que se repite en muchas casas cuando cae la tarde y llega la&hellip;<\/p>\n\t\t\t\t<\/div>\n\t\t\t\n\t\t\t\n\t\t\t\n\t\t<\/div>\n\n\t\n<\/article>\t\t\t\t\t\n<article class=\"l-post grid-post grid-base-post\">\n\n\t\n\t\t\t<div class=\"media\">\n\n\t\t\n\t\t\t<a href=\"https:\/\/eldigitaldeasturias.com\/magazine365\/cocina-fusion-en-casa-recetas-con-giro-actual-facil\/\" class=\"image-link media-ratio ratio-16-9\" title=\"Cocina fusi\u00f3n en casa: recetas con giro actual f\u00e1cil\"><img loading=\"lazy\" decoding=\"async\" width=\"390\" height=\"219\" src=\"https:\/\/eldigitaldeasturias.com\/magazine365\/wp-content\/uploads\/2026\/02\/Cocina-fusion-en-casa-450x259.jpg\" class=\"attachment-bunyad-medium size-bunyad-medium wp-post-image\" alt=\"Cocina fusi\u00f3n en casa\" sizes=\"(max-width: 390px) 100vw, 390px\" title=\"Cocina fusi\u00f3n en casa: recetas con giro actual f\u00e1cil\" srcset=\"https:\/\/eldigitaldeasturias.com\/magazine365\/wp-content\/uploads\/2026\/02\/Cocina-fusion-en-casa-450x259.jpg 450w, https:\/\/eldigitaldeasturias.com\/magazine365\/wp-content\/uploads\/2026\/02\/Cocina-fusion-en-casa-360x207.jpg 360w, https:\/\/eldigitaldeasturias.com\/magazine365\/wp-content\/uploads\/2026\/02\/Cocina-fusion-en-casa-650x374.jpg 650w, https:\/\/eldigitaldeasturias.com\/magazine365\/wp-content\/uploads\/2026\/02\/Cocina-fusion-en-casa-768x442.jpg 768w, https:\/\/eldigitaldeasturias.com\/magazine365\/wp-content\/uploads\/2026\/02\/Cocina-fusion-en-casa-150x86.jpg 150w, https:\/\/eldigitaldeasturias.com\/magazine365\/wp-content\/uploads\/2026\/02\/Cocina-fusion-en-casa-1200x690.jpg 1200w, https:\/\/eldigitaldeasturias.com\/magazine365\/wp-content\/uploads\/2026\/02\/Cocina-fusion-en-casa.jpg 1227w\" \/><\/a>\t\t\t\n\t\t\t\n\t\t\t\n\t\t\t\n\t\t\n\t\t<\/div>\n\t\n\n\t\n\t\t<div class=\"content\">\n\n\t\t\t<div class=\"post-meta post-meta-a has-below\"><h2 class=\"is-title post-title limit-lines l-lines-2\"><a href=\"https:\/\/eldigitaldeasturias.com\/magazine365\/cocina-fusion-en-casa-recetas-con-giro-actual-facil\/\">Cocina fusi\u00f3n en casa: recetas con giro actual f\u00e1cil<\/a><\/h2><div class=\"post-meta-items meta-below\"><span class=\"meta-item post-author\"><a href=\"https:\/\/eldigitaldeasturias.com\/magazine365\/author\/admin\/\" title=\"Entradas de admin\" rel=\"author\">admin<\/a><\/span><span class=\"meta-item date\"><span class=\"date-link\"><time class=\"post-date\" datetime=\"2026-02-21T10:04:14+01:00\">21 febrero, 2026<\/time><\/span><\/span><\/div><\/div>\t\t\t\n\t\t\t\t\t\t\n\t\t\t\t<div class=\"excerpt\">\n\t\t\t\t\t<p>La cocina fusi\u00f3n sale del restaurante y entra en casa. Ingredientes conocidos, t\u00e9cnicas sencillas y&hellip;<\/p>\n\t\t\t\t<\/div>\n\t\t\t\n\t\t\t\n\t\t\t\n\t\t<\/div>\n\n\t\n<\/article>\t\t\t\t\t\n<article class=\"l-post grid-post grid-base-post\">\n\n\t\n\t\t\t<div class=\"media\">\n\n\t\t\n\t\t\t<a href=\"https:\/\/eldigitaldeasturias.com\/magazine365\/hacer-pan-en-casa\/\" class=\"image-link media-ratio ratio-16-9\" title=\"Hacer pan en casa\"><img loading=\"lazy\" decoding=\"async\" width=\"390\" height=\"219\" src=\"https:\/\/eldigitaldeasturias.com\/magazine365\/wp-content\/uploads\/2026\/01\/Hacer-pan-en-casa-450x324.jpg\" class=\"attachment-bunyad-medium size-bunyad-medium wp-post-image\" alt=\"Hacer pan en casa\" sizes=\"(max-width: 390px) 100vw, 390px\" title=\"Hacer pan en casa\" srcset=\"https:\/\/eldigitaldeasturias.com\/magazine365\/wp-content\/uploads\/2026\/01\/Hacer-pan-en-casa-450x324.jpg 450w, https:\/\/eldigitaldeasturias.com\/magazine365\/wp-content\/uploads\/2026\/01\/Hacer-pan-en-casa-360x259.jpg 360w, https:\/\/eldigitaldeasturias.com\/magazine365\/wp-content\/uploads\/2026\/01\/Hacer-pan-en-casa-650x468.jpg 650w, https:\/\/eldigitaldeasturias.com\/magazine365\/wp-content\/uploads\/2026\/01\/Hacer-pan-en-casa-768x553.jpg 768w, https:\/\/eldigitaldeasturias.com\/magazine365\/wp-content\/uploads\/2026\/01\/Hacer-pan-en-casa.jpg 1154w\" \/><\/a>\t\t\t\n\t\t\t\n\t\t\t\n\t\t\t\n\t\t\n\t\t<\/div>\n\t\n\n\t\n\t\t<div class=\"content\">\n\n\t\t\t<div class=\"post-meta post-meta-a has-below\"><h2 class=\"is-title post-title limit-lines l-lines-2\"><a href=\"https:\/\/eldigitaldeasturias.com\/magazine365\/hacer-pan-en-casa\/\">Hacer pan en casa<\/a><\/h2><div class=\"post-meta-items meta-below\"><span class=\"meta-item post-author\"><a href=\"https:\/\/eldigitaldeasturias.com\/magazine365\/author\/admin\/\" title=\"Entradas de admin\" rel=\"author\">admin<\/a><\/span><span class=\"meta-item date\"><span class=\"date-link\"><time class=\"post-date\" datetime=\"2026-01-09T12:13:32+01:00\">9 enero, 2026<\/time><\/span><\/span><\/div><\/div>\t\t\t\n\t\t\t\t\t\t\n\t\t\t\t<div class=\"excerpt\">\n\t\t\t\t\t<p>Hacer pan en casa es una de las experiencias culinarias m\u00e1s satisfactorias que existen. El&hellip;<\/p>\n\t\t\t\t<\/div>\n\t\t\t\n\t\t\t\n\t\t\t\n\t\t<\/div>\n\n\t\n<\/article>\t\t\t\t\t\n<article class=\"l-post grid-post grid-base-post\">\n\n\t\n\t\t\t<div class=\"media\">\n\n\t\t\n\t\t\t<a href=\"https:\/\/eldigitaldeasturias.com\/magazine365\/pimientos-del-padron-tapas-de-espana\/\" class=\"image-link media-ratio ratio-16-9\" title=\"Pimientos del Padr\u00f3n: tapas de Espa\u00f1a\"><img loading=\"lazy\" decoding=\"async\" width=\"390\" height=\"219\" src=\"https:\/\/eldigitaldeasturias.com\/magazine365\/wp-content\/uploads\/2025\/12\/Pimientos-del-Padron-450x302.jpg\" class=\"attachment-bunyad-medium size-bunyad-medium wp-post-image\" alt=\"Pimientos del Padr\u00f3n\" sizes=\"(max-width: 390px) 100vw, 390px\" title=\"Pimientos del Padr\u00f3n: tapas de Espa\u00f1a\" srcset=\"https:\/\/eldigitaldeasturias.com\/magazine365\/wp-content\/uploads\/2025\/12\/Pimientos-del-Padron-450x302.jpg 450w, https:\/\/eldigitaldeasturias.com\/magazine365\/wp-content\/uploads\/2025\/12\/Pimientos-del-Padron-360x241.jpg 360w, https:\/\/eldigitaldeasturias.com\/magazine365\/wp-content\/uploads\/2025\/12\/Pimientos-del-Padron-650x436.jpg 650w, https:\/\/eldigitaldeasturias.com\/magazine365\/wp-content\/uploads\/2025\/12\/Pimientos-del-Padron-768x515.jpg 768w, https:\/\/eldigitaldeasturias.com\/magazine365\/wp-content\/uploads\/2025\/12\/Pimientos-del-Padron-1200x805.jpg 1200w, https:\/\/eldigitaldeasturias.com\/magazine365\/wp-content\/uploads\/2025\/12\/Pimientos-del-Padron.jpg 1221w\" \/><\/a>\t\t\t\n\t\t\t\n\t\t\t\n\t\t\t\n\t\t\n\t\t<\/div>\n\t\n\n\t\n\t\t<div class=\"content\">\n\n\t\t\t<div class=\"post-meta post-meta-a has-below\"><h2 class=\"is-title post-title limit-lines l-lines-2\"><a href=\"https:\/\/eldigitaldeasturias.com\/magazine365\/pimientos-del-padron-tapas-de-espana\/\">Pimientos del Padr\u00f3n: tapas de Espa\u00f1a<\/a><\/h2><div class=\"post-meta-items meta-below\"><span class=\"meta-item post-author\"><a href=\"https:\/\/eldigitaldeasturias.com\/magazine365\/author\/admin\/\" title=\"Entradas de admin\" rel=\"author\">admin<\/a><\/span><span class=\"meta-item date\"><span class=\"date-link\"><time class=\"post-date\" datetime=\"2025-12-19T20:07:02+01:00\">19 diciembre, 2025<\/time><\/span><\/span><\/div><\/div>\t\t\t\n\t\t\t\t\t\t\n\t\t\t\t<div class=\"excerpt\">\n\t\t\t\t\t<p>Hay platos que no necesitan explicaci\u00f3n. Los pimientos del Padr\u00f3n llegan a la mesa como&hellip;<\/p>\n\t\t\t\t<\/div>\n\t\t\t\n\t\t\t\n\t\t\t\n\t\t<\/div>\n\n\t\n<\/article>\t\t\t\t\t\n<article class=\"l-post grid-post grid-base-post\">\n\n\t\n\t\t\t<div class=\"media\">\n\n\t\t\n\t\t\t<a href=\"https:\/\/eldigitaldeasturias.com\/magazine365\/la-cocina-de-fiambrera-que-acompana-el-dia-a-dia\/\" class=\"image-link media-ratio ratio-16-9\" title=\"La cocina de fiambrera que acompa\u00f1a el d\u00eda a d\u00eda\"><img loading=\"lazy\" decoding=\"async\" width=\"390\" height=\"219\" src=\"https:\/\/eldigitaldeasturias.com\/magazine365\/wp-content\/uploads\/2025\/11\/La-cocina-de-fiambrera-que-acompana-el-dia-a-dia-450x338.jpg\" class=\"attachment-bunyad-medium size-bunyad-medium wp-post-image\" alt=\"La cocina de fiambrera que acompa\u00f1a el d\u00eda a d\u00eda\" sizes=\"(max-width: 390px) 100vw, 390px\" title=\"La cocina de fiambrera que acompa\u00f1a el d\u00eda a d\u00eda\" srcset=\"https:\/\/eldigitaldeasturias.com\/magazine365\/wp-content\/uploads\/2025\/11\/La-cocina-de-fiambrera-que-acompana-el-dia-a-dia-450x338.jpg 450w, https:\/\/eldigitaldeasturias.com\/magazine365\/wp-content\/uploads\/2025\/11\/La-cocina-de-fiambrera-que-acompana-el-dia-a-dia-360x271.jpg 360w, https:\/\/eldigitaldeasturias.com\/magazine365\/wp-content\/uploads\/2025\/11\/La-cocina-de-fiambrera-que-acompana-el-dia-a-dia-650x489.jpg 650w, https:\/\/eldigitaldeasturias.com\/magazine365\/wp-content\/uploads\/2025\/11\/La-cocina-de-fiambrera-que-acompana-el-dia-a-dia-768x577.jpg 768w, https:\/\/eldigitaldeasturias.com\/magazine365\/wp-content\/uploads\/2025\/11\/La-cocina-de-fiambrera-que-acompana-el-dia-a-dia.jpg 911w\" \/><\/a>\t\t\t\n\t\t\t\n\t\t\t\n\t\t\t\n\t\t\n\t\t<\/div>\n\t\n\n\t\n\t\t<div class=\"content\">\n\n\t\t\t<div class=\"post-meta post-meta-a has-below\"><h2 class=\"is-title post-title limit-lines l-lines-2\"><a href=\"https:\/\/eldigitaldeasturias.com\/magazine365\/la-cocina-de-fiambrera-que-acompana-el-dia-a-dia\/\">La cocina de fiambrera que acompa\u00f1a el d\u00eda a d\u00eda<\/a><\/h2><div class=\"post-meta-items meta-below\"><span class=\"meta-item post-author\"><a href=\"https:\/\/eldigitaldeasturias.com\/magazine365\/author\/admin\/\" title=\"Entradas de admin\" rel=\"author\">admin<\/a><\/span><span class=\"meta-item date\"><span class=\"date-link\"><time class=\"post-date\" datetime=\"2025-11-29T03:55:27+01:00\">29 noviembre, 2025<\/time><\/span><\/span><\/div><\/div>\t\t\t\n\t\t\t\t\t\t\n\t\t\t\t<div class=\"excerpt\">\n\t\t\t\t\t<p>La cocina de fiambrera sigue presente en la vida diaria de muchas personas en Asturias.&hellip;<\/p>\n\t\t\t\t<\/div>\n\t\t\t\n\t\t\t\n\t\t\t\n\t\t<\/div>\n\n\t\n<\/article>\t\t\t\t\t\n<article class=\"l-post grid-post grid-base-post\">\n\n\t\n\t\t\t<div class=\"media\">\n\n\t\t\n\t\t\t<a href=\"https:\/\/eldigitaldeasturias.com\/magazine365\/plato-sencillo-para-el-domingo-receta-rapida-y-sabrosa\/\" class=\"image-link media-ratio ratio-16-9\" title=\"Plato sencillo para el domingo: receta r\u00e1pida y sabrosa\"><img loading=\"lazy\" decoding=\"async\" width=\"390\" height=\"219\" src=\"https:\/\/eldigitaldeasturias.com\/magazine365\/wp-content\/uploads\/2025\/11\/Plato-sencillo-para-el-domingo-450x274.jpg\" class=\"attachment-bunyad-medium size-bunyad-medium wp-post-image\" alt=\"Plato sencillo para el domingo\" sizes=\"(max-width: 390px) 100vw, 390px\" title=\"Plato sencillo para el domingo: receta r\u00e1pida y sabrosa\" srcset=\"https:\/\/eldigitaldeasturias.com\/magazine365\/wp-content\/uploads\/2025\/11\/Plato-sencillo-para-el-domingo-450x274.jpg 450w, https:\/\/eldigitaldeasturias.com\/magazine365\/wp-content\/uploads\/2025\/11\/Plato-sencillo-para-el-domingo-360x219.jpg 360w, https:\/\/eldigitaldeasturias.com\/magazine365\/wp-content\/uploads\/2025\/11\/Plato-sencillo-para-el-domingo-650x396.jpg 650w, https:\/\/eldigitaldeasturias.com\/magazine365\/wp-content\/uploads\/2025\/11\/Plato-sencillo-para-el-domingo-768x468.jpg 768w, https:\/\/eldigitaldeasturias.com\/magazine365\/wp-content\/uploads\/2025\/11\/Plato-sencillo-para-el-domingo-150x91.jpg 150w, https:\/\/eldigitaldeasturias.com\/magazine365\/wp-content\/uploads\/2025\/11\/Plato-sencillo-para-el-domingo.jpg 1110w\" \/><\/a>\t\t\t\n\t\t\t\n\t\t\t\n\t\t\t\n\t\t\n\t\t<\/div>\n\t\n\n\t\n\t\t<div class=\"content\">\n\n\t\t\t<div class=\"post-meta post-meta-a has-below\"><h2 class=\"is-title post-title limit-lines l-lines-2\"><a href=\"https:\/\/eldigitaldeasturias.com\/magazine365\/plato-sencillo-para-el-domingo-receta-rapida-y-sabrosa\/\">Plato sencillo para el domingo: receta r\u00e1pida y sabrosa<\/a><\/h2><div class=\"post-meta-items meta-below\"><span class=\"meta-item post-author\"><a href=\"https:\/\/eldigitaldeasturias.com\/magazine365\/author\/admin\/\" title=\"Entradas de admin\" rel=\"author\">admin<\/a><\/span><span class=\"meta-item date\"><span class=\"date-link\"><time class=\"post-date\" datetime=\"2025-11-22T02:03:08+01:00\">22 noviembre, 2025<\/time><\/span><\/span><\/div><\/div>\t\t\t\n\t\t\t\t\t\t\n\t\t\t\t<div class=\"excerpt\">\n\t\t\t\t\t<p>Un plato f\u00e1cil y delicioso es ideal para disfrutar del domingo en familia. Con pocos&hellip;<\/p>\n\t\t\t\t<\/div>\n\t\t\t\n\t\t\t\n\t\t\t\n\t\t<\/div>\n\n\t\n<\/article>\t\t\t\t\t\n<article class=\"l-post grid-post grid-base-post\">\n\n\t\n\t\t\t<div class=\"media\">\n\n\t\t\n\t\t\t<a href=\"https:\/\/eldigitaldeasturias.com\/magazine365\/bombones-caseros-como-hacerlos\/\" class=\"image-link media-ratio ratio-16-9\" title=\"Bombones caseros: c\u00f3mo hacerlos\"><img loading=\"lazy\" decoding=\"async\" width=\"390\" height=\"219\" src=\"https:\/\/eldigitaldeasturias.com\/magazine365\/wp-content\/uploads\/2025\/11\/Bombones-caseros-450x290.jpg\" class=\"attachment-bunyad-medium size-bunyad-medium wp-post-image\" alt=\"Bombones caseros\" sizes=\"(max-width: 390px) 100vw, 390px\" title=\"Bombones caseros: c\u00f3mo hacerlos\" srcset=\"https:\/\/eldigitaldeasturias.com\/magazine365\/wp-content\/uploads\/2025\/11\/Bombones-caseros-450x290.jpg 450w, https:\/\/eldigitaldeasturias.com\/magazine365\/wp-content\/uploads\/2025\/11\/Bombones-caseros-360x232.jpg 360w, https:\/\/eldigitaldeasturias.com\/magazine365\/wp-content\/uploads\/2025\/11\/Bombones-caseros-650x418.jpg 650w, https:\/\/eldigitaldeasturias.com\/magazine365\/wp-content\/uploads\/2025\/11\/Bombones-caseros-768x494.jpg 768w, https:\/\/eldigitaldeasturias.com\/magazine365\/wp-content\/uploads\/2025\/11\/Bombones-caseros.jpg 965w\" \/><\/a>\t\t\t\n\t\t\t\n\t\t\t\n\t\t\t\n\t\t\n\t\t<\/div>\n\t\n\n\t\n\t\t<div class=\"content\">\n\n\t\t\t<div class=\"post-meta post-meta-a has-below\"><h2 class=\"is-title post-title limit-lines l-lines-2\"><a href=\"https:\/\/eldigitaldeasturias.com\/magazine365\/bombones-caseros-como-hacerlos\/\">Bombones caseros: c\u00f3mo hacerlos<\/a><\/h2><div class=\"post-meta-items meta-below\"><span class=\"meta-item post-author\"><a href=\"https:\/\/eldigitaldeasturias.com\/magazine365\/author\/admin\/\" title=\"Entradas de admin\" rel=\"author\">admin<\/a><\/span><span class=\"meta-item date\"><span class=\"date-link\"><time class=\"post-date\" datetime=\"2025-11-14T22:26:56+01:00\">14 noviembre, 2025<\/time><\/span><\/span><\/div><\/div>\t\t\t\n\t\t\t\t\t\t\n\t\t\t\t<div class=\"excerpt\">\n\t\t\t\t\t<p>Hacer bombones caseros es una forma sencilla de transformar un gesto cotidiano en algo especial.&hellip;<\/p>\n\t\t\t\t<\/div>\n\t\t\t\n\t\t\t\n\t\t\t\n\t\t<\/div>\n\n\t\n<\/article>\t\t\t\t\t\n<article class=\"l-post grid-post grid-base-post\">\n\n\t\n\t\t\t<div class=\"media\">\n\n\t\t\n\t\t\t<a href=\"https:\/\/eldigitaldeasturias.com\/magazine365\/flanes-sabores-para-toda-la-familia\/\" class=\"image-link media-ratio ratio-16-9\" title=\"Flanes: sabores para toda la familia\"><img loading=\"lazy\" decoding=\"async\" width=\"390\" height=\"219\" src=\"https:\/\/eldigitaldeasturias.com\/magazine365\/wp-content\/uploads\/2025\/11\/Flanes-sabores-para-toda-la-familia-450x299.jpg\" class=\"attachment-bunyad-medium size-bunyad-medium wp-post-image\" alt=\"Flanes sabores para toda la familia\" sizes=\"(max-width: 390px) 100vw, 390px\" title=\"Flanes: sabores para toda la familia\" srcset=\"https:\/\/eldigitaldeasturias.com\/magazine365\/wp-content\/uploads\/2025\/11\/Flanes-sabores-para-toda-la-familia-450x299.jpg 450w, https:\/\/eldigitaldeasturias.com\/magazine365\/wp-content\/uploads\/2025\/11\/Flanes-sabores-para-toda-la-familia-360x239.jpg 360w, https:\/\/eldigitaldeasturias.com\/magazine365\/wp-content\/uploads\/2025\/11\/Flanes-sabores-para-toda-la-familia-650x432.jpg 650w, https:\/\/eldigitaldeasturias.com\/magazine365\/wp-content\/uploads\/2025\/11\/Flanes-sabores-para-toda-la-familia-768x510.jpg 768w, https:\/\/eldigitaldeasturias.com\/magazine365\/wp-content\/uploads\/2025\/11\/Flanes-sabores-para-toda-la-familia.jpg 1031w\" \/><\/a>\t\t\t\n\t\t\t\n\t\t\t\n\t\t\t\n\t\t\n\t\t<\/div>\n\t\n\n\t\n\t\t<div class=\"content\">\n\n\t\t\t<div class=\"post-meta post-meta-a has-below\"><h2 class=\"is-title post-title limit-lines l-lines-2\"><a href=\"https:\/\/eldigitaldeasturias.com\/magazine365\/flanes-sabores-para-toda-la-familia\/\">Flanes: sabores para toda la familia<\/a><\/h2><div class=\"post-meta-items meta-below\"><span class=\"meta-item post-author\"><a href=\"https:\/\/eldigitaldeasturias.com\/magazine365\/author\/admin\/\" title=\"Entradas de admin\" rel=\"author\">admin<\/a><\/span><span class=\"meta-item date\"><span class=\"date-link\"><time class=\"post-date\" datetime=\"2025-11-11T12:44:59+01:00\">11 noviembre, 2025<\/time><\/span><\/span><\/div><\/div>\t\t\t\n\t\t\t\t\t\t\n\t\t\t\t<div class=\"excerpt\">\n\t\t\t\t\t<p>Los flanes son uno de esos postres que nunca pasan de moda. Su sencillez, su&hellip;<\/p>\n\t\t\t\t<\/div>\n\t\t\t\n\t\t\t\n\t\t\t\n\t\t<\/div>\n\n\t\n<\/article>\t\t\t\t\t\n<article class=\"l-post grid-post grid-base-post\">\n\n\t\n\t\t\t<div class=\"media\">\n\n\t\t\n\t\t\t<a href=\"https:\/\/eldigitaldeasturias.com\/magazine365\/asado-argentino-ritual-tecnica-y-reunion\/\" class=\"image-link media-ratio ratio-16-9\" title=\"Asado argentino: ritual, t\u00e9cnica y reuni\u00f3n\"><img loading=\"lazy\" decoding=\"async\" width=\"390\" height=\"219\" src=\"https:\/\/eldigitaldeasturias.com\/magazine365\/wp-content\/uploads\/2025\/11\/Asado-argentino-450x252.jpg\" class=\"attachment-bunyad-medium size-bunyad-medium wp-post-image\" alt=\"Asado argentino\" sizes=\"(max-width: 390px) 100vw, 390px\" title=\"Asado argentino: ritual, t\u00e9cnica y reuni\u00f3n\" srcset=\"https:\/\/eldigitaldeasturias.com\/magazine365\/wp-content\/uploads\/2025\/11\/Asado-argentino-450x252.jpg 450w, https:\/\/eldigitaldeasturias.com\/magazine365\/wp-content\/uploads\/2025\/11\/Asado-argentino-360x201.jpg 360w, https:\/\/eldigitaldeasturias.com\/magazine365\/wp-content\/uploads\/2025\/11\/Asado-argentino-650x363.jpg 650w, https:\/\/eldigitaldeasturias.com\/magazine365\/wp-content\/uploads\/2025\/11\/Asado-argentino-768x429.jpg 768w, https:\/\/eldigitaldeasturias.com\/magazine365\/wp-content\/uploads\/2025\/11\/Asado-argentino-150x84.jpg 150w, https:\/\/eldigitaldeasturias.com\/magazine365\/wp-content\/uploads\/2025\/11\/Asado-argentino.jpg 1098w\" \/><\/a>\t\t\t\n\t\t\t\n\t\t\t\n\t\t\t\n\t\t\n\t\t<\/div>\n\t\n\n\t\n\t\t<div class=\"content\">\n\n\t\t\t<div class=\"post-meta post-meta-a has-below\"><h2 class=\"is-title post-title limit-lines l-lines-2\"><a href=\"https:\/\/eldigitaldeasturias.com\/magazine365\/asado-argentino-ritual-tecnica-y-reunion\/\">Asado argentino: ritual, t\u00e9cnica y reuni\u00f3n<\/a><\/h2><div class=\"post-meta-items meta-below\"><span class=\"meta-item post-author\"><a href=\"https:\/\/eldigitaldeasturias.com\/magazine365\/author\/admin\/\" title=\"Entradas de admin\" rel=\"author\">admin<\/a><\/span><span class=\"meta-item date\"><span class=\"date-link\"><time class=\"post-date\" datetime=\"2025-11-08T11:52:16+01:00\">8 noviembre, 2025<\/time><\/span><\/span><\/div><\/div>\t\t\t\n\t\t\t\t\t\t\n\t\t\t\t<div class=\"excerpt\">\n\t\t\t\t\t<p>El asado argentino no es solo una forma de cocinar carne: es ritual, t\u00e9cnica y&hellip;<\/p>\n\t\t\t\t<\/div>\n\t\t\t\n\t\t\t\n\t\t\t\n\t\t<\/div>\n\n\t\n<\/article>\t\t\n\t<\/div>\n\n\t\t\n\t\t\t<\/div>\n\n\t\t<\/section>\n\t\t\t\t\t\t<\/div>\n\t\t\t\t<\/div>\n\t\t\t\t\t<\/div>\n\t\t<\/div>\n\t\t\t\t\t<\/div>\n\t\t<\/section>\n\t\t\t\t<section class=\"has-el-gap el-gap-default elementor-section elementor-top-section elementor-element elementor-element-52bf21f6 elementor-section-boxed elementor-section-height-default elementor-section-height-default\" data-id=\"52bf21f6\" data-element_type=\"section\" data-e-type=\"section\">\n\t\t\t\t\t\t<div class=\"elementor-container elementor-column-gap-no\">\n\t\t\t\t\t<div class=\"elementor-column elementor-col-100 elementor-top-column elementor-element elementor-element-640d03e5\" data-id=\"640d03e5\" data-element_type=\"column\" data-e-type=\"column\">\n\t\t\t<div class=\"elementor-widget-wrap elementor-element-populated\">\n\t\t\t\t\t\t<div class=\"elementor-element elementor-element-280c14ae elementor-widget elementor-widget-smartmag-overlay\" data-id=\"280c14ae\" data-element_type=\"widget\" data-e-type=\"widget\" data-widget_type=\"smartmag-overlay.default\">\n\t\t\t\t<div class=\"elementor-widget-container\">\n\t\t\t\t\t\t\t<section class=\"block-wrap block-overlay block-sc cols-gap-sm mb-none has-media-shadows\" data-id=\"20\">\n\n\t\t\t\t\t\t\t\t\n\t\t\t\t\t\t\t\n\t\t\t\t<div class=\"block-head block-head-b is-left\">\n\n\t\t\t\t\t<h4 class=\"heading\">VIAJES<\/h4>\t\t\t\t\t\n\t\t\t\t\t\t\t\t\t<\/div>\n\t\t\t\t\n\t\t\t\n\t\t\t\n\t\t\t<div class=\"block-content\">\n\t\t\t\t\t\n\t<div class=\"loop loop-overlay grid grid-1 md:grid-1 xs:grid-1\">\n\n\t\t\t\n\t\t\t\n<article class=\"l-post grid-overlay overlay-post grid-overlay-a overlay-base-post\">\n\n\t\n\t\t\t<div class=\"media\">\n\n\t\t\n\t\t\t<a href=\"https:\/\/eldigitaldeasturias.com\/magazine365\/cuatro-rutas-por-espana-para-viajar-en-mayo\/\" class=\"image-link media-ratio ratio-21-9\" title=\"Cuatro rutas por Espa\u00f1a para viajar en mayo\"><img loading=\"lazy\" decoding=\"async\" width=\"1258\" height=\"539\" src=\"https:\/\/eldigitaldeasturias.com\/magazine365\/wp-content\/uploads\/2026\/03\/Cuatro-rutas-por-Espana-para-viajar-en-mayo-650x435.jpg\" class=\"attachment-large size-large wp-post-image\" alt=\"Cuatro rutas por Espa\u00f1a para viajar en mayo\" sizes=\"(max-width: 1258px) 100vw, 1258px\" title=\"Cuatro rutas por Espa\u00f1a para viajar en mayo\" srcset=\"https:\/\/eldigitaldeasturias.com\/magazine365\/wp-content\/uploads\/2026\/03\/Cuatro-rutas-por-Espana-para-viajar-en-mayo-1200x803.jpg 1200w, https:\/\/eldigitaldeasturias.com\/magazine365\/wp-content\/uploads\/2026\/03\/Cuatro-rutas-por-Espana-para-viajar-en-mayo.jpg 1262w\" \/><\/a>\t\t\t\n\t\t\t\n\t\t\t\n\t\t\t\n\t\t\n\t\t<\/div>\n\t\n\n\t\t\t<div class=\"content-wrap\">\n\t\n\t\t<div class=\"content\">\n\n\t\t\t<div class=\"post-meta post-meta-a meta-contrast has-below\"><div class=\"post-meta-items meta-above\"><span class=\"meta-item cat-labels\">\n\t\t\t\t\t\t\n\t\t\t\t\t\t<a href=\"https:\/\/eldigitaldeasturias.com\/magazine365\/category\/viajes\/\" class=\"category term-color-238\" rel=\"category\" tabindex=\"-1\">Viajes<\/a>\n\t\t\t\t\t<\/span>\n\t\t\t\t\t<\/div><h2 class=\"is-title post-title\"><a href=\"https:\/\/eldigitaldeasturias.com\/magazine365\/cuatro-rutas-por-espana-para-viajar-en-mayo\/\">Cuatro rutas por Espa\u00f1a para viajar en mayo<\/a><\/h2><div class=\"post-meta-items meta-below\"><span class=\"meta-item post-author\"><a href=\"https:\/\/eldigitaldeasturias.com\/magazine365\/author\/admin\/\" title=\"Entradas de admin\" rel=\"author\">admin<\/a><\/span><span class=\"meta-item date\"><span class=\"date-link\"><time class=\"post-date\" datetime=\"2026-03-24T02:24:49+01:00\">24 marzo, 2026<\/time><\/span><\/span><\/div><\/div>\t\t\t\n\t\t\t\n\t\t\t\n\t\t<\/div>\n\n\t\t\t<\/div>\n\t\n<\/article>\n\t\t\n\t<\/div>\n\n\t\t\n\t\t\t<\/div>\n\n\t\t<\/section>\n\t\t\t\t\t\t<\/div>\n\t\t\t\t<\/div>\n\t\t\t\t<div class=\"elementor-element elementor-element-7320806c elementor-widget elementor-widget-smartmag-grid\" data-id=\"7320806c\" data-element_type=\"widget\" data-e-type=\"widget\" data-widget_type=\"smartmag-grid.default\">\n\t\t\t\t<div class=\"elementor-widget-container\">\n\t\t\t\t\t\t\t<section class=\"block-wrap block-grid block-sc has-media-shadows\" data-id=\"21\">\n\n\t\t\t\t\n\t\t\t<div class=\"block-content\">\n\t\t\t\t\t\n\t<div class=\"loop loop-grid loop-grid-base grid grid-3 md:grid-2 xs:grid-1\">\n\n\t\t\t\t\t\n<article class=\"l-post grid-post grid-base-post\">\n\n\t\n\t\t\t<div class=\"media\">\n\n\t\t\n\t\t\t<a href=\"https:\/\/eldigitaldeasturias.com\/magazine365\/un-fin-de-semana-relajado-en-madrid-paso-a-paso\/\" class=\"image-link media-ratio ratio-16-9\" title=\"Un fin de semana relajado en Madrid paso a paso\"><img loading=\"lazy\" decoding=\"async\" width=\"390\" height=\"219\" src=\"https:\/\/eldigitaldeasturias.com\/magazine365\/wp-content\/uploads\/2026\/03\/Un-fin-de-semana-relajado-en-Madrid-paso-a-paso-450x294.jpg\" class=\"attachment-bunyad-medium size-bunyad-medium wp-post-image\" alt=\"Un fin de semana relajado en Madrid paso a paso\" sizes=\"(max-width: 390px) 100vw, 390px\" title=\"Un fin de semana relajado en Madrid paso a paso\" srcset=\"https:\/\/eldigitaldeasturias.com\/magazine365\/wp-content\/uploads\/2026\/03\/Un-fin-de-semana-relajado-en-Madrid-paso-a-paso-450x294.jpg 450w, https:\/\/eldigitaldeasturias.com\/magazine365\/wp-content\/uploads\/2026\/03\/Un-fin-de-semana-relajado-en-Madrid-paso-a-paso-360x235.jpg 360w, https:\/\/eldigitaldeasturias.com\/magazine365\/wp-content\/uploads\/2026\/03\/Un-fin-de-semana-relajado-en-Madrid-paso-a-paso-650x425.jpg 650w, https:\/\/eldigitaldeasturias.com\/magazine365\/wp-content\/uploads\/2026\/03\/Un-fin-de-semana-relajado-en-Madrid-paso-a-paso-768x502.jpg 768w, https:\/\/eldigitaldeasturias.com\/magazine365\/wp-content\/uploads\/2026\/03\/Un-fin-de-semana-relajado-en-Madrid-paso-a-paso-1200x784.jpg 1200w, https:\/\/eldigitaldeasturias.com\/magazine365\/wp-content\/uploads\/2026\/03\/Un-fin-de-semana-relajado-en-Madrid-paso-a-paso.jpg 1243w\" \/><\/a>\t\t\t\n\t\t\t\n\t\t\t\n\t\t\t\n\t\t\n\t\t<\/div>\n\t\n\n\t\n\t\t<div class=\"content\">\n\n\t\t\t<div class=\"post-meta post-meta-a has-below\"><h2 class=\"is-title post-title\"><a href=\"https:\/\/eldigitaldeasturias.com\/magazine365\/un-fin-de-semana-relajado-en-madrid-paso-a-paso\/\">Un fin de semana relajado en Madrid paso a paso<\/a><\/h2><div class=\"post-meta-items meta-below\"><span class=\"meta-item date\"><span class=\"date-link\"><time class=\"post-date\" datetime=\"2026-03-13T03:15:10+01:00\">13 marzo, 2026<\/time><\/span><\/span><\/div><\/div>\t\t\t\n\t\t\t\n\t\t\t\n\t\t<\/div>\n\n\t\n<\/article>\t\t\t\t\t\n<article class=\"l-post grid-post grid-base-post\">\n\n\t\n\t\t\t<div class=\"media\">\n\n\t\t\n\t\t\t<a href=\"https:\/\/eldigitaldeasturias.com\/magazine365\/oporto-y-la-belleza-cruda-del-atlantico-urbano\/\" class=\"image-link media-ratio ratio-16-9\" title=\"Oporto y la belleza cruda del Atl\u00e1ntico urbano\"><img loading=\"lazy\" decoding=\"async\" width=\"390\" height=\"219\" src=\"https:\/\/eldigitaldeasturias.com\/magazine365\/wp-content\/uploads\/2026\/03\/Oporto-y-la-belleza-cruda-del-Atlantico-urbano-450x297.jpg\" class=\"attachment-bunyad-medium size-bunyad-medium wp-post-image\" alt=\"Oporto y la belleza cruda del Atl\u00e1ntico urbano\" sizes=\"(max-width: 390px) 100vw, 390px\" title=\"Oporto y la belleza cruda del Atl\u00e1ntico urbano\" srcset=\"https:\/\/eldigitaldeasturias.com\/magazine365\/wp-content\/uploads\/2026\/03\/Oporto-y-la-belleza-cruda-del-Atlantico-urbano-450x297.jpg 450w, https:\/\/eldigitaldeasturias.com\/magazine365\/wp-content\/uploads\/2026\/03\/Oporto-y-la-belleza-cruda-del-Atlantico-urbano-360x238.jpg 360w, https:\/\/eldigitaldeasturias.com\/magazine365\/wp-content\/uploads\/2026\/03\/Oporto-y-la-belleza-cruda-del-Atlantico-urbano-650x429.jpg 650w, https:\/\/eldigitaldeasturias.com\/magazine365\/wp-content\/uploads\/2026\/03\/Oporto-y-la-belleza-cruda-del-Atlantico-urbano-768x507.jpg 768w, https:\/\/eldigitaldeasturias.com\/magazine365\/wp-content\/uploads\/2026\/03\/Oporto-y-la-belleza-cruda-del-Atlantico-urbano-1200x792.jpg 1200w, https:\/\/eldigitaldeasturias.com\/magazine365\/wp-content\/uploads\/2026\/03\/Oporto-y-la-belleza-cruda-del-Atlantico-urbano.jpg 1259w\" \/><\/a>\t\t\t\n\t\t\t\n\t\t\t\n\t\t\t\n\t\t\n\t\t<\/div>\n\t\n\n\t\n\t\t<div class=\"content\">\n\n\t\t\t<div class=\"post-meta post-meta-a has-below\"><h2 class=\"is-title post-title\"><a href=\"https:\/\/eldigitaldeasturias.com\/magazine365\/oporto-y-la-belleza-cruda-del-atlantico-urbano\/\">Oporto y la belleza cruda del Atl\u00e1ntico urbano<\/a><\/h2><div class=\"post-meta-items meta-below\"><span class=\"meta-item date\"><span class=\"date-link\"><time class=\"post-date\" datetime=\"2026-03-06T22:47:09+01:00\">6 marzo, 2026<\/time><\/span><\/span><\/div><\/div>\t\t\t\n\t\t\t\n\t\t\t\n\t\t<\/div>\n\n\t\n<\/article>\t\t\t\t\t\n<article class=\"l-post grid-post grid-base-post\">\n\n\t\n\t\t\t<div class=\"media\">\n\n\t\t\n\t\t\t<a href=\"https:\/\/eldigitaldeasturias.com\/magazine365\/tanger-y-el-magnetismo-del-estrecho\/\" class=\"image-link media-ratio ratio-16-9\" title=\"T\u00e1nger y el magnetismo del Estrecho\"><img loading=\"lazy\" decoding=\"async\" width=\"390\" height=\"219\" src=\"https:\/\/eldigitaldeasturias.com\/magazine365\/wp-content\/uploads\/2026\/03\/Tanger-y-el-magnetismo-del-Estrecho-450x299.jpg\" class=\"attachment-bunyad-medium size-bunyad-medium wp-post-image\" alt=\"T\u00e1nger y el magnetismo del Estrecho\" sizes=\"(max-width: 390px) 100vw, 390px\" title=\"T\u00e1nger y el magnetismo del Estrecho\" srcset=\"https:\/\/eldigitaldeasturias.com\/magazine365\/wp-content\/uploads\/2026\/03\/Tanger-y-el-magnetismo-del-Estrecho-450x299.jpg 450w, https:\/\/eldigitaldeasturias.com\/magazine365\/wp-content\/uploads\/2026\/03\/Tanger-y-el-magnetismo-del-Estrecho-360x239.jpg 360w, https:\/\/eldigitaldeasturias.com\/magazine365\/wp-content\/uploads\/2026\/03\/Tanger-y-el-magnetismo-del-Estrecho-650x432.jpg 650w, https:\/\/eldigitaldeasturias.com\/magazine365\/wp-content\/uploads\/2026\/03\/Tanger-y-el-magnetismo-del-Estrecho-768x510.jpg 768w, https:\/\/eldigitaldeasturias.com\/magazine365\/wp-content\/uploads\/2026\/03\/Tanger-y-el-magnetismo-del-Estrecho-1200x797.jpg 1200w, https:\/\/eldigitaldeasturias.com\/magazine365\/wp-content\/uploads\/2026\/03\/Tanger-y-el-magnetismo-del-Estrecho.jpg 1237w\" \/><\/a>\t\t\t\n\t\t\t\n\t\t\t\n\t\t\t\n\t\t\n\t\t<\/div>\n\t\n\n\t\n\t\t<div class=\"content\">\n\n\t\t\t<div class=\"post-meta post-meta-a has-below\"><h2 class=\"is-title post-title\"><a href=\"https:\/\/eldigitaldeasturias.com\/magazine365\/tanger-y-el-magnetismo-del-estrecho\/\">T\u00e1nger y el magnetismo del Estrecho<\/a><\/h2><div class=\"post-meta-items meta-below\"><span class=\"meta-item date\"><span class=\"date-link\"><time class=\"post-date\" datetime=\"2026-03-06T22:40:44+01:00\">6 marzo, 2026<\/time><\/span><\/span><\/div><\/div>\t\t\t\n\t\t\t\n\t\t\t\n\t\t<\/div>\n\n\t\n<\/article>\t\t\n\t<\/div>\n\n\t\t\n\t\t\t<\/div>\n\n\t\t<\/section>\n\t\t\t\t\t\t<\/div>\n\t\t\t\t<\/div>\n\t\t\t\t\t<\/div>\n\t\t<\/div>\n\t\t\t\t\t<\/div>\n\t\t<\/section>\n\t\t\t\t<section class=\"has-el-gap el-gap-default elementor-section elementor-top-section elementor-element elementor-element-264805b9 elementor-section-boxed elementor-section-height-default elementor-section-height-default\" data-id=\"264805b9\" data-element_type=\"section\" data-e-type=\"section\">\n\t\t\t\t\t\t<div class=\"elementor-container elementor-column-gap-no\">\n\t\t\t\t\t<div class=\"elementor-column elementor-col-100 elementor-top-column elementor-element elementor-element-2a76b1fc\" data-id=\"2a76b1fc\" data-element_type=\"column\" data-e-type=\"column\">\n\t\t\t<div class=\"elementor-widget-wrap elementor-element-populated\">\n\t\t\t\t\t\t<div class=\"elementor-element elementor-element-3c25d6c4 elementor-widget elementor-widget-smartmag-grid\" data-id=\"3c25d6c4\" data-element_type=\"widget\" data-e-type=\"widget\" data-widget_type=\"smartmag-grid.default\">\n\t\t\t\t<div class=\"elementor-widget-container\">\n\t\t\t\t\t\t\t<section class=\"block-wrap block-grid block-sc mb-none has-media-shadows\" data-id=\"22\">\n\n\t\t\t\t\t\t\t\t\n\t\t\t\t\t\t\t\n\t\t\t\t<div class=\"block-head block-head-ac block-head-c is-left\">\n\n\t\t\t\t\t<h4 class=\"heading\">EMPRESAS<\/h4>\t\t\t\t\t\n\t\t\t\t\t\t\t\t\t<\/div>\n\t\t\t\t\n\t\t\t\n\t\t\t\n\t\t\t<div class=\"block-content\">\n\t\t\t\t\t\n\t<div class=\"loop loop-grid loop-grid-base grid grid-4 md:grid-2 xs:grid-1\">\n\n\t\t\t\t\t\n<article class=\"l-post grid-post grid-base-post\">\n\n\t\n\t\t\t<div class=\"media\">\n\n\t\t\n\t\t\t<a href=\"https:\/\/eldigitaldeasturias.com\/magazine365\/equipos-mas-preparados-gracias-a-la-formacion-interna\/\" class=\"image-link media-ratio ratio-1-1\" title=\"Equipos m\u00e1s preparados gracias a la formaci\u00f3n interna\"><img loading=\"lazy\" decoding=\"async\" width=\"390\" height=\"390\" src=\"https:\/\/eldigitaldeasturias.com\/magazine365\/wp-content\/uploads\/2026\/03\/Equipos-mas-preparados-gracias-a-la-formacion-interna-1-450x294.jpg\" class=\"attachment-bunyad-medium size-bunyad-medium wp-post-image\" alt=\"Equipos m\u00e1s preparados gracias a la formaci\u00f3n interna\" sizes=\"(max-width: 390px) 100vw, 390px\" title=\"Equipos m\u00e1s preparados gracias a la formaci\u00f3n interna\" srcset=\"https:\/\/eldigitaldeasturias.com\/magazine365\/wp-content\/uploads\/2026\/03\/Equipos-mas-preparados-gracias-a-la-formacion-interna-1-650x424.jpg 650w, https:\/\/eldigitaldeasturias.com\/magazine365\/wp-content\/uploads\/2026\/03\/Equipos-mas-preparados-gracias-a-la-formacion-interna-1-768x501.jpg 768w, https:\/\/eldigitaldeasturias.com\/magazine365\/wp-content\/uploads\/2026\/03\/Equipos-mas-preparados-gracias-a-la-formacion-interna-1-1200x783.jpg 1200w, https:\/\/eldigitaldeasturias.com\/magazine365\/wp-content\/uploads\/2026\/03\/Equipos-mas-preparados-gracias-a-la-formacion-interna-1.jpg 1269w\" \/><\/a>\t\t\t\n\t\t\t\n\t\t\t\n\t\t\t\n\t\t\n\t\t<\/div>\n\t\n\n\t\n\t\t<div class=\"content\">\n\n\t\t\t<div class=\"post-meta post-meta-a has-below\"><h2 class=\"is-title post-title limit-lines l-lines-2\"><a href=\"https:\/\/eldigitaldeasturias.com\/magazine365\/equipos-mas-preparados-gracias-a-la-formacion-interna\/\">Equipos m\u00e1s preparados gracias a la formaci\u00f3n interna<\/a><\/h2><div class=\"post-meta-items meta-below\"><span class=\"meta-item post-author\"><a href=\"https:\/\/eldigitaldeasturias.com\/magazine365\/author\/admin\/\" title=\"Entradas de admin\" rel=\"author\">admin<\/a><\/span><span class=\"meta-item date\"><span class=\"date-link\"><time class=\"post-date\" datetime=\"2026-03-20T02:52:56+01:00\">20 marzo, 2026<\/time><\/span><\/span><\/div><\/div>\t\t\t\n\t\t\t\n\t\t\t\n\t\t<\/div>\n\n\t\n<\/article>\t\t\t\t\t\n<article class=\"l-post grid-post grid-base-post\">\n\n\t\n\t\t\t<div class=\"media\">\n\n\t\t\n\t\t\t<a href=\"https:\/\/eldigitaldeasturias.com\/magazine365\/como-empezar-un-negocio-online-con-poca-inversion\/\" class=\"image-link media-ratio ratio-1-1\" title=\"C\u00f3mo empezar un negocio online con poca inversi\u00f3n\"><img loading=\"lazy\" decoding=\"async\" width=\"390\" height=\"390\" src=\"https:\/\/eldigitaldeasturias.com\/magazine365\/wp-content\/uploads\/2026\/03\/Como-empezar-un-negocio-online-con-poca-inversion-450x251.jpg\" class=\"attachment-bunyad-medium size-bunyad-medium wp-post-image\" alt=\"C\u00f3mo empezar un negocio online con poca inversi\u00f3n\" sizes=\"(max-width: 390px) 100vw, 390px\" title=\"C\u00f3mo empezar un negocio online con poca inversi\u00f3n\" srcset=\"https:\/\/eldigitaldeasturias.com\/magazine365\/wp-content\/uploads\/2026\/03\/Como-empezar-un-negocio-online-con-poca-inversion-650x363.jpg 650w, https:\/\/eldigitaldeasturias.com\/magazine365\/wp-content\/uploads\/2026\/03\/Como-empezar-un-negocio-online-con-poca-inversion-768x429.jpg 768w, https:\/\/eldigitaldeasturias.com\/magazine365\/wp-content\/uploads\/2026\/03\/Como-empezar-un-negocio-online-con-poca-inversion-1200x671.jpg 1200w, https:\/\/eldigitaldeasturias.com\/magazine365\/wp-content\/uploads\/2026\/03\/Como-empezar-un-negocio-online-con-poca-inversion.jpg 1249w\" \/><\/a>\t\t\t\n\t\t\t\n\t\t\t\n\t\t\t\n\t\t\n\t\t<\/div>\n\t\n\n\t\n\t\t<div class=\"content\">\n\n\t\t\t<div class=\"post-meta post-meta-a has-below\"><h2 class=\"is-title post-title limit-lines l-lines-2\"><a href=\"https:\/\/eldigitaldeasturias.com\/magazine365\/como-empezar-un-negocio-online-con-poca-inversion\/\">C\u00f3mo empezar un negocio online con poca inversi\u00f3n<\/a><\/h2><div class=\"post-meta-items meta-below\"><span class=\"meta-item post-author\"><a href=\"https:\/\/eldigitaldeasturias.com\/magazine365\/author\/admin\/\" title=\"Entradas de admin\" rel=\"author\">admin<\/a><\/span><span class=\"meta-item date\"><span class=\"date-link\"><time class=\"post-date\" datetime=\"2026-03-18T18:39:50+01:00\">18 marzo, 2026<\/time><\/span><\/span><\/div><\/div>\t\t\t\n\t\t\t\n\t\t\t\n\t\t<\/div>\n\n\t\n<\/article>\t\t\t\t\t\n<article class=\"l-post grid-post grid-base-post\">\n\n\t\n\t\t\t<div class=\"media\">\n\n\t\t\n\t\t\t<a href=\"https:\/\/eldigitaldeasturias.com\/magazine365\/estrategia-comercial-en-la-era-de-la-atencion-breve\/\" class=\"image-link media-ratio ratio-1-1\" title=\"Estrategia comercial en la era de la atenci\u00f3n breve\"><img loading=\"lazy\" decoding=\"async\" width=\"390\" height=\"390\" src=\"https:\/\/eldigitaldeasturias.com\/magazine365\/wp-content\/uploads\/2026\/03\/Estrategia-comercial-en-la-era-de-la-atencion-breve-450x257.jpg\" class=\"attachment-bunyad-medium size-bunyad-medium wp-post-image\" alt=\"Estrategia comercial en la era de la atenci\u00f3n breve\" sizes=\"(max-width: 390px) 100vw, 390px\" title=\"Estrategia comercial en la era de la atenci\u00f3n breve\" srcset=\"https:\/\/eldigitaldeasturias.com\/magazine365\/wp-content\/uploads\/2026\/03\/Estrategia-comercial-en-la-era-de-la-atencion-breve-650x372.jpg 650w, https:\/\/eldigitaldeasturias.com\/magazine365\/wp-content\/uploads\/2026\/03\/Estrategia-comercial-en-la-era-de-la-atencion-breve-768x439.jpg 768w, https:\/\/eldigitaldeasturias.com\/magazine365\/wp-content\/uploads\/2026\/03\/Estrategia-comercial-en-la-era-de-la-atencion-breve-1200x686.jpg 1200w, https:\/\/eldigitaldeasturias.com\/magazine365\/wp-content\/uploads\/2026\/03\/Estrategia-comercial-en-la-era-de-la-atencion-breve.jpg 1237w\" \/><\/a>\t\t\t\n\t\t\t\n\t\t\t\n\t\t\t\n\t\t\n\t\t<\/div>\n\t\n\n\t\n\t\t<div class=\"content\">\n\n\t\t\t<div class=\"post-meta post-meta-a has-below\"><h2 class=\"is-title post-title limit-lines l-lines-2\"><a href=\"https:\/\/eldigitaldeasturias.com\/magazine365\/estrategia-comercial-en-la-era-de-la-atencion-breve\/\">Estrategia comercial en la era de la atenci\u00f3n breve<\/a><\/h2><div class=\"post-meta-items meta-below\"><span class=\"meta-item post-author\"><a href=\"https:\/\/eldigitaldeasturias.com\/magazine365\/author\/admin\/\" title=\"Entradas de admin\" rel=\"author\">admin<\/a><\/span><span class=\"meta-item date\"><span class=\"date-link\"><time class=\"post-date\" datetime=\"2026-03-05T17:23:15+01:00\">5 marzo, 2026<\/time><\/span><\/span><\/div><\/div>\t\t\t\n\t\t\t\n\t\t\t\n\t\t<\/div>\n\n\t\n<\/article>\t\t\t\t\t\n<article class=\"l-post grid-post grid-base-post\">\n\n\t\n\t\t\t<div class=\"media\">\n\n\t\t\n\t\t\t<a href=\"https:\/\/eldigitaldeasturias.com\/magazine365\/el-exito-empresarial-y-su-dificil-gestion-interna\/\" class=\"image-link media-ratio ratio-1-1\" title=\"El \u00e9xito empresarial y su dif\u00edcil gesti\u00f3n interna\"><img loading=\"lazy\" decoding=\"async\" width=\"390\" height=\"390\" src=\"https:\/\/eldigitaldeasturias.com\/magazine365\/wp-content\/uploads\/2026\/02\/El-exito-empresarial-y-su-dificil-gestion-interna-450x299.jpg\" class=\"attachment-bunyad-medium size-bunyad-medium wp-post-image\" alt=\"El \u00e9xito empresarial y su dif\u00edcil gesti\u00f3n interna\" sizes=\"(max-width: 390px) 100vw, 390px\" title=\"El \u00e9xito empresarial y su dif\u00edcil gesti\u00f3n interna\" srcset=\"https:\/\/eldigitaldeasturias.com\/magazine365\/wp-content\/uploads\/2026\/02\/El-exito-empresarial-y-su-dificil-gestion-interna-650x432.jpg 650w, https:\/\/eldigitaldeasturias.com\/magazine365\/wp-content\/uploads\/2026\/02\/El-exito-empresarial-y-su-dificil-gestion-interna-768x510.jpg 768w, https:\/\/eldigitaldeasturias.com\/magazine365\/wp-content\/uploads\/2026\/02\/El-exito-empresarial-y-su-dificil-gestion-interna-1200x797.jpg 1200w, https:\/\/eldigitaldeasturias.com\/magazine365\/wp-content\/uploads\/2026\/02\/El-exito-empresarial-y-su-dificil-gestion-interna.jpg 1245w\" \/><\/a>\t\t\t\n\t\t\t\n\t\t\t\n\t\t\t\n\t\t\n\t\t<\/div>\n\t\n\n\t\n\t\t<div class=\"content\">\n\n\t\t\t<div class=\"post-meta post-meta-a has-below\"><h2 class=\"is-title post-title limit-lines l-lines-2\"><a href=\"https:\/\/eldigitaldeasturias.com\/magazine365\/el-exito-empresarial-y-su-dificil-gestion-interna\/\">El \u00e9xito empresarial y su dif\u00edcil gesti\u00f3n interna<\/a><\/h2><div class=\"post-meta-items meta-below\"><span class=\"meta-item post-author\"><a href=\"https:\/\/eldigitaldeasturias.com\/magazine365\/author\/admin\/\" title=\"Entradas de admin\" rel=\"author\">admin<\/a><\/span><span class=\"meta-item date\"><span class=\"date-link\"><time class=\"post-date\" datetime=\"2026-02-26T11:58:21+01:00\">26 febrero, 2026<\/time><\/span><\/span><\/div><\/div>\t\t\t\n\t\t\t\n\t\t\t\n\t\t<\/div>\n\n\t\n<\/article>\t\t\n\t<\/div>\n\n\t\t\n\t\t\t<\/div>\n\n\t\t<\/section>\n\t\t\t\t\t\t<\/div>\n\t\t\t\t<\/div>\n\t\t\t\t\t<\/div>\n\t\t<\/div>\n\t\t\t\t\t<\/div>\n\t\t<\/section>\n\t\t\t\t<\/div>\n\t\t","protected":false},"excerpt":{"rendered":"<p>Reabierto en Asturias el acceso al mirador del Fitu admin11 mayo, 2025 El Gobierno de Asturias ha informado de que ya se ha reabierto el acceso al\u2026 Los efectos de los \u00abfallos\u00bb en los env\u00edos a domicilio admin6 mayo, 2025 Manus desaf\u00eda el futuro de la IA admin14 marzo, 2025 Nueva perspectiva para superar un<\/p>\n","protected":false},"author":1,"featured_media":0,"parent":0,"menu_order":0,"comment_status":"closed","ping_status":"closed","template":"elementor_header_footer","meta":{"footnotes":""},"class_list":["post-111800","page","type-page","status-publish"],"aioseo_notices":[],"aioseo_head":"\n\t\t<!-- All in One SEO Pro 4.9.6.1 - aioseo.com -->\n\t<meta name=\"description\" content=\"Magazine 365 Asturias es una revista digital de ocio y noticias, sabores, moda, estilo de vida, viajes y contenidos para estar al d\u00eda de las \u00faltimas tendencias\" \/>\n\t<meta name=\"robots\" content=\"max-image-preview:large\" \/>\n\t<meta name=\"google-site-verification\" content=\"UA-38556648-1\" \/>\n\t<link rel=\"canonical\" href=\"https:\/\/eldigitaldeasturias.com\/magazine365\/\" \/>\n\t<meta name=\"generator\" content=\"All in One SEO Pro (AIOSEO) 4.9.6.1\" \/>\n\t\t<meta property=\"og:locale\" content=\"es_ES\" \/>\n\t\t<meta property=\"og:site_name\" content=\"El Digital de Asturias \u2013 Revista de ocio, turismo y estilo de vida\" \/>\n\t\t<meta property=\"og:type\" content=\"article\" \/>\n\t\t<meta property=\"og:title\" content=\"El Digital de Asturias \u2013 Magazine 365\" \/>\n\t\t<meta property=\"og:description\" content=\"Magazine 365 Asturias es una revista digital de ocio y noticias, sabores, moda, estilo de vida, viajes y contenidos para estar al d\u00eda de las \u00faltimas tendencias\" \/>\n\t\t<meta property=\"og:url\" content=\"https:\/\/eldigitaldeasturias.com\/magazine365\/\" \/>\n\t\t<meta property=\"og:image\" content=\"https:\/\/www.eldigitaldeasturias.com\/noticias\/wp-content\/uploads\/2020\/12\/EDA.jpg\" \/>\n\t\t<meta property=\"og:image:secure_url\" content=\"https:\/\/www.eldigitaldeasturias.com\/noticias\/wp-content\/uploads\/2020\/12\/EDA.jpg\" \/>\n\t\t<meta property=\"article:published_time\" content=\"2025-05-11T18:31:48+00:00\" \/>\n\t\t<meta property=\"article:modified_time\" content=\"2025-11-24T18:57:36+00:00\" \/>\n\t\t<meta name=\"twitter:card\" content=\"summary_large_image\" \/>\n\t\t<meta name=\"twitter:title\" content=\"El Digital de Asturias \u2013 Magazine 365\" \/>\n\t\t<meta name=\"twitter:description\" content=\"Magazine 365 Asturias es una revista digital de ocio y noticias, sabores, moda, estilo de vida, viajes y contenidos para estar al d\u00eda de las \u00faltimas tendencias\" \/>\n\t\t<meta name=\"twitter:image\" content=\"https:\/\/www.eldigitaldeasturias.com\/noticias\/wp-content\/uploads\/2020\/12\/EDA.jpg\" \/>\n\t\t<script type=\"application\/ld+json\" class=\"aioseo-schema\">\n\t\t\t{\"@context\":\"https:\\\/\\\/schema.org\",\"@graph\":[{\"@type\":\"BreadcrumbList\",\"@id\":\"https:\\\/\\\/eldigitaldeasturias.com\\\/magazine365\\\/#breadcrumblist\",\"itemListElement\":[{\"@type\":\"ListItem\",\"@id\":\"https:\\\/\\\/eldigitaldeasturias.com\\\/magazine365#listItem\",\"position\":1,\"name\":\"Home\",\"item\":\"https:\\\/\\\/eldigitaldeasturias.com\\\/magazine365\",\"nextItem\":{\"@type\":\"ListItem\",\"@id\":\"https:\\\/\\\/eldigitaldeasturias.com\\\/magazine365\\\/#listItem\",\"name\":\"Magazine 365\"}},{\"@type\":\"ListItem\",\"@id\":\"https:\\\/\\\/eldigitaldeasturias.com\\\/magazine365\\\/#listItem\",\"position\":2,\"name\":\"Magazine 365\",\"previousItem\":{\"@type\":\"ListItem\",\"@id\":\"https:\\\/\\\/eldigitaldeasturias.com\\\/magazine365#listItem\",\"name\":\"Home\"}}]},{\"@type\":\"LocalBusiness\",\"@id\":\"https:\\\/\\\/eldigitaldeasturias.com\\\/magazine365\\\/#localbusiness\",\"name\":\"El digital de Asturias\",\"brand\":{\"@id\":\"https:\\\/\\\/eldigitaldeasturias.com\\\/magazine365\\\/#organization\"},\"url\":\"https:\\\/\\\/eldigitaldeasturias.com\\\/magazine365\\\/\",\"image\":\"https:\\\/\\\/www.eldigitaldeasturias.com\\\/noticias\\\/wp-content\\\/uploads\\\/2020\\\/12\\\/EDA.jpg\",\"logo\":\"https:\\\/\\\/eldigitaldeasturias.com\\\/magazine365\\\/#logo\",\"openingHoursSpecification\":[{\"@type\":\"OpeningHoursSpecification\",\"dayOfWeek\":[\"https:\\\/\\\/schema.org\\\/Monday\"],\"opens\":\"09:00\",\"closes\":\"17:00\"},{\"@type\":\"OpeningHoursSpecification\",\"dayOfWeek\":[\"https:\\\/\\\/schema.org\\\/Tuesday\"],\"opens\":\"09:00\",\"closes\":\"17:00\"},{\"@type\":\"OpeningHoursSpecification\",\"dayOfWeek\":[\"https:\\\/\\\/schema.org\\\/Wednesday\"],\"opens\":\"09:00\",\"closes\":\"17:00\"},{\"@type\":\"OpeningHoursSpecification\",\"dayOfWeek\":[\"https:\\\/\\\/schema.org\\\/Thursday\"],\"opens\":\"09:00\",\"closes\":\"17:00\"},{\"@type\":\"OpeningHoursSpecification\",\"dayOfWeek\":[\"https:\\\/\\\/schema.org\\\/Friday\"],\"opens\":\"09:00\",\"closes\":\"17:00\"},{\"@type\":\"OpeningHoursSpecification\",\"dayOfWeek\":[\"https:\\\/\\\/schema.org\\\/Saturday\"],\"opens\":\"09:00\",\"closes\":\"17:00\"},{\"@type\":\"OpeningHoursSpecification\",\"dayOfWeek\":[\"https:\\\/\\\/schema.org\\\/Sunday\"],\"opens\":\"09:00\",\"closes\":\"17:00\"}]},{\"@type\":\"Organization\",\"@id\":\"https:\\\/\\\/eldigitaldeasturias.com\\\/magazine365\\\/#organization\",\"name\":\"El digital de Asturias\",\"description\":\"Revista de ocio, turismo y estilo de vida\",\"url\":\"https:\\\/\\\/eldigitaldeasturias.com\\\/magazine365\\\/\",\"logo\":{\"@type\":\"ImageObject\",\"url\":\"https:\\\/\\\/www.eldigitaldeasturias.com\\\/noticias\\\/wp-content\\\/uploads\\\/2020\\\/12\\\/EDA.jpg\",\"@id\":\"https:\\\/\\\/eldigitaldeasturias.com\\\/magazine365\\\/#organizationLogo\"},\"image\":{\"@id\":\"https:\\\/\\\/eldigitaldeasturias.com\\\/magazine365\\\/#organizationLogo\"}},{\"@type\":\"Person\",\"@id\":\"https:\\\/\\\/eldigitaldeasturias.com\\\/magazine365\\\/author\\\/admin\\\/#author\",\"url\":\"https:\\\/\\\/eldigitaldeasturias.com\\\/magazine365\\\/author\\\/admin\\\/\",\"name\":\"admin\",\"image\":{\"@type\":\"ImageObject\",\"@id\":\"https:\\\/\\\/eldigitaldeasturias.com\\\/magazine365\\\/#authorImage\",\"url\":\"https:\\\/\\\/eldigitaldeasturias.com\\\/magazine365\\\/wp-content\\\/litespeed\\\/avatar\\\/e571bcf59a0edd6fa6838245a470f2fe.jpg?ver=1777574230\",\"width\":96,\"height\":96,\"caption\":\"admin\"}},{\"@type\":\"WebPage\",\"@id\":\"https:\\\/\\\/eldigitaldeasturias.com\\\/magazine365\\\/#webpage\",\"url\":\"https:\\\/\\\/eldigitaldeasturias.com\\\/magazine365\\\/\",\"name\":\"El Digital de Asturias \\u2013 Magazine 365\",\"description\":\"Magazine 365 Asturias es una revista digital de ocio y noticias, sabores, moda, estilo de vida, viajes y contenidos para estar al d\\u00eda de las \\u00faltimas tendencias\",\"inLanguage\":\"es-ES\",\"isPartOf\":{\"@id\":\"https:\\\/\\\/eldigitaldeasturias.com\\\/magazine365\\\/#website\"},\"breadcrumb\":{\"@id\":\"https:\\\/\\\/eldigitaldeasturias.com\\\/magazine365\\\/#breadcrumblist\"},\"author\":{\"@id\":\"https:\\\/\\\/eldigitaldeasturias.com\\\/magazine365\\\/author\\\/admin\\\/#author\"},\"creator\":{\"@id\":\"https:\\\/\\\/eldigitaldeasturias.com\\\/magazine365\\\/author\\\/admin\\\/#author\"},\"datePublished\":\"2025-05-11T20:31:48+02:00\",\"dateModified\":\"2025-11-24T19:57:36+01:00\"},{\"@type\":\"WebSite\",\"@id\":\"https:\\\/\\\/eldigitaldeasturias.com\\\/magazine365\\\/#website\",\"url\":\"https:\\\/\\\/eldigitaldeasturias.com\\\/magazine365\\\/\",\"name\":\"El Digital de Asturias\",\"description\":\"Revista de ocio, turismo y estilo de vida\",\"inLanguage\":\"es-ES\",\"publisher\":{\"@id\":\"https:\\\/\\\/eldigitaldeasturias.com\\\/magazine365\\\/#organization\"}}]}\n\t\t<\/script>\n\t\t<!-- All in One SEO Pro -->\r\n\t\t<title>El Digital de Asturias \u2013 Magazine 365<\/title>\n\n","aioseo_head_json":{"title":"El Digital de Asturias \u2013 Magazine 365","description":"Magazine 365 Asturias es una revista digital de ocio y noticias, sabores, moda, estilo de vida, viajes y contenidos para estar al d\u00eda de las \u00faltimas tendencias","canonical_url":"https:\/\/eldigitaldeasturias.com\/magazine365\/","robots":"max-image-preview:large","keywords":"","webmasterTools":{"google-site-verification":"UA-38556648-1","miscellaneous":""},"schema":{"@context":"https:\/\/schema.org","@graph":[{"@type":"BreadcrumbList","@id":"https:\/\/eldigitaldeasturias.com\/magazine365\/#breadcrumblist","itemListElement":[{"@type":"ListItem","@id":"https:\/\/eldigitaldeasturias.com\/magazine365#listItem","position":1,"name":"Home","item":"https:\/\/eldigitaldeasturias.com\/magazine365","nextItem":{"@type":"ListItem","@id":"https:\/\/eldigitaldeasturias.com\/magazine365\/#listItem","name":"Magazine 365"}},{"@type":"ListItem","@id":"https:\/\/eldigitaldeasturias.com\/magazine365\/#listItem","position":2,"name":"Magazine 365","previousItem":{"@type":"ListItem","@id":"https:\/\/eldigitaldeasturias.com\/magazine365#listItem","name":"Home"}}]},{"@type":"LocalBusiness","@id":"https:\/\/eldigitaldeasturias.com\/magazine365\/#localbusiness","name":"El digital de Asturias","brand":{"@id":"https:\/\/eldigitaldeasturias.com\/magazine365\/#organization"},"url":"https:\/\/eldigitaldeasturias.com\/magazine365\/","image":"https:\/\/www.eldigitaldeasturias.com\/noticias\/wp-content\/uploads\/2020\/12\/EDA.jpg","logo":"https:\/\/eldigitaldeasturias.com\/magazine365\/#logo","openingHoursSpecification":[{"@type":"OpeningHoursSpecification","dayOfWeek":["https:\/\/schema.org\/Monday"],"opens":"09:00","closes":"17:00"},{"@type":"OpeningHoursSpecification","dayOfWeek":["https:\/\/schema.org\/Tuesday"],"opens":"09:00","closes":"17:00"},{"@type":"OpeningHoursSpecification","dayOfWeek":["https:\/\/schema.org\/Wednesday"],"opens":"09:00","closes":"17:00"},{"@type":"OpeningHoursSpecification","dayOfWeek":["https:\/\/schema.org\/Thursday"],"opens":"09:00","closes":"17:00"},{"@type":"OpeningHoursSpecification","dayOfWeek":["https:\/\/schema.org\/Friday"],"opens":"09:00","closes":"17:00"},{"@type":"OpeningHoursSpecification","dayOfWeek":["https:\/\/schema.org\/Saturday"],"opens":"09:00","closes":"17:00"},{"@type":"OpeningHoursSpecification","dayOfWeek":["https:\/\/schema.org\/Sunday"],"opens":"09:00","closes":"17:00"}]},{"@type":"Organization","@id":"https:\/\/eldigitaldeasturias.com\/magazine365\/#organization","name":"El digital de Asturias","description":"Revista de ocio, turismo y estilo de vida","url":"https:\/\/eldigitaldeasturias.com\/magazine365\/","logo":{"@type":"ImageObject","url":"https:\/\/www.eldigitaldeasturias.com\/noticias\/wp-content\/uploads\/2020\/12\/EDA.jpg","@id":"https:\/\/eldigitaldeasturias.com\/magazine365\/#organizationLogo"},"image":{"@id":"https:\/\/eldigitaldeasturias.com\/magazine365\/#organizationLogo"}},{"@type":"Person","@id":"https:\/\/eldigitaldeasturias.com\/magazine365\/author\/admin\/#author","url":"https:\/\/eldigitaldeasturias.com\/magazine365\/author\/admin\/","name":"admin","image":{"@type":"ImageObject","@id":"https:\/\/eldigitaldeasturias.com\/magazine365\/#authorImage","url":"https:\/\/eldigitaldeasturias.com\/magazine365\/wp-content\/litespeed\/avatar\/e571bcf59a0edd6fa6838245a470f2fe.jpg?ver=1777574230","width":96,"height":96,"caption":"admin"}},{"@type":"WebPage","@id":"https:\/\/eldigitaldeasturias.com\/magazine365\/#webpage","url":"https:\/\/eldigitaldeasturias.com\/magazine365\/","name":"El Digital de Asturias \u2013 Magazine 365","description":"Magazine 365 Asturias es una revista digital de ocio y noticias, sabores, moda, estilo de vida, viajes y contenidos para estar al d\u00eda de las \u00faltimas tendencias","inLanguage":"es-ES","isPartOf":{"@id":"https:\/\/eldigitaldeasturias.com\/magazine365\/#website"},"breadcrumb":{"@id":"https:\/\/eldigitaldeasturias.com\/magazine365\/#breadcrumblist"},"author":{"@id":"https:\/\/eldigitaldeasturias.com\/magazine365\/author\/admin\/#author"},"creator":{"@id":"https:\/\/eldigitaldeasturias.com\/magazine365\/author\/admin\/#author"},"datePublished":"2025-05-11T20:31:48+02:00","dateModified":"2025-11-24T19:57:36+01:00"},{"@type":"WebSite","@id":"https:\/\/eldigitaldeasturias.com\/magazine365\/#website","url":"https:\/\/eldigitaldeasturias.com\/magazine365\/","name":"El Digital de Asturias","description":"Revista de ocio, turismo y estilo de vida","inLanguage":"es-ES","publisher":{"@id":"https:\/\/eldigitaldeasturias.com\/magazine365\/#organization"}}]},"og:locale":"es_ES","og:site_name":"El Digital de Asturias \u2013 Revista de ocio, turismo y estilo de vida","og:type":"article","og:title":"El Digital de Asturias \u2013 Magazine 365","og:description":"Magazine 365 Asturias es una revista digital de ocio y noticias, sabores, moda, estilo de vida, viajes y contenidos para estar al d\u00eda de las \u00faltimas tendencias","og:url":"https:\/\/eldigitaldeasturias.com\/magazine365\/","og:image":"https:\/\/www.eldigitaldeasturias.com\/noticias\/wp-content\/uploads\/2020\/12\/EDA.jpg","og:image:secure_url":"https:\/\/www.eldigitaldeasturias.com\/noticias\/wp-content\/uploads\/2020\/12\/EDA.jpg","article:published_time":"2025-05-11T18:31:48+00:00","article:modified_time":"2025-11-24T18:57:36+00:00","twitter:card":"summary_large_image","twitter:title":"El Digital de Asturias \u2013 Magazine 365","twitter:description":"Magazine 365 Asturias es una revista digital de ocio y noticias, sabores, moda, estilo de vida, viajes y contenidos para estar al d\u00eda de las \u00faltimas tendencias","twitter:image":"https:\/\/www.eldigitaldeasturias.com\/noticias\/wp-content\/uploads\/2020\/12\/EDA.jpg"},"aioseo_meta_data":{"post_id":"111800","title":"#site_title #separator_sa #post_title","description":"Magazine 365 Asturias es una revista digital de ocio y noticias, sabores, moda, estilo de vida, viajes y contenidos para estar al d\u00eda de las \u00faltimas tendencias","keywords":null,"keyphrases":{"focus":{"keyphrase":"Asturias","score":81,"analysis":{"keyphraseInTitle":{"score":9,"maxScore":9,"error":0},"keyphraseInDescription":{"score":9,"maxScore":9,"error":0},"keyphraseLength":{"score":9,"maxScore":9,"error":0,"length":1},"keyphraseInIntroduction":{"score":3,"maxScore":9,"error":1},"keyphraseInSubHeadings":{"score":3,"maxScore":9,"error":1},"keyphraseInImageAlt":{"score":9,"maxScore":9,"error":0},"keywordDensity":{"type":"best","score":9,"maxScore":9,"error":0}}},"additional":[{"keyphrase":"Ocio","score":53,"analysis":{"keyphraseInDescription":{"score":9,"maxScore":9,"error":0},"keyphraseLength":{"score":9,"maxScore":9,"error":0,"length":1},"keyphraseInIntroduction":{"score":3,"maxScore":9,"error":1},"keyphraseInImageAlt":{"score":3,"maxScore":9,"error":1},"keywordDensity":{"score":0,"type":"low","maxScore":9,"error":1}}},{"keyphrase":"Magazine","score":53,"analysis":{"keyphraseInDescription":{"score":9,"maxScore":9,"error":0},"keyphraseLength":{"score":9,"maxScore":9,"error":0,"length":1},"keyphraseInIntroduction":{"score":3,"maxScore":9,"error":1},"keyphraseInImageAlt":{"score":3,"maxScore":9,"error":1},"keywordDensity":{"score":0,"type":"low","maxScore":9,"error":1}}},{"keyphrase":"Asturias","score":87,"analysis":{"keyphraseInDescription":{"score":9,"maxScore":9,"error":0},"keyphraseLength":{"score":9,"maxScore":9,"error":0,"length":1},"keyphraseInIntroduction":{"score":3,"maxScore":9,"error":1},"keyphraseInImageAlt":{"score":9,"maxScore":9,"error":0},"keywordDensity":{"type":"best","score":9,"maxScore":9,"error":0}}}]},"primary_term":null,"canonical_url":null,"og_title":null,"og_description":null,"og_object_type":"default","og_image_type":"default","og_image_url":null,"og_image_width":null,"og_image_height":null,"og_image_custom_url":null,"og_image_custom_fields":null,"og_video":"","og_custom_url":null,"og_article_section":null,"og_article_tags":null,"twitter_use_og":false,"twitter_card":"default","twitter_image_type":"default","twitter_image_url":null,"twitter_image_custom_url":null,"twitter_image_custom_fields":null,"twitter_title":null,"twitter_description":null,"schema":{"blockGraphs":[],"customGraphs":[],"default":{"data":{"Article":[],"Course":[],"Dataset":[],"FAQPage":[],"Movie":[],"Person":[],"Product":[],"ProductReview":[],"Car":[],"Recipe":[],"Service":[],"SoftwareApplication":[],"WebPage":[]},"graphName":"WebPage","isEnabled":true},"graphs":[]},"schema_type":"default","schema_type_options":null,"pillar_content":false,"robots_default":true,"robots_noindex":false,"robots_noarchive":false,"robots_nosnippet":false,"robots_nofollow":false,"robots_noimageindex":false,"robots_noodp":false,"robots_notranslate":false,"robots_max_snippet":"-1","robots_max_videopreview":"-1","robots_max_imagepreview":"large","priority":null,"frequency":"default","location":null,"local_seo":null,"seo_analyzer_scan_date":"2025-11-24 19:10:51","breadcrumb_settings":null,"limit_modified_date":false,"open_ai":"{\"title\":{\"suggestions\":[],\"usage\":0},\"description\":{\"suggestions\":[],\"usage\":0}}","ai":{"faqs":[],"keyPoints":[],"titles":[],"descriptions":[],"socialPosts":{"email":[],"linkedin":[],"twitter":[],"facebook":[],"instagram":[]}},"created":"2025-05-11 18:31:18","updated":"2025-11-24 19:10:51"},"aioseo_breadcrumb":"<div class=\"aioseo-breadcrumbs\"><span class=\"aioseo-breadcrumb\">\n\t<a href=\"https:\/\/eldigitaldeasturias.com\/magazine365\" title=\"Home\">Home<\/a>\n<\/span><span class=\"aioseo-breadcrumb-separator\">\u2013<\/span><span class=\"aioseo-breadcrumb\">\n\t<a href=\"https:\/\/eldigitaldeasturias.com\/magazine365\/\" title=\"Magazine 365\">Magazine 365<\/a>\n<\/span><\/div>","aioseo_breadcrumb_json":[{"label":"Home","link":"https:\/\/eldigitaldeasturias.com\/magazine365"},{"label":"Magazine 365","link":"https:\/\/eldigitaldeasturias.com\/magazine365\/"}],"_links":{"self":[{"href":"https:\/\/eldigitaldeasturias.com\/magazine365\/wp-json\/wp\/v2\/pages\/111800","targetHints":{"allow":["GET"]}}],"collection":[{"href":"https:\/\/eldigitaldeasturias.com\/magazine365\/wp-json\/wp\/v2\/pages"}],"about":[{"href":"https:\/\/eldigitaldeasturias.com\/magazine365\/wp-json\/wp\/v2\/types\/page"}],"author":[{"embeddable":true,"href":"https:\/\/eldigitaldeasturias.com\/magazine365\/wp-json\/wp\/v2\/users\/1"}],"replies":[{"embeddable":true,"href":"https:\/\/eldigitaldeasturias.com\/magazine365\/wp-json\/wp\/v2\/comments?post=111800"}],"version-history":[{"count":0,"href":"https:\/\/eldigitaldeasturias.com\/magazine365\/wp-json\/wp\/v2\/pages\/111800\/revisions"}],"wp:attachment":[{"href":"https:\/\/eldigitaldeasturias.com\/magazine365\/wp-json\/wp\/v2\/media?parent=111800"}],"curies":[{"name":"wp","href":"https:\/\/api.w.org\/{rel}","templated":true}]}}